{"id":2,"date":"2013-04-05T11:58:51","date_gmt":"2013-04-05T11:58:51","guid":{"rendered":"http:\/\/leopoldaltenburg.com\/?page_id=2"},"modified":"2026-03-15T11:14:59","modified_gmt":"2026-03-15T10:14:59","slug":"home","status":"publish","type":"page","link":"https:\/\/leopoldaltenburg.com\/","title":{"rendered":"Home"},"content":{"rendered":"\n<p><strong>NEWS:<\/strong><\/p>\n\n\n\n<figure class=\"wp-block-image size-full\"><a href=\"https:\/\/leopoldaltenburg.com\/wp-content\/uploads\/2026\/03\/IMG_7901.jpg\"><img loading=\"lazy\" decoding=\"async\" width=\"494\" height=\"722\" src=\"https:\/\/leopoldaltenburg.com\/wp-content\/uploads\/2026\/03\/IMG_7901.jpg\" alt=\"\" class=\"wp-image-2383\" srcset=\"https:\/\/leopoldaltenburg.com\/wp-content\/uploads\/2026\/03\/IMG_7901.jpg 494w, https:\/\/leopoldaltenburg.com\/wp-content\/uploads\/2026\/03\/IMG_7901-205x300.jpg 205w\" sizes=\"auto, (max-width: 494px) 100vw, 494px\" \/><\/a><\/figure>\n\n\n\n<p><strong>Jodelk\u00f6nig und Ahoi-Matrosin<\/strong> mit Emma Dilemma &amp; Leofino<br>Wann: Sonntag den 12. April 2026 um 15 Uhr (Einlass 14:30 Uhr)<br>Wo: Villa Neuk\u00f6lln, Hermanns. 233, 1204 Berlin<br>Tel.: 030 627 28 948, Email: info@villaneukoelln.de<\/p>\n\n\n\n<figure class=\"wp-block-image size-large\"><a href=\"https:\/\/leopoldaltenburg.com\/wp-content\/uploads\/2026\/02\/IMG-20260224-WA0003-Kopie.jpg\"><img loading=\"lazy\" decoding=\"async\" width=\"718\" height=\"1024\" src=\"https:\/\/leopoldaltenburg.com\/wp-content\/uploads\/2026\/02\/IMG-20260224-WA0003-Kopie-718x1024.jpg\" alt=\"\" class=\"wp-image-2380\" srcset=\"https:\/\/leopoldaltenburg.com\/wp-content\/uploads\/2026\/02\/IMG-20260224-WA0003-Kopie-718x1024.jpg 718w, https:\/\/leopoldaltenburg.com\/wp-content\/uploads\/2026\/02\/IMG-20260224-WA0003-Kopie-210x300.jpg 210w, https:\/\/leopoldaltenburg.com\/wp-content\/uploads\/2026\/02\/IMG-20260224-WA0003-Kopie-768x1095.jpg 768w, https:\/\/leopoldaltenburg.com\/wp-content\/uploads\/2026\/02\/IMG-20260224-WA0003-Kopie.jpg 924w\" sizes=\"auto, (max-width: 718px) 100vw, 718px\" \/><\/a><\/figure>\n\n\n\n<figure class=\"wp-block-image size-large\"><a href=\"https:\/\/leopoldaltenburg.com\/wp-content\/uploads\/2025\/12\/Bildschirmfoto-2025-12-22-um-12.58.47.png\"><img loading=\"lazy\" decoding=\"async\" width=\"1024\" height=\"584\" src=\"https:\/\/leopoldaltenburg.com\/wp-content\/uploads\/2025\/12\/Bildschirmfoto-2025-12-22-um-12.58.47-1024x584.png\" alt=\"\" class=\"wp-image-2361\" srcset=\"https:\/\/leopoldaltenburg.com\/wp-content\/uploads\/2025\/12\/Bildschirmfoto-2025-12-22-um-12.58.47-1024x584.png 1024w, https:\/\/leopoldaltenburg.com\/wp-content\/uploads\/2025\/12\/Bildschirmfoto-2025-12-22-um-12.58.47-300x171.png 300w, https:\/\/leopoldaltenburg.com\/wp-content\/uploads\/2025\/12\/Bildschirmfoto-2025-12-22-um-12.58.47-768x438.png 768w, https:\/\/leopoldaltenburg.com\/wp-content\/uploads\/2025\/12\/Bildschirmfoto-2025-12-22-um-12.58.47-1536x877.png 1536w, https:\/\/leopoldaltenburg.com\/wp-content\/uploads\/2025\/12\/Bildschirmfoto-2025-12-22-um-12.58.47-500x285.png 500w, https:\/\/leopoldaltenburg.com\/wp-content\/uploads\/2025\/12\/Bildschirmfoto-2025-12-22-um-12.58.47.png 1570w\" sizes=\"auto, (max-width: 1024px) 100vw, 1024px\" \/><\/a><\/figure>\n\n\n\n<h2 class=\"wp-block-heading\" id=\"cc-m-header-19883112725\"><strong>Prinz und Clown<\/strong><br><a href=\"https:\/\/www.schloessli-wohlen.ch\" target=\"_blank\" rel=\"noreferrer noopener\">12. und 13. M\u00e4rz 2026, 19.30 Uhr: Sisi-Ururenkel Leopold Altenburg im Schl\u00f6ssli Wohlen, CH<\/a><\/h2>\n\n\n\n<p>Leopold Altenburg ist der Ururenkel von Kaiserin Elisabeth Sisi &amp; Kaiser Franz Josef I. und stammt somit aus dem Hause Habsburg, dem damals bedeutendem Adelsgeschlecht, was seinen Ursprung im Aargau hatte. Der Schauspieler, Theaterregisseur, Krankenhausclown und Autor lebt in Berlin, und nun f\u00fchrt ihn die Show zu seinem Buch \u201eDer Kaiser und sein Sonnenschein\u201c zur\u00fcck zu seinen Wurzeln \u2013&nbsp;in die Schweiz.<\/p>\n\n\n\n<p>Mit seinem Unterhaltungsprogramm \u201ePrinz &amp; Clown\u201c zeigt uns Leopold Altenburg, dass Geschichte keineswegs nur verstaubt sein muss, sondern durchaus am\u00fcsant sein kann.<\/p>\n\n\n\n<p>Mit Comedy-Einlagen, Liedern, einer Clown-Nummer und mit Erz\u00e4hlungen rund um die Entstehung seines Buches pr\u00e4sentiert Leopold Altenburg ein abwechslungsreiches B\u00fchnenprogramm \u00fcber sein Leben zwischen Vergangenheit &amp; Gegenwart, Wien &amp; Berlin, blauem Blut &amp; roten Nasen.<\/p>\n\n\n\n<p>Mit seiner Show feierte er bereits in \u00d6sterreich und Deutschland Erfolge und auch in Zug Ende Oktober 2025 trat er vor ausverkauftem Saal an. Das Publikum war begeistert \u2013 Ein Leckerbissen f\u00fcr Royalfans und Geschichtsaffine!<\/p>\n\n\n\n<p><strong><a href=\"https:\/\/eventfrog.ch\/de\/p\/gruppen\/prinz-clown-mit-leopold-altenburg-7401922758769120952.html\" target=\"_blank\" rel=\"noreferrer noopener\">Ticketverkauf<\/a><\/strong><\/p>\n\n\n\n<figure class=\"wp-block-image size-large\"><a href=\"https:\/\/leopoldaltenburg.com\/wp-content\/uploads\/2025\/12\/Bildschirmfoto-2025-12-22-um-12.47.32.png\"><img loading=\"lazy\" decoding=\"async\" width=\"726\" height=\"1024\" src=\"https:\/\/leopoldaltenburg.com\/wp-content\/uploads\/2025\/12\/Bildschirmfoto-2025-12-22-um-12.47.32-726x1024.png\" alt=\"\" class=\"wp-image-2359\" srcset=\"https:\/\/leopoldaltenburg.com\/wp-content\/uploads\/2025\/12\/Bildschirmfoto-2025-12-22-um-12.47.32-726x1024.png 726w, https:\/\/leopoldaltenburg.com\/wp-content\/uploads\/2025\/12\/Bildschirmfoto-2025-12-22-um-12.47.32-213x300.png 213w, https:\/\/leopoldaltenburg.com\/wp-content\/uploads\/2025\/12\/Bildschirmfoto-2025-12-22-um-12.47.32-768x1083.png 768w, https:\/\/leopoldaltenburg.com\/wp-content\/uploads\/2025\/12\/Bildschirmfoto-2025-12-22-um-12.47.32-1090x1536.png 1090w, https:\/\/leopoldaltenburg.com\/wp-content\/uploads\/2025\/12\/Bildschirmfoto-2025-12-22-um-12.47.32.png 1240w\" sizes=\"auto, (max-width: 726px) 100vw, 726px\" \/><\/a><\/figure>\n\n\n\n<p><strong><a href=\"https:\/\/pfarrhaus-tollensesee.de\/event\/\" target=\"_blank\" rel=\"noreferrer noopener\">Prinz uns Clown<\/a><\/strong><br>22. Februar 2026 um 18 Uhr <br>Pfarrhaus Tollensesee, Pfarrhaus 8, Alt Rehse<\/p>\n\n\n\n<figure class=\"wp-block-image size-large\"><a href=\"https:\/\/www.ardmediathek.de\/video\/berlin-erleben\/30-orte-die-reinickendorf-besonders-machen\/rbb\/Y3JpZDovL3JiYl8yMzA2YWRlMy0xYWMyLTRjY2ItYmZiMi0yYWI3ZmNhZWYzOTNfcHVibGljYXRpb24\" target=\"_blank\" rel=\" noreferrer noopener\"><img loading=\"lazy\" decoding=\"async\" width=\"1024\" height=\"693\" src=\"https:\/\/leopoldaltenburg.com\/wp-content\/uploads\/2025\/12\/Bildschirmfoto-2025-12-03-um-09.09.04-1024x693.png\" alt=\"\" class=\"wp-image-2357\" srcset=\"https:\/\/leopoldaltenburg.com\/wp-content\/uploads\/2025\/12\/Bildschirmfoto-2025-12-03-um-09.09.04-1024x693.png 1024w, https:\/\/leopoldaltenburg.com\/wp-content\/uploads\/2025\/12\/Bildschirmfoto-2025-12-03-um-09.09.04-300x203.png 300w, https:\/\/leopoldaltenburg.com\/wp-content\/uploads\/2025\/12\/Bildschirmfoto-2025-12-03-um-09.09.04-768x520.png 768w, https:\/\/leopoldaltenburg.com\/wp-content\/uploads\/2025\/12\/Bildschirmfoto-2025-12-03-um-09.09.04-1536x1039.png 1536w, https:\/\/leopoldaltenburg.com\/wp-content\/uploads\/2025\/12\/Bildschirmfoto-2025-12-03-um-09.09.04-2048x1386.png 2048w, https:\/\/leopoldaltenburg.com\/wp-content\/uploads\/2025\/12\/Bildschirmfoto-2025-12-03-um-09.09.04-443x300.png 443w\" sizes=\"auto, (max-width: 1024px) 100vw, 1024px\" \/><\/a><\/figure>\n\n\n\n<p><br><a href=\"https:\/\/www.ardmediathek.de\/video\/berlin-erleben\/30-orte-die-reinickendorf-besonders-machen\/rbb\/Y3JpZDovL3JiYl8yMzA2YWRlMy0xYWMyLTRjY2ItYmZiMi0yYWI3ZmNhZWYzOTNfcHVibGljYXRpb24\" target=\"_blank\" rel=\"noreferrer noopener\">&#8222;<strong>30 Orte, die Reinickendorf besonders machen<\/strong>&#8222;<\/a><br>Dokumentation Deutschland 2025, Regie Stephan D\u00fcfel, bis 21.11.2027 in der rbb-Mediathek.<br>In dieser Dokumentation erz\u00e4hlt Leopold Altenburg vom Tegeler Flie\u00df, seinen kaiserlichen Vorfahren und von seiner Arbeit als K\u00fcnstler bei den Roten Nasen Deutschland e.V..<br>Reinickendorf im Portr\u00e4t: Berlin erleben ist im Norden der Stadt unterwegs \u2013 zwischen Tegeler Forst, M\u00e4rkischem Viertel und Frohnau. Die Tour f\u00fchrt zu 30 besonderen Orten: vom Forstamt Tegel mit Wild aus Berliner W\u00e4ldern und dem Adventsmarkt \u00fcber die traditionsreiche Pralinenmanufaktur Sawade und den Gef\u00e4ngnis-Shop der JVA Tegel bis zur NochMall, dem Gebrauchtwarenkaufhaus der BSR. In den historischen Wilhelm Hallen begegnen wir Kunst und klassischer Musik, im Western Saloon wird Line Dance getanzt, im Landesarchiv k\u00f6nnen Berliner:innen ihre Familiengeschichte erforschen, im Buddhistischen Haus treffen wir einen M\u00f6nch. Einheimische wie Olympiasiegerin Mariama Jamanka, Prinz Leopold von Altenburg und der Shanty-Chor Reinickendorf zeigen ihren Bezirk und verraten ihre ganz pers\u00f6nlichen Lieblingsorte. Film von Stefan D\u00fcfel | Erstausstrahlung am 20.11.2025 (rbb)<\/p>\n\n\n\n<figure class=\"wp-block-image size-large\"><a href=\"https:\/\/www.theater-wandlitz.de\/index.php?id=start\" target=\"_blank\" rel=\" noreferrer noopener\"><img loading=\"lazy\" decoding=\"async\" width=\"1024\" height=\"683\" src=\"https:\/\/leopoldaltenburg.com\/wp-content\/uploads\/2025\/12\/FUL02836-1024x683.jpg\" alt=\"\" class=\"wp-image-2355\" srcset=\"https:\/\/leopoldaltenburg.com\/wp-content\/uploads\/2025\/12\/FUL02836-1024x683.jpg 1024w, https:\/\/leopoldaltenburg.com\/wp-content\/uploads\/2025\/12\/FUL02836-300x200.jpg 300w, https:\/\/leopoldaltenburg.com\/wp-content\/uploads\/2025\/12\/FUL02836-768x512.jpg 768w, https:\/\/leopoldaltenburg.com\/wp-content\/uploads\/2025\/12\/FUL02836-1536x1024.jpg 1536w, https:\/\/leopoldaltenburg.com\/wp-content\/uploads\/2025\/12\/FUL02836-2048x1365.jpg 2048w, https:\/\/leopoldaltenburg.com\/wp-content\/uploads\/2025\/12\/FUL02836-450x300.jpg 450w\" sizes=\"auto, (max-width: 1024px) 100vw, 1024px\" \/><\/a><\/figure>\n\n\n\n<p><strong>&#8222;Arsen und Spitzenh\u00e4ubchen&#8220;<\/strong> von Joseph Kesselring im <a href=\"https:\/\/www.theater-wandlitz.de\/index.php?id=start\" target=\"_blank\" rel=\"noreferrer noopener\"> Theater am Wandlitzsee.<\/a><br>Premiere am 14. November 20 Uhr. (20 Vorstellungen bis zum 21.12.2025)<br>Foto: J\u00fcrgen Nass<\/p>\n\n\n\n<figure class=\"wp-block-image size-large\"><a href=\"https:\/\/leopoldaltenburg.com\/wp-content\/uploads\/2025\/10\/IMG-20251009-WA0003.jpg\"><img loading=\"lazy\" decoding=\"async\" width=\"1024\" height=\"773\" src=\"https:\/\/leopoldaltenburg.com\/wp-content\/uploads\/2025\/10\/IMG-20251009-WA0003-1024x773.jpg\" alt=\"\" class=\"wp-image-2347\" srcset=\"https:\/\/leopoldaltenburg.com\/wp-content\/uploads\/2025\/10\/IMG-20251009-WA0003-1024x773.jpg 1024w, https:\/\/leopoldaltenburg.com\/wp-content\/uploads\/2025\/10\/IMG-20251009-WA0003-300x226.jpg 300w, https:\/\/leopoldaltenburg.com\/wp-content\/uploads\/2025\/10\/IMG-20251009-WA0003-768x580.jpg 768w, https:\/\/leopoldaltenburg.com\/wp-content\/uploads\/2025\/10\/IMG-20251009-WA0003-397x300.jpg 397w, https:\/\/leopoldaltenburg.com\/wp-content\/uploads\/2025\/10\/IMG-20251009-WA0003.jpg 1260w\" sizes=\"auto, (max-width: 1024px) 100vw, 1024px\" \/><\/a><\/figure>\n\n\n\n<p><br>Mit seinem Solo-Programm <strong>&#8222;PRINZ UND CLOWN&#8220;<\/strong> tritt nun Leopold Altenburg erstmals in Zug in der Schweiz auf. Die Veranstaltung ist bereits AUSVERKAUFT.<\/p>\n\n\n\n<figure class=\"wp-block-image size-large\"><a href=\"https:\/\/leopoldaltenburg.com\/wp-content\/uploads\/2023\/07\/Leopold-Altenburg-byTeresaMarenzi-0003-scaled.jpg\"><img loading=\"lazy\" decoding=\"async\" width=\"1024\" height=\"683\" src=\"https:\/\/leopoldaltenburg.com\/wp-content\/uploads\/2023\/07\/Leopold-Altenburg-byTeresaMarenzi-0003-1024x683.jpg\" alt=\"\" class=\"wp-image-2019\" srcset=\"https:\/\/leopoldaltenburg.com\/wp-content\/uploads\/2023\/07\/Leopold-Altenburg-byTeresaMarenzi-0003-1024x683.jpg 1024w, https:\/\/leopoldaltenburg.com\/wp-content\/uploads\/2023\/07\/Leopold-Altenburg-byTeresaMarenzi-0003-300x200.jpg 300w, https:\/\/leopoldaltenburg.com\/wp-content\/uploads\/2023\/07\/Leopold-Altenburg-byTeresaMarenzi-0003-768x512.jpg 768w, https:\/\/leopoldaltenburg.com\/wp-content\/uploads\/2023\/07\/Leopold-Altenburg-byTeresaMarenzi-0003-1536x1025.jpg 1536w, https:\/\/leopoldaltenburg.com\/wp-content\/uploads\/2023\/07\/Leopold-Altenburg-byTeresaMarenzi-0003-2048x1366.jpg 2048w, https:\/\/leopoldaltenburg.com\/wp-content\/uploads\/2023\/07\/Leopold-Altenburg-byTeresaMarenzi-0003-450x300.jpg 450w\" sizes=\"auto, (max-width: 1024px) 100vw, 1024px\" \/><\/a><\/figure>\n\n\n\n<h1 class=\"wp-block-heading\">30.10.2025 I 19:30 Uhr I Landesmuseum Z\u00fcrich<br>Habsburg in- und auswendig&nbsp;&#8211; F\u00fchrung mit Sisis Ururenkel Leopold Altenburg<\/h1>\n\n\n\n<p>Leopold Altenburg ist Teil der LATE NIGHT-Veranstaltung im Landesmuseum Z\u00fcrich mit zwei F\u00fchrungen durch die Ausstellungsr\u00e4ume.<\/p>\n\n\n\n<p>LATE Tickets gibt es&nbsp;<a href=\"http:\/\/tickets.landesmuseum.ch\/de\/tickets\/1921\/?date=2024-02-29\">hier<\/a>.&nbsp;<\/p>\n\n\n\n<figure class=\"wp-block-image size-large\"><a href=\"https:\/\/leopoldaltenburg.com\/wp-content\/uploads\/2025\/09\/P1040147-scaled.jpg\"><img loading=\"lazy\" decoding=\"async\" width=\"1024\" height=\"683\" src=\"https:\/\/leopoldaltenburg.com\/wp-content\/uploads\/2025\/09\/P1040147-1024x683.jpg\" alt=\"\" class=\"wp-image-2332\" srcset=\"https:\/\/leopoldaltenburg.com\/wp-content\/uploads\/2025\/09\/P1040147-1024x683.jpg 1024w, https:\/\/leopoldaltenburg.com\/wp-content\/uploads\/2025\/09\/P1040147-300x200.jpg 300w, https:\/\/leopoldaltenburg.com\/wp-content\/uploads\/2025\/09\/P1040147-768x512.jpg 768w, https:\/\/leopoldaltenburg.com\/wp-content\/uploads\/2025\/09\/P1040147-1536x1025.jpg 1536w, https:\/\/leopoldaltenburg.com\/wp-content\/uploads\/2025\/09\/P1040147-2048x1366.jpg 2048w, https:\/\/leopoldaltenburg.com\/wp-content\/uploads\/2025\/09\/P1040147-450x300.jpg 450w\" sizes=\"auto, (max-width: 1024px) 100vw, 1024px\" \/><\/a><figcaption class=\"wp-element-caption\">Theater Castelvecchio, Die siebte S\u00fcnde<\/figcaption><\/figure>\n\n\n\n<h3 class=\"wp-block-heading\">Die siebte S\u00fcnde&nbsp;<\/h3>\n\n\n\n<p><strong>Die siebte S\u00fcnde<\/strong><br>von Juliane und Leopold Altenburg<br>Theater Castelvecchio<\/p>\n\n\n\n<p>Wir zeigen das Ergebnis unseres diesj\u00e4hrigen Sommertheaterworkshops.<br><strong><a href=\"https:\/\/labsaal.de\/events\/die-siebte-suende\/\">Auff\u00fchrung am 01.08.2025 um 15 Uhr.<\/a><\/strong><br>Mit den Jugendlichen sind wir in die faszinierende Welt der Masken eingetaucht und haben uns dem Thema \u201edie sieben Tods\u00fcnden\u201c mit K\u00f6rper und Sprache angen\u00e4hert.<br>Zum St\u00fcck: Durch einen Zufall findet sich unser Protagonist auf einem&nbsp;ausgefallenen Maskenball wieder, auf dem sich&nbsp;bizarre Figuren versammelt haben. Doch je l\u00e4nger der Abend dauert, desto mehr ahnt er, dass diese Fremden doch mehr mit ihm zu tun haben und dass sein Leben mit ihrem verstrickt ist. Was verbindet ihn mit all diesen Gestalten und was passiert, wenn er mehr herausfindet, als gut f\u00fcr ihn ist?<br><br>weitere Eindr\u00fccke und Bilder finden Sie <a href=\"https:\/\/labsaal.de\/die-siebte-suende\/\"><strong>hier<\/strong><\/a><\/p>\n\n\n\n<p><\/p>\n\n\n\n<figure class=\"wp-block-image size-large\"><a href=\"https:\/\/leopoldaltenburg.com\/wp-content\/uploads\/2025\/09\/Des-Gaertners-Lust-und-Leid.jpeg\"><img loading=\"lazy\" decoding=\"async\" width=\"1024\" height=\"683\" src=\"https:\/\/leopoldaltenburg.com\/wp-content\/uploads\/2025\/09\/Des-Gaertners-Lust-und-Leid-1024x683.jpeg\" alt=\"\" class=\"wp-image-2331\" srcset=\"https:\/\/leopoldaltenburg.com\/wp-content\/uploads\/2025\/09\/Des-Gaertners-Lust-und-Leid-1024x683.jpeg 1024w, https:\/\/leopoldaltenburg.com\/wp-content\/uploads\/2025\/09\/Des-Gaertners-Lust-und-Leid-300x200.jpeg 300w, https:\/\/leopoldaltenburg.com\/wp-content\/uploads\/2025\/09\/Des-Gaertners-Lust-und-Leid-768x512.jpeg 768w, https:\/\/leopoldaltenburg.com\/wp-content\/uploads\/2025\/09\/Des-Gaertners-Lust-und-Leid-1536x1024.jpeg 1536w, https:\/\/leopoldaltenburg.com\/wp-content\/uploads\/2025\/09\/Des-Gaertners-Lust-und-Leid-2048x1365.jpeg 2048w, https:\/\/leopoldaltenburg.com\/wp-content\/uploads\/2025\/09\/Des-Gaertners-Lust-und-Leid-450x300.jpeg 450w\" sizes=\"auto, (max-width: 1024px) 100vw, 1024px\" \/><\/a><\/figure>\n\n\n\n<h3 class=\"wp-block-heading\">11.07.2025 19:00 Uhr<\/h3>\n\n\n\n<h2 class=\"wp-block-heading\">Gartenabend: Des G\u00e4rtners Lust und Leid<\/h2>\n\n\n\n<p><strong>Veranstaltungsort:<\/strong>&nbsp;Buchhandlung am Fellbacher Platz<\/p>\n\n\n\n<p><strong>Vorverkauf:<\/strong>&nbsp;Wir bitten um Anmeldung<\/p>\n\n\n\n<p><strong>Preis:<\/strong>&nbsp;Der Eintritt ist frei. Wir freuen uns \u00fcber Spenden f\u00fcr die K\u00fcnstler und den Wein!<br><br>Vorsicht: Dieses Programm ist ansteckend, denn der Volksmund sagt: Wer der G\u00e4rtnerleidenschaft verfiel, ist noch nie geheilt worden.<br>Drei vielseitige K\u00fcnstler*innen wissen Sie mit einem bunten Strau\u00df an Einf\u00e4llen zu bet\u00f6ren.<br>Dort erbl\u00fcht ein kleines Gedicht, ein Prosatext findet seinen Weg ans Licht, Der Regen klatscht munter im Takt des Schlagers, klassischer Gesang erstrahlt kurz darauf in allen Regenbogenfarben. Das Unkraut muss gej\u00e4tet werden, die Rose m\u00f6chte bewundert werden, die Schnecke \u00fcberlegt &#8222;Raus oder mit raus?&#8220; Und der Regenwurm hat es einfach nur gut.<br>Ist nicht der Garten der Spiegel der Seele des G\u00e4rtners? Spielt sich in diesem kleinen Biotop nicht das ganze Leben ab? Und ist es wahr, dass der der k\u00fcrzeste Weg zur Gesundheit der Weg in den Garten ist?<br>In diesem Sinne m\u00f6chten wir Sie einladen, sich auf den Weg zu machen und den Garten der Buchhandlung am Fellbach Platz aufzusuchen.<br><br>Mit:&nbsp;<br>Eleanor Forbes &#8211; klassische S\u00e4ngerin mit Hybriderfahrung<br>Juliane Bella Zschau &#8211; Klinikclownin mit Nacktschneckenerfahrung<br>Leopold Altenburg &#8211; vielseitiger Schauspieler mit Stamm-Baum- Erfahrung<\/p>\n\n\n\n<p>Buchhandlung am Fellbacher Platz, Heinsestra\u00dfe 25, 13467 Berlin<\/p>\n\n\n\n<figure class=\"wp-block-image size-large\"><a href=\"http:\/\/leopoldaltenburg.com\/wp-content\/uploads\/2024\/11\/AUSTROPOLD_Schrift_klein.jpg\"><img loading=\"lazy\" decoding=\"async\" width=\"1024\" height=\"682\" src=\"http:\/\/leopoldaltenburg.com\/wp-content\/uploads\/2024\/11\/AUSTROPOLD_Schrift_klein-1024x682.jpg\" alt=\"\" class=\"wp-image-2191\" srcset=\"https:\/\/leopoldaltenburg.com\/wp-content\/uploads\/2024\/11\/AUSTROPOLD_Schrift_klein-1024x682.jpg 1024w, https:\/\/leopoldaltenburg.com\/wp-content\/uploads\/2024\/11\/AUSTROPOLD_Schrift_klein-300x200.jpg 300w, https:\/\/leopoldaltenburg.com\/wp-content\/uploads\/2024\/11\/AUSTROPOLD_Schrift_klein-768x512.jpg 768w, https:\/\/leopoldaltenburg.com\/wp-content\/uploads\/2024\/11\/AUSTROPOLD_Schrift_klein-1536x1024.jpg 1536w, https:\/\/leopoldaltenburg.com\/wp-content\/uploads\/2024\/11\/AUSTROPOLD_Schrift_klein-450x300.jpg 450w, https:\/\/leopoldaltenburg.com\/wp-content\/uploads\/2024\/11\/AUSTROPOLD_Schrift_klein.jpg 1772w\" sizes=\"auto, (max-width: 1024px) 100vw, 1024px\" \/><\/a><\/figure>\n\n\n\n<p><strong>AUSTROPOLD &#8211; Schm\u00e4h von gestern<\/strong><br>mit Liedern von Falco, Rainhard Fendrich, Wolfgang Ambros, Georg Danzer, Ludig Hirsch, EAV, D\u00d6F, STS und Geschichten von Leopold Altenburg rund um den Austropop und die Zeit der 1970er und 1980er Jahre.<br><strong>Wann: <\/strong>4. Juli 2025<br><strong>Wo: <\/strong>Centre Bagatelle, Zeltinger Stra\u00dfe 6, 13465 Berlin<br><a href=\"https:\/\/www.centre-bagatelle.de\/veranstaltungsuebersicht\/\" target=\"_blank\" rel=\"noreferrer noopener\"><strong>Karten: <\/strong>Eintritt: 20 \u20ac | erm\u00e4\u00dfigt*: 15 \u20ac | Sch\u00fclerInnen: 10 \u20ac *<\/a><\/p>\n\n\n\n<p><\/p>\n\n\n\n<figure class=\"wp-block-image size-large\"><a href=\"http:\/\/leopoldaltenburg.com\/wp-content\/uploads\/2025\/05\/Foto-Monika-Loeff_Leopold-Altenburg\u00a9Monika-Loeff_0230-scaled.jpg\"><img loading=\"lazy\" decoding=\"async\" width=\"1024\" height=\"683\" src=\"http:\/\/leopoldaltenburg.com\/wp-content\/uploads\/2025\/05\/Foto-Monika-Loeff_Leopold-Altenburg\u00a9Monika-Loeff_0230-1024x683.jpg\" alt=\"\" class=\"wp-image-2244\" srcset=\"https:\/\/leopoldaltenburg.com\/wp-content\/uploads\/2025\/05\/Foto-Monika-Loeff_Leopold-Altenburg\u00a9Monika-Loeff_0230-1024x683.jpg 1024w, https:\/\/leopoldaltenburg.com\/wp-content\/uploads\/2025\/05\/Foto-Monika-Loeff_Leopold-Altenburg\u00a9Monika-Loeff_0230-300x200.jpg 300w, https:\/\/leopoldaltenburg.com\/wp-content\/uploads\/2025\/05\/Foto-Monika-Loeff_Leopold-Altenburg\u00a9Monika-Loeff_0230-768x512.jpg 768w, https:\/\/leopoldaltenburg.com\/wp-content\/uploads\/2025\/05\/Foto-Monika-Loeff_Leopold-Altenburg\u00a9Monika-Loeff_0230-1536x1024.jpg 1536w, https:\/\/leopoldaltenburg.com\/wp-content\/uploads\/2025\/05\/Foto-Monika-Loeff_Leopold-Altenburg\u00a9Monika-Loeff_0230-2048x1365.jpg 2048w, https:\/\/leopoldaltenburg.com\/wp-content\/uploads\/2025\/05\/Foto-Monika-Loeff_Leopold-Altenburg\u00a9Monika-Loeff_0230-450x300.jpg 450w\" sizes=\"auto, (max-width: 1024px) 100vw, 1024px\" \/><\/a><\/figure>\n\n\n\n<p>Am 21. Juni 2025 um 20 Uhr <br><strong>PRINZ UND CLOWN &#8211; es ist ein Albtraum mit dem Stammbaum<\/strong><br>Im Theater am Wandlitzsee<br><a href=\"https:\/\/www.theater-wandlitz.de\/index.php?id=7&amp;e=346\" data-type=\"link\" data-id=\"https:\/\/www.theater-wandlitz.de\/index.php?id=7&amp;e=346\" target=\"_blank\" rel=\"noreferrer noopener\">Karten: 35 \u20ac<\/a><\/p>\n\n\n\n<figure class=\"wp-block-image size-large\"><a href=\"http:\/\/leopoldaltenburg.com\/wp-content\/uploads\/2023\/01\/Die-Scheinheiligen.jpg\"><img loading=\"lazy\" decoding=\"async\" width=\"1024\" height=\"682\" src=\"http:\/\/leopoldaltenburg.com\/wp-content\/uploads\/2023\/01\/Die-Scheinheiligen-1024x682.jpg\" alt=\"\" class=\"wp-image-1919\" srcset=\"https:\/\/leopoldaltenburg.com\/wp-content\/uploads\/2023\/01\/Die-Scheinheiligen-1024x682.jpg 1024w, https:\/\/leopoldaltenburg.com\/wp-content\/uploads\/2023\/01\/Die-Scheinheiligen-300x200.jpg 300w, https:\/\/leopoldaltenburg.com\/wp-content\/uploads\/2023\/01\/Die-Scheinheiligen-768x512.jpg 768w, https:\/\/leopoldaltenburg.com\/wp-content\/uploads\/2023\/01\/Die-Scheinheiligen-1536x1023.jpg 1536w, https:\/\/leopoldaltenburg.com\/wp-content\/uploads\/2023\/01\/Die-Scheinheiligen-450x300.jpg 450w, https:\/\/leopoldaltenburg.com\/wp-content\/uploads\/2023\/01\/Die-Scheinheiligen.jpg 1600w\" sizes=\"auto, (max-width: 1024px) 100vw, 1024px\" \/><\/a><\/figure>\n\n\n\n<p>Das Erfolgsst\u00fcck <strong>&#8222;DIE SCHEINHEILIGEN&#8220; <\/strong>wird wiederaufgenommen.<br>Vorstellungen am:<br>9., 10., 16., 17., 23., 24. Mai 2025, Beginn jeweils 20 Uhr<br>Im Theater am Wandlitzsee<br><a href=\"https:\/\/www.theater-wandlitz.de\/index.php?id=0\" target=\"_blank\" rel=\"noreferrer noopener\">Karten: ab 35 \u20ac<\/a><br><\/p>\n\n\n\n<figure class=\"wp-block-image size-large\"><a href=\"http:\/\/leopoldaltenburg.com\/wp-content\/uploads\/2025\/03\/Bildschirmfoto-2025-03-28-um-08.39.54.png\"><img loading=\"lazy\" decoding=\"async\" width=\"724\" height=\"1024\" src=\"http:\/\/leopoldaltenburg.com\/wp-content\/uploads\/2025\/03\/Bildschirmfoto-2025-03-28-um-08.39.54-724x1024.png\" alt=\"\" class=\"wp-image-2235\" srcset=\"https:\/\/leopoldaltenburg.com\/wp-content\/uploads\/2025\/03\/Bildschirmfoto-2025-03-28-um-08.39.54-724x1024.png 724w, https:\/\/leopoldaltenburg.com\/wp-content\/uploads\/2025\/03\/Bildschirmfoto-2025-03-28-um-08.39.54-212x300.png 212w, https:\/\/leopoldaltenburg.com\/wp-content\/uploads\/2025\/03\/Bildschirmfoto-2025-03-28-um-08.39.54-768x1086.png 768w, https:\/\/leopoldaltenburg.com\/wp-content\/uploads\/2025\/03\/Bildschirmfoto-2025-03-28-um-08.39.54-1087x1536.png 1087w, https:\/\/leopoldaltenburg.com\/wp-content\/uploads\/2025\/03\/Bildschirmfoto-2025-03-28-um-08.39.54.png 1228w\" sizes=\"auto, (max-width: 724px) 100vw, 724px\" \/><\/a><\/figure>\n\n\n\n<p><strong>Prinz und Clown<\/strong><br>Am 9.4.2025 um 19:30 Uhr im Schloss Ritzeb\u00fcttel, Cuxhaven<br>Karten: 04721-62213<\/p>\n\n\n\n<figure class=\"wp-block-image size-large\"><a href=\"https:\/\/theater-wandlitz.de\/index.php?id=start\"><img loading=\"lazy\" decoding=\"async\" width=\"1024\" height=\"724\" src=\"http:\/\/leopoldaltenburg.com\/wp-content\/uploads\/2025\/03\/Bildschirmfoto-2025-03-03-um-17.12.25-1024x724.png\" alt=\"\" class=\"wp-image-2211\" srcset=\"https:\/\/leopoldaltenburg.com\/wp-content\/uploads\/2025\/03\/Bildschirmfoto-2025-03-03-um-17.12.25-1024x724.png 1024w, https:\/\/leopoldaltenburg.com\/wp-content\/uploads\/2025\/03\/Bildschirmfoto-2025-03-03-um-17.12.25-300x212.png 300w, https:\/\/leopoldaltenburg.com\/wp-content\/uploads\/2025\/03\/Bildschirmfoto-2025-03-03-um-17.12.25-768x543.png 768w, https:\/\/leopoldaltenburg.com\/wp-content\/uploads\/2025\/03\/Bildschirmfoto-2025-03-03-um-17.12.25-1536x1086.png 1536w, https:\/\/leopoldaltenburg.com\/wp-content\/uploads\/2025\/03\/Bildschirmfoto-2025-03-03-um-17.12.25-2048x1448.png 2048w, https:\/\/leopoldaltenburg.com\/wp-content\/uploads\/2025\/03\/Bildschirmfoto-2025-03-03-um-17.12.25-424x300.png 424w\" sizes=\"auto, (max-width: 1024px) 100vw, 1024px\" \/><\/a><\/figure>\n\n\n\n<p><strong>Drei sind einer zu viel<\/strong><br>Krimikom\u00f6die mit: Cornelia Sch\u00f6nwald und Julia Horvath<br>Regie: Leopold Altenburg<\/p>\n\n\n\n<p>Der Ehefrau platzt endg\u00fcltig der Kragen, nachdem sie erf\u00e4hrt, dass ihr 30 Jahre \u00e4lterer, schwerreicher Gatte plant, sie durch ein neues Frauenmodell zu ersetzen. Prompt ist sie entschlossen, das sehnlichst erwartete Ableben ihres Mannes zu beschleunigen und sich endlich der wohlverdienten Millionen zu bem\u00e4chtigen. Doch \u00e4rgerlicherweise entpuppt sich das Vorhaben schwieriger als erwartet, denn die robuste Gesundheit ihrer &#8222;besseren H\u00e4lfte&#8220; trotzt allen Versuchen, ihn unauff\u00e4llig zu beseitigen. Zu bl\u00f6d, dass sie dabei auch noch st\u00e4ndig von den Nachbarn gest\u00f6rt wird und zu allem \u00dcberfluss pl\u00f6tzlich auch noch ihre Kontrahentin auftaucht, die ihrerseits fest entschlossen ist, das Verm\u00f6gen an die &#8222;richtige&#8220; Frau zu bringen. Doch keine von beiden hat damit gerechnet, wie hinterh\u00e4ltig der Ehemann wirklich ist.<\/p>\n\n\n\n<p>In dieser turbulenten, schwarzhumorigen Kom\u00f6die entspinnt sich ein mitrei\u00dfender Kampf um Millionen, begleitet von Lug und Trug, einem depressiven Monaco Mops und jeder Menge skurriler Situationskomik, bei der kein Auge trocken bleibt. Am Ende stellt sich die Frage: Geld oder Leben? Seien Sie dabei, wenn es hei\u00dft: \u201eDrei sind einer zuviel&#8220;, mindestens!<br><br><strong>PREMIRE am 7. M\u00e4rz 2025 um 20 Uhr im Theater am Wandlitzsee<\/strong><br><strong><a href=\"https:\/\/theater-wandlitz.de\/index.php?id=start\" target=\"_blank\" rel=\"noreferrer noopener\">Informationen, weitere Vorstellungen und Karten<\/a><\/strong><\/p>\n\n\n\n<figure class=\"wp-block-image size-large\"><a href=\"https:\/\/www.youtube.com\/watch?v=RpsJn16Xvt8\" target=\"_blank\" rel=\"noreferrer noopener\"><img loading=\"lazy\" decoding=\"async\" width=\"1024\" height=\"572\" src=\"http:\/\/leopoldaltenburg.com\/wp-content\/uploads\/2024\/11\/Bildschirmfoto-2024-11-25-um-21.28.41-1024x572.png\" alt=\"\" class=\"wp-image-2198\" srcset=\"https:\/\/leopoldaltenburg.com\/wp-content\/uploads\/2024\/11\/Bildschirmfoto-2024-11-25-um-21.28.41-1024x572.png 1024w, https:\/\/leopoldaltenburg.com\/wp-content\/uploads\/2024\/11\/Bildschirmfoto-2024-11-25-um-21.28.41-300x168.png 300w, https:\/\/leopoldaltenburg.com\/wp-content\/uploads\/2024\/11\/Bildschirmfoto-2024-11-25-um-21.28.41-768x429.png 768w, https:\/\/leopoldaltenburg.com\/wp-content\/uploads\/2024\/11\/Bildschirmfoto-2024-11-25-um-21.28.41-1536x858.png 1536w, https:\/\/leopoldaltenburg.com\/wp-content\/uploads\/2024\/11\/Bildschirmfoto-2024-11-25-um-21.28.41-500x279.png 500w, https:\/\/leopoldaltenburg.com\/wp-content\/uploads\/2024\/11\/Bildschirmfoto-2024-11-25-um-21.28.41.png 1908w\" sizes=\"auto, (max-width: 1024px) 100vw, 1024px\" \/><\/a><\/figure>\n\n\n\n<p><strong><a href=\"https:\/\/kurier.tv\/herrlich-ehrlich\/urur-enkel-von-kaiserin-elisabeth-liebt-die-buehnenluft\/402978225\" target=\"_blank\" rel=\"noreferrer noopener\">Kurier TV<\/a> f\u00fchrte mit Leopold Altenburg ein Interview.<\/strong> Erschienen am 24.11.2024 im Kurier und online.<br><\/p>\n\n\n<div class=\"wp-block-image\">\n<figure class=\"alignleft size-thumbnail is-resized\"><a href=\"http:\/\/leopoldaltenburg.com\/wp-content\/uploads\/2024\/11\/Bildschirmfoto-2020-12-15-um-10.46.20.png\"><img loading=\"lazy\" decoding=\"async\" width=\"150\" height=\"150\" src=\"http:\/\/leopoldaltenburg.com\/wp-content\/uploads\/2024\/11\/Bildschirmfoto-2020-12-15-um-10.46.20-150x150.png\" alt=\"\" class=\"wp-image-2182\" style=\"width:165px;height:auto\"\/><\/a><\/figure>\n<\/div>\n\n\n<p><strong>&#8222;Wenn die Stille Zeit vorbei ist, wird\u00b4s auch wieder ruhiger&#8220;<\/strong>, Karl Valentin<br>Im Neuen Jahr darf\u00b4s aber auch wieder unruhiger werden, denn es erwartet Leopold Altenburg ein ganz besonderer Januar 2025. Bis dahin w\u00fcnschen wir euch eine entspannte Adventszeit und Frohe Weihnachten.<\/p>\n\n\n\n<p><br>und 2025 gehts los &#8230;<br><br><strong>Ab 17. Januar 2025<\/strong> ist Leopold Altenburg ein ausgebildeter <a href=\"https:\/\/www.rotenasen.de\/clownvisiten\/humorworkshops\/\" target=\"_blank\" rel=\"noreferrer noopener\">Humorseminar-Leiter des Vereins Rote Nasen Deutschland e.V.<\/a><\/p>\n\n\n<div class=\"wp-block-image\">\n<figure class=\"alignleft size-thumbnail\"><img loading=\"lazy\" decoding=\"async\" width=\"150\" height=\"150\" src=\"http:\/\/leopoldaltenburg.com\/wp-content\/uploads\/2024\/11\/Katrin_Unterreiner-150x150.jpg\" alt=\"\" class=\"wp-image-2183\"\/><figcaption class=\"wp-element-caption\">Kathrin Unterreiner<\/figcaption><\/figure>\n<\/div>\n\n\n<p><br><strong>Am 16. Januar 2025 <a href=\"https:\/\/www.stella-theater.at\" target=\"_blank\" rel=\"noreferrer noopener\">(Wien)<\/a> und am 22. Januar 2025 <a href=\"https:\/\/www.st-benedikt.at\/veranstaltungen\/e\/15167-marie-valerie-die-lieblingstochter-der-kaiserin\">(Seitenstetten)<\/a><\/strong> pr\u00e4sentieren die ORF III Kaiserhausexpertin<a href=\"http:\/\/www.katrinunterreiner.at\" target=\"_blank\" rel=\"noreferrer noopener\"> Katrin Unterreiner<\/a> und Leopold Altenburg den Abend: &#8222;Habsburg in- und auswendig&#8220;. Das Thema der beiden Tage wird sein: &#8222;Marie Valerie &#8211; die Lieblingstochter von Kaiser Franz Joseph I. und Kaiserin Elisabeth&#8220;. Sichern Sie sich f\u00fcr diese informativen und humorvollen Vorstellungen bald Karten.<br><\/p>\n\n\n<div class=\"wp-block-image\">\n<figure class=\"alignleft size-thumbnail\"><a href=\"http:\/\/leopoldaltenburg.com\/wp-content\/uploads\/2024\/11\/Plakat-Buecherei-150-Jahre-Auftaktveranstaltung-scaled.jpg\"><img loading=\"lazy\" decoding=\"async\" width=\"150\" height=\"150\" src=\"http:\/\/leopoldaltenburg.com\/wp-content\/uploads\/2024\/11\/Plakat-Buecherei-150-Jahre-Auftaktveranstaltung-150x150.jpg\" alt=\"\" class=\"wp-image-2185\"\/><\/a><\/figure>\n<\/div>\n\n\n<p><br><strong>Am 23. Januar 2025<\/strong> feiert die <a href=\"https:\/\/buecherei-retz.noebib.at\" target=\"_blank\" rel=\"noreferrer noopener\">B\u00fccherei Retz<\/a> ihr 150 j\u00e4hriges Bestehen. Die Auftaktveranstaltung wird von Leopold Altenburg mit &#8222;Prinz und Clown&#8220; \u2013 die Show zum Buch &#8222;Der Kaiser und sein Sonnenschein&#8220; pr\u00e4sentiert. Eintritt frei<\/p>\n\n\n\n<p><\/p>\n\n\n\n<p><\/p>\n\n\n<div class=\"wp-block-image\">\n<figure class=\"alignleft size-thumbnail\"><a href=\"http:\/\/leopoldaltenburg.com\/wp-content\/uploads\/2024\/11\/AUSTROPOLD_Schrift_klein.jpg\"><img loading=\"lazy\" decoding=\"async\" width=\"150\" height=\"150\" src=\"http:\/\/leopoldaltenburg.com\/wp-content\/uploads\/2024\/11\/AUSTROPOLD_Schrift_klein-150x150.jpg\" alt=\"\" class=\"wp-image-2191\"\/><\/a><\/figure>\n<\/div>\n\n\n<p><strong>Am 24. und 25. Januar 2025<\/strong> tritt Leopold Altenburg mit seinem Programm <a href=\"https:\/\/www.stella-theater.at\" target=\"_blank\" rel=\"noreferrer noopener\">&#8222;Austropold &#8211; Schm\u00e4h von gestern&#8220; im Stella Theater<\/a> in Wien auf. An seiner Seite ist der unglaubliche Akkordeonist Franz Haselsteiner<\/p>\n\n\n\n<p><br><br><br><strong>Ab Februar 2025<\/strong> inszeniert Leopold Altenburg mit den Schauspielerinnen Julia Horvath und Cornelia Sch\u00f6nwald die Kom\u00f6die <a href=\"http:\/\/www.theater-wandlitz.de\/index.php?id=7&amp;e=301\" target=\"_blank\" rel=\"noreferrer noopener\">&#8222;Drei sind einer zu viel&#8220; im Theater am Wandlitzsee.<\/a> Premiere ist am 7. M\u00e4rz 2025, 20 Uhr.<\/p>\n\n\n\n<p>Weitere Termine finden Sie <a href=\"http:\/\/leopoldaltenburg.com\/?page_id=1053\" target=\"_blank\" rel=\"noreferrer noopener\">hier<\/a><a href=\"https:\/\/www.rotenasen.de\/clownvisiten\/humorworkshops\/\" target=\"_blank\" rel=\"noreferrer noopener\"><br><\/a><\/p>\n\n\n\n<figure class=\"wp-block-image size-large\"><a href=\"https:\/\/badischl.salzkammergut.at\/oesterreich-veranstaltung\/detail\/430264783\/prinz-und-clown-leopold-altenburg.html\" target=\"_blank\" rel=\"noreferrer noopener\"><img loading=\"lazy\" decoding=\"async\" width=\"716\" height=\"1024\" src=\"http:\/\/leopoldaltenburg.com\/wp-content\/uploads\/2024\/07\/Bildschirmfoto-2024-07-10-um-22.01.52-716x1024.png\" alt=\"\" class=\"wp-image-2135\" srcset=\"https:\/\/leopoldaltenburg.com\/wp-content\/uploads\/2024\/07\/Bildschirmfoto-2024-07-10-um-22.01.52-716x1024.png 716w, https:\/\/leopoldaltenburg.com\/wp-content\/uploads\/2024\/07\/Bildschirmfoto-2024-07-10-um-22.01.52-210x300.png 210w, https:\/\/leopoldaltenburg.com\/wp-content\/uploads\/2024\/07\/Bildschirmfoto-2024-07-10-um-22.01.52.png 738w\" sizes=\"auto, (max-width: 716px) 100vw, 716px\" \/><\/a><\/figure>\n\n\n\n<p>Ein H\u00f6hepunkt des Jahres erwartet Sie im Sommer: Leopold Altenburg besucht die Kulturhauptstadt Bad Ischl in der Kaiser-Woche am 16. August 2024 mit seinem Programm &#8222;Prinz und Clown&#8220;:<\/p>\n\n\n\n<p><strong>LEOPOLD ALTENBURG<\/strong><\/p>\n\n\n\n<p><strong>Prinz und Clown<\/strong><\/p>\n\n\n\n<p><strong>Die Show zum Buch \u201eder Kaiser und sein Sonnenschein\u201c<\/strong><\/p>\n\n\n\n<p>Leopold Altenburg unterzieht sich einer Wurzelbehandlung, begibt sich auf die Spuren seiner kaiserlichen Vorfahren und kommt nach Bad Ischl.<br>Denn seine Familiengeschichte ist eine au\u00dfergew\u00f6hnliche. Ist er doch der Ururenkel von Kaiser Franz Joseph I. und Kaiserin Elisabeth \u2013 der weltber\u00fchmten \u201eSissi\u201c.<br>Lange Zeit hat er sich mit seinen Ahnen kaum auseinandergesetzt, bis der Gang \u00fcber den roten Teppich beim Musical \u201eElisabeth\u201c in Berlin ihm und seiner Herkunft eine unerwartete Aufmerksamkeit verschaffte. <br>Mit Comedy-Einlagen, Liedern, einer Clown-Nummer und mit Erz\u00e4hlungen rund um die Entstehung seines Buchs \u201eDer Kaiser und sein Sonnenschein\u201c pr\u00e4sentiert der Schauspieler Leopold Altenburg ein abwechslungsreiches B\u00fchnenprogramm \u00fcber sein Leben zwischen Vergangenheit und Gegenwart, Wien und Berlin, blauem Blut und roter Nase.<\/p>\n\n\n\n<p><strong>Wann: <\/strong>16.08.2024<\/p>\n\n\n\n<p><strong>Wo: <\/strong>Bad Ischl, Trinkhalle, Sparkassenplatz 5<\/p>\n\n\n\n<p><strong>Eintritt: <\/strong>20 Euro<\/p>\n\n\n\n<p><a href=\"https:\/\/badischl.salzkammergut.at\/oesterreich-veranstaltung\/detail\/430264783\/prinz-und-clown-leopold-altenburg.html\" target=\"_blank\" rel=\"noreferrer noopener\"><strong>Tickets: <\/strong>Tourismusverband Bad Ischl, office@badischl.at, +43 6132 27757<\/a><\/p>\n\n\n\n<figure class=\"wp-block-embed is-type-video is-provider-youtube wp-block-embed-youtube wp-embed-aspect-16-9 wp-has-aspect-ratio\"><div class=\"wp-block-embed__wrapper\">\n<iframe loading=\"lazy\" title=\"Leopold Altenburg - Prinz und Clown\" width=\"584\" height=\"329\" src=\"https:\/\/www.youtube.com\/embed\/vDQ6awujqwk?feature=oembed\" frameborder=\"0\" allow=\"accelerometer; autoplay; clipboard-write; encrypted-media; gyroscope; picture-in-picture; web-share\" referrerpolicy=\"strict-origin-when-cross-origin\" allowfullscreen><\/iframe>\n<\/div><\/figure>\n\n\n\n<p>Ab jetzt gibt es einen <strong>neuen Trailer<\/strong> zur Show <strong>&#8222;Prinz und Clown&#8220;<\/strong>. Viel Spa\u00df.<\/p>\n\n\n\n<figure class=\"wp-block-embed is-type-video is-provider-youtube wp-block-embed-youtube wp-embed-aspect-16-9 wp-has-aspect-ratio\"><div class=\"wp-block-embed__wrapper\">\n<iframe loading=\"lazy\" title=\"Austropold singt Merci Cherie\" width=\"584\" height=\"329\" src=\"https:\/\/www.youtube.com\/embed\/FXUYAb6wZM4?feature=oembed\" frameborder=\"0\" allow=\"accelerometer; autoplay; clipboard-write; encrypted-media; gyroscope; picture-in-picture; web-share\" referrerpolicy=\"strict-origin-when-cross-origin\" allowfullscreen><\/iframe>\n<\/div><\/figure>\n\n\n\n<p>Leopold Altenburg als <strong>AUSTROPOLD<\/strong> sing <strong>&#8222;Merci Ch\u00e9rie&#8220;<\/strong><\/p>\n\n\n\n<figure class=\"wp-block-image size-large\"><a href=\"http:\/\/leopoldaltenburg.com\/wp-content\/uploads\/2024\/05\/IMG-20240416-WA0000-Kopie.jpeg\"><img loading=\"lazy\" decoding=\"async\" width=\"593\" height=\"1024\" src=\"http:\/\/leopoldaltenburg.com\/wp-content\/uploads\/2024\/05\/IMG-20240416-WA0000-Kopie-593x1024.jpeg\" alt=\"\" class=\"wp-image-2116\" srcset=\"https:\/\/leopoldaltenburg.com\/wp-content\/uploads\/2024\/05\/IMG-20240416-WA0000-Kopie-593x1024.jpeg 593w, https:\/\/leopoldaltenburg.com\/wp-content\/uploads\/2024\/05\/IMG-20240416-WA0000-Kopie-174x300.jpeg 174w, https:\/\/leopoldaltenburg.com\/wp-content\/uploads\/2024\/05\/IMG-20240416-WA0000-Kopie-768x1326.jpeg 768w, https:\/\/leopoldaltenburg.com\/wp-content\/uploads\/2024\/05\/IMG-20240416-WA0000-Kopie-890x1536.jpeg 890w, https:\/\/leopoldaltenburg.com\/wp-content\/uploads\/2024\/05\/IMG-20240416-WA0000-Kopie.jpeg 1033w\" sizes=\"auto, (max-width: 593px) 100vw, 593px\" \/><\/a><\/figure>\n\n\n\n<p><strong>Mythos &amp; Wahrheit, <\/strong>mit Katrin Unterreiner und Leopold Altenburg<br>am 15. Juni 2024 um 19:30 Uhr, Oper Burg Gars, Festsaal.<br>Historikerin und ORF III-Kaiserhausexpertin&nbsp;<strong>Katrin Unterreiner<\/strong>&nbsp;&amp;&nbsp;<strong>Kaiser-Ururenkel Leopold<\/strong>&nbsp;<strong>Altenburg<\/strong>&nbsp;lesen, erz\u00e4hlen und pr\u00e4sentieren Historisches, Privates, Spannendes, Humorvolles und Unbekanntes von den Babenbergern bis zu den Habsburgern.<\/p>\n\n\n\n<p><a href=\"https:\/\/www.reservix.de\/p\/reservix\/event\/2168762\" data-type=\"link\" data-id=\"https:\/\/www.reservix.de\/p\/reservix\/event\/2168762\">Tickets<\/a><\/p>\n\n\n\n<figure class=\"wp-block-image size-large\"><a href=\"http:\/\/leopoldaltenburg.com\/wp-content\/uploads\/2024\/05\/Bildschirmfoto-2024-05-06-um-11.42.31-Kopie.jpg\"><img loading=\"lazy\" decoding=\"async\" width=\"715\" height=\"1024\" src=\"http:\/\/leopoldaltenburg.com\/wp-content\/uploads\/2024\/05\/Bildschirmfoto-2024-05-06-um-11.42.31-Kopie-715x1024.jpg\" alt=\"\" class=\"wp-image-2112\" srcset=\"https:\/\/leopoldaltenburg.com\/wp-content\/uploads\/2024\/05\/Bildschirmfoto-2024-05-06-um-11.42.31-Kopie-715x1024.jpg 715w, https:\/\/leopoldaltenburg.com\/wp-content\/uploads\/2024\/05\/Bildschirmfoto-2024-05-06-um-11.42.31-Kopie-209x300.jpg 209w, https:\/\/leopoldaltenburg.com\/wp-content\/uploads\/2024\/05\/Bildschirmfoto-2024-05-06-um-11.42.31-Kopie-768x1100.jpg 768w, https:\/\/leopoldaltenburg.com\/wp-content\/uploads\/2024\/05\/Bildschirmfoto-2024-05-06-um-11.42.31-Kopie.jpg 824w\" sizes=\"auto, (max-width: 715px) 100vw, 715px\" \/><\/a><\/figure>\n\n\n\n<p>Das <strong>La Boh\u00e9me<\/strong> im Winsviertel von Berlin Prenzlauer Berg ladet ein zu &#8222;Prinz und Clown&#8220;.<br>Damit kehrt Leopold Altenburg in sein altes Zuhause zur\u00fcck, wo er von 2007 &#8211; 2013 mit seiner Familie wohnte.<br>Der Eintritt ist frei. Da es nur 35 Pl\u00e4tze gibt, lohnt es sich, Pl\u00e4tze zu reservieren.<\/p>\n\n\n\n<figure class=\"wp-block-gallery has-nested-images columns-default is-cropped wp-block-gallery-1 is-layout-flex wp-block-gallery-is-layout-flex\">\n<figure class=\"wp-block-image size-medium\"><a href=\"http:\/\/leopoldaltenburg.com\/wp-content\/uploads\/2024\/05\/Bildschirmfoto-2024-05-30-um-16.22.05-Kopie.jpg\"><img loading=\"lazy\" decoding=\"async\" width=\"213\" height=\"300\" data-id=\"2111\" src=\"http:\/\/leopoldaltenburg.com\/wp-content\/uploads\/2024\/05\/Bildschirmfoto-2024-05-30-um-16.22.05-Kopie-213x300.jpg\" alt=\"\" class=\"wp-image-2111\" srcset=\"https:\/\/leopoldaltenburg.com\/wp-content\/uploads\/2024\/05\/Bildschirmfoto-2024-05-30-um-16.22.05-Kopie-213x300.jpg 213w, https:\/\/leopoldaltenburg.com\/wp-content\/uploads\/2024\/05\/Bildschirmfoto-2024-05-30-um-16.22.05-Kopie-727x1024.jpg 727w, https:\/\/leopoldaltenburg.com\/wp-content\/uploads\/2024\/05\/Bildschirmfoto-2024-05-30-um-16.22.05-Kopie-768x1081.jpg 768w, https:\/\/leopoldaltenburg.com\/wp-content\/uploads\/2024\/05\/Bildschirmfoto-2024-05-30-um-16.22.05-Kopie-1091x1536.jpg 1091w, https:\/\/leopoldaltenburg.com\/wp-content\/uploads\/2024\/05\/Bildschirmfoto-2024-05-30-um-16.22.05-Kopie.jpg 1246w\" sizes=\"auto, (max-width: 213px) 100vw, 213px\" \/><\/a><\/figure>\n<\/figure>\n\n\n\n<p>Leopold Altenburg reist nach <strong>S\u00fcdtirol, Italien<\/strong> mit seinem Solo <strong>&#8222;Prinz und Clown&#8220;<\/strong>.<\/p>\n\n\n\n<p><strong>PRINZ UND CLOWN<\/strong><br>am 22. Februar 2024 um 19:30 Uhr<br>im <a href=\"https:\/\/www.centre-bagatelle.de\/veranstaltungsuebersicht\/\">Centre Bagatelle<\/a>, Zeltinger Str. 6, 13465 Berlin<br>Karten: 030-868 70 16 68<br>kartenvorbestellung@centre-bagatelle.de<\/p>\n\n\n\n<figure class=\"wp-block-image size-large\"><a href=\"https:\/\/www.centre-bagatelle.de\/veranstaltungsuebersicht\/\"><img loading=\"lazy\" decoding=\"async\" width=\"1024\" height=\"744\" src=\"http:\/\/leopoldaltenburg.com\/wp-content\/uploads\/2024\/02\/Bildschirmfoto-2024-02-02-um-11.23.22-1024x744.png\" alt=\"\" class=\"wp-image-2082\" srcset=\"https:\/\/leopoldaltenburg.com\/wp-content\/uploads\/2024\/02\/Bildschirmfoto-2024-02-02-um-11.23.22-1024x744.png 1024w, https:\/\/leopoldaltenburg.com\/wp-content\/uploads\/2024\/02\/Bildschirmfoto-2024-02-02-um-11.23.22-300x218.png 300w, https:\/\/leopoldaltenburg.com\/wp-content\/uploads\/2024\/02\/Bildschirmfoto-2024-02-02-um-11.23.22-768x558.png 768w, https:\/\/leopoldaltenburg.com\/wp-content\/uploads\/2024\/02\/Bildschirmfoto-2024-02-02-um-11.23.22-1536x1117.png 1536w, https:\/\/leopoldaltenburg.com\/wp-content\/uploads\/2024\/02\/Bildschirmfoto-2024-02-02-um-11.23.22-2048x1489.png 2048w, https:\/\/leopoldaltenburg.com\/wp-content\/uploads\/2024\/02\/Bildschirmfoto-2024-02-02-um-11.23.22-413x300.png 413w\" sizes=\"auto, (max-width: 1024px) 100vw, 1024px\" \/><\/a><\/figure>\n\n\n\n<p>Artikel der <strong><a href=\"https:\/\/www.morgenpost.de\/bezirke\/reinickendorf\/article241557006\/Der-Ururenkel-von-Sissi-ist-Clown-und-lebt-in-Hermsdorf.html\" data-type=\"URL\" data-id=\"https:\/\/www.morgenpost.de\/bezirke\/reinickendorf\/article241557006\/Der-Ururenkel-von-Sissi-ist-Clown-und-lebt-in-Hermsdorf.html\">BERLINER MORGENPOST<\/a> <\/strong>vom 2. Februar 2024 von Dirk Krampitz, Foto: Sergej Glanze<\/p>\n\n\n\n<p><strong>LEOPOLD &amp; WADOWSKI<\/strong><br>Kein Comeback \u2013 wir wollen nur spielen<\/p>\n\n\n\n<figure class=\"wp-block-image size-full\"><a href=\"http:\/\/leopoldaltenburg.com\/wp-content\/uploads\/2023\/08\/IMG_20140820_181013.jpg\"><img loading=\"lazy\" decoding=\"async\" width=\"990\" height=\"660\" src=\"http:\/\/leopoldaltenburg.com\/wp-content\/uploads\/2023\/08\/IMG_20140820_181013.jpg\" alt=\"\" class=\"wp-image-2047\" srcset=\"https:\/\/leopoldaltenburg.com\/wp-content\/uploads\/2023\/08\/IMG_20140820_181013.jpg 990w, https:\/\/leopoldaltenburg.com\/wp-content\/uploads\/2023\/08\/IMG_20140820_181013-300x200.jpg 300w, https:\/\/leopoldaltenburg.com\/wp-content\/uploads\/2023\/08\/IMG_20140820_181013-768x512.jpg 768w, https:\/\/leopoldaltenburg.com\/wp-content\/uploads\/2023\/08\/IMG_20140820_181013-450x300.jpg 450w\" sizes=\"auto, (max-width: 990px) 100vw, 990px\" \/><\/a><\/figure>\n\n\n\n<p>Leopold &amp; Wadowski haben eine gro\u00dfe Zukunft hinter sich. Beinahe zwei Jahrzehnte existierte diese Mischung aus Wiener Schm\u00e4h und ostwestf\u00e4lischem Biss. Mit ihren Liedern und Programmen tourten sie durch den deutschsprachigen Raum und begeisterten ihr Publikum als Ramensau und Rampenreh.<br>Nach einer f\u00fcnfj\u00e4hrigen Pause treffen sich der Lebensk\u00fcnstler und der Songpoet zu einer einmaligen Show im Labsaal in L\u00fcbars. Und warum? \u201eWir wollen nur spielen\u201c.<\/p>\n\n\n\n<p><strong>Wann: 01.10.2023 um 17 Uhr<br>Wo: <a href=\"http:\/\/www.labsaal.de\" data-type=\"URL\" data-id=\"www.labsaal.de\">LabSaal L\u00fcbars<\/a>, Alt-L\u00fcbars 8, 13469 Berlin<\/strong><\/p>\n\n\n\n<p><strong><a rel=\"noreferrer noopener\" href=\"http:\/\/leopoldaltenburg.com\/?page_id=39\" target=\"_blank\">Fotoshooting f\u00fcr Portraitfotos<\/a><\/strong> mit <a rel=\"noreferrer noopener\" href=\"https:\/\/teresamarenzi.com\" target=\"_blank\">Teresa Marenzi<\/a>, Juli 2023<\/p>\n\n\n\n<figure class=\"wp-block-image size-large\"><a href=\"http:\/\/leopoldaltenburg.com\/?page_id=39\" target=\"_blank\" rel=\"noreferrer noopener\"><img loading=\"lazy\" decoding=\"async\" width=\"1024\" height=\"683\" src=\"http:\/\/leopoldaltenburg.com\/wp-content\/uploads\/2023\/07\/Leopold-Altenburg-byTeresaMarenzi-0005-1024x683.jpg\" alt=\"\" class=\"wp-image-2021\" srcset=\"https:\/\/leopoldaltenburg.com\/wp-content\/uploads\/2023\/07\/Leopold-Altenburg-byTeresaMarenzi-0005-1024x683.jpg 1024w, https:\/\/leopoldaltenburg.com\/wp-content\/uploads\/2023\/07\/Leopold-Altenburg-byTeresaMarenzi-0005-300x200.jpg 300w, https:\/\/leopoldaltenburg.com\/wp-content\/uploads\/2023\/07\/Leopold-Altenburg-byTeresaMarenzi-0005-768x512.jpg 768w, https:\/\/leopoldaltenburg.com\/wp-content\/uploads\/2023\/07\/Leopold-Altenburg-byTeresaMarenzi-0005-1536x1025.jpg 1536w, https:\/\/leopoldaltenburg.com\/wp-content\/uploads\/2023\/07\/Leopold-Altenburg-byTeresaMarenzi-0005-2048x1366.jpg 2048w, https:\/\/leopoldaltenburg.com\/wp-content\/uploads\/2023\/07\/Leopold-Altenburg-byTeresaMarenzi-0005-450x300.jpg 450w\" sizes=\"auto, (max-width: 1024px) 100vw, 1024px\" \/><\/a><\/figure>\n\n\n\n<h1 class=\"wp-block-heading\">JODELK\u00d6NIG &amp; AHOIMATROSIN<br>ein Clownst\u00fcck von und mit Juliane und Leopold Altenburg<\/h1>\n\n\n\n<figure class=\"wp-block-image size-large is-resized\"><a href=\"https:\/\/www.youtube.com\/watch?v=Muk8mxmehqc\"><img loading=\"lazy\" decoding=\"async\" width=\"1024\" height=\"683\" src=\"http:\/\/leopoldaltenburg.com\/wp-content\/uploads\/2023\/01\/P1010544-Kopie-1024x683.jpg\" alt=\"\" class=\"wp-image-1921\" style=\"width:614px;height:409px\" srcset=\"https:\/\/leopoldaltenburg.com\/wp-content\/uploads\/2023\/01\/P1010544-Kopie-1024x683.jpg 1024w, https:\/\/leopoldaltenburg.com\/wp-content\/uploads\/2023\/01\/P1010544-Kopie-300x200.jpg 300w, https:\/\/leopoldaltenburg.com\/wp-content\/uploads\/2023\/01\/P1010544-Kopie-768x512.jpg 768w, https:\/\/leopoldaltenburg.com\/wp-content\/uploads\/2023\/01\/P1010544-Kopie-1536x1025.jpg 1536w, https:\/\/leopoldaltenburg.com\/wp-content\/uploads\/2023\/01\/P1010544-Kopie-2048x1366.jpg 2048w, https:\/\/leopoldaltenburg.com\/wp-content\/uploads\/2023\/01\/P1010544-Kopie-450x300.jpg 450w\" sizes=\"auto, (max-width: 1024px) 100vw, 1024px\" \/><\/a><\/figure>\n\n\n\n<p>Foto: Sven Delitz<\/p>\n\n\n\n<p><strong>am 18.06.2023 um 15 Uhr im Labsaal L\u00fcbars, <a href=\"https:\/\/labsaal.leoticket.de\/fs\/aca1673d-0364-4664-860c-b20a1f8133a8\">Karten online<\/a><\/strong><\/p>\n\n\n\n<p>Wo befindet sich der verlorene Schatz?<br>Um das R\u00e4tsel zu l\u00f6sen, m\u00fcssen Emma Dilemma und Leofino die einzelnen Teile der Schatzkarte zusammensuchen.<br>Das Abenteuer f\u00fchrt sie von Hamburgs Alster bis in die h\u00f6chsten Berge \u00d6sterreichs. Sie segeln durch st\u00fcrmisches Wasser, erklimmen den Gipfel, fl\u00fcchten vor wilden Tieren und k\u00e4mpfen mit dem automatischen Brunnen.<br>Werden sie den Schatz finden? Und was hat das Ganze mit der Panfl\u00f6te von Papageno zu tun?<\/p>\n\n\n\n<p><a rel=\"noreferrer noopener\" href=\"https:\/\/www.youtube.com\/watch?v=Muk8mxmehqc\" target=\"_blank\"><strong>&#8222;Jodelk\u00f6nig und Ahoimatrosin&#8220; <\/strong>&#8211; Der Trailer zum Clownst\u00fcck f\u00fcr junge Menschen<\/a><\/p>\n\n\n\n<figure class=\"wp-block-image size-large is-resized\"><a href=\"http:\/\/leopoldaltenburg.com\/wp-content\/uploads\/2023\/06\/Bildschirmfoto-2023-06-11-um-16.38.56.png\"><img loading=\"lazy\" decoding=\"async\" width=\"1024\" height=\"509\" src=\"http:\/\/leopoldaltenburg.com\/wp-content\/uploads\/2023\/06\/Bildschirmfoto-2023-06-11-um-16.38.56-1024x509.png\" alt=\"\" class=\"wp-image-2005\" style=\"width:614px;height:305px\" srcset=\"https:\/\/leopoldaltenburg.com\/wp-content\/uploads\/2023\/06\/Bildschirmfoto-2023-06-11-um-16.38.56-1024x509.png 1024w, https:\/\/leopoldaltenburg.com\/wp-content\/uploads\/2023\/06\/Bildschirmfoto-2023-06-11-um-16.38.56-300x149.png 300w, https:\/\/leopoldaltenburg.com\/wp-content\/uploads\/2023\/06\/Bildschirmfoto-2023-06-11-um-16.38.56-768x382.png 768w, https:\/\/leopoldaltenburg.com\/wp-content\/uploads\/2023\/06\/Bildschirmfoto-2023-06-11-um-16.38.56-1536x764.png 1536w, https:\/\/leopoldaltenburg.com\/wp-content\/uploads\/2023\/06\/Bildschirmfoto-2023-06-11-um-16.38.56-500x249.png 500w, https:\/\/leopoldaltenburg.com\/wp-content\/uploads\/2023\/06\/Bildschirmfoto-2023-06-11-um-16.38.56.png 1878w\" sizes=\"auto, (max-width: 1024px) 100vw, 1024px\" \/><\/a><\/figure>\n\n\n\n<p>Foto: Leopold Altenburg<\/p>\n\n\n\n<p><strong>DER KONTRABASS mit Fridolin Meinl<\/strong>, <strong>Regie: Leopold Altenburg<\/strong><br>Liebe, Hass und Bass: Fridolin Meinl kehrt nach 10 Jahren zur\u00fcck auf die B\u00fchne des brick-15 mit Patrick S\u00fcskinds Klassiker \u201eDer Kontrabass\u201c.<br><strong>Auff\u00fchrungen am 22. und 23. Juni 2023, 19:30 Uhr im brick-15<\/strong>, <strong><a href=\"https:\/\/www.eventbrite.at\/e\/der-kontrabass-von-patrick-suskind-mit-fridolin-meinl-tickets-631172242167\">Karten, weitere Infos und Trailer<\/a><\/strong><\/p>\n\n\n\n<figure class=\"wp-block-image size-large is-resized\"><a href=\"http:\/\/leopoldaltenburg.com\/wp-content\/uploads\/2023\/04\/A7402812-scaled.jpg\"><img loading=\"lazy\" decoding=\"async\" width=\"1024\" height=\"683\" src=\"http:\/\/leopoldaltenburg.com\/wp-content\/uploads\/2023\/04\/A7402812-1024x683.jpg\" alt=\"\" class=\"wp-image-1995\" style=\"width:614px;height:409px\" srcset=\"https:\/\/leopoldaltenburg.com\/wp-content\/uploads\/2023\/04\/A7402812-1024x683.jpg 1024w, https:\/\/leopoldaltenburg.com\/wp-content\/uploads\/2023\/04\/A7402812-300x200.jpg 300w, https:\/\/leopoldaltenburg.com\/wp-content\/uploads\/2023\/04\/A7402812-768x512.jpg 768w, https:\/\/leopoldaltenburg.com\/wp-content\/uploads\/2023\/04\/A7402812-1536x1024.jpg 1536w, https:\/\/leopoldaltenburg.com\/wp-content\/uploads\/2023\/04\/A7402812-2048x1365.jpg 2048w, https:\/\/leopoldaltenburg.com\/wp-content\/uploads\/2023\/04\/A7402812-450x300.jpg 450w\" sizes=\"auto, (max-width: 1024px) 100vw, 1024px\" \/><\/a><\/figure>\n\n\n\n<p>Foto: <\/p>\n\n\n\n<p><strong>DIE SCHEINHEILIGEN<\/strong><\/p>\n\n\n\n<p>Bereits vor der Premiere waren alle acht Vorstellungen vom M\u00e4rz 2023 von &#8222;Die Scheinheiligen&#8220; mit dem Komikerduo Sascha Gluth und Leopold Altenburg ausverkauft.<br>Daher gibt es nun zehn weitere Vorstellungen im Mai, Juni und Juli 2023.<br>Genauere Infos findet ihr auf der Seite vom <a rel=\"noreferrer noopener\" href=\"http:\/\/www.theater-wandlitz.de\/index.php?id=0\" target=\"_blank\">Theater am Wandlitzsee<\/a><\/p>\n\n\n\n<p>Die Vollblutkom\u00f6dianten Leopold Altenburg und Sascha Gluth starten einen neuen Angriff auf Ihre Lachmuskeln. Und diesmal wird es im wahrsten Sinne des Wortes g\u00f6ttlich. Denn in ihrem neuen St\u00fcck nehmen die beiden nicht weniger als die gesamte Sch\u00f6pfungsgeschichte aufs Korn. Vergessen Sie alles, was Sie bisher \u00fcber Gott und die Welt zu wissen glaubten. Denn am Anfang war nicht das Licht, sondern das Missverst\u00e4ndnis. Welche Beziehungsprobleme hatten Adam und Eva? Was ist, verdammt nochmal, zwischen Ingo Abel und Kain Kinski passiert? Was ist eine Bubel? Wohin wollten die 3 eiligen K\u00f6nige wirklich?<br>Gehen Sie mit Archi Medis auf Kreuzfahrt w\u00e4hrend der Sintflut. Wir sind nicht die Deutsche Bahn \u2013 bei uns f\u00e4hrt der Kreuzzug ins gelobte Land des Lachens und des unb\u00e4ndigen Vergn\u00fcgens noch p\u00fcnktlich. Darauf lassen wir uns festnageln.<br>Regie: J\u00f6rg Steinberg<\/p>\n\n\n\n<figure class=\"wp-block-image size-large\"><a href=\"http:\/\/leopoldaltenburg.com\/wp-content\/uploads\/2023\/04\/Die-Alte_Tom-Dombrowski-scaled.jpg\"><img loading=\"lazy\" decoding=\"async\" width=\"1024\" height=\"680\" src=\"http:\/\/leopoldaltenburg.com\/wp-content\/uploads\/2023\/04\/Die-Alte_Tom-Dombrowski-1024x680.jpg\" alt=\"\" class=\"wp-image-1994\" srcset=\"https:\/\/leopoldaltenburg.com\/wp-content\/uploads\/2023\/04\/Die-Alte_Tom-Dombrowski-1024x680.jpg 1024w, https:\/\/leopoldaltenburg.com\/wp-content\/uploads\/2023\/04\/Die-Alte_Tom-Dombrowski-300x199.jpg 300w, https:\/\/leopoldaltenburg.com\/wp-content\/uploads\/2023\/04\/Die-Alte_Tom-Dombrowski-768x510.jpg 768w, https:\/\/leopoldaltenburg.com\/wp-content\/uploads\/2023\/04\/Die-Alte_Tom-Dombrowski-1536x1020.jpg 1536w, https:\/\/leopoldaltenburg.com\/wp-content\/uploads\/2023\/04\/Die-Alte_Tom-Dombrowski-2048x1360.jpg 2048w, https:\/\/leopoldaltenburg.com\/wp-content\/uploads\/2023\/04\/Die-Alte_Tom-Dombrowski-452x300.jpg 452w\" sizes=\"auto, (max-width: 1024px) 100vw, 1024px\" \/><\/a><\/figure>\n\n\n\n<p>Foto: Tom Dombrowski<\/p>\n\n\n\n<p><strong>Die Alte<\/strong>&nbsp;von Daniil Charms<br>Die Kultinszenierung ist zur\u00fcck! Die Geschichte eines Schriftstellers, der durch den \u00fcberraschenden Tod einer ihm unbekannten alten Frau aus seiner Realit\u00e4t gerissen wird. Die Leiche verfolgt ihn bis in seine Tr\u00e4ume hinein und hindert ihn am Schlafen, am Schreiben und am Lieben. Verzweifelt versucht er die Alte loszuwerden.&nbsp;Die Schauspieler Michael Grunert und J\u00fcrgen Nentwig schl\u00fcpfen unter der Regie von Leopold Altenburg in dieser skurrilen Kom\u00f6die in immer wechselnde Rollen. Dadurch werden die Zuschauer spielerisch in eine Welt zwischen Traum und Realit\u00e4t entf\u00fchrt.<br>Eine Hommage an den Autor Daniil Charms, den \u201edas Leben nur in seiner unsinnigen Erscheinung interessiert\u201c (Charms, Petersburg 1937).<br><strong>Wiederaufnahme einer Inszenierung von Leopold Altenburg aus dem Jahr 2001<\/strong><br><strong><a href=\"https:\/\/theaterlabor.eu\/events\/theaterlabor-die-alte-355\" target=\"_blank\" rel=\"noreferrer noopener\">Am 21. und 23. April 2023 im Theaterlabor Bielefeld<\/a><\/strong><\/p>\n\n\n\n<figure class=\"wp-block-image size-large\"><a href=\"https:\/\/www.3sat.de\/dokumentation\/geschichte\/anton-schmid-der-gute-mensch-von-wilna-100.html\" target=\"_blank\" rel=\"Leopold Altenburg, Anton Schmid, Der gute Mensch von Wilna noopener\"><img loading=\"lazy\" decoding=\"async\" width=\"1024\" height=\"576\" src=\"http:\/\/leopoldaltenburg.com\/wp-content\/uploads\/2020\/01\/20191022FeldwebelSchmidStills0205klein-1024x576.jpg\" alt=\"\" class=\"wp-image-1509\" srcset=\"https:\/\/leopoldaltenburg.com\/wp-content\/uploads\/2020\/01\/20191022FeldwebelSchmidStills0205klein-1024x576.jpg 1024w, https:\/\/leopoldaltenburg.com\/wp-content\/uploads\/2020\/01\/20191022FeldwebelSchmidStills0205klein-300x169.jpg 300w, https:\/\/leopoldaltenburg.com\/wp-content\/uploads\/2020\/01\/20191022FeldwebelSchmidStills0205klein-768x432.jpg 768w, https:\/\/leopoldaltenburg.com\/wp-content\/uploads\/2020\/01\/20191022FeldwebelSchmidStills0205klein-1536x864.jpg 1536w, https:\/\/leopoldaltenburg.com\/wp-content\/uploads\/2020\/01\/20191022FeldwebelSchmidStills0205klein-500x281.jpg 500w, https:\/\/leopoldaltenburg.com\/wp-content\/uploads\/2020\/01\/20191022FeldwebelSchmidStills0205klein.jpg 1772w\" sizes=\"auto, (max-width: 1024px) 100vw, 1024px\" \/><\/a><figcaption class=\"wp-element-caption\">&#8222;Ich habe nur als Mensch gehandelt und wollte niemandem weh tun&#8220; &#8211; Anton Schmid<\/figcaption><\/figure>\n\n\n\n<p><strong>Anton Schmid &#8211; Der gute Mensch von Wilna<\/strong> bis 2.2.2023 in der <a href=\"https:\/\/www.3sat.de\/dokumentation\/geschichte\/anton-schmid-der-gute-mensch-von-wilna-100.html\" target=\"_blank\" rel=\"noreferrer noopener\">3sat Mediathek<\/a><\/p>\n\n\n\n<p>Es handelt sich um die Geschichte eines Wiener Elektroh\u00e4ndlers (Bild oben: Leopold Altenburg als Anton Schmid in einer Spielszene) mit einem kleinen Gesch\u00e4ft im 20. Bezirk in Wien, der als einfacher Feldwebel 1941\/42 im besetzten Litauen hunderte Juden vor der Vernichtung gerettet hatte.&nbsp;<\/p>\n\n\n\n<figure class=\"wp-block-image\"><img decoding=\"async\" src=\"https:\/\/www.3sat.de\/assets\/anton-schmid-02-100~1280xauto?cb=1671098401166\" alt=\"Anton Schmid (Mitte) beim Vormarsch, wahrscheinlich in Polen. \"\/><figcaption class=\"wp-element-caption\">Anton Schmid (Mitte) beim Vormarsch, vermutlich in Polen.&nbsp;&nbsp;<br><small>Quelle: ORF\/Nachlass Schmid\/Brigitte Kelemen.<\/small><\/figcaption><\/figure>\n\n\n\n<p>Schon im M\u00e4rz 1938 sch\u00fctzte er eine J\u00fcdin vor \u00dcbergriffen. Im besetzten Wilna gelang es Anton Schmid, J\u00fcdinnen und Juden f\u00fcr vorgeblich dringliche Arbeiten zu requirieren, ihnen falsche Papiere zu verschaffen und sie mit Wehrmachts-LKW aus dem Ghetto von Wilna zu bringen.&nbsp;<br><br>Anton Schmid bezahlte sein Eintreten f\u00fcr Menschlichkeit mit dem Leben. Er wurde von einem Kriegsgericht der deutschen Wehrmacht als &#8222;Verr\u00e4ter&#8220; verurteilt und am 13. April 1942 erschossen.&nbsp;<br><br>Mithilfe von Zeitzeugen, bisher unver\u00f6ffentlichten Briefen Schmids sowie Spielszenen wird das Portr\u00e4t dieses mutigen Mannes filmisch gebaut und nacherz\u00e4hlt.&nbsp;<\/p>\n\n\n\n<p>Eine Dokumentation von Martin Betz<\/p>\n\n\n\n<figure class=\"wp-block-image size-large\"><a href=\"http:\/\/leopoldaltenburg.com\/wp-content\/uploads\/2023\/01\/Die-Scheinheiligen.jpg\"><img loading=\"lazy\" decoding=\"async\" width=\"1024\" height=\"682\" src=\"http:\/\/leopoldaltenburg.com\/wp-content\/uploads\/2023\/01\/Die-Scheinheiligen-1024x682.jpg\" alt=\"\" class=\"wp-image-1919\" srcset=\"https:\/\/leopoldaltenburg.com\/wp-content\/uploads\/2023\/01\/Die-Scheinheiligen-1024x682.jpg 1024w, https:\/\/leopoldaltenburg.com\/wp-content\/uploads\/2023\/01\/Die-Scheinheiligen-300x200.jpg 300w, https:\/\/leopoldaltenburg.com\/wp-content\/uploads\/2023\/01\/Die-Scheinheiligen-768x512.jpg 768w, https:\/\/leopoldaltenburg.com\/wp-content\/uploads\/2023\/01\/Die-Scheinheiligen-1536x1023.jpg 1536w, https:\/\/leopoldaltenburg.com\/wp-content\/uploads\/2023\/01\/Die-Scheinheiligen-450x300.jpg 450w, https:\/\/leopoldaltenburg.com\/wp-content\/uploads\/2023\/01\/Die-Scheinheiligen.jpg 1600w\" sizes=\"auto, (max-width: 1024px) 100vw, 1024px\" \/><\/a><\/figure>\n\n\n\n<p>PREMIERE: <strong>&#8222;Die Scheinheiligen&#8220; <\/strong>mit Leopold Altenburg und Sascha Gluth am 3. M\u00e4rz 2023, 20 Uhr,<a href=\"http:\/\/www.theater-wandlitz.de\/index.php?id=0\" target=\"_blank\" rel=\"noreferrer noopener\"> Theater am Wandlitzsee<\/a><\/p>\n\n\n\n<p><strong>Die Scheinheiligen<\/strong><br>Zwei Plagen kommen \u00fcber Euch<\/p>\n\n\n\n<p>Halleluja &#8211; sie sind wieder da!<\/p>\n\n\n\n<p>Die Vollblutkom\u00f6dianten Leopold Altenburg und Sascha Gluth starten einen neuen Angriff auf Ihre Lachmuskeln. Und diesmal wird es im wahrsten Sinne des Wortes g\u00f6ttlich. Denn in ihrem neuen St\u00fcck nehmen die beiden nicht weniger als die gesamte Sch\u00f6pfungsgeschichte aufs Korn. Vergessen Sie alles, was Sie bisher \u00fcber Gott und die Welt zu wissen glaubten. Denn am Anfang war nicht das Licht, sondern das Missverst\u00e4ndnis. Welche Beziehungsprobleme hatten Adam und Eva? Was ist, verdammt nochmal, zwischen Ingo Abel und Kain Kinski passiert? Was ist eine Bubel? Wohin wollten die 3 eiligen K\u00f6nige wirklich?<br>Gehen Sie mit Archi Medis auf Kreuzfahrt w\u00e4hrend der Sintflut. Wir sind nicht die Deutsche Bahn \u2013 bei uns f\u00e4hrt der Kreuzzug ins gelobte Land des Lachens und des unb\u00e4ndigen Vergn\u00fcgens noch p\u00fcnktlich. Darauf lassen wir uns festnageln.<\/p>\n\n\n\n<p>Regie: J\u00f6rg Steinberg<\/p>\n\n\n\n<figure class=\"wp-block-image size-large\"><img loading=\"lazy\" decoding=\"async\" width=\"1024\" height=\"682\" src=\"http:\/\/leopoldaltenburg.com\/wp-content\/uploads\/2013\/04\/Heimatleuchten-Der-letzte-gro\u00dfe-Kaiser-kein-Schmarrn_05-1024x682.jpg\" alt=\"\" class=\"wp-image-729\" srcset=\"https:\/\/leopoldaltenburg.com\/wp-content\/uploads\/2013\/04\/Heimatleuchten-Der-letzte-gro\u00dfe-Kaiser-kein-Schmarrn_05-1024x682.jpg 1024w, https:\/\/leopoldaltenburg.com\/wp-content\/uploads\/2013\/04\/Heimatleuchten-Der-letzte-gro\u00dfe-Kaiser-kein-Schmarrn_05-300x200.jpg 300w, https:\/\/leopoldaltenburg.com\/wp-content\/uploads\/2013\/04\/Heimatleuchten-Der-letzte-gro\u00dfe-Kaiser-kein-Schmarrn_05-449x300.jpg 449w, https:\/\/leopoldaltenburg.com\/wp-content\/uploads\/2013\/04\/Heimatleuchten-Der-letzte-gro\u00dfe-Kaiser-kein-Schmarrn_05-150x100.jpg 150w\" sizes=\"auto, (max-width: 1024px) 100vw, 1024px\" \/><figcaption class=\"wp-element-caption\"><strong>&#8222;Der letzte gro\u00dfe Kaiser&#8220;<\/strong> (bis 03.11.22) und <strong>&#8222;Der private Kaiser&#8220;<\/strong> (bis 12.11.22)<a rel=\"noreferrer noopener\" href=\"http:\/\/servustv.com\/volkskultur\/v\/aa-1nqu7hfed2114\/\" target=\"_blank\">,<\/a> eine zweiteilige Dokumentation von Stefan Ludwig mit Leopold Altenburg als Host ist erneut in der <strong>Mediathek<\/strong>.<\/figcaption><\/figure>\n\n\n\n<p>Leopold Altenburg, Schauspieler und Ururenkel von Kaiser Franz Joseph auf Spurensuche. Diesmal: Was war der Kaiser f\u00fcr ein Mensch? Gab es den privaten Kaiser \u00fcberhaupt?<\/p>\n\n\n\n<p>Kaiser Franz Joseph I. und seine Familie. Kaiserin Elisabeth. Kronprinz Rudolph. Schicksale, die sich tief ins kollektive Ged\u00e4chtnis der \u00d6sterreicher eingebrannt haben. Der Alltag des Kaisers ist minuti\u00f6s dokumentiert in Hofakten, aufgearbeitet in zahllosen B\u00fcchern und Filmen. Und doch ist der private Franz Joseph immer noch ein Geheimnis, das es St\u00fcck f\u00fcr St\u00fcck zu entdecken gilt\u2026 Leopold Altenburg, Schauspieler, Regisseur und Ururenkel des Kaisers ist auf den Spuren seiner eigenen Familiengeschichte unterwegs und gibt ganz private Einblicke in das Leben des letzten gro\u00dfen Monarchen, der vor hundert Jahren starb. Gab es ihn \u00fcberhaupt, den privaten Kaiser? Wie ging es ihm mit seiner Stellung als Familienoberhaupt, und wie war sein Verh\u00e4ltnis zu Frauen?<\/p>\n\n\n\n<figure class=\"wp-block-image size-large\"><a href=\"http:\/\/leopoldaltenburg.com\/wp-content\/uploads\/2022\/09\/Plakat_Labsaal.jpg\"><img loading=\"lazy\" decoding=\"async\" width=\"719\" height=\"1024\" src=\"http:\/\/leopoldaltenburg.com\/wp-content\/uploads\/2022\/09\/Plakat_Labsaal-719x1024.jpg\" alt=\"\" class=\"wp-image-1906\" srcset=\"https:\/\/leopoldaltenburg.com\/wp-content\/uploads\/2022\/09\/Plakat_Labsaal-719x1024.jpg 719w, https:\/\/leopoldaltenburg.com\/wp-content\/uploads\/2022\/09\/Plakat_Labsaal-211x300.jpg 211w, https:\/\/leopoldaltenburg.com\/wp-content\/uploads\/2022\/09\/Plakat_Labsaal-768x1094.jpg 768w, https:\/\/leopoldaltenburg.com\/wp-content\/uploads\/2022\/09\/Plakat_Labsaal-1078x1536.jpg 1078w, https:\/\/leopoldaltenburg.com\/wp-content\/uploads\/2022\/09\/Plakat_Labsaal.jpg 1151w\" sizes=\"auto, (max-width: 719px) 100vw, 719px\" \/><\/a><figcaption class=\"wp-element-caption\"><strong>Leopold Altenburg<\/strong><br><strong>\u201eAUSTROPOLD &#8211; SCHM\u00c4H VON GESTERN\u201c<\/strong><br><br>Egal ob Wolfgang Ambros, Rainhard Fendrich, Georg Danzer, Ludwig Hirsch, EAV oder Falco \u2013 Leopold Altenburg kennt deren Musik in- und auswendig. Er ist der Experte in Sachen \u201eAustropop\u201c, dem Soundtrack seiner Kindheit und Jugend. Als Prof. Dr. Leo Austropold wagt er den Schritt \u00fcber den Wei\u00dfwurst\u00e4quator. Seine Mission: Mit viel Wiener Schm\u00e4h und \u00f6sterreichischem Charme zeigt er den Berlinern, wie genial und einzigartig der Austropop ist. Im Gep\u00e4ck hat er seine Gitarre, ein \u00f6sterreichisches W\u00f6rterbuch und Geschichten und Anekdoten rund um die \u00f6sterreichische Popmusik, Texte und seine Stars.<br><br><strong>Wann: <\/strong>08.10.2022 um 20 Uhr<br><strong>Wo:<\/strong> Labsal, Alt-L\u00fcbars 8, 13469 Berlin<br><strong>Karten:<\/strong> 16,- \/ 14,- \/ 7,- \u20ac<br><strong>Reservierung: <\/strong>030-411 075 75, kontor@labsaal.de<br><br><\/figcaption><\/figure>\n\n\n\n<figure class=\"wp-block-image size-large\"><a href=\"http:\/\/leopoldaltenburg.com\/wp-content\/uploads\/2022\/09\/a_44A9221-scaled.jpg\"><img loading=\"lazy\" decoding=\"async\" width=\"1024\" height=\"683\" src=\"http:\/\/leopoldaltenburg.com\/wp-content\/uploads\/2022\/09\/a_44A9221-1024x683.jpg\" alt=\"\" class=\"wp-image-1910\" srcset=\"https:\/\/leopoldaltenburg.com\/wp-content\/uploads\/2022\/09\/a_44A9221-1024x683.jpg 1024w, https:\/\/leopoldaltenburg.com\/wp-content\/uploads\/2022\/09\/a_44A9221-300x200.jpg 300w, https:\/\/leopoldaltenburg.com\/wp-content\/uploads\/2022\/09\/a_44A9221-768x512.jpg 768w, https:\/\/leopoldaltenburg.com\/wp-content\/uploads\/2022\/09\/a_44A9221-1536x1024.jpg 1536w, https:\/\/leopoldaltenburg.com\/wp-content\/uploads\/2022\/09\/a_44A9221-2048x1365.jpg 2048w, https:\/\/leopoldaltenburg.com\/wp-content\/uploads\/2022\/09\/a_44A9221-450x300.jpg 450w\" sizes=\"auto, (max-width: 1024px) 100vw, 1024px\" \/><\/a><figcaption class=\"wp-element-caption\">Foto: Siegfried Gallhofer<\/figcaption><\/figure>\n\n\n\n<p><a rel=\"noreferrer noopener\" href=\"http:\/\/www.eisenerz-art.at\/nachbericht\/kaiser-ururenkel-sorgte-fuer-ausgelassene-stimmung-im-kammerhof\/\" target=\"_blank\">Ausgelassene Stimmung im Kammerhof<\/a><br>Ein Bericht von Gerhild Illmaier aus Eisenerz<\/p>\n\n\n\n<figure class=\"wp-block-image size-large\"><a href=\"http:\/\/leopoldaltenburg.com\/wp-content\/uploads\/2022\/08\/Bildschirmfoto-2022-08-22-um-10.50.28.png\"><img loading=\"lazy\" decoding=\"async\" width=\"716\" height=\"1024\" src=\"http:\/\/leopoldaltenburg.com\/wp-content\/uploads\/2022\/08\/Bildschirmfoto-2022-08-22-um-10.50.28-716x1024.png\" alt=\"\" class=\"wp-image-1897\" srcset=\"https:\/\/leopoldaltenburg.com\/wp-content\/uploads\/2022\/08\/Bildschirmfoto-2022-08-22-um-10.50.28-716x1024.png 716w, https:\/\/leopoldaltenburg.com\/wp-content\/uploads\/2022\/08\/Bildschirmfoto-2022-08-22-um-10.50.28-210x300.png 210w, https:\/\/leopoldaltenburg.com\/wp-content\/uploads\/2022\/08\/Bildschirmfoto-2022-08-22-um-10.50.28-768x1099.png 768w, https:\/\/leopoldaltenburg.com\/wp-content\/uploads\/2022\/08\/Bildschirmfoto-2022-08-22-um-10.50.28.png 914w\" sizes=\"auto, (max-width: 716px) 100vw, 716px\" \/><\/a><\/figure>\n\n\n\n<p>Gastspiele mit &#8222;Prinz und Clown&#8220; (Die Show zum Buch &#8222;Der Kaiser und sein Sonnenschein&#8220;) in Bad Essen (04.09.22), G\u00fctersloh (05.09.22), Wien (08. + 10. + 13.09.2022). <a href=\"http:\/\/leopoldaltenburg.com\/?page_id=1053\" target=\"_blank\" rel=\"noreferrer noopener\">Weitere Infos<\/a><\/p>\n\n\n\n<figure class=\"wp-block-gallery has-nested-images columns-default is-cropped wp-block-gallery-2 is-layout-flex wp-block-gallery-is-layout-flex\">\n<figure class=\"wp-block-image size-large\"><a href=\"http:\/\/leopoldaltenburg.com\/wp-content\/uploads\/2022\/08\/AUSTROPOLD_Schrift-scaled.jpg\"><img loading=\"lazy\" decoding=\"async\" width=\"1024\" height=\"683\" data-id=\"1901\" src=\"http:\/\/leopoldaltenburg.com\/wp-content\/uploads\/2022\/08\/AUSTROPOLD_Schrift-1024x683.jpg\" alt=\"\" class=\"wp-image-1901\" srcset=\"https:\/\/leopoldaltenburg.com\/wp-content\/uploads\/2022\/08\/AUSTROPOLD_Schrift-1024x683.jpg 1024w, https:\/\/leopoldaltenburg.com\/wp-content\/uploads\/2022\/08\/AUSTROPOLD_Schrift-300x200.jpg 300w, https:\/\/leopoldaltenburg.com\/wp-content\/uploads\/2022\/08\/AUSTROPOLD_Schrift-768x512.jpg 768w, https:\/\/leopoldaltenburg.com\/wp-content\/uploads\/2022\/08\/AUSTROPOLD_Schrift-1536x1024.jpg 1536w, https:\/\/leopoldaltenburg.com\/wp-content\/uploads\/2022\/08\/AUSTROPOLD_Schrift-2048x1365.jpg 2048w, https:\/\/leopoldaltenburg.com\/wp-content\/uploads\/2022\/08\/AUSTROPOLD_Schrift-450x300.jpg 450w\" sizes=\"auto, (max-width: 1024px) 100vw, 1024px\" \/><\/a><\/figure>\n<\/figure>\n\n\n\n<p>Gastspiele mit &#8222;Austropold &#8211; Schm\u00e4h von gestern&#8220; in Enger (03.09.22), in Bad Essen (04.09.22) und Berlin-L\u00fcbars (08.10.22). <a rel=\"noreferrer noopener\" href=\"http:\/\/leopoldaltenburg.com\/?page_id=1053\" target=\"_blank\">Weitere Infos<\/a><\/p>\n\n\n\n<figure class=\"wp-block-image size-full\"><a href=\"http:\/\/leopoldaltenburg.com\/wp-content\/uploads\/2022\/08\/IMG_20220822_105705.jpg\"><img loading=\"lazy\" decoding=\"async\" width=\"887\" height=\"638\" src=\"http:\/\/leopoldaltenburg.com\/wp-content\/uploads\/2022\/08\/IMG_20220822_105705.jpg\" alt=\"\" class=\"wp-image-1904\" srcset=\"https:\/\/leopoldaltenburg.com\/wp-content\/uploads\/2022\/08\/IMG_20220822_105705.jpg 887w, https:\/\/leopoldaltenburg.com\/wp-content\/uploads\/2022\/08\/IMG_20220822_105705-300x216.jpg 300w, https:\/\/leopoldaltenburg.com\/wp-content\/uploads\/2022\/08\/IMG_20220822_105705-768x552.jpg 768w, https:\/\/leopoldaltenburg.com\/wp-content\/uploads\/2022\/08\/IMG_20220822_105705-417x300.jpg 417w\" sizes=\"auto, (max-width: 887px) 100vw, 887px\" \/><\/a><\/figure>\n\n\n\n<p>Juliane &amp; Leopold Altenburg gastieren mit ihrem Clown-Duo-St\u00fcck &#8222;Jodelk\u00f6nig und Ahoimatrosin&#8220; am 25.09.2022 in Berlin L\u00fcbars. <a rel=\"noreferrer noopener\" href=\"http:\/\/leopoldaltenburg.com\/?page_id=1053\" target=\"_blank\">Weitere Infos<\/a><\/p>\n\n\n\n<figure class=\"wp-block-image size-large\"><a href=\"http:\/\/leopoldaltenburg.com\/wp-content\/uploads\/2020\/07\/Bildschirmfoto-2020-07-02-um-11.08.07.png\"><img loading=\"lazy\" decoding=\"async\" width=\"1024\" height=\"659\" src=\"http:\/\/leopoldaltenburg.com\/wp-content\/uploads\/2020\/07\/Bildschirmfoto-2020-07-02-um-11.08.07-1024x659.png\" alt=\"\" class=\"wp-image-1564\" srcset=\"https:\/\/leopoldaltenburg.com\/wp-content\/uploads\/2020\/07\/Bildschirmfoto-2020-07-02-um-11.08.07-1024x659.png 1024w, https:\/\/leopoldaltenburg.com\/wp-content\/uploads\/2020\/07\/Bildschirmfoto-2020-07-02-um-11.08.07-300x193.png 300w, https:\/\/leopoldaltenburg.com\/wp-content\/uploads\/2020\/07\/Bildschirmfoto-2020-07-02-um-11.08.07-768x494.png 768w, https:\/\/leopoldaltenburg.com\/wp-content\/uploads\/2020\/07\/Bildschirmfoto-2020-07-02-um-11.08.07-466x300.png 466w, https:\/\/leopoldaltenburg.com\/wp-content\/uploads\/2020\/07\/Bildschirmfoto-2020-07-02-um-11.08.07.png 1526w\" sizes=\"auto, (max-width: 1024px) 100vw, 1024px\" \/><\/a><\/figure>\n\n\n\n<p>Mit <strong>&#8222;PRINZ UNS CLOWN&#8220; &#8211; Die Show zum Buch &#8222;Der Kaiser und sein Sonnenschein&#8220;<\/strong> kehrt Leopold Altenburg dieses Jahr ins <a href=\"https:\/\/www.hotel-miramar.info\/de\/\" target=\"_blank\" rel=\"noreferrer noopener\">Hotel Miramar, Opatija<\/a> zur\u00fcck. Vorstellung am 10.7.2022.<\/p>\n\n\n\n<figure class=\"wp-block-image size-large\"><a href=\"http:\/\/leopoldaltenburg.com\/wp-content\/uploads\/2022\/04\/Bildschirmfoto-2022-04-22-um-13.28.56-1.png\"><img loading=\"lazy\" decoding=\"async\" width=\"730\" height=\"1024\" src=\"http:\/\/leopoldaltenburg.com\/wp-content\/uploads\/2022\/04\/Bildschirmfoto-2022-04-22-um-13.28.56-1-730x1024.png\" alt=\"\" class=\"wp-image-1859\" srcset=\"https:\/\/leopoldaltenburg.com\/wp-content\/uploads\/2022\/04\/Bildschirmfoto-2022-04-22-um-13.28.56-1-730x1024.png 730w, https:\/\/leopoldaltenburg.com\/wp-content\/uploads\/2022\/04\/Bildschirmfoto-2022-04-22-um-13.28.56-1-214x300.png 214w, https:\/\/leopoldaltenburg.com\/wp-content\/uploads\/2022\/04\/Bildschirmfoto-2022-04-22-um-13.28.56-1-768x1077.png 768w, https:\/\/leopoldaltenburg.com\/wp-content\/uploads\/2022\/04\/Bildschirmfoto-2022-04-22-um-13.28.56-1-1095x1536.png 1095w, https:\/\/leopoldaltenburg.com\/wp-content\/uploads\/2022\/04\/Bildschirmfoto-2022-04-22-um-13.28.56-1.png 1282w\" sizes=\"auto, (max-width: 730px) 100vw, 730px\" \/><\/a><\/figure>\n\n\n\n<p><strong>Leopold Altenburg und die kleine \u00d6sterreich-Lesershow-Tour:<\/strong><br>weitere Informationen finden Sie<a href=\"http:\/\/leopoldaltenburg.com\/?page_id=1053\"> hier<\/a><\/p>\n\n\n\n<figure class=\"wp-block-image size-large\"><a href=\"http:\/\/leopoldaltenburg.com\/wp-content\/uploads\/2022\/03\/Bildschirmfoto-2022-03-09-um-12.01.26.png\"><img loading=\"lazy\" decoding=\"async\" width=\"725\" height=\"1024\" src=\"http:\/\/leopoldaltenburg.com\/wp-content\/uploads\/2022\/03\/Bildschirmfoto-2022-03-09-um-12.01.26-725x1024.png\" alt=\"\" class=\"wp-image-1838\" srcset=\"https:\/\/leopoldaltenburg.com\/wp-content\/uploads\/2022\/03\/Bildschirmfoto-2022-03-09-um-12.01.26-725x1024.png 725w, https:\/\/leopoldaltenburg.com\/wp-content\/uploads\/2022\/03\/Bildschirmfoto-2022-03-09-um-12.01.26-213x300.png 213w, https:\/\/leopoldaltenburg.com\/wp-content\/uploads\/2022\/03\/Bildschirmfoto-2022-03-09-um-12.01.26-768x1084.png 768w, https:\/\/leopoldaltenburg.com\/wp-content\/uploads\/2022\/03\/Bildschirmfoto-2022-03-09-um-12.01.26.png 1020w\" sizes=\"auto, (max-width: 725px) 100vw, 725px\" \/><\/a><\/figure>\n\n\n\n<hr class=\"wp-block-separator has-css-opacity\"\/>\n\n\n\n<p><strong>AUF DEN SPUREN DES KAISERS<br><\/strong>derzeit wieder in der Mediathek von Servus TV<\/p>\n\n\n\n<p>Teil 1:&nbsp;<strong>Der letzte gro\u00dfe Kaiser<\/strong><br>Teil 2:&nbsp;<strong>Der private Kaiser<\/strong><\/p>\n\n\n<div class=\"wp-block-image\">\n<figure class=\"alignleft\"><img loading=\"lazy\" decoding=\"async\" width=\"300\" height=\"200\" src=\"http:\/\/leopoldaltenburg.com\/wp-content\/uploads\/2013\/04\/Gipsfigurenkeller-300x200.jpg\" alt=\"Gipsfigurenkeller\" class=\"wp-image-697\" srcset=\"https:\/\/leopoldaltenburg.com\/wp-content\/uploads\/2013\/04\/Gipsfigurenkeller-300x200.jpg 300w, https:\/\/leopoldaltenburg.com\/wp-content\/uploads\/2013\/04\/Gipsfigurenkeller-1024x682.jpg 1024w, https:\/\/leopoldaltenburg.com\/wp-content\/uploads\/2013\/04\/Gipsfigurenkeller-450x300.jpg 450w, https:\/\/leopoldaltenburg.com\/wp-content\/uploads\/2013\/04\/Gipsfigurenkeller-150x100.jpg 150w\" sizes=\"auto, (max-width: 300px) 100vw, 300px\" \/><\/figure>\n<\/div>\n\n<div class=\"wp-block-image\">\n<figure class=\"alignleft\"><img loading=\"lazy\" decoding=\"async\" width=\"300\" height=\"168\" src=\"http:\/\/leopoldaltenburg.com\/wp-content\/uploads\/2013\/04\/Heimatleuchten-Der-private-Kaiser_01-300x168.jpg\" alt=\"Leopold Altenburg mit Ziegelarbeitern\" class=\"wp-image-713\" srcset=\"https:\/\/leopoldaltenburg.com\/wp-content\/uploads\/2013\/04\/Heimatleuchten-Der-private-Kaiser_01-300x168.jpg 300w, https:\/\/leopoldaltenburg.com\/wp-content\/uploads\/2013\/04\/Heimatleuchten-Der-private-Kaiser_01-1024x576.jpg 1024w, https:\/\/leopoldaltenburg.com\/wp-content\/uploads\/2013\/04\/Heimatleuchten-Der-private-Kaiser_01-500x281.jpg 500w, https:\/\/leopoldaltenburg.com\/wp-content\/uploads\/2013\/04\/Heimatleuchten-Der-private-Kaiser_01-150x84.jpg 150w\" sizes=\"auto, (max-width: 300px) 100vw, 300px\" \/><\/figure>\n<\/div>\n\n\n<p>\u00d6sterreich und Kaiser Franz Joseph &#8211; schwer, das eine ohne das andere zu denken. Vor hundert Jahren starb der Regent, der siebzig Jahre lang das Land beherrscht und gepr\u00e4gt hat. Der Kaiser hat \u00d6sterreich seinen sichtbaren Stempel aufgedr\u00fcckt. Der imperiale Glanz der Wiener Ringstra\u00dfe und manches Detail im \u00f6sterreichischen Alltag. Die Habsburg &#8211; Monarchie ist vergangen, doch ihr Erbe lebt. Leopold Altenburg, Schauspieler, Regisseur und Ururenkel von Kaiser Franz Joseph I. ist auf den Spuren seiner eigenen Familiengeschichte und gibt ganz private Einblicke in das Leben des letzten gro\u00dfen Monarchen.<br>Regie: <strong><a title=\"Stefan Ludwig, Prinz Leopold Altenburg, Auf den Spuren des Kaisers, Servus TV, Franz Joseph I, \" href=\"http:\/\/www.stefanludwigfilm.eu\/de\/2016\/07\/15\/na-fraeulein-wieder-fleissig-am-spazierengehen\/\" target=\"_blank\" rel=\"noopener noreferrer\">Stefan Ludwig<\/a><\/strong><\/p>\n\n\n\n<figure class=\"wp-block-image\"><img loading=\"lazy\" decoding=\"async\" width=\"1024\" height=\"694\" src=\"http:\/\/leopoldaltenburg.com\/wp-content\/uploads\/2022\/02\/Bis-dass_1-1-1024x694.jpg\" alt=\"\" class=\"wp-image-1826\" srcset=\"https:\/\/leopoldaltenburg.com\/wp-content\/uploads\/2022\/02\/Bis-dass_1-1-1024x694.jpg 1024w, https:\/\/leopoldaltenburg.com\/wp-content\/uploads\/2022\/02\/Bis-dass_1-1-300x203.jpg 300w, https:\/\/leopoldaltenburg.com\/wp-content\/uploads\/2022\/02\/Bis-dass_1-1-768x520.jpg 768w, https:\/\/leopoldaltenburg.com\/wp-content\/uploads\/2022\/02\/Bis-dass_1-1-1536x1041.jpg 1536w, https:\/\/leopoldaltenburg.com\/wp-content\/uploads\/2022\/02\/Bis-dass_1-1-2048x1388.jpg 2048w, https:\/\/leopoldaltenburg.com\/wp-content\/uploads\/2022\/02\/Bis-dass_1-1-443x300.jpg 443w\" sizes=\"auto, (max-width: 1024px) 100vw, 1024px\" \/><\/figure>\n\n\n\n<p><strong>25. und 26. Februar 2022,<br>11. und 12. M\u00e4rz 2022,<br>jeweils 20 Uhr im <a href=\"https:\/\/theater-wandlitz.de\/index.php?id=start\" target=\"_blank\" rel=\"noopener noreferrer\">Theater am Wandlitzsee<\/a><br>WIEDERAUFNAHME<br><\/strong><strong>&#8222;Bis dass dein Tod uns scheidet&#8220;&nbsp;<\/strong>von Lars Lienen.<br>Mit Sascha Gluth und Leopold Altenburg<br>Regie: Axel Poike<br><strong>Alle Termine finden Sie&nbsp;<a href=\"http:\/\/leopoldaltenburg.com\/?page_id=1053\" target=\"_blank\" rel=\"noopener noreferrer\">hier<\/a><\/strong><\/p>\n\n\n\n<hr class=\"wp-block-separator has-css-opacity\"\/>\n\n\n\n<figure class=\"wp-block-image\"><img loading=\"lazy\" decoding=\"async\" width=\"1024\" height=\"690\" src=\"http:\/\/leopoldaltenburg.com\/wp-content\/uploads\/2019\/03\/Bildschirmfoto-2019-03-29-um-10.54.41-1024x690.png\" alt=\"\" class=\"wp-image-1137\" srcset=\"https:\/\/leopoldaltenburg.com\/wp-content\/uploads\/2019\/03\/Bildschirmfoto-2019-03-29-um-10.54.41-1024x690.png 1024w, https:\/\/leopoldaltenburg.com\/wp-content\/uploads\/2019\/03\/Bildschirmfoto-2019-03-29-um-10.54.41-300x202.png 300w, https:\/\/leopoldaltenburg.com\/wp-content\/uploads\/2019\/03\/Bildschirmfoto-2019-03-29-um-10.54.41-768x518.png 768w, https:\/\/leopoldaltenburg.com\/wp-content\/uploads\/2019\/03\/Bildschirmfoto-2019-03-29-um-10.54.41-445x300.png 445w, https:\/\/leopoldaltenburg.com\/wp-content\/uploads\/2019\/03\/Bildschirmfoto-2019-03-29-um-10.54.41.png 1136w\" sizes=\"auto, (max-width: 1024px) 100vw, 1024px\" \/><\/figure>\n\n\n\n<p><a href=\"https:\/\/www.rtl.de\/sendungen\/die-wahrheit-ueber-sisi-insider-packen-aus-10377077.html\" target=\"_blank\" rel=\"noopener noreferrer\"><strong>Die&nbsp;Wahrheit \u00fcber Sisi \u2013 Insider packen aus<\/strong><\/a><br>RTL Dienstag, 28.12.2021 &#8211; 22:40 Uhr<br>In dieser Dokumentation beschreibt Leopold Altenburg seine Sicht auf seine Ururgro\u00dfmutter Kaiserin Elisabeth.<br>Sein Buch <a href=\"http:\/\/leopoldaltenburg.com\/?page_id=1005\" target=\"_blank\" rel=\"noopener noreferrer\">&#8222;Der Kaiser und sein Sonnenschein&#8220;<\/a> ist weiterhin online und in allen Buchhandlungen erh\u00e4ltlich.<\/p>\n\n\n\n<hr class=\"wp-block-separator has-css-opacity\"\/>\n\n\n\n<figure class=\"wp-block-image\"><img loading=\"lazy\" decoding=\"async\" width=\"1024\" height=\"772\" src=\"http:\/\/leopoldaltenburg.com\/wp-content\/uploads\/2021\/12\/Bildschirmfoto-2021-12-28-um-19.00.56-1024x772.png\" alt=\"\" class=\"wp-image-1815\" srcset=\"https:\/\/leopoldaltenburg.com\/wp-content\/uploads\/2021\/12\/Bildschirmfoto-2021-12-28-um-19.00.56-1024x772.png 1024w, https:\/\/leopoldaltenburg.com\/wp-content\/uploads\/2021\/12\/Bildschirmfoto-2021-12-28-um-19.00.56-300x226.png 300w, https:\/\/leopoldaltenburg.com\/wp-content\/uploads\/2021\/12\/Bildschirmfoto-2021-12-28-um-19.00.56-768x579.png 768w, https:\/\/leopoldaltenburg.com\/wp-content\/uploads\/2021\/12\/Bildschirmfoto-2021-12-28-um-19.00.56-1536x1158.png 1536w, https:\/\/leopoldaltenburg.com\/wp-content\/uploads\/2021\/12\/Bildschirmfoto-2021-12-28-um-19.00.56-398x300.png 398w, https:\/\/leopoldaltenburg.com\/wp-content\/uploads\/2021\/12\/Bildschirmfoto-2021-12-28-um-19.00.56.png 1676w\" sizes=\"auto, (max-width: 1024px) 100vw, 1024px\" \/><\/figure>\n\n\n\n<p><strong>Am 8. und 9. Oktober 2022, jeweils 20 Uhr zeigt das Theater am Wandlitzsee<br><\/strong><strong>&#8222;Bis dass dein Tod uns scheidet&#8220;&nbsp;<\/strong>von Lars Lienen.<br>Mit Sascha Gluth und Leopold Altenburg<br>Regie: Axel Poike<br><strong>weitere Termine finden Sie <a href=\"http:\/\/leopoldaltenburg.com\/?page_id=1053\" target=\"_blank\" rel=\"noopener noreferrer\">hier<\/a><\/strong><\/p>\n\n\n\n<hr class=\"wp-block-separator has-css-opacity\"\/>\n\n\n\n<figure class=\"wp-block-image\"><img loading=\"lazy\" decoding=\"async\" width=\"1024\" height=\"675\" src=\"http:\/\/leopoldaltenburg.com\/wp-content\/uploads\/2021\/09\/Bildschirmfoto-2021-09-22-um-18.00.45-1024x675.png\" alt=\"\" class=\"wp-image-1804\" srcset=\"https:\/\/leopoldaltenburg.com\/wp-content\/uploads\/2021\/09\/Bildschirmfoto-2021-09-22-um-18.00.45-1024x675.png 1024w, https:\/\/leopoldaltenburg.com\/wp-content\/uploads\/2021\/09\/Bildschirmfoto-2021-09-22-um-18.00.45-300x198.png 300w, https:\/\/leopoldaltenburg.com\/wp-content\/uploads\/2021\/09\/Bildschirmfoto-2021-09-22-um-18.00.45-768x506.png 768w, https:\/\/leopoldaltenburg.com\/wp-content\/uploads\/2021\/09\/Bildschirmfoto-2021-09-22-um-18.00.45-455x300.png 455w, https:\/\/leopoldaltenburg.com\/wp-content\/uploads\/2021\/09\/Bildschirmfoto-2021-09-22-um-18.00.45.png 1502w\" sizes=\"auto, (max-width: 1024px) 100vw, 1024px\" \/><\/figure>\n\n\n\n<p><b>Clowns von <a href=\"https:\/\/www.rotenasen.de\/ueber-uns\/neuigkeiten\/detail\/rote-nasen-sos-clowns-helfen-kindern-in-hochwassergebieten\/\" target=\"_blank\" rel=\"noopener noreferrer\">ROTE NASEN Deutschland e.V.<\/a> helfen Kindern in Flutgebieten<span class=\"Apple-converted-space\">&nbsp;(2.-5.August 2021)<\/span><\/b><\/p>\n\n\n\n<p><b>Die Flutkatastrophe im Westen Deutschlands hat gro\u00dfen Schaden angerichtet \u2013 auch in den Seelen der Betroffenen. Kinder, die sonst zusammen im Regen spielten, f\u00fcrchten sich jetzt, wenn wieder dunkle Wolken \u00fcber ihr Zuhause ziehen. Die K\u00fcnstler Christine Scherzer und Leopold Altenburg von ROTE NASEN Clowns waren direkt zur Stelle und versuchten, in Vicht bei Stolberg (Rhld.) und in Sinzig bei Ahrweiler wieder Freude zu verbreiten, wo der Schock noch tief sitzt \u2013 und so den Verarbeitungsprozess der Betroffenen zu unterst\u00fctzen.<span class=\"Apple-converted-space\">&nbsp;<\/span><\/b><\/p>\n\n\n\n<p><b>Wie lief euer Einsatz im Flutgebiet ab?<span class=\"Apple-converted-space\">&nbsp;<\/span><\/b><\/p>\n\n\n\n<p><i>Leopold Altenburg<\/i>: Wir als speziell f\u00fcr solche Situationen ausgebildete Clowns sind umgehend in das Flutgebiet gefahren, als sich die Situation vor Ort einigerma\u00dfen stabilisiert hatte. Christines und mein erster Einsatzort war Vicht bei Stolberg. In einer Art Notfallcamp auf einem Sportgel\u00e4nde trafen wir auf rund 70 Kinder im Alter zwischen vier bis zw\u00f6lf Jahren, die dort von ErzieherInnen und Eltern betreut wurden. Der \u00f6rtliche Fu\u00dfballverein hatte spontan das ganze Gel\u00e4nde zur Verf\u00fcgung gestellt.<br>Wir Clowns fanden einen Platz f\u00fcr unsere B\u00fchne, die wir umst\u00e4ndlich gestalteten.<span class=\"Apple-converted-space\">&nbsp; <\/span>Die ersten Slap Stick Situationen sorgten f\u00fcr herzhaftes Lachen. In einen Malblock zauberten die Kinder ihre Lieblingstiere, die sich dann wie von Geisterhand vor ihren Augen bunt f\u00e4rbten. Als der Zirkusartist Fridolin \u2013 ein winzig kleiner Flo \u2013 sein neues Zuhause auf einem der K\u00f6pfe der kleinen Zuschauer suchte, quickten die Kinder vor Vergn\u00fcgen.<br>Sp\u00e4ter beim Mittagessen fing es drau\u00dfen an zu regnen. \u201eGeht es jetzt wieder los? Kommt das Wasser wieder?\u201c, fragte uns ein Junge. Diese Situation zeigte uns, wie traumatisiert viele Kinder waren. Sie hatten in kurzer Zeit ihr Zuhause verloren. Vertraute Geb\u00e4ude wie den B\u00e4cker um die Ecke, den Kindergarten oder die Schule gibt es nicht mehr.<br>Am schlimmsten ist die Erfahrung, dass ihr Leben und das Leben ihrer Angeh\u00f6rigen unmittelbar bedroht war.<br>Die Menschen bekommen zwar Unterst\u00fctzung in Form von Sach- und Geldspenden, und das ist gut so. Aber<br>Wir als ROTE NASEN Clowns k\u00f6nnen unseren Beitrag leisten, indem wir Situationen schaffen, in denen Humor und gemeinsames Lachen seinen Raum findet, um wieder Kraft f\u00fcr einen Neuanfang sch\u00f6pfen zu k\u00f6nnen.<span class=\"Apple-converted-space\">&nbsp;<\/span><\/p>\n\n\n\n<p><b>Was ist bei Clownbesuchen in akuten Krisengebieten besonders wichtig?<span class=\"Apple-converted-space\">&nbsp;<\/span><\/b><\/p>\n\n\n\n<p><i>Leopold Altenburg<\/i>: Freude, Mut und Leichtigkeit auszustrahlen. Auf unserem Dienstauto der ROTEN NASEN steht der Satz: \u201eWir bringen Freude und Hoffnung f\u00fcr Menschen in Not\u201c. Diese Worte haben wir uns zur Mission gemacht.<br>Abseits der Show und der Spiele mit den Kindern, fand sich Zeit, in der uns die Erwachsenen ihre lebensbedrohlichen Erfahrungen der vergangenen Tage erz\u00e4hlten.<br>Auch Kinder vertrauten sich uns an. Ein M\u00e4dchen erz\u00e4hlte uns, wie dramatisch es war, ihre Oma vor der Flut zu retten. Der Vater mu\u00dfte noch einmal ins \u00fcberschwemmt Haus zur\u00fcck, um die lebensnotwendigen Tabletten zu holen. Ein anderes M\u00e4dchen baute stumm mit Lego eine Treppe, die ins Nichts f\u00fchrte. Um die Treppe entstand eine Schutzmauer aus kleinen, bunten Steinen und ein Rettungsboot kam angefahren.<br>Das Leid der Menschen wahrzunehmen, ist ganz entscheidend f\u00fcr uns. Dar\u00fcber hinaus erf\u00fchlen wir als Clowns aber auch die Momente, die Freude, Spa\u00df und Humor zulassen. Kinder k\u00f6nnen wunderbar im Moment leben und den Augenblick genie\u00dfen und auskosten. Wir Clowns feiern diese Lebensfreude und lassen sie Hitch leben. So kann ein kleiner Sonnenstrahl einen ganzen Raum erhellen. Am Anfang einer neuen Hoffnung steht doch oft das wiedergefundene Lachen.<\/p>\n\n\n\n<p><b>Wie haben die Menschen vor Ort auf euch reagiert?<span class=\"Apple-converted-space\">&nbsp;<\/span><\/b><\/p>\n\n\n\n<p><i>Leopold Altenburg<\/i>: Sehr positiv! F\u00fcr die Kinder war es ein Heidenspa\u00df, endlich wieder gemeinsam Bl\u00f6dsinn machen zu k\u00f6nnen \u2013 wir haben in der Sporthalle der Notunterkunft unsere Clownshow aufgef\u00fchrt und die Kinder nahmen uns im Anschluss an der Hand und f\u00fchrten uns durch eine Stadt aus Pappkartons, die sie selbst aufgebaut hatten.<br>Am sp\u00e4ten Nachmittag verabschiedeten wir uns wieder. Die Eltern kamen zu uns und bedankten sich herzlich bei uns. Ein Gruppe von Kindern beschenkte uns mit Bildern, die sie gemalt hatten. Ein M\u00e4dchen \u00fcberreichte mir ein selbst gekn\u00fcpftes Band aus bunten F\u00e4den. Dieses Band schm\u00fcckt jetzt den Griff meine Tasche, in der ich die Requisiten und das Clownkost\u00fcm zum n\u00e4chsten Spielort transportiere.<\/p>\n\n\n\n<hr class=\"wp-block-separator has-css-opacity\"\/>\n\n\n\n<p>Die&nbsp;<strong>Lesershow&nbsp;<\/strong>zu &#8222;Der Kaiser und sein Sonnenschein&#8220; kehrt zur\u00fcck auf die B\u00fchne:<br>Am 25. Juni 2021, 19.30 Uhr in der Stadthalle Pocking.<br>Der Eintritt ist frei.<br>Veranstalter ist die Stadtb\u00fccherei Pocking.<br>Platzreservierungen sind m\u00f6glich unter <a href=\"mailto:buecherei-pocking%40web.de.\">buecherei-pocking@web.de.<\/a><\/p>\n\n\n\n<figure class=\"wp-block-image\"><img loading=\"lazy\" decoding=\"async\" width=\"1024\" height=\"683\" src=\"http:\/\/leopoldaltenburg.com\/wp-content\/uploads\/2019\/12\/965A5449-1024x683.jpg\" alt=\"\" class=\"wp-image-1434\" srcset=\"https:\/\/leopoldaltenburg.com\/wp-content\/uploads\/2019\/12\/965A5449-1024x683.jpg 1024w, https:\/\/leopoldaltenburg.com\/wp-content\/uploads\/2019\/12\/965A5449-300x200.jpg 300w, https:\/\/leopoldaltenburg.com\/wp-content\/uploads\/2019\/12\/965A5449-768x512.jpg 768w, https:\/\/leopoldaltenburg.com\/wp-content\/uploads\/2019\/12\/965A5449-450x300.jpg 450w\" sizes=\"auto, (max-width: 1024px) 100vw, 1024px\" \/><\/figure>\n\n\n\n<hr class=\"wp-block-separator has-css-opacity\"\/>\n\n\n\n<p>Leopold Altenburg meldet sich Live On Stage zur\u00fcck mit der schwarzen Kom\u00f6die<br><strong>&#8222;Bis dass dein Tod uns scheidet&#8220;&nbsp;<\/strong>von Lars Lienen.<br>Mit Sascha Gluth und Leopold Altenburg<br>Regie: Axel Poike<br><strong>PREMIERE am 19. Juni 2021, 20 Uhr<\/strong><br><strong><a href=\"https:\/\/theater-wandlitz.de\/unterstuetzen-sie-uns-mit-einem-gutscheinkauf-oder-spenden-sie-ihre-gutscheine\" target=\"_blank\" rel=\"noopener noreferrer\">Fischerstube Stolzenhagen, Theater auf der Badewiese<\/a><\/strong><br><strong>AUSVERKAUFT<\/strong><br><strong>weitere Termine finden Sie <a href=\"http:\/\/leopoldaltenburg.com\/?page_id=1053\" target=\"_blank\" rel=\"noopener noreferrer\">hier<\/a><\/strong><\/p>\n\n\n\n<figure class=\"wp-block-image\"><img loading=\"lazy\" decoding=\"async\" width=\"722\" height=\"1024\" src=\"http:\/\/leopoldaltenburg.com\/wp-content\/uploads\/2021\/06\/Bildschirmfoto-2021-06-21-um-11.09.45-722x1024.png\" alt=\"\" class=\"wp-image-1714\" srcset=\"https:\/\/leopoldaltenburg.com\/wp-content\/uploads\/2021\/06\/Bildschirmfoto-2021-06-21-um-11.09.45-722x1024.png 722w, https:\/\/leopoldaltenburg.com\/wp-content\/uploads\/2021\/06\/Bildschirmfoto-2021-06-21-um-11.09.45-212x300.png 212w, https:\/\/leopoldaltenburg.com\/wp-content\/uploads\/2021\/06\/Bildschirmfoto-2021-06-21-um-11.09.45-768x1089.png 768w, https:\/\/leopoldaltenburg.com\/wp-content\/uploads\/2021\/06\/Bildschirmfoto-2021-06-21-um-11.09.45-1083x1536.png 1083w, https:\/\/leopoldaltenburg.com\/wp-content\/uploads\/2021\/06\/Bildschirmfoto-2021-06-21-um-11.09.45.png 1220w\" sizes=\"auto, (max-width: 722px) 100vw, 722px\" \/><\/figure>\n\n\n\n<hr class=\"wp-block-separator has-css-opacity\"\/>\n\n\n\n<p>Leopold Altenburg \u00fcber die Arbeit als K\u00fcnstler dei&nbsp;<strong><a href=\"http:\/\/www.rotenasen.de\">Roten Nasen Deutschland e.V.<\/a><\/strong> w\u00e4hrend der Corona-Zeit:<\/p>\n\n\n\n<p>&#8222;Tats\u00e4chlich musste ich meine Arbeiten als Schauspieler, Kabarettist, Regisseur und auch meine Tour mit meiner LESERSHOW auf unbestimmt Zeit unterbrechen.<br>Jedoch als Clown besuche seit dem Ende des ersten Lockdowns weiterhin mit meinen Kolleginnen die unterschiedlichsten Einrichtungen. \u2013 Ja, auch die Pflegeeinrichtungen f\u00fcr Senioren. Denn wir sind inzwischen ein wichtiger Teil des Gesundheitswesen. Wir spielen Mit FFP2 Maske, halten Abstand aber schaffen N\u00e4he durch Kunst, Humor und Musik. Selten habe ich einen solchen Hunger nach Kunst und Kultur erlebt wie in den letzten Monaten.&#8220;<\/p>\n\n\n\n<figure class=\"wp-block-image\"><img loading=\"lazy\" decoding=\"async\" width=\"1024\" height=\"768\" src=\"http:\/\/leopoldaltenburg.com\/wp-content\/uploads\/2021\/06\/Angerhof-1024x768.jpg\" alt=\"\" class=\"wp-image-1721\" srcset=\"https:\/\/leopoldaltenburg.com\/wp-content\/uploads\/2021\/06\/Angerhof-1024x768.jpg 1024w, https:\/\/leopoldaltenburg.com\/wp-content\/uploads\/2021\/06\/Angerhof-300x225.jpg 300w, https:\/\/leopoldaltenburg.com\/wp-content\/uploads\/2021\/06\/Angerhof-768x576.jpg 768w, https:\/\/leopoldaltenburg.com\/wp-content\/uploads\/2021\/06\/Angerhof-1536x1152.jpg 1536w, https:\/\/leopoldaltenburg.com\/wp-content\/uploads\/2021\/06\/Angerhof-2048x1536.jpg 2048w, https:\/\/leopoldaltenburg.com\/wp-content\/uploads\/2021\/06\/Angerhof-400x300.jpg 400w\" sizes=\"auto, (max-width: 1024px) 100vw, 1024px\" \/><\/figure>\n\n\n\n<p>Das Foto entstand bei einer Clownviste in einer Pflegeeinrichtung in Brandenburg.<\/p>\n\n\n\n<hr class=\"wp-block-separator has-css-opacity\"\/>\n\n\n\n<figure class=\"wp-block-image\"><img loading=\"lazy\" decoding=\"async\" width=\"1024\" height=\"576\" src=\"http:\/\/leopoldaltenburg.com\/wp-content\/uploads\/2018\/11\/1400x788-1024x576.jpg\" alt=\"\" class=\"wp-image-967\" srcset=\"https:\/\/leopoldaltenburg.com\/wp-content\/uploads\/2018\/11\/1400x788-1024x576.jpg 1024w, https:\/\/leopoldaltenburg.com\/wp-content\/uploads\/2018\/11\/1400x788-300x169.jpg 300w, https:\/\/leopoldaltenburg.com\/wp-content\/uploads\/2018\/11\/1400x788-768x432.jpg 768w, https:\/\/leopoldaltenburg.com\/wp-content\/uploads\/2018\/11\/1400x788-500x281.jpg 500w, https:\/\/leopoldaltenburg.com\/wp-content\/uploads\/2018\/11\/1400x788.jpg 1400w\" sizes=\"auto, (max-width: 1024px) 100vw, 1024px\" \/><\/figure>\n\n\n\n<p>Am 5.2.2021 zeigte der ORF erneut die Dokumentation <strong>&#8222;Universum History &#8211; Der Verrat des Kaisers&#8220;<\/strong>. In den Spielszenen ist Leopold Altenburg als Kaiser Karl zu sehen.<br>Den kompletten Film finden Sie&nbsp;<a rel=\"noopener noreferrer\" href=\"https:\/\/www.youtube.com\/watch?v=nGS6T9j-oMI\" target=\"_blank\">online<\/a>.<\/p>\n\n\n\n<hr class=\"wp-block-separator has-css-opacity\"\/>\n\n\n\n<p>Leopold Altenburg zu Gast im <strong><a href=\"https:\/\/www.youtube.com\/watch?v=dRQvK57d-Uk&amp;t=8s\">Nachtcaf\u00e9, ARD<\/a><\/strong> vom 24.11.2019, Das Erste, Der ewige Kampf ums Erbe \u2013 Talk, 90 Min.<\/p>\n\n\n\n<hr class=\"wp-block-separator has-css-opacity\"\/>\n\n\n\n<figure class=\"wp-block-image alignnone size-large wp-image-1580\"><img loading=\"lazy\" decoding=\"async\" width=\"1024\" height=\"676\" src=\"http:\/\/leopoldaltenburg.com\/wp-content\/uploads\/2020\/11\/1_Talk_am_Dienstag_Nachtcafe-Kopie-1024x676.jpg\" alt=\"\" class=\"wp-image-1580\" srcset=\"https:\/\/leopoldaltenburg.com\/wp-content\/uploads\/2020\/11\/1_Talk_am_Dienstag_Nachtcafe-Kopie-1024x676.jpg 1024w, https:\/\/leopoldaltenburg.com\/wp-content\/uploads\/2020\/11\/1_Talk_am_Dienstag_Nachtcafe-Kopie-300x198.jpg 300w, https:\/\/leopoldaltenburg.com\/wp-content\/uploads\/2020\/11\/1_Talk_am_Dienstag_Nachtcafe-Kopie-768x507.jpg 768w, https:\/\/leopoldaltenburg.com\/wp-content\/uploads\/2020\/11\/1_Talk_am_Dienstag_Nachtcafe-Kopie-1536x1014.jpg 1536w, https:\/\/leopoldaltenburg.com\/wp-content\/uploads\/2020\/11\/1_Talk_am_Dienstag_Nachtcafe-Kopie-2048x1352.jpg 2048w, https:\/\/leopoldaltenburg.com\/wp-content\/uploads\/2020\/11\/1_Talk_am_Dienstag_Nachtcafe-Kopie-455x300.jpg 455w\" sizes=\"auto, (max-width: 1024px) 100vw, 1024px\" \/><figcaption class=\"wp-element-caption\">Prof. Dr. Michael Steinbrecher in der Studio-Kulisse im Alten E-Werk Baden-Baden.<br>\u00a9 SWR\/Baschi Bender, honorarfrei &#8211; Verwendung gem\u00e4\u00df der AGB im engen inhaltlichen, redaktionellen Zusammenhang mit genannter SWR-Sendung und bei Nennung &#8222;Bild: SWR\/Baschi Bender&#8220; (S2+). SWR Presse\/Bildkommunikation, Baden-Baden, Tel: 07221\/929-22287, foto@swr.de \/ Weiterer Text \u00fcber ots und www.presseportal.de\/nr\/75892 \/ Die Verwendung dieses Bildes ist f\u00fcr redaktionelle Zwecke honorarfrei. Ver\u00f6ffentlichung bitte unter Quellenangabe: &#8222;obs\/SWR &#8211; Das Erste&#8220;<\/figcaption><\/figure>\n\n\n\n<hr class=\"wp-block-separator has-css-opacity\"\/>\n\n\n\n<figure class=\"wp-block-image\"><img loading=\"lazy\" decoding=\"async\" width=\"150\" height=\"150\" src=\"http:\/\/leopoldaltenburg.com\/wp-content\/uploads\/2020\/11\/Bildschirmfoto-2020-11-24-um-14.02.45-150x150.png\" alt=\"\" class=\"wp-image-1669\"\/><\/figure>\n\n\n\n<figure class=\"wp-block-image\"><img loading=\"lazy\" decoding=\"async\" width=\"150\" height=\"150\" src=\"http:\/\/leopoldaltenburg.com\/wp-content\/uploads\/2020\/11\/Villa1-150x150.jpg\" alt=\"\" class=\"wp-image-1650\"\/><\/figure>\n\n\n\n<figure class=\"wp-block-image\"><img loading=\"lazy\" decoding=\"async\" width=\"150\" height=\"150\" src=\"http:\/\/leopoldaltenburg.com\/wp-content\/uploads\/2020\/11\/PeterBaby-150x150.jpg\" alt=\"\" class=\"wp-image-1641\"\/><\/figure>\n\n\n\n<figure class=\"wp-block-image\"><img loading=\"lazy\" decoding=\"async\" width=\"150\" height=\"150\" src=\"http:\/\/leopoldaltenburg.com\/wp-content\/uploads\/2020\/11\/Verlobung-150x150.jpg\" alt=\"\" class=\"wp-image-1639\"\/><\/figure>\n\n\n\n<figure class=\"wp-block-image\"><img loading=\"lazy\" decoding=\"async\" width=\"150\" height=\"150\" src=\"http:\/\/leopoldaltenburg.com\/wp-content\/uploads\/2020\/11\/Kaiser-und-Sonnenschein-150x150.jpg\" alt=\"\" class=\"wp-image-1636\"\/><\/figure>\n\n\n\n<figure class=\"wp-block-image\"><img loading=\"lazy\" decoding=\"async\" width=\"150\" height=\"150\" src=\"http:\/\/leopoldaltenburg.com\/wp-content\/uploads\/2020\/11\/Foto-16-150x150.jpg\" alt=\"\" class=\"wp-image-1628\"\/><\/figure>\n\n\n\n<figure class=\"wp-block-image\"><img loading=\"lazy\" decoding=\"async\" width=\"150\" height=\"150\" src=\"http:\/\/leopoldaltenburg.com\/wp-content\/uploads\/2020\/11\/Photo-6-150x150.jpg\" alt=\"\" class=\"wp-image-1624\" srcset=\"https:\/\/leopoldaltenburg.com\/wp-content\/uploads\/2020\/11\/Photo-6-150x150.jpg 150w, https:\/\/leopoldaltenburg.com\/wp-content\/uploads\/2020\/11\/Photo-6-300x300.jpg 300w, https:\/\/leopoldaltenburg.com\/wp-content\/uploads\/2020\/11\/Photo-6.jpg 640w\" sizes=\"auto, (max-width: 150px) 100vw, 150px\" \/><\/figure>\n\n\n\n<figure class=\"wp-block-image\"><img loading=\"lazy\" decoding=\"async\" width=\"150\" height=\"150\" src=\"http:\/\/leopoldaltenburg.com\/wp-content\/uploads\/2020\/11\/Graz_Schoenbrungasse49-150x150.jpg\" alt=\"\" class=\"wp-image-1613\"\/><\/figure>\n\n\n\n<figure class=\"wp-block-image\"><img loading=\"lazy\" decoding=\"async\" width=\"150\" height=\"150\" src=\"http:\/\/leopoldaltenburg.com\/wp-content\/uploads\/2020\/11\/26.Marie-Valerie-und-ihre-Kinder-150x150.jpg\" alt=\"\" class=\"wp-image-1607\"\/><\/figure>\n\n\n\n<figure class=\"wp-block-image\"><img loading=\"lazy\" decoding=\"async\" width=\"150\" height=\"150\" src=\"http:\/\/leopoldaltenburg.com\/wp-content\/uploads\/2020\/11\/FamilieCouch-150x150.jpg\" alt=\"\" class=\"wp-image-1612\"\/><\/figure>\n\n\n\n<figure class=\"wp-block-image\"><img loading=\"lazy\" decoding=\"async\" width=\"150\" height=\"150\" src=\"http:\/\/leopoldaltenburg.com\/wp-content\/uploads\/2020\/11\/6.Kirche-150x150.jpg\" alt=\"\" class=\"wp-image-1596\"\/><\/figure>\n\n\n\n<figure class=\"wp-block-image\"><img loading=\"lazy\" decoding=\"async\" width=\"150\" height=\"150\" src=\"http:\/\/leopoldaltenburg.com\/wp-content\/uploads\/2020\/11\/1.Clemens_Schlafzimmer_Schoenbrunn-150x150.jpg\" alt=\"\" class=\"wp-image-1590\"\/><\/figure>\n\n\n\n<p>Viele Leser fragen nach Bildern zum Buch &#8222;Der Kaisers und sein Sonnenschein&#8220;. Unter diesem <strong><a href=\"http:\/\/leopoldaltenburg.com\/?page_id=1005\" target=\"_blank\" rel=\"noopener noreferrer\">link<\/a><\/strong> finden Sie zu den einzelnen Kapiteln die passenden Bilddokumente.<\/p>\n\n\n\n<figure class=\"wp-block-image\"><img loading=\"lazy\" decoding=\"async\" width=\"225\" height=\"300\" src=\"http:\/\/leopoldaltenburg.com\/wp-content\/uploads\/2020\/11\/Elisabeth_mit_Buch-225x300.jpg\" alt=\"\" class=\"wp-image-1626\" srcset=\"https:\/\/leopoldaltenburg.com\/wp-content\/uploads\/2020\/11\/Elisabeth_mit_Buch-225x300.jpg 225w, https:\/\/leopoldaltenburg.com\/wp-content\/uploads\/2020\/11\/Elisabeth_mit_Buch-768x1024.jpg 768w, https:\/\/leopoldaltenburg.com\/wp-content\/uploads\/2020\/11\/Elisabeth_mit_Buch-1152x1536.jpg 1152w, https:\/\/leopoldaltenburg.com\/wp-content\/uploads\/2020\/11\/Elisabeth_mit_Buch-1536x2048.jpg 1536w, https:\/\/leopoldaltenburg.com\/wp-content\/uploads\/2020\/11\/Elisabeth_mit_Buch-scaled.jpg 1920w\" sizes=\"auto, (max-width: 225px) 100vw, 225px\" \/><\/figure>\n\n\n\n<p>Das Buch erhalten Sie beim Buchh\u00e4ndler um die Ecke oder <a href=\"https:\/\/www.thalia.de\/shop\/home\/artikeldetails\/ID140594338.html\" target=\"_blank\" rel=\"noopener noreferrer\">im Netz<\/a><\/p>\n\n\n\n<hr class=\"wp-block-separator has-css-opacity\"\/>\n\n\n\n<figure class=\"wp-block-image\"><img loading=\"lazy\" decoding=\"async\" width=\"1024\" height=\"576\" src=\"http:\/\/leopoldaltenburg.com\/wp-content\/uploads\/2020\/11\/Mit-Dr.-Fritz-Fischer-1024x576.jpg\" alt=\"\" class=\"wp-image-1577\" srcset=\"https:\/\/leopoldaltenburg.com\/wp-content\/uploads\/2020\/11\/Mit-Dr.-Fritz-Fischer-1024x576.jpg 1024w, https:\/\/leopoldaltenburg.com\/wp-content\/uploads\/2020\/11\/Mit-Dr.-Fritz-Fischer-300x169.jpg 300w, https:\/\/leopoldaltenburg.com\/wp-content\/uploads\/2020\/11\/Mit-Dr.-Fritz-Fischer-768x432.jpg 768w, https:\/\/leopoldaltenburg.com\/wp-content\/uploads\/2020\/11\/Mit-Dr.-Fritz-Fischer-1536x864.jpg 1536w, https:\/\/leopoldaltenburg.com\/wp-content\/uploads\/2020\/11\/Mit-Dr.-Fritz-Fischer-2048x1152.jpg 2048w, https:\/\/leopoldaltenburg.com\/wp-content\/uploads\/2020\/11\/Mit-Dr.-Fritz-Fischer-500x281.jpg 500w\" sizes=\"auto, (max-width: 1024px) 100vw, 1024px\" \/><\/figure>\n\n\n\n<p><strong>Oktober 2020:&nbsp;<\/strong>Leopold Altenburg im Gespr\u00e4ch mit Dr. Fritz Fischer, Direktor der Schatzkammer der Wiener Hofburg f\u00fcr die ORF Dokumentation &#8222;Ikonen \u00d6sterreichs&#8220;, Regie: Katalin Hanappi<br>Voraussichtliche Ausstrahlung: Januar 2021<\/p>\n\n\n\n<hr class=\"wp-block-separator has-css-opacity\"\/>\n\n\n\n<p><a href=\"http:\/\/https:\/\/www.wp.de\/staedte\/meschede-und-umland\/kunst-des-scheiterns-wie-die-rolle-als-clown-im-leben-hilft-id230614524.html\" target=\"_blank\" rel=\"noopener noreferrer\"><img loading=\"lazy\" decoding=\"async\" class=\"alignnone wp-image-1571 size-large\" src=\"http:\/\/leopoldaltenburg.com\/wp-content\/uploads\/2020\/10\/Bildschirmfoto-2020-10-24-um-14.24.56-1024x989.png\" alt=\"\" width=\"584\" height=\"564\" srcset=\"https:\/\/leopoldaltenburg.com\/wp-content\/uploads\/2020\/10\/Bildschirmfoto-2020-10-24-um-14.24.56-1024x989.png 1024w, https:\/\/leopoldaltenburg.com\/wp-content\/uploads\/2020\/10\/Bildschirmfoto-2020-10-24-um-14.24.56-300x290.png 300w, https:\/\/leopoldaltenburg.com\/wp-content\/uploads\/2020\/10\/Bildschirmfoto-2020-10-24-um-14.24.56-768x742.png 768w, https:\/\/leopoldaltenburg.com\/wp-content\/uploads\/2020\/10\/Bildschirmfoto-2020-10-24-um-14.24.56-311x300.png 311w, https:\/\/leopoldaltenburg.com\/wp-content\/uploads\/2020\/10\/Bildschirmfoto-2020-10-24-um-14.24.56.png 1508w\" sizes=\"auto, (max-width: 584px) 100vw, 584px\" \/><\/a>Westfalenpost vom 8.10.2020<\/p>\n\n\n\n<hr class=\"wp-block-separator has-css-opacity\"\/>\n\n\n\n<figure class=\"wp-block-image\"><a href=\"https:\/\/www.rettung-schloss-blankenburg.de\/veranstaltungen\/\" target=\"_blank\" rel=\"noopener noreferrer\"><img loading=\"lazy\" decoding=\"async\" width=\"725\" height=\"1024\" src=\"http:\/\/leopoldaltenburg.com\/wp-content\/uploads\/2020\/07\/Bildschirmfoto-2020-07-28-um-11.42.25-725x1024.png\" alt=\"\" class=\"wp-image-1567\" srcset=\"https:\/\/leopoldaltenburg.com\/wp-content\/uploads\/2020\/07\/Bildschirmfoto-2020-07-28-um-11.42.25-725x1024.png 725w, https:\/\/leopoldaltenburg.com\/wp-content\/uploads\/2020\/07\/Bildschirmfoto-2020-07-28-um-11.42.25-213x300.png 213w, https:\/\/leopoldaltenburg.com\/wp-content\/uploads\/2020\/07\/Bildschirmfoto-2020-07-28-um-11.42.25-768x1084.png 768w, https:\/\/leopoldaltenburg.com\/wp-content\/uploads\/2020\/07\/Bildschirmfoto-2020-07-28-um-11.42.25-1088x1536.png 1088w, https:\/\/leopoldaltenburg.com\/wp-content\/uploads\/2020\/07\/Bildschirmfoto-2020-07-28-um-11.42.25.png 1108w\" sizes=\"auto, (max-width: 725px) 100vw, 725px\" \/><\/a><\/figure>\n\n\n\n<hr class=\"wp-block-separator has-css-opacity\"\/>\n\n\n<div class=\"wp-block-image\">\n<figure class=\"alignleft\"><img loading=\"lazy\" decoding=\"async\" width=\"300\" height=\"200\" src=\"http:\/\/leopoldaltenburg.com\/wp-content\/uploads\/2019\/12\/965A5449-300x200.jpg\" alt=\"\" class=\"wp-image-1434\" srcset=\"https:\/\/leopoldaltenburg.com\/wp-content\/uploads\/2019\/12\/965A5449-300x200.jpg 300w, https:\/\/leopoldaltenburg.com\/wp-content\/uploads\/2019\/12\/965A5449-768x512.jpg 768w, https:\/\/leopoldaltenburg.com\/wp-content\/uploads\/2019\/12\/965A5449-1024x683.jpg 1024w, https:\/\/leopoldaltenburg.com\/wp-content\/uploads\/2019\/12\/965A5449-450x300.jpg 450w\" sizes=\"auto, (max-width: 300px) 100vw, 300px\" \/><\/figure>\n<\/div>\n\n\n<p>Nach einer l\u00e4ngeren Pause feiert nun Leopold Altenburg sein B\u00fchnencomeback in Kroatien, im historischen Ort Opatija. Im <a href=\"https:\/\/www.hotel-miramar.info\/de\/\" target=\"_blank\" rel=\"noopener noreferrer\"><strong>Hotel Miramar<\/strong><\/a> pr\u00e4sentiert er seine <strong>LESERSHOW<\/strong> zu seinem Buch <strong>&#8222;Der Kaiser und sein Sonnenschein&#8220;<\/strong> am <strong>7. Juli 2020 um 19 Uhr.<\/strong><\/p>\n\n\n\n<figure class=\"wp-block-image\"><a href=\"https:\/\/www.hotel-miramar.info\/de\/\" target=\"_blank\" rel=\"noopener noreferrer\"><img loading=\"lazy\" decoding=\"async\" width=\"300\" height=\"193\" src=\"http:\/\/leopoldaltenburg.com\/wp-content\/uploads\/2020\/07\/Bildschirmfoto-2020-07-02-um-11.08.07-300x193.png\" alt=\"\" class=\"wp-image-1564\" srcset=\"https:\/\/leopoldaltenburg.com\/wp-content\/uploads\/2020\/07\/Bildschirmfoto-2020-07-02-um-11.08.07-300x193.png 300w, https:\/\/leopoldaltenburg.com\/wp-content\/uploads\/2020\/07\/Bildschirmfoto-2020-07-02-um-11.08.07-1024x659.png 1024w, https:\/\/leopoldaltenburg.com\/wp-content\/uploads\/2020\/07\/Bildschirmfoto-2020-07-02-um-11.08.07-768x494.png 768w, https:\/\/leopoldaltenburg.com\/wp-content\/uploads\/2020\/07\/Bildschirmfoto-2020-07-02-um-11.08.07-466x300.png 466w, https:\/\/leopoldaltenburg.com\/wp-content\/uploads\/2020\/07\/Bildschirmfoto-2020-07-02-um-11.08.07.png 1526w\" sizes=\"auto, (max-width: 300px) 100vw, 300px\" \/><\/a><\/figure>\n\n\n\n<hr class=\"wp-block-separator has-css-opacity\"\/>\n\n\n\n<p><a href=\"https:\/\/www.youtube.com\/watch?v=vVp3k8Sl90Y\"><img loading=\"lazy\" decoding=\"async\" class=\"alignnone wp-image-1533 size-large\" src=\"http:\/\/leopoldaltenburg.com\/wp-content\/uploads\/2020\/03\/Bildschirmfoto-2020-03-31-um-13.14.15-1024x574.png\" alt=\"\" width=\"584\" height=\"327\" srcset=\"https:\/\/leopoldaltenburg.com\/wp-content\/uploads\/2020\/03\/Bildschirmfoto-2020-03-31-um-13.14.15-1024x574.png 1024w, https:\/\/leopoldaltenburg.com\/wp-content\/uploads\/2020\/03\/Bildschirmfoto-2020-03-31-um-13.14.15-300x168.png 300w, https:\/\/leopoldaltenburg.com\/wp-content\/uploads\/2020\/03\/Bildschirmfoto-2020-03-31-um-13.14.15-768x430.png 768w, https:\/\/leopoldaltenburg.com\/wp-content\/uploads\/2020\/03\/Bildschirmfoto-2020-03-31-um-13.14.15-1536x860.png 1536w, https:\/\/leopoldaltenburg.com\/wp-content\/uploads\/2020\/03\/Bildschirmfoto-2020-03-31-um-13.14.15-2048x1147.png 2048w, https:\/\/leopoldaltenburg.com\/wp-content\/uploads\/2020\/03\/Bildschirmfoto-2020-03-31-um-13.14.15-500x280.png 500w\" sizes=\"auto, (max-width: 584px) 100vw, 584px\" \/><\/a>M\u00e4rz 2020<br>Trotz der Corona-Krise bleiben die <a href=\"https:\/\/www.rotenasen.de\" target=\"_blank\" rel=\"noopener noreferrer\"><strong>Roten Nasen Deutschland e.V.<\/strong><\/a> und <a href=\"https:\/\/www.rednoses.eu\" target=\"_blank\" rel=\"noopener noreferrer\"><strong>Red Nose International <\/strong><\/a>\u2013&nbsp;f\u00fcr die Leopold Altenburg seit 1995 t\u00e4tig ist \u2013 pr\u00e4sent.<br>In den letzten zwei Wochen sind im <strong>&#8222;Home Office&#8220; Altenburg<\/strong> vier Filme entstanden, die nun f\u00fcr die PR genutzt werden, beziehungsweise von Bewohnern in den Seniorenheimen und Patienten in den Kinderkrankenh\u00e4usern gesehen werden k\u00f6nnen. Hinzu kommen live-Auftritte auf Facebook und Instagram. Geplant sind Visiten mit den Kindern im Krankenhaus \u00fcber Skype. So \u00fcberbr\u00fccken ROTE NASEN Deutschland e.V. die Zeit, in der Clowns diese Einrichtungen nicht besuchen k\u00f6nnen und gehen neue, spannende Wege.<\/p>\n\n\n\n<p><strong>Drei dieser Filme aus dem Home-Office-Altenburg f\u00fcr die Roten Nasen k\u00f6nnen Sie hier sehen:<\/strong><\/p>\n\n\n\n<hr class=\"wp-block-separator has-css-opacity\"\/>\n\n\n<div class=\"wp-block-image\">\n<figure class=\"alignleft\"><a href=\"https:\/\/www.youtube.com\/watch?v=vVp3k8Sl90Y\"><img loading=\"lazy\" decoding=\"async\" width=\"300\" height=\"169\" src=\"http:\/\/leopoldaltenburg.com\/wp-content\/uploads\/2020\/03\/Bildschirmfoto-2020-03-31-um-15.00.13-300x169.png\" alt=\"\" class=\"wp-image-1540\" srcset=\"https:\/\/leopoldaltenburg.com\/wp-content\/uploads\/2020\/03\/Bildschirmfoto-2020-03-31-um-15.00.13-300x169.png 300w, https:\/\/leopoldaltenburg.com\/wp-content\/uploads\/2020\/03\/Bildschirmfoto-2020-03-31-um-15.00.13-1024x576.png 1024w, https:\/\/leopoldaltenburg.com\/wp-content\/uploads\/2020\/03\/Bildschirmfoto-2020-03-31-um-15.00.13-768x432.png 768w, https:\/\/leopoldaltenburg.com\/wp-content\/uploads\/2020\/03\/Bildschirmfoto-2020-03-31-um-15.00.13-1536x864.png 1536w, https:\/\/leopoldaltenburg.com\/wp-content\/uploads\/2020\/03\/Bildschirmfoto-2020-03-31-um-15.00.13-2048x1152.png 2048w, https:\/\/leopoldaltenburg.com\/wp-content\/uploads\/2020\/03\/Bildschirmfoto-2020-03-31-um-15.00.13-500x281.png 500w\" sizes=\"auto, (max-width: 300px) 100vw, 300px\" \/><\/a><\/figure>\n<\/div>\n\n\n<p><strong><a href=\"https:\/\/www.youtube.com\/watch?v=vVp3k8Sl90Y\" target=\"_blank\" rel=\"noopener noreferrer\">Die ROTE NASEN gr\u00fc\u00dfen \u2026<\/a><\/strong><br>Clown LeoFinow: Leopold Altenburg Krankenschwester: Juliane Altenburg<br>Regie und Schnitt: Leopold Altenburg<\/p>\n\n\n\n<hr class=\"wp-block-separator has-css-opacity\"\/>\n\n\n<div class=\"wp-block-image\">\n<figure class=\"alignleft\"><a href=\"https:\/\/www.youtube.com\/watch?v=g2I4O9rFo7g\" target=\"_blank\" rel=\"Altenburg Clown Juliane LeoFinow: Leopold Pflegeschwester: Regie Schnitt: noopener und noreferrer\"><img loading=\"lazy\" decoding=\"async\" width=\"300\" height=\"168\" src=\"http:\/\/leopoldaltenburg.com\/wp-content\/uploads\/2020\/03\/Bildschirmfoto-2020-03-31-um-13.15.11-300x168.png\" alt=\"\" class=\"wp-image-1535\" srcset=\"https:\/\/leopoldaltenburg.com\/wp-content\/uploads\/2020\/03\/Bildschirmfoto-2020-03-31-um-13.15.11-300x168.png 300w, https:\/\/leopoldaltenburg.com\/wp-content\/uploads\/2020\/03\/Bildschirmfoto-2020-03-31-um-13.15.11-1024x574.png 1024w, https:\/\/leopoldaltenburg.com\/wp-content\/uploads\/2020\/03\/Bildschirmfoto-2020-03-31-um-13.15.11-768x431.png 768w, https:\/\/leopoldaltenburg.com\/wp-content\/uploads\/2020\/03\/Bildschirmfoto-2020-03-31-um-13.15.11-1536x862.png 1536w, https:\/\/leopoldaltenburg.com\/wp-content\/uploads\/2020\/03\/Bildschirmfoto-2020-03-31-um-13.15.11-2048x1149.png 2048w, https:\/\/leopoldaltenburg.com\/wp-content\/uploads\/2020\/03\/Bildschirmfoto-2020-03-31-um-13.15.11-500x280.png 500w\" sizes=\"auto, (max-width: 300px) 100vw, 300px\" \/><\/a><\/figure>\n<\/div>\n\n\n<p><strong><a href=\"https:\/\/www.youtube.com\/watch?v=g2I4O9rFo7g\" target=\"_blank\" rel=\"noopener noreferrer\">ROTE NASEN &#8211; Emma Dilemma und das Klopapier-R\u00e4tsel<\/a><\/strong><br>Emma Dilemma: Juliane Altenburg<br>Regie und Schnitt: Leopold Altenburg<br>nach einer Idee von Juliane Altenburg<\/p>\n\n\n\n<hr class=\"wp-block-separator has-css-opacity\"\/>\n\n\n<div class=\"wp-block-image\">\n<figure class=\"alignleft\"><a href=\"https:\/\/www.youtube.com\/watch?v=8xiOospS96M\" target=\"_blank\" rel=\"Altenburg, Clowns Clowns, Deutschland Familie International, Krankenhaus Kurzfilm, Leopold Nasen Nose Playmobil, Prinz Red Rote e.V., im machen noopener und was noreferrer\"><img loading=\"lazy\" decoding=\"async\" width=\"300\" height=\"170\" src=\"http:\/\/leopoldaltenburg.com\/wp-content\/uploads\/2020\/03\/Bildschirmfoto-2020-03-31-um-13.16.44-300x170.png\" alt=\"\" class=\"wp-image-1536\" srcset=\"https:\/\/leopoldaltenburg.com\/wp-content\/uploads\/2020\/03\/Bildschirmfoto-2020-03-31-um-13.16.44-300x170.png 300w, https:\/\/leopoldaltenburg.com\/wp-content\/uploads\/2020\/03\/Bildschirmfoto-2020-03-31-um-13.16.44-1024x582.png 1024w, https:\/\/leopoldaltenburg.com\/wp-content\/uploads\/2020\/03\/Bildschirmfoto-2020-03-31-um-13.16.44-768x436.png 768w, https:\/\/leopoldaltenburg.com\/wp-content\/uploads\/2020\/03\/Bildschirmfoto-2020-03-31-um-13.16.44-1536x873.png 1536w, https:\/\/leopoldaltenburg.com\/wp-content\/uploads\/2020\/03\/Bildschirmfoto-2020-03-31-um-13.16.44-2048x1164.png 2048w, https:\/\/leopoldaltenburg.com\/wp-content\/uploads\/2020\/03\/Bildschirmfoto-2020-03-31-um-13.16.44-500x284.png 500w\" sizes=\"auto, (max-width: 300px) 100vw, 300px\" \/><\/a><\/figure>\n<\/div>\n\n\n<p><strong><a href=\"https:\/\/www.youtube.com\/watch?v=8xiOospS96M\" target=\"_blank\" rel=\"noopener noreferrer\">ROTE NASEN &#8211; Mama, was machen Clowns im Krankenhaus?<\/a><br><\/strong>Idee, Animation und Regie: Emilia und Antonia Altenburg<br>Schnitt: Leopold Altenburg<\/p>\n\n\n\n<hr class=\"wp-block-separator has-css-opacity\"\/>\n\n\n<div class=\"wp-block-image\">\n<figure class=\"alignleft\"><img loading=\"lazy\" decoding=\"async\" width=\"300\" height=\"169\" src=\"http:\/\/leopoldaltenburg.com\/wp-content\/uploads\/2020\/01\/20191022FeldwebelSchmidStills0205klein-300x169.jpg\" alt=\"\" class=\"wp-image-1509\" title=\"Leopold Altenburg, Feldwebel Anton Schmid, Menschen und M\u00e4chte _ Anton Schmid _ der gute Mensch  von Wilna_Regie Martin Betz\" srcset=\"https:\/\/leopoldaltenburg.com\/wp-content\/uploads\/2020\/01\/20191022FeldwebelSchmidStills0205klein-300x169.jpg 300w, https:\/\/leopoldaltenburg.com\/wp-content\/uploads\/2020\/01\/20191022FeldwebelSchmidStills0205klein-1024x576.jpg 1024w, https:\/\/leopoldaltenburg.com\/wp-content\/uploads\/2020\/01\/20191022FeldwebelSchmidStills0205klein-768x432.jpg 768w, https:\/\/leopoldaltenburg.com\/wp-content\/uploads\/2020\/01\/20191022FeldwebelSchmidStills0205klein-1536x864.jpg 1536w, https:\/\/leopoldaltenburg.com\/wp-content\/uploads\/2020\/01\/20191022FeldwebelSchmidStills0205klein-500x281.jpg 500w, https:\/\/leopoldaltenburg.com\/wp-content\/uploads\/2020\/01\/20191022FeldwebelSchmidStills0205klein.jpg 1772w\" sizes=\"auto, (max-width: 300px) 100vw, 300px\" \/><\/figure>\n<\/div>\n\n\n<p>Leopold Altenburg als Anton Schmid in<br><strong>&#8222;Menschen &amp; M\u00e4chte \u2013 Anton Schmid \u2013 Der gute Mensch von Wilna&#8220; <\/strong>&#8211; Regie: <a href=\"http:\/\/www.martinbetz.at\" target=\"_blank\" rel=\"noopener noreferrer\">Martin Betz<\/a><\/p>\n\n\n\n<p>Sendetermine:<br><a href=\"https:\/\/tv.orf.at\/program\/orf2\/20200129\/938393101\/story\" target=\"_blank\" rel=\"noopener noreferrer\"><strong>ORF 2, 29.1.2020 um 22:30 Uhr<br>ORF 2, 30.1.2020 um 11:55 Uhr<\/strong><\/a><\/p>\n\n\n<div class=\"wp-block-image\">\n<figure class=\"alignleft\"><img loading=\"lazy\" decoding=\"async\" width=\"300\" height=\"200\" src=\"http:\/\/leopoldaltenburg.com\/wp-content\/uploads\/2020\/01\/09klein-300x200.jpg\" alt=\"\" class=\"wp-image-1506\" title=\"Leopold Altenburg, Feldwebel Anton Schmid, Menschen und M\u00e4chte _ Anton Schmid _ der gute Mensch  von Wilna_Regie Martin Betz\" srcset=\"https:\/\/leopoldaltenburg.com\/wp-content\/uploads\/2020\/01\/09klein-300x200.jpg 300w, https:\/\/leopoldaltenburg.com\/wp-content\/uploads\/2020\/01\/09klein.jpg 425w\" sizes=\"auto, (max-width: 300px) 100vw, 300px\" \/><\/figure>\n<\/div>\n\n\n<p>Gewissen vor Befehl<br>Das war die Maxime von Anton Schmid, eines beinahe vergessenen Widerstandsk\u00e4mpfers in Uniform. Der Feldwebel aus Wien rettete 1941\/42 etwa 300 Juden aus dem Ghetto von Wilna vor dem sicheren Tod \u2013 Schmid nahm kein Geld daf\u00fcr, er agierte schlicht aus seinem Selbstverst\u00e4ndnis f\u00fcr Menschlichkeit heraus. Denn der Elektroh\u00e4ndler aus der Brigittenau erlebte t\u00e4glich, wie Nationalsozialisten in Uniform mit ihren litauischen Helfern J\u00fcdinnen und Juden dem\u00fctigten, deportierten und ermordeten.<\/p>\n\n\n<div class=\"wp-block-image\">\n<figure class=\"alignleft\"><img loading=\"lazy\" decoding=\"async\" width=\"300\" height=\"169\" src=\"http:\/\/leopoldaltenburg.com\/wp-content\/uploads\/2020\/01\/20191022FeldwebelSchmidStills0751klein-300x169.jpg\" alt=\"\" class=\"wp-image-1510\" title=\"Leopold Altenburg, Feldwebel Anton Schmid, Menschen und M\u00e4chte _ Anton Schmid _ der gute Mensch  von Wilna_Regie Martin Betz\" srcset=\"https:\/\/leopoldaltenburg.com\/wp-content\/uploads\/2020\/01\/20191022FeldwebelSchmidStills0751klein-300x169.jpg 300w, https:\/\/leopoldaltenburg.com\/wp-content\/uploads\/2020\/01\/20191022FeldwebelSchmidStills0751klein-1024x576.jpg 1024w, https:\/\/leopoldaltenburg.com\/wp-content\/uploads\/2020\/01\/20191022FeldwebelSchmidStills0751klein-768x432.jpg 768w, https:\/\/leopoldaltenburg.com\/wp-content\/uploads\/2020\/01\/20191022FeldwebelSchmidStills0751klein-1536x864.jpg 1536w, https:\/\/leopoldaltenburg.com\/wp-content\/uploads\/2020\/01\/20191022FeldwebelSchmidStills0751klein-500x281.jpg 500w, https:\/\/leopoldaltenburg.com\/wp-content\/uploads\/2020\/01\/20191022FeldwebelSchmidStills0751klein.jpg 1772w\" sizes=\"auto, (max-width: 300px) 100vw, 300px\" \/><\/figure>\n<\/div>\n\n<div class=\"wp-block-image\">\n<figure class=\"alignleft\"><img loading=\"lazy\" decoding=\"async\" width=\"300\" height=\"169\" src=\"http:\/\/leopoldaltenburg.com\/wp-content\/uploads\/2020\/01\/20191022FeldwebelSchmidStills0085klein-300x169.jpg\" alt=\"\" class=\"wp-image-1507\" title=\"Leopold Altenburg, Feldwebel Anton Schmid, Menschen und M\u00e4chte _ Anton Schmid _ der gute Mensch  von Wilna_Regie Martin Betz\" srcset=\"https:\/\/leopoldaltenburg.com\/wp-content\/uploads\/2020\/01\/20191022FeldwebelSchmidStills0085klein-300x169.jpg 300w, https:\/\/leopoldaltenburg.com\/wp-content\/uploads\/2020\/01\/20191022FeldwebelSchmidStills0085klein-1024x576.jpg 1024w, https:\/\/leopoldaltenburg.com\/wp-content\/uploads\/2020\/01\/20191022FeldwebelSchmidStills0085klein-768x432.jpg 768w, https:\/\/leopoldaltenburg.com\/wp-content\/uploads\/2020\/01\/20191022FeldwebelSchmidStills0085klein-1536x864.jpg 1536w, https:\/\/leopoldaltenburg.com\/wp-content\/uploads\/2020\/01\/20191022FeldwebelSchmidStills0085klein-500x281.jpg 500w, https:\/\/leopoldaltenburg.com\/wp-content\/uploads\/2020\/01\/20191022FeldwebelSchmidStills0085klein.jpg 1772w\" sizes=\"auto, (max-width: 300px) 100vw, 300px\" \/><\/figure>\n<\/div>\n\n\n<p>In der Dokumentation zeichnen Spielszenen die dramatischen Wendepunkte von Schmids Rettungsaktionen nach und zeigen ihn in Interaktion mit jenen Geretteten, die er in seiner Wohnung versteckte.<\/p>\n\n\n\n<p>Der Schauspieler Leopold Altenburg sieht Schmid sehr \u00e4hnlich, \u2013 vor allem aber stattet er die Figur mit jener Herzensw\u00e4rme aus, die Schmids Pers\u00f6nlichkeit pr\u00e4gte. \u201eSchmid war nicht der Typus des religi\u00f6s oder politisch motivierten Widerst\u00e4ndlers, sondern einer, der vor allem Menschen, die in Not waren, die vom Tod bedroht waren, helfen wollte\u201c, sagt der Historiker Wolfgang Neugebauer.<\/p>\n\n\n\n<p><em>Photography by Angelo Kreuzberger<\/em><\/p>\n\n\n\n<hr class=\"wp-block-separator has-css-opacity\"\/>\n\n\n<div class=\"wp-block-image\">\n<figure class=\"alignleft\"><img loading=\"lazy\" decoding=\"async\" width=\"195\" height=\"300\" src=\"http:\/\/leopoldaltenburg.com\/wp-content\/uploads\/2019\/02\/goldegg_altenburg_3d-195x300.png\" alt=\"\" class=\"wp-image-1016\" srcset=\"https:\/\/leopoldaltenburg.com\/wp-content\/uploads\/2019\/02\/goldegg_altenburg_3d-195x300.png 195w, https:\/\/leopoldaltenburg.com\/wp-content\/uploads\/2019\/02\/goldegg_altenburg_3d-768x1182.png 768w, https:\/\/leopoldaltenburg.com\/wp-content\/uploads\/2019\/02\/goldegg_altenburg_3d-666x1024.png 666w, https:\/\/leopoldaltenburg.com\/wp-content\/uploads\/2019\/02\/goldegg_altenburg_3d.png 1105w\" sizes=\"auto, (max-width: 195px) 100vw, 195px\" \/><\/figure>\n<\/div>\n\n\n<p><strong>Die Geschenksidee f\u00fcr Weihnachten:<\/strong><\/p>\n\n\n\n<p><em>&#8222;Endlich erschien der Kaiser in seiner elegantesten Ga- launiform. Mit all seinen Orden w\u00fcrde er bestimmt dem Christbaum Konkurrenz machen.<\/em><br><em>Clemens l\u00f6ste sich aus der Schar seiner sechs Geschwister und st\u00fcrzte auf seinen Gro\u00dfpapa zu.&#8220;<\/em><\/p>\n\n\n\n<p><strong>Das Buch &#8222;Der Kaiser und sein&nbsp;<\/strong><b>Sonnenschein&#8220; ist in jeder Buchhandlung um die Ecke zu erhalten.<\/b><\/p>\n\n\n\n<p>Goldegg-Verlag<\/p>\n\n\n\n<p>Buchpreis: 22 \u20ac<\/p>\n\n\n\n<p>ISBN: 978-3-99060-110-2<\/p>\n\n\n\n<hr class=\"wp-block-separator has-css-opacity\"\/>\n\n\n\n<p>Bevor das Jahr ausklingt, gibt es hier nun die letzten brandhei\u00dfen News von 2019:<\/p>\n\n\n\n<hr class=\"wp-block-separator has-css-opacity\"\/>\n\n\n<div class=\"wp-block-image\">\n<figure class=\"alignleft\"><a href=\"https:\/\/wunschauktion.kleinezeitung.at\/kultur\/zu-gast-beim-ururenkel-des-kaisers\"><img loading=\"lazy\" decoding=\"async\" width=\"300\" height=\"200\" src=\"http:\/\/leopoldaltenburg.com\/wp-content\/uploads\/2019\/12\/Foto_Hanno_Braun_1-300x200.jpg\" alt=\"\" class=\"wp-image-1431\" srcset=\"https:\/\/leopoldaltenburg.com\/wp-content\/uploads\/2019\/12\/Foto_Hanno_Braun_1-300x200.jpg 300w, https:\/\/leopoldaltenburg.com\/wp-content\/uploads\/2019\/12\/Foto_Hanno_Braun_1-768x512.jpg 768w, https:\/\/leopoldaltenburg.com\/wp-content\/uploads\/2019\/12\/Foto_Hanno_Braun_1-1024x683.jpg 1024w, https:\/\/leopoldaltenburg.com\/wp-content\/uploads\/2019\/12\/Foto_Hanno_Braun_1-450x300.jpg 450w\" sizes=\"auto, (max-width: 300px) 100vw, 300px\" \/><\/a><\/figure>\n<\/div>\n\n\n<p>&#8211; Derzeit l\u00e4uft eine <strong>Versteigerung:<\/strong> <a href=\"https:\/\/wunschauktion.kleinezeitung.at\/kultur\/zu-gast-beim-ururenkel-des-kaisers\" target=\"_blank\" rel=\"noopener noreferrer\"><strong>&#8222;Steirer helfen Steirer&#8220; \u2013 eine Aktion der Caritas<\/strong>.<\/a><br>Zu gewinnen ist ein Nachmittag am 8. Februar 2010 in der<strong> Villa Wartholz<\/strong> mit F\u00fchrung, Kaffee und Kuchen und anschlie\u00dfendem Besuch der LESERSHOW von Leopold Altenburg.<br>Steigern Sie mit: Hier die genauen <a href=\"https:\/\/wunschauktion.kleinezeitung.at\/kultur\/zu-gast-beim-ururenkel-des-kaisers\" target=\"_blank\" rel=\"noopener noreferrer\">Infos.<\/a><\/p>\n\n\n\n<hr class=\"wp-block-separator has-css-opacity\"\/>\n\n\n\n<p>Noch zwei Lesershows im Dezember 2019, beide in Berlin:<\/p>\n\n\n<div class=\"wp-block-image\">\n<figure class=\"alignleft\"><img loading=\"lazy\" decoding=\"async\" width=\"300\" height=\"200\" src=\"http:\/\/leopoldaltenburg.com\/wp-content\/uploads\/2019\/12\/965A5449-300x200.jpg\" alt=\"\" class=\"wp-image-1434\" srcset=\"https:\/\/leopoldaltenburg.com\/wp-content\/uploads\/2019\/12\/965A5449-300x200.jpg 300w, https:\/\/leopoldaltenburg.com\/wp-content\/uploads\/2019\/12\/965A5449-768x512.jpg 768w, https:\/\/leopoldaltenburg.com\/wp-content\/uploads\/2019\/12\/965A5449-1024x683.jpg 1024w, https:\/\/leopoldaltenburg.com\/wp-content\/uploads\/2019\/12\/965A5449-450x300.jpg 450w\" sizes=\"auto, (max-width: 300px) 100vw, 300px\" \/><\/figure>\n<\/div>\n\n\n<ul class=\"wp-block-list\">\n<li>8.12.2019, 17 Uhr<br><a href=\"http:\/\/www.galeriecafe-aagaard.de\" target=\"_blank\" rel=\"noopener noreferrer\"><strong>Galeriecaf\u00e9 Aagaard<\/strong>, Alt Hermsdorf 11, 13467 Berlin<\/a><br>Benefizveranstaltung: Freiwillige Spenden gehen an die ROTEN NASEN<\/li>\n\n\n\n<li>12.12.2019, 15 Uhr<br><strong><a href=\"https:\/\/www.schloss-friedrichsfelde.de\/events\/event\/geschichten-aus-dem-kaiserhaus-der-kaiser-und-sein-sonnenschein-geschichten-meines-grossvaters-erzherzog-clemens-und-meines-vate\" target=\"_blank\" rel=\"noopener noreferrer\">Schloss Friedrichsfelde<\/a><\/strong><\/li>\n<\/ul>\n\n\n\n<hr class=\"wp-block-separator has-css-opacity\"\/>\n\n\n<div class=\"wp-block-image\">\n<figure class=\"alignleft\"><img loading=\"lazy\" decoding=\"async\" width=\"300\" height=\"168\" src=\"http:\/\/leopoldaltenburg.com\/wp-content\/uploads\/2019\/04\/Bildschirmfoto-2019-04-26-um-10.47.06-300x168.png\" alt=\"\" class=\"wp-image-1218\" srcset=\"https:\/\/leopoldaltenburg.com\/wp-content\/uploads\/2019\/04\/Bildschirmfoto-2019-04-26-um-10.47.06-300x168.png 300w, https:\/\/leopoldaltenburg.com\/wp-content\/uploads\/2019\/04\/Bildschirmfoto-2019-04-26-um-10.47.06-768x429.png 768w, https:\/\/leopoldaltenburg.com\/wp-content\/uploads\/2019\/04\/Bildschirmfoto-2019-04-26-um-10.47.06-1024x573.png 1024w, https:\/\/leopoldaltenburg.com\/wp-content\/uploads\/2019\/04\/Bildschirmfoto-2019-04-26-um-10.47.06-500x280.png 500w\" sizes=\"auto, (max-width: 300px) 100vw, 300px\" \/><\/figure>\n<\/div>\n\n\n<p><a href=\"https:\/\/www.arte.tv\/de\/videos\/083270-000-A\/sissi-die-getriebene\/\" target=\"_blank\" rel=\"noopener noreferrer\"><strong>Arte, 14. Dez. 2019, 20:15 Uhr: Sissi \u2013 Die Getriebene<\/strong><\/a><\/p>\n\n\n\n<p>In dieser Arte \/ ZDF \/&nbsp;ORF Dokumentation spricht Leopold Altenburg \u00fcber seine Ururgro\u00dfmutter.<\/p>\n\n\n\n<hr class=\"wp-block-separator has-css-opacity\"\/>\n\n\n<div class=\"wp-block-image\">\n<figure class=\"alignleft\"><img loading=\"lazy\" decoding=\"async\" width=\"300\" height=\"200\" src=\"http:\/\/leopoldaltenburg.com\/wp-content\/uploads\/2019\/12\/Bildschirmfoto-2019-12-01-um-23.37.50-300x200.png\" alt=\"\" class=\"wp-image-1438\" srcset=\"https:\/\/leopoldaltenburg.com\/wp-content\/uploads\/2019\/12\/Bildschirmfoto-2019-12-01-um-23.37.50-300x200.png 300w, https:\/\/leopoldaltenburg.com\/wp-content\/uploads\/2019\/12\/Bildschirmfoto-2019-12-01-um-23.37.50-768x511.png 768w, https:\/\/leopoldaltenburg.com\/wp-content\/uploads\/2019\/12\/Bildschirmfoto-2019-12-01-um-23.37.50-1024x682.png 1024w, https:\/\/leopoldaltenburg.com\/wp-content\/uploads\/2019\/12\/Bildschirmfoto-2019-12-01-um-23.37.50-451x300.png 451w, https:\/\/leopoldaltenburg.com\/wp-content\/uploads\/2019\/12\/Bildschirmfoto-2019-12-01-um-23.37.50.png 1256w\" sizes=\"auto, (max-width: 300px) 100vw, 300px\" \/><\/figure>\n<\/div>\n\n\n<p>Ausf\u00fchrliches Interview im <strong><a href=\"https:\/\/www.westfalen-blatt.de\/OWL\/Bielefeld\/Bielefeld\/4020289-Leopold-Altenburg-ist-der-Ururenkel-von-Kaiserin-Sisi-und-Kaiser-Franz-Joseph-Hallo-ich-moechte-die-Verwandtschaft-besuchen\" target=\"_blank\" rel=\"noopener noreferrer\">Westfalenblatt<\/a><\/strong> am 4.11.2019<\/p>\n\n\n\n<hr class=\"wp-block-separator has-css-opacity\"\/>\n\n\n<div class=\"wp-block-image\">\n<figure class=\"alignleft\"><img loading=\"lazy\" decoding=\"async\" width=\"300\" height=\"180\" src=\"http:\/\/leopoldaltenburg.com\/wp-content\/uploads\/2019\/12\/Bildschirmfoto-2019-12-01-um-23.40.44-300x180.png\" alt=\"\" class=\"wp-image-1439\" srcset=\"https:\/\/leopoldaltenburg.com\/wp-content\/uploads\/2019\/12\/Bildschirmfoto-2019-12-01-um-23.40.44-300x180.png 300w, https:\/\/leopoldaltenburg.com\/wp-content\/uploads\/2019\/12\/Bildschirmfoto-2019-12-01-um-23.40.44-768x461.png 768w, https:\/\/leopoldaltenburg.com\/wp-content\/uploads\/2019\/12\/Bildschirmfoto-2019-12-01-um-23.40.44-500x300.png 500w, https:\/\/leopoldaltenburg.com\/wp-content\/uploads\/2019\/12\/Bildschirmfoto-2019-12-01-um-23.40.44.png 942w\" sizes=\"auto, (max-width: 300px) 100vw, 300px\" \/><\/figure>\n<\/div>\n\n\n<p>Die <a href=\"https:\/\/www.kleinezeitung.at\/lebensart\/lebensartaufmacher\/5709159\/Ururenkel-von-Sisi_Der-Clown-mit-roter-Nase-und-blauem-Blut\" target=\"_blank\" rel=\"noopener noreferrer\"><strong>KLEINE ZEITUNG<\/strong><\/a> berichtet am 21. Oktober 2019 \u00fcber Leopold Altenburg und sein Buch.<\/p>\n\n\n\n<hr class=\"wp-block-separator has-css-opacity\"\/>\n\n\n<div class=\"wp-block-image\">\n<figure class=\"alignleft\"><a href=\"https:\/\/vimeo.com\/366811071\" target=\"_blank\" rel=\"noopener noreferrer\"><img loading=\"lazy\" decoding=\"async\" width=\"300\" height=\"188\" src=\"http:\/\/leopoldaltenburg.com\/wp-content\/uploads\/2019\/10\/Bildschirmfoto-2019-10-16-um-20.08.53-300x188.png\" alt=\"\" class=\"wp-image-1419\" srcset=\"https:\/\/leopoldaltenburg.com\/wp-content\/uploads\/2019\/10\/Bildschirmfoto-2019-10-16-um-20.08.53-300x188.png 300w, https:\/\/leopoldaltenburg.com\/wp-content\/uploads\/2019\/10\/Bildschirmfoto-2019-10-16-um-20.08.53-768x482.png 768w, https:\/\/leopoldaltenburg.com\/wp-content\/uploads\/2019\/10\/Bildschirmfoto-2019-10-16-um-20.08.53-1024x642.png 1024w, https:\/\/leopoldaltenburg.com\/wp-content\/uploads\/2019\/10\/Bildschirmfoto-2019-10-16-um-20.08.53-478x300.png 478w, https:\/\/leopoldaltenburg.com\/wp-content\/uploads\/2019\/10\/Bildschirmfoto-2019-10-16-um-20.08.53.png 1780w\" sizes=\"auto, (max-width: 300px) 100vw, 300px\" \/><\/a><\/figure>\n<\/div>\n\n\n<p>Der <a href=\"https:\/\/vimeo.com\/366811071\" target=\"_blank\" rel=\"noopener noreferrer\">Trailer zur <strong>LESERSHOW <\/strong><\/a>auf Vimeo<\/p>\n\n\n\n<hr class=\"wp-block-separator has-css-opacity\"\/>\n\n\n<div class=\"wp-block-image\">\n<figure class=\"alignleft\"><img loading=\"lazy\" decoding=\"async\" width=\"196\" height=\"300\" src=\"http:\/\/leopoldaltenburg.com\/wp-content\/uploads\/2019\/10\/Postkarten_Wien-196x300.jpg\" alt=\"\" class=\"wp-image-1393\" srcset=\"https:\/\/leopoldaltenburg.com\/wp-content\/uploads\/2019\/10\/Postkarten_Wien-196x300.jpg 196w, https:\/\/leopoldaltenburg.com\/wp-content\/uploads\/2019\/10\/Postkarten_Wien-669x1024.jpg 669w, https:\/\/leopoldaltenburg.com\/wp-content\/uploads\/2019\/10\/Postkarten_Wien.jpg 757w\" sizes=\"auto, (max-width: 196px) 100vw, 196px\" \/><\/figure>\n<\/div>\n\n\n<p><strong>LESERSHOW &#8211; Termine 2019 in \u00d6sterreich:<br><\/strong>18.11., Wien <span style=\"color: #ff0000;\">AUSVERKAUFT<\/span><br>20.11., Kottingbrunn<\/p>\n\n\n\n<p><strong><a href=\"http:\/\/leopoldaltenburg.com\/?page_id=1053\" target=\"_blank\" rel=\"noopener noreferrer\">Alle Termine<\/a><\/strong><\/p>\n\n\n\n<hr class=\"wp-block-separator has-css-opacity\"\/>\n\n\n<div class=\"wp-block-image\">\n<figure class=\"alignleft\"><img loading=\"lazy\" decoding=\"async\" width=\"199\" height=\"300\" src=\"http:\/\/leopoldaltenburg.com\/wp-content\/uploads\/2019\/10\/Postkarten_Berlin-199x300.jpg\" alt=\"\" class=\"wp-image-1390\" srcset=\"https:\/\/leopoldaltenburg.com\/wp-content\/uploads\/2019\/10\/Postkarten_Berlin-199x300.jpg 199w, https:\/\/leopoldaltenburg.com\/wp-content\/uploads\/2019\/10\/Postkarten_Berlin.jpg 768w, https:\/\/leopoldaltenburg.com\/wp-content\/uploads\/2019\/10\/Postkarten_Berlin-679x1024.jpg 679w\" sizes=\"auto, (max-width: 199px) 100vw, 199px\" \/><\/figure>\n<\/div>\n\n\n<p><strong>LESERSHOW &#8211; Termine 2019 in Deutschland:<\/strong><br>25.10., Berlin<br>30.10., Rietberg<br>31.10., Bielefeld<br>02.11., Enger,&nbsp;<span style=\"color: #ff0000;\">AUSVERKAUFT<\/span><br>03.11., Blankenburg <span style=\"color: #ff0000;\">AUSVERKAUFT<\/span><br>12.12., Berlin<\/p>\n\n\n\n<p><strong><a href=\"http:\/\/leopoldaltenburg.com\/?page_id=1053\" target=\"_blank\" rel=\"noopener noreferrer\">Alle Termine<\/a><\/strong><\/p>\n\n\n\n<hr class=\"wp-block-separator has-css-opacity\"\/>\n\n\n<div class=\"wp-block-image\">\n<figure class=\"alignleft\"><a href=\"https:\/\/tvthek.orf.at\/profile\/Seitenblicke\/4790197\/Seitenblicke\/14027857\/Leopold-Altenburg-zu-Gast-bei-Vera\/14570054\" target=\"_blank\" rel=\"noopener noreferrer\"><img loading=\"lazy\" decoding=\"async\" width=\"300\" height=\"157\" src=\"http:\/\/leopoldaltenburg.com\/wp-content\/uploads\/2019\/10\/Bildschirmfoto-2019-10-05-um-10.07.28-300x157.png\" alt=\"\" class=\"wp-image-1409\" srcset=\"https:\/\/leopoldaltenburg.com\/wp-content\/uploads\/2019\/10\/Bildschirmfoto-2019-10-05-um-10.07.28-300x157.png 300w, https:\/\/leopoldaltenburg.com\/wp-content\/uploads\/2019\/10\/Bildschirmfoto-2019-10-05-um-10.07.28-768x402.png 768w, https:\/\/leopoldaltenburg.com\/wp-content\/uploads\/2019\/10\/Bildschirmfoto-2019-10-05-um-10.07.28-1024x535.png 1024w, https:\/\/leopoldaltenburg.com\/wp-content\/uploads\/2019\/10\/Bildschirmfoto-2019-10-05-um-10.07.28-500x261.png 500w, https:\/\/leopoldaltenburg.com\/wp-content\/uploads\/2019\/10\/Bildschirmfoto-2019-10-05-um-10.07.28.png 1664w\" sizes=\"auto, (max-width: 300px) 100vw, 300px\" \/><\/a><\/figure>\n<\/div>\n\n\n<p><strong>Leopold Altenburg<\/strong> mit <strong>Dieter Fischer<\/strong> (Rosenheim-Cops) bei den<strong> Seitenblicken <\/strong>vom 4. Oktober 2019<\/p>\n\n\n\n<hr class=\"wp-block-separator has-css-opacity\"\/>\n\n\n<div class=\"wp-block-image\">\n<figure class=\"alignleft\"><a href=\"https:\/\/tvthek.orf.at\/profile\/Vera\/13712191\/Vera\/14027862\" target=\"_blank\" rel=\"noopener noreferrer\"><img loading=\"lazy\" decoding=\"async\" width=\"300\" height=\"168\" src=\"http:\/\/leopoldaltenburg.com\/wp-content\/uploads\/2019\/10\/Bildschirmfoto-2019-10-05-um-10.11.44-300x168.png\" alt=\"\" class=\"wp-image-1411\" srcset=\"https:\/\/leopoldaltenburg.com\/wp-content\/uploads\/2019\/10\/Bildschirmfoto-2019-10-05-um-10.11.44-300x168.png 300w, https:\/\/leopoldaltenburg.com\/wp-content\/uploads\/2019\/10\/Bildschirmfoto-2019-10-05-um-10.11.44-768x431.png 768w, https:\/\/leopoldaltenburg.com\/wp-content\/uploads\/2019\/10\/Bildschirmfoto-2019-10-05-um-10.11.44-1024x574.png 1024w, https:\/\/leopoldaltenburg.com\/wp-content\/uploads\/2019\/10\/Bildschirmfoto-2019-10-05-um-10.11.44-500x280.png 500w, https:\/\/leopoldaltenburg.com\/wp-content\/uploads\/2019\/10\/Bildschirmfoto-2019-10-05-um-10.11.44.png 1680w\" sizes=\"auto, (max-width: 300px) 100vw, 300px\" \/><\/a><\/figure>\n<\/div>\n\n\n<p>Der Gastauftritt vom 4.10.2019 von Leopold Altenburg bei&nbsp;<strong>VERA<\/strong>&nbsp;ist jetzt in der <strong>ORF-Mediathek<\/strong> (bis zum 11. Oktober) zu sehen<\/p>\n\n\n\n<hr class=\"wp-block-separator has-css-opacity\"\/>\n\n\n<div class=\"wp-block-image\">\n<figure class=\"alignleft\"><a href=\"https:\/\/www.lt1.at\/aktuelles\/blaubluetiger-clown-ohne-allueren\/\"><img loading=\"lazy\" decoding=\"async\" width=\"300\" height=\"192\" src=\"http:\/\/leopoldaltenburg.com\/wp-content\/uploads\/2019\/10\/Bildschirmfoto-2019-10-03-um-11.41.11-300x192.png\" alt=\"\" class=\"wp-image-1400\" srcset=\"https:\/\/leopoldaltenburg.com\/wp-content\/uploads\/2019\/10\/Bildschirmfoto-2019-10-03-um-11.41.11-300x192.png 300w, https:\/\/leopoldaltenburg.com\/wp-content\/uploads\/2019\/10\/Bildschirmfoto-2019-10-03-um-11.41.11-768x492.png 768w, https:\/\/leopoldaltenburg.com\/wp-content\/uploads\/2019\/10\/Bildschirmfoto-2019-10-03-um-11.41.11-1024x656.png 1024w, https:\/\/leopoldaltenburg.com\/wp-content\/uploads\/2019\/10\/Bildschirmfoto-2019-10-03-um-11.41.11-468x300.png 468w, https:\/\/leopoldaltenburg.com\/wp-content\/uploads\/2019\/10\/Bildschirmfoto-2019-10-03-um-11.41.11.png 1496w\" sizes=\"auto, (max-width: 300px) 100vw, 300px\" \/><\/a><\/figure>\n<\/div>\n\n\n<p><a href=\"https:\/\/www.lt1.at\/aktuelles\/blaubluetiger-clown-ohne-allueren\/\" target=\"_blank\" rel=\"noopener noreferrer\"><strong>LT1&nbsp;<\/strong><\/a><br>bringt einen Bericht<br>zu Leopold Altenburg und seinem Buch mit Ausschnitten seiner LESERSHOW, live aus der Trinkhalle Bad Ischl.<\/p>\n\n\n\n<hr class=\"wp-block-separator has-css-opacity\"\/>\n\n\n\n<p><a href=\"https:\/\/www.ardmediathek.de\/ard\/player\/Y3JpZDovL21kci5kZS9iZWl0cmFnL2Ntcy80NTE1NWFmOC1lOTU3LTRkYWUtYTMxNS1mMGZkZTAxNTFjOGE\/\" target=\"_blank\" rel=\"noopener noreferrer\"><img loading=\"lazy\" decoding=\"async\" class=\"alignnone wp-image-1387 size-large\" src=\"http:\/\/leopoldaltenburg.com\/wp-content\/uploads\/2019\/09\/Bildschirmfoto-2019-09-21-um-10.39.25-1024x671.png\" alt=\"\" width=\"584\" height=\"383\" srcset=\"https:\/\/leopoldaltenburg.com\/wp-content\/uploads\/2019\/09\/Bildschirmfoto-2019-09-21-um-10.39.25-1024x671.png 1024w, https:\/\/leopoldaltenburg.com\/wp-content\/uploads\/2019\/09\/Bildschirmfoto-2019-09-21-um-10.39.25-300x197.png 300w, https:\/\/leopoldaltenburg.com\/wp-content\/uploads\/2019\/09\/Bildschirmfoto-2019-09-21-um-10.39.25-768x504.png 768w, https:\/\/leopoldaltenburg.com\/wp-content\/uploads\/2019\/09\/Bildschirmfoto-2019-09-21-um-10.39.25-458x300.png 458w\" sizes=\"auto, (max-width: 584px) 100vw, 584px\" \/><\/a>Bis 19.10.2019 in der <a href=\"https:\/\/www.ardmediathek.de\/ard\/player\/Y3JpZDovL21kci5kZS9iZWl0cmFnL2Ntcy80NTE1NWFmOC1lOTU3LTRkYWUtYTMxNS1mMGZkZTAxNTFjOGE\/\" target=\"_blank\" rel=\"noopener noreferrer\"><strong>Mediathek der ARD<\/strong><\/a>: &#8222;Das Festival der deutschen Sprache&#8220; mit Leopold Altenburg <strong>als Claudio in Hugo von Hofmannsthal &#8222;Der Tor und der Tod&#8220;<\/strong>.<\/p>\n\n\n\n<hr class=\"wp-block-separator has-css-opacity\"\/>\n\n\n\n<p>Der <strong>MDR<\/strong> zeigt am <strong>19. September 2019 ab 23:35 Uhr<\/strong> Ausschnitte aus <a href=\"https:\/\/www.mdr.de\/tv\/programm\/sendung-471708_date-2019-09-19_ipgctx-true_zc-995075e2.html\" target=\"_blank\" rel=\"noopener noreferrer\"><strong>&#8222;Gedichte und Balladen aus drei Jahrhunderten&#8220;<\/strong> und <strong>&#8222;Der Tor und der Tod&#8220;<\/strong><\/a> vom Festival der deutschen Sprache aus dem Goethetheater in Bad Lauchst\u00e4dt.<br>Sprecher: Leopold Altenburg, Bernt Hahn, Cornelia Froboess, Sibilly Canonica und Thomas Stecher.<\/p>\n\n\n\n<figure class=\"wp-block-image\"><img loading=\"lazy\" decoding=\"async\" width=\"936\" height=\"698\" src=\"http:\/\/leopoldaltenburg.com\/wp-content\/uploads\/2019\/09\/Bildschirmfoto-2019-09-17-um-12.58.18.png\" alt=\"\" class=\"wp-image-1379\" srcset=\"https:\/\/leopoldaltenburg.com\/wp-content\/uploads\/2019\/09\/Bildschirmfoto-2019-09-17-um-12.58.18.png 936w, https:\/\/leopoldaltenburg.com\/wp-content\/uploads\/2019\/09\/Bildschirmfoto-2019-09-17-um-12.58.18-300x224.png 300w, https:\/\/leopoldaltenburg.com\/wp-content\/uploads\/2019\/09\/Bildschirmfoto-2019-09-17-um-12.58.18-768x573.png 768w, https:\/\/leopoldaltenburg.com\/wp-content\/uploads\/2019\/09\/Bildschirmfoto-2019-09-17-um-12.58.18-402x300.png 402w\" sizes=\"auto, (max-width: 936px) 100vw, 936px\" \/><\/figure>\n\n\n\n<p>Im der Woche darauf wird diese Sendung in der Mediathek zu finden sein.<\/p>\n\n\n\n<hr class=\"wp-block-separator has-css-opacity\"\/>\n\n\n<div class=\"wp-block-image\">\n<figure class=\"alignleft\"><img loading=\"lazy\" decoding=\"async\" width=\"225\" height=\"300\" src=\"http:\/\/leopoldaltenburg.com\/wp-content\/uploads\/2019\/09\/Salzkammergut-Elisabeth-225x300.jpg\" alt=\"\" class=\"wp-image-1381\" srcset=\"https:\/\/leopoldaltenburg.com\/wp-content\/uploads\/2019\/09\/Salzkammergut-Elisabeth-225x300.jpg 225w, https:\/\/leopoldaltenburg.com\/wp-content\/uploads\/2019\/09\/Salzkammergut-Elisabeth-768x1024.jpg 768w\" sizes=\"auto, (max-width: 225px) 100vw, 225px\" \/><\/figure>\n<\/div>\n\n\n<p>Im <strong>Salzkammergut-Magazin<\/strong> ist in der Herbstausgabe ein sechsseitiger Bericht \u00fcber die Person Leopold Altenburg und sein Buch &#8222;Der Kaiser und sein Sonnenschein&#8220;.<\/p>\n\n\n\n<hr class=\"wp-block-separator has-css-opacity\"\/>\n\n\n\n<p>12. August 2019. Das Buch &#8222;Der Kaiser und sein Sonnenschein&#8220; ist auf <strong>Platz 5<\/strong> der <a href=\"https:\/\/www.morawa.at\/buecher\/bestseller\" target=\"_blank\" rel=\"noopener noreferrer\"><strong>Bestsellerliste Belletristik in \u00d6sterreich<\/strong><\/a>:<\/p>\n\n\n\n<figure class=\"wp-block-image\"><img loading=\"lazy\" decoding=\"async\" width=\"1024\" height=\"292\" src=\"http:\/\/leopoldaltenburg.com\/wp-content\/uploads\/2019\/08\/Bildschirmfoto-2019-08-12-um-10.24.31-1024x292.png\" alt=\"\" class=\"wp-image-1366\" srcset=\"https:\/\/leopoldaltenburg.com\/wp-content\/uploads\/2019\/08\/Bildschirmfoto-2019-08-12-um-10.24.31-1024x292.png 1024w, https:\/\/leopoldaltenburg.com\/wp-content\/uploads\/2019\/08\/Bildschirmfoto-2019-08-12-um-10.24.31-300x85.png 300w, https:\/\/leopoldaltenburg.com\/wp-content\/uploads\/2019\/08\/Bildschirmfoto-2019-08-12-um-10.24.31-768x219.png 768w, https:\/\/leopoldaltenburg.com\/wp-content\/uploads\/2019\/08\/Bildschirmfoto-2019-08-12-um-10.24.31-500x142.png 500w, https:\/\/leopoldaltenburg.com\/wp-content\/uploads\/2019\/08\/Bildschirmfoto-2019-08-12-um-10.24.31.png 1770w\" sizes=\"auto, (max-width: 1024px) 100vw, 1024px\" \/><\/figure>\n\n\n\n<hr class=\"wp-block-separator has-css-opacity\"\/>\n\n\n\n<p>Am 14. August 2019, 19 Uhr, mitten in der Kaiserwoche, pr\u00e4sentiert Leopold Altenburg seine &#8222;Leser-Show&#8220; in der <a href=\"https:\/\/badischl.salzkammergut.at\/veranstaltungen-bad-ischl\/oesterreich-veranstaltung\/detail\/430206938\/leopold-altenburg-der-kaiser-und-sein-sonnenschein.html\" target=\"_blank\" rel=\"noopener noreferrer\"><strong>Trinkhalle von Bad Ischl<\/strong><\/a>.<\/p>\n\n\n\n<p>Hier eine Ank\u00fcndigung aus der Ischler Woche:<\/p>\n\n\n\n<figure class=\"wp-block-image\"><img loading=\"lazy\" decoding=\"async\" width=\"803\" height=\"1024\" src=\"http:\/\/leopoldaltenburg.com\/wp-content\/uploads\/2019\/08\/Bildschirmfoto-2019-08-12-um-09.49.39-803x1024.png\" alt=\"\" class=\"wp-image-1362\" srcset=\"https:\/\/leopoldaltenburg.com\/wp-content\/uploads\/2019\/08\/Bildschirmfoto-2019-08-12-um-09.49.39-803x1024.png 803w, https:\/\/leopoldaltenburg.com\/wp-content\/uploads\/2019\/08\/Bildschirmfoto-2019-08-12-um-09.49.39-235x300.png 235w, https:\/\/leopoldaltenburg.com\/wp-content\/uploads\/2019\/08\/Bildschirmfoto-2019-08-12-um-09.49.39-768x979.png 768w, https:\/\/leopoldaltenburg.com\/wp-content\/uploads\/2019\/08\/Bildschirmfoto-2019-08-12-um-09.49.39.png 1252w\" sizes=\"auto, (max-width: 803px) 100vw, 803px\" \/><\/figure>\n\n\n\n<hr class=\"wp-block-separator has-css-opacity\"\/>\n\n\n\n<p>Am 13. August um 20 Uhr pr\u00e4sentiert Leopold Altenburg seine &#8222;Leser-Show&#8220; im <strong><a href=\"https:\/\/www.tostmann.at\/interessantes\/veranstaltungen-2019\/\" target=\"_blank\" rel=\"noopener noreferrer\">Tostmann<\/a><\/strong> von Seewalchen, Ober\u00f6sterreich.<br>Die Einnahmen dieses Auftritts kommen der Organisation <strong><a href=\"https:\/\/www.clownsohnegrenzen.at\" target=\"_blank\" rel=\"noopener noreferrer\">&#8222;Clowns ohne Grenzen &#8211; \u00d6sterreich&#8220;<\/a><\/strong> zugute.<\/p>\n\n\n\n<figure class=\"wp-block-image\"><img loading=\"lazy\" decoding=\"async\" width=\"896\" height=\"168\" src=\"http:\/\/leopoldaltenburg.com\/wp-content\/uploads\/2019\/08\/Bildschirmfoto-2019-08-12-um-10.17.05.png\" alt=\"\" class=\"wp-image-1364\" srcset=\"https:\/\/leopoldaltenburg.com\/wp-content\/uploads\/2019\/08\/Bildschirmfoto-2019-08-12-um-10.17.05.png 896w, https:\/\/leopoldaltenburg.com\/wp-content\/uploads\/2019\/08\/Bildschirmfoto-2019-08-12-um-10.17.05-300x56.png 300w, https:\/\/leopoldaltenburg.com\/wp-content\/uploads\/2019\/08\/Bildschirmfoto-2019-08-12-um-10.17.05-768x144.png 768w, https:\/\/leopoldaltenburg.com\/wp-content\/uploads\/2019\/08\/Bildschirmfoto-2019-08-12-um-10.17.05-500x94.png 500w\" sizes=\"auto, (max-width: 896px) 100vw, 896px\" \/><\/figure>\n\n\n\n<p>&#8222;Wir sind Clowns, Artisten und darstellende K\u00fcnstler, die ehrenamtlich in Krisengebiete reisen, um f\u00fcr die Menschen dort zu spielen. Wir m\u00f6chten den Menschen ein herzliches Lachen, sch\u00f6ne Erinnerungen und vor allem Hoffnung schenken. Als Krisengebiete verstehen wir dabei ein Umfeld, in dem z.B. Krieg, Naturkatastrophen oder Armut herrschen.&#8220;<\/p>\n\n\n\n<hr class=\"wp-block-separator has-css-opacity\"\/>\n\n\n\n<p>31. Juli 2019<br>Leopold Altenburg pr\u00e4sentierte &#8222;Der Kaiser und sein Sonnenschein&#8220;, eine Leser-Show mit Gesang und Geschichten im <strong>Schloss Kindberg, Steiermark<\/strong><\/p>\n\n\n\n<figure class=\"wp-block-image\"><img loading=\"lazy\" decoding=\"async\" width=\"1024\" height=\"683\" src=\"http:\/\/leopoldaltenburg.com\/wp-content\/uploads\/2019\/08\/DSC8372-1024x683.jpg\" alt=\"\" class=\"wp-image-1354\" srcset=\"https:\/\/leopoldaltenburg.com\/wp-content\/uploads\/2019\/08\/DSC8372-1024x683.jpg 1024w, https:\/\/leopoldaltenburg.com\/wp-content\/uploads\/2019\/08\/DSC8372-300x200.jpg 300w, https:\/\/leopoldaltenburg.com\/wp-content\/uploads\/2019\/08\/DSC8372-768x512.jpg 768w, https:\/\/leopoldaltenburg.com\/wp-content\/uploads\/2019\/08\/DSC8372-450x300.jpg 450w\" sizes=\"auto, (max-width: 1024px) 100vw, 1024px\" \/><\/figure>\n\n\n\n<hr class=\"wp-block-separator has-css-opacity\"\/>\n\n\n\n<p>27. Juli 2019<strong><br>DER KAISER UND SEIN SONNENSCHEIN<\/strong>&nbsp;ist in \u00d6sterreich auf <strong>Platz 2<\/strong> der Bestsellerliste Belletristik.<\/p>\n\n\n\n<figure class=\"wp-block-image\"><img loading=\"lazy\" decoding=\"async\" width=\"781\" height=\"1024\" src=\"http:\/\/leopoldaltenburg.com\/wp-content\/uploads\/2019\/07\/Bildschirmfoto-2019-07-29-um-14.07.12-781x1024.png\" alt=\"\" class=\"wp-image-1303\" srcset=\"https:\/\/leopoldaltenburg.com\/wp-content\/uploads\/2019\/07\/Bildschirmfoto-2019-07-29-um-14.07.12-781x1024.png 781w, https:\/\/leopoldaltenburg.com\/wp-content\/uploads\/2019\/07\/Bildschirmfoto-2019-07-29-um-14.07.12-229x300.png 229w, https:\/\/leopoldaltenburg.com\/wp-content\/uploads\/2019\/07\/Bildschirmfoto-2019-07-29-um-14.07.12-768x1008.png 768w, https:\/\/leopoldaltenburg.com\/wp-content\/uploads\/2019\/07\/Bildschirmfoto-2019-07-29-um-14.07.12.png 1026w\" sizes=\"auto, (max-width: 781px) 100vw, 781px\" \/><\/figure>\n\n\n\n<hr class=\"wp-block-separator has-css-opacity\"\/>\n\n\n\n<figure class=\"wp-block-image\"><img loading=\"lazy\" decoding=\"async\" width=\"1024\" height=\"439\" src=\"http:\/\/leopoldaltenburg.com\/wp-content\/uploads\/2019\/08\/Bildschirmfoto-2019-08-05-um-10.32.57-1024x439.png\" alt=\"\" class=\"wp-image-1356\" srcset=\"https:\/\/leopoldaltenburg.com\/wp-content\/uploads\/2019\/08\/Bildschirmfoto-2019-08-05-um-10.32.57-1024x439.png 1024w, https:\/\/leopoldaltenburg.com\/wp-content\/uploads\/2019\/08\/Bildschirmfoto-2019-08-05-um-10.32.57-300x129.png 300w, https:\/\/leopoldaltenburg.com\/wp-content\/uploads\/2019\/08\/Bildschirmfoto-2019-08-05-um-10.32.57-768x329.png 768w, https:\/\/leopoldaltenburg.com\/wp-content\/uploads\/2019\/08\/Bildschirmfoto-2019-08-05-um-10.32.57-500x214.png 500w, https:\/\/leopoldaltenburg.com\/wp-content\/uploads\/2019\/08\/Bildschirmfoto-2019-08-05-um-10.32.57.png 1772w\" sizes=\"auto, (max-width: 1024px) 100vw, 1024px\" \/><\/figure>\n\n\n\n<p><a href=\"http:\/\/testsite.sommerserenaden.at\/sommerserenaden-2016.html\" target=\"_blank\" rel=\"noopener noreferrer\"><strong>Don Giovanni<\/strong><\/a>,<br>Sommerserenaden Graz 2019<br>Am 27., 29., 30. Juli 2019, jew. 19:30 Uhr<br>Regie: Leopold Altenburg<br>mit Johanna M\u00fcller-Frey, Christine Scherzer, Martin Kronthaler, Leopold Altenburg<\/p>\n\n\n\n<hr class=\"wp-block-separator has-css-opacity\"\/>\n\n\n\n<hr class=\"wp-block-separator has-css-opacity\"\/>\n\n\n\n<figure class=\"wp-block-image\"><img loading=\"lazy\" decoding=\"async\" width=\"1024\" height=\"388\" src=\"http:\/\/leopoldaltenburg.com\/wp-content\/uploads\/2019\/03\/190321-077KatharinaSchiffl_9187-1024x388.jpg\" alt=\"\" class=\"wp-image-1122\" srcset=\"https:\/\/leopoldaltenburg.com\/wp-content\/uploads\/2019\/03\/190321-077KatharinaSchiffl_9187-1024x388.jpg 1024w, https:\/\/leopoldaltenburg.com\/wp-content\/uploads\/2019\/03\/190321-077KatharinaSchiffl_9187-300x114.jpg 300w, https:\/\/leopoldaltenburg.com\/wp-content\/uploads\/2019\/03\/190321-077KatharinaSchiffl_9187-768x291.jpg 768w, https:\/\/leopoldaltenburg.com\/wp-content\/uploads\/2019\/03\/190321-077KatharinaSchiffl_9187-500x189.jpg 500w\" sizes=\"auto, (max-width: 1024px) 100vw, 1024px\" \/><\/figure>\n\n\n\n<p>Jetzt im Handel:<br><strong><a href=\"http:\/\/leopoldaltenburg.com\/?page_id=1005\" target=\"_blank\" rel=\"noopener noreferrer\">Leopold Altenburg<br>DER KAISER UND SEIN SONNENSCHEIN<br>Geschichten meines Gro\u00dfvaters Erzherzog Clemens<br>und meines Vaters Prinz Peter<\/a><\/strong><\/p>\n\n\n\n<hr class=\"wp-block-separator has-css-opacity\"\/>\n\n\n\n<p>Leopold Altenburg pr\u00e4sentierte am 7. Mai 2019 im <a href=\"http:\/\/www.kuenstlerheim-baden.at\" target=\"_blank\" rel=\"noopener noreferrer\"><strong>K\u00fcnstlerheim Baden &#8211; K\u00fcnstler helfen K\u00fcnstler, Pr\u00e4sidentin Prof. Lotte Tobisch<\/strong> <\/a>(Bild) sein Buch &#8222;Der Kaiser und sein Sonnenschein&#8220;.<\/p>\n\n\n\n<figure class=\"wp-block-image\"><img loading=\"lazy\" decoding=\"async\" width=\"1024\" height=\"768\" src=\"http:\/\/leopoldaltenburg.com\/wp-content\/uploads\/2019\/06\/Michael-Fritthum_IMG_7472-b-1024x768.jpg\" alt=\"\" class=\"wp-image-1250\" srcset=\"https:\/\/leopoldaltenburg.com\/wp-content\/uploads\/2019\/06\/Michael-Fritthum_IMG_7472-b-1024x768.jpg 1024w, https:\/\/leopoldaltenburg.com\/wp-content\/uploads\/2019\/06\/Michael-Fritthum_IMG_7472-b-300x225.jpg 300w, https:\/\/leopoldaltenburg.com\/wp-content\/uploads\/2019\/06\/Michael-Fritthum_IMG_7472-b-768x576.jpg 768w, https:\/\/leopoldaltenburg.com\/wp-content\/uploads\/2019\/06\/Michael-Fritthum_IMG_7472-b-400x300.jpg 400w, https:\/\/leopoldaltenburg.com\/wp-content\/uploads\/2019\/06\/Michael-Fritthum_IMG_7472-b.jpg 1250w\" sizes=\"auto, (max-width: 1024px) 100vw, 1024px\" \/><\/figure>\n\n\n\n<p>Foto: Michael Fritthum<\/p>\n\n\n\n<hr class=\"wp-block-separator has-css-opacity\"\/>\n\n\n\n<figure class=\"wp-block-image\"><a href=\"http:\/\/leopoldaltenburg.com\/wp-content\/uploads\/2019\/05\/Bildschirmfoto-2019-05-10-um-11.15.09.png\" target=\"_blank\" rel=\"noopener noreferrer\"><img loading=\"lazy\" decoding=\"async\" width=\"1024\" height=\"1020\" src=\"http:\/\/leopoldaltenburg.com\/wp-content\/uploads\/2019\/05\/Bildschirmfoto-2019-05-10-um-11.15.09-1024x1020.png\" alt=\"\" class=\"wp-image-1243\" srcset=\"https:\/\/leopoldaltenburg.com\/wp-content\/uploads\/2019\/05\/Bildschirmfoto-2019-05-10-um-11.15.09-1024x1020.png 1024w, https:\/\/leopoldaltenburg.com\/wp-content\/uploads\/2019\/05\/Bildschirmfoto-2019-05-10-um-11.15.09-150x150.png 150w, https:\/\/leopoldaltenburg.com\/wp-content\/uploads\/2019\/05\/Bildschirmfoto-2019-05-10-um-11.15.09-300x300.png 300w, https:\/\/leopoldaltenburg.com\/wp-content\/uploads\/2019\/05\/Bildschirmfoto-2019-05-10-um-11.15.09-768x765.png 768w, https:\/\/leopoldaltenburg.com\/wp-content\/uploads\/2019\/05\/Bildschirmfoto-2019-05-10-um-11.15.09-301x300.png 301w, https:\/\/leopoldaltenburg.com\/wp-content\/uploads\/2019\/05\/Bildschirmfoto-2019-05-10-um-11.15.09.png 1516w\" sizes=\"auto, (max-width: 1024px) 100vw, 1024px\" \/><\/a><\/figure>\n\n\n\n<hr class=\"wp-block-separator has-css-opacity\"\/>\n\n\n\n<p>25. M\u00e4rz 2019, 19 Uhr, <strong>Thalia Buchhandlung<\/strong>, Wien 3<br>Lesung und Interview<br><img loading=\"lazy\" decoding=\"async\" class=\"alignnone size-large wp-image-1125\" src=\"http:\/\/leopoldaltenburg.com\/wp-content\/uploads\/2019\/03\/Bildschirmfoto-2019-03-29-um-10.12.18-1024x678.png\" alt=\"\" width=\"584\" height=\"387\" srcset=\"https:\/\/leopoldaltenburg.com\/wp-content\/uploads\/2019\/03\/Bildschirmfoto-2019-03-29-um-10.12.18-1024x678.png 1024w, https:\/\/leopoldaltenburg.com\/wp-content\/uploads\/2019\/03\/Bildschirmfoto-2019-03-29-um-10.12.18-300x199.png 300w, https:\/\/leopoldaltenburg.com\/wp-content\/uploads\/2019\/03\/Bildschirmfoto-2019-03-29-um-10.12.18-768x509.png 768w, https:\/\/leopoldaltenburg.com\/wp-content\/uploads\/2019\/03\/Bildschirmfoto-2019-03-29-um-10.12.18-453x300.png 453w, https:\/\/leopoldaltenburg.com\/wp-content\/uploads\/2019\/03\/Bildschirmfoto-2019-03-29-um-10.12.18.png 1766w\" sizes=\"auto, (max-width: 584px) 100vw, 584px\" \/><\/p>\n\n\n\n<p>Weitere Bilder zu diesem Abend finden Sie <a href=\"https:\/\/adobe.ly\/2FzC4yp\" target=\"_blank\" rel=\"noopener noreferrer\">hier<\/a><\/p>\n\n\n\n<hr class=\"wp-block-separator has-css-opacity\"\/>\n\n\n\n<figure class=\"wp-block-image\"><img loading=\"lazy\" decoding=\"async\" width=\"1024\" height=\"388\" src=\"http:\/\/leopoldaltenburg.com\/wp-content\/uploads\/2019\/03\/190321-077KatharinaSchiffl_9187-1024x388.jpg\" alt=\"\" class=\"wp-image-1122\" srcset=\"https:\/\/leopoldaltenburg.com\/wp-content\/uploads\/2019\/03\/190321-077KatharinaSchiffl_9187-1024x388.jpg 1024w, https:\/\/leopoldaltenburg.com\/wp-content\/uploads\/2019\/03\/190321-077KatharinaSchiffl_9187-300x114.jpg 300w, https:\/\/leopoldaltenburg.com\/wp-content\/uploads\/2019\/03\/190321-077KatharinaSchiffl_9187-768x291.jpg 768w, https:\/\/leopoldaltenburg.com\/wp-content\/uploads\/2019\/03\/190321-077KatharinaSchiffl_9187-500x189.jpg 500w\" sizes=\"auto, (max-width: 1024px) 100vw, 1024px\" \/><\/figure>\n\n\n\n<p>21. M\u00e4rz 2019, 19 Uhr, Palais Ferstet, Caf\u00e9 Central, Wien 1<br><strong>Buchpr\u00e4sentation von<\/strong><br><strong><a href=\"http:\/\/leopoldaltenburg.com\/?page_id=1005\" target=\"_blank\" rel=\"noopener noreferrer\">Leopold Altenburg<br>DER KAISER UND SEIN SONNENSCHEIN<br>Geschichten meines Gro\u00dfvaters Erzherzog Clemens<br>und meines Vaters Prinz Peter<\/a><\/strong><\/p>\n\n\n\n<hr class=\"wp-block-separator has-css-opacity\"\/>\n\n\n\n<p><strong>Interviews und Rezensionen in Zeitschriften, Radiostationen und TV zu<br>Leopold Altenburg &#8222;Der Kaiser und sein Sonnenschein&#8220;:<\/strong><\/p>\n\n\n\n<hr class=\"wp-block-separator has-css-opacity\"\/>\n\n\n<div class=\"wp-block-image\">\n<figure class=\"alignleft\"><img loading=\"lazy\" decoding=\"async\" width=\"300\" height=\"205\" src=\"http:\/\/leopoldaltenburg.com\/wp-content\/uploads\/2019\/06\/Bildschirmfoto-2019-06-07-um-10.10.22-300x205.png\" alt=\"\" class=\"wp-image-1259\" srcset=\"https:\/\/leopoldaltenburg.com\/wp-content\/uploads\/2019\/06\/Bildschirmfoto-2019-06-07-um-10.10.22-300x205.png 300w, https:\/\/leopoldaltenburg.com\/wp-content\/uploads\/2019\/06\/Bildschirmfoto-2019-06-07-um-10.10.22-768x526.png 768w, https:\/\/leopoldaltenburg.com\/wp-content\/uploads\/2019\/06\/Bildschirmfoto-2019-06-07-um-10.10.22-1024x701.png 1024w, https:\/\/leopoldaltenburg.com\/wp-content\/uploads\/2019\/06\/Bildschirmfoto-2019-06-07-um-10.10.22-438x300.png 438w, https:\/\/leopoldaltenburg.com\/wp-content\/uploads\/2019\/06\/Bildschirmfoto-2019-06-07-um-10.10.22.png 1914w\" sizes=\"auto, (max-width: 300px) 100vw, 300px\" \/><\/figure>\n<\/div>\n\n\n<p><strong>NDR DAS!<\/strong>, zu Gast auf dem roten Sofa.<br>Am 5. Juni 2019<br>Moderation: Inka Schneider<\/p>\n\n\n\n<hr class=\"wp-block-separator has-css-opacity\"\/>\n\n\n<div class=\"wp-block-image\">\n<figure class=\"alignleft\"><img loading=\"lazy\" decoding=\"async\" width=\"230\" height=\"300\" src=\"http:\/\/leopoldaltenburg.com\/wp-content\/uploads\/2019\/06\/Bildschirmfoto-2019-06-07-um-09.57.37-230x300.png\" alt=\"\" class=\"wp-image-1258\" srcset=\"https:\/\/leopoldaltenburg.com\/wp-content\/uploads\/2019\/06\/Bildschirmfoto-2019-06-07-um-09.57.37-230x300.png 230w, https:\/\/leopoldaltenburg.com\/wp-content\/uploads\/2019\/06\/Bildschirmfoto-2019-06-07-um-09.57.37.png 400w\" sizes=\"auto, (max-width: 230px) 100vw, 230px\" \/><\/figure>\n<\/div>\n\n\n<p><strong><a href=\"https:\/\/www.br.de\/mediathek\/podcast\/blaue-couch\/leopold-altenburg-schauspieler\/1608126\" target=\"_blank\" rel=\"noopener noreferrer\">BR 1, Die blaue Couch<\/a><br><\/strong>vom 20.5.2019<br>Moderation: Gabi Fischer<\/p>\n\n\n\n<hr class=\"wp-block-separator has-css-opacity\"\/>\n\n\n<div class=\"wp-block-image\">\n<figure class=\"alignleft\"><img loading=\"lazy\" decoding=\"async\" width=\"200\" height=\"300\" src=\"http:\/\/leopoldaltenburg.com\/wp-content\/uploads\/2019\/02\/17.Leopold-Altenburg-200x300.jpg\" alt=\"\" class=\"wp-image-1021\" srcset=\"https:\/\/leopoldaltenburg.com\/wp-content\/uploads\/2019\/02\/17.Leopold-Altenburg-200x300.jpg 200w, https:\/\/leopoldaltenburg.com\/wp-content\/uploads\/2019\/02\/17.Leopold-Altenburg-768x1154.jpg 768w, https:\/\/leopoldaltenburg.com\/wp-content\/uploads\/2019\/02\/17.Leopold-Altenburg-681x1024.jpg 681w\" sizes=\"auto, (max-width: 200px) 100vw, 200px\" \/><\/figure>\n<\/div>\n\n\n<p><strong><a href=\"https:\/\/www.mdr.de\/sachsenradio\/podcast\/suche--100_zc-d59b297f_zs-358d110f.html?q=Leopold+Altenburg\" target=\"_blank\" rel=\"noopener noreferrer\">MDR &#8211; Sachsenradio, Sonntagsbrunch <\/a>&nbsp;<\/strong>12.5.2019<br>Moderation: Katja Henkel<\/p>\n\n\n\n<hr class=\"wp-block-separator has-css-opacity\"\/>\n\n\n<div class=\"wp-block-image\">\n<figure class=\"alignleft\"><img loading=\"lazy\" decoding=\"async\" width=\"150\" height=\"150\" src=\"http:\/\/leopoldaltenburg.com\/wp-content\/uploads\/2019\/06\/Bildschirmfoto-2019-06-11-um-12.06.25-150x150.png\" alt=\"\" class=\"wp-image-1262\"\/><\/figure>\n<\/div>\n\n\n<p><strong>Sat 1 Fr\u00fchst\u00fccksfernsehen<\/strong>, am 7. Juni 2019<\/p>\n\n\n\n<hr class=\"wp-block-separator has-css-opacity\"\/>\n\n\n<div class=\"wp-block-image\">\n<figure class=\"alignleft\"><img loading=\"lazy\" decoding=\"async\" width=\"300\" height=\"149\" src=\"http:\/\/leopoldaltenburg.com\/wp-content\/uploads\/2019\/05\/Bildschirmfoto-2019-05-10-um-12.16.59-300x149.png\" alt=\"\" class=\"wp-image-1246\" srcset=\"https:\/\/leopoldaltenburg.com\/wp-content\/uploads\/2019\/05\/Bildschirmfoto-2019-05-10-um-12.16.59-300x149.png 300w, https:\/\/leopoldaltenburg.com\/wp-content\/uploads\/2019\/05\/Bildschirmfoto-2019-05-10-um-12.16.59-768x383.png 768w, https:\/\/leopoldaltenburg.com\/wp-content\/uploads\/2019\/05\/Bildschirmfoto-2019-05-10-um-12.16.59-1024x510.png 1024w, https:\/\/leopoldaltenburg.com\/wp-content\/uploads\/2019\/05\/Bildschirmfoto-2019-05-10-um-12.16.59-500x249.png 500w, https:\/\/leopoldaltenburg.com\/wp-content\/uploads\/2019\/05\/Bildschirmfoto-2019-05-10-um-12.16.59.png 1586w\" sizes=\"auto, (max-width: 300px) 100vw, 300px\" \/><\/figure>\n<\/div>\n\n\n<p><strong><a href=\"https:\/\/www.br.de\/mediathek\/video\/leopold-altenburg-clown-von-kaiserlichem-gebluet-av:5cd305b8cf372a001a2bd5fb\" target=\"_blank\" rel=\"noopener noreferrer\">Abendschau auf BR,<\/a>&nbsp;<\/strong>am 8.5.2019<\/p>\n\n\n\n<hr class=\"wp-block-separator has-css-opacity\"\/>\n\n\n<div class=\"wp-block-image\">\n<figure class=\"alignleft\"><img loading=\"lazy\" decoding=\"async\" width=\"300\" height=\"157\" src=\"http:\/\/leopoldaltenburg.com\/wp-content\/uploads\/2019\/05\/Bildschirmfoto-2019-05-10-um-12.07.31-300x157.png\" alt=\"\" class=\"wp-image-1245\" srcset=\"https:\/\/leopoldaltenburg.com\/wp-content\/uploads\/2019\/05\/Bildschirmfoto-2019-05-10-um-12.07.31-300x157.png 300w, https:\/\/leopoldaltenburg.com\/wp-content\/uploads\/2019\/05\/Bildschirmfoto-2019-05-10-um-12.07.31-768x402.png 768w, https:\/\/leopoldaltenburg.com\/wp-content\/uploads\/2019\/05\/Bildschirmfoto-2019-05-10-um-12.07.31-1024x536.png 1024w, https:\/\/leopoldaltenburg.com\/wp-content\/uploads\/2019\/05\/Bildschirmfoto-2019-05-10-um-12.07.31-500x262.png 500w, https:\/\/leopoldaltenburg.com\/wp-content\/uploads\/2019\/05\/Bildschirmfoto-2019-05-10-um-12.07.31.png 1680w\" sizes=\"auto, (max-width: 300px) 100vw, 300px\" \/><\/figure>\n<\/div>\n\n\n<p><strong>ORF Burgenland,&nbsp;<\/strong>4.5.2019<\/p>\n\n\n\n<hr class=\"wp-block-separator has-css-opacity\"\/>\n\n\n<div class=\"wp-block-image\">\n<figure class=\"alignleft\"><a href=\"http:\/\/leopoldaltenburg.com\/wp-content\/uploads\/2019\/05\/Bildschirmfoto-2019-05-03-um-16.35.25.png\" target=\"_blank\" rel=\"noopener noreferrer\"><img loading=\"lazy\" decoding=\"async\" width=\"300\" height=\"132\" src=\"http:\/\/leopoldaltenburg.com\/wp-content\/uploads\/2019\/05\/Bildschirmfoto-2019-05-03-um-16.35.25-300x132.png\" alt=\"\" class=\"wp-image-1229\" srcset=\"https:\/\/leopoldaltenburg.com\/wp-content\/uploads\/2019\/05\/Bildschirmfoto-2019-05-03-um-16.35.25-300x132.png 300w, https:\/\/leopoldaltenburg.com\/wp-content\/uploads\/2019\/05\/Bildschirmfoto-2019-05-03-um-16.35.25-768x337.png 768w, https:\/\/leopoldaltenburg.com\/wp-content\/uploads\/2019\/05\/Bildschirmfoto-2019-05-03-um-16.35.25-1024x450.png 1024w, https:\/\/leopoldaltenburg.com\/wp-content\/uploads\/2019\/05\/Bildschirmfoto-2019-05-03-um-16.35.25-500x220.png 500w\" sizes=\"auto, (max-width: 300px) 100vw, 300px\" \/><\/a><\/figure>\n<\/div>\n\n\n<p><a href=\"http:\/\/leopoldaltenburg.com\/wp-content\/uploads\/2019\/05\/Bildschirmfoto-2019-05-03-um-16.35.25.png\" target=\"_blank\" rel=\"noopener noreferrer\"><strong>BILD<\/strong><\/a>, 3. Mai 2019<\/p>\n\n\n\n<hr class=\"wp-block-separator has-css-opacity\"\/>\n\n\n<div class=\"wp-block-image\">\n<figure class=\"alignleft\"><img loading=\"lazy\" decoding=\"async\" width=\"252\" height=\"300\" src=\"http:\/\/leopoldaltenburg.com\/wp-content\/uploads\/2019\/05\/Bildschirmfoto-2019-05-03-um-18.57.36-252x300.png\" alt=\"\" class=\"wp-image-1231\" srcset=\"https:\/\/leopoldaltenburg.com\/wp-content\/uploads\/2019\/05\/Bildschirmfoto-2019-05-03-um-18.57.36-252x300.png 252w, https:\/\/leopoldaltenburg.com\/wp-content\/uploads\/2019\/05\/Bildschirmfoto-2019-05-03-um-18.57.36-768x916.png 768w, https:\/\/leopoldaltenburg.com\/wp-content\/uploads\/2019\/05\/Bildschirmfoto-2019-05-03-um-18.57.36-859x1024.png 859w, https:\/\/leopoldaltenburg.com\/wp-content\/uploads\/2019\/05\/Bildschirmfoto-2019-05-03-um-18.57.36.png 1214w\" sizes=\"auto, (max-width: 252px) 100vw, 252px\" \/><\/figure>\n<\/div>\n\n\n<p><strong><a href=\"http:\/\/leopoldaltenburg.com\/wp-content\/uploads\/2019\/05\/Bildschirmfoto-2019-05-03-um-18.57.36.png\" target=\"_blank\" rel=\"noopener noreferrer\">BZ,&nbsp;<\/a>3. Mai 2019<\/strong><\/p>\n\n\n\n<hr class=\"wp-block-separator has-css-opacity\"\/>\n\n\n<div class=\"wp-block-image\">\n<figure class=\"alignleft\"><a href=\"http:\/\/leopoldaltenburg.com\/wp-content\/uploads\/2019\/05\/ROY-06-Bad-Ischl_18265328_View.pdf\" target=\"_blank\" rel=\"noopener noreferrer\"><img loading=\"lazy\" decoding=\"async\" width=\"300\" height=\"200\" src=\"http:\/\/leopoldaltenburg.com\/wp-content\/uploads\/2019\/05\/190321-032KatharinaSchiffl_8943-300x200.jpg\" alt=\"\" class=\"wp-image-1233\" srcset=\"https:\/\/leopoldaltenburg.com\/wp-content\/uploads\/2019\/05\/190321-032KatharinaSchiffl_8943-300x200.jpg 300w, https:\/\/leopoldaltenburg.com\/wp-content\/uploads\/2019\/05\/190321-032KatharinaSchiffl_8943-768x512.jpg 768w, https:\/\/leopoldaltenburg.com\/wp-content\/uploads\/2019\/05\/190321-032KatharinaSchiffl_8943-1024x683.jpg 1024w, https:\/\/leopoldaltenburg.com\/wp-content\/uploads\/2019\/05\/190321-032KatharinaSchiffl_8943-450x300.jpg 450w, https:\/\/leopoldaltenburg.com\/wp-content\/uploads\/2019\/05\/190321-032KatharinaSchiffl_8943.jpg 1800w\" sizes=\"auto, (max-width: 300px) 100vw, 300px\" \/><\/a><\/figure>\n<\/div>\n\n\n<p><strong><a href=\"http:\/\/leopoldaltenburg.com\/wp-content\/uploads\/2019\/05\/ROY-06-Bad-Ischl_18265328_View.pdf\" target=\"_blank\" rel=\"noopener noreferrer\">Frau im Spiegel Royal<\/a>, 2. Mai 2019<\/strong><\/p>\n\n\n\n<hr class=\"wp-block-separator has-css-opacity\"\/>\n\n\n<div class=\"wp-block-image\">\n<figure class=\"alignleft\"><img loading=\"lazy\" decoding=\"async\" width=\"300\" height=\"151\" src=\"http:\/\/leopoldaltenburg.com\/wp-content\/uploads\/2019\/04\/Bildschirmfoto-2019-04-21-um-16.42.12-300x151.png\" alt=\"\" class=\"wp-image-1205\" srcset=\"https:\/\/leopoldaltenburg.com\/wp-content\/uploads\/2019\/04\/Bildschirmfoto-2019-04-21-um-16.42.12-300x151.png 300w, https:\/\/leopoldaltenburg.com\/wp-content\/uploads\/2019\/04\/Bildschirmfoto-2019-04-21-um-16.42.12-768x387.png 768w, https:\/\/leopoldaltenburg.com\/wp-content\/uploads\/2019\/04\/Bildschirmfoto-2019-04-21-um-16.42.12-1024x516.png 1024w, https:\/\/leopoldaltenburg.com\/wp-content\/uploads\/2019\/04\/Bildschirmfoto-2019-04-21-um-16.42.12-500x252.png 500w, https:\/\/leopoldaltenburg.com\/wp-content\/uploads\/2019\/04\/Bildschirmfoto-2019-04-21-um-16.42.12.png 1744w\" sizes=\"auto, (max-width: 300px) 100vw, 300px\" \/><\/figure>\n<\/div>\n\n\n<p><strong>ORF \u2013 ZIB 1 <\/strong>vom 19. April 2019, 19:30 Uhr, Leopold Altenburg in einem Bericht \u00fcber sein Buch &#8222;Der Kaiser und sein&nbsp;Sonnenschein&#8220;.<\/p>\n\n\n\n<hr class=\"wp-block-separator has-css-opacity\"\/>\n\n\n<div class=\"wp-block-image\">\n<figure class=\"alignleft\"><img loading=\"lazy\" decoding=\"async\" width=\"300\" height=\"112\" src=\"http:\/\/leopoldaltenburg.com\/wp-content\/uploads\/2019\/04\/Bildschirmfoto-2019-04-21-um-16.52.12-300x112.jpg\" alt=\"\" class=\"wp-image-1207\" srcset=\"https:\/\/leopoldaltenburg.com\/wp-content\/uploads\/2019\/04\/Bildschirmfoto-2019-04-21-um-16.52.12-300x112.jpg 300w, https:\/\/leopoldaltenburg.com\/wp-content\/uploads\/2019\/04\/Bildschirmfoto-2019-04-21-um-16.52.12-768x286.jpg 768w, https:\/\/leopoldaltenburg.com\/wp-content\/uploads\/2019\/04\/Bildschirmfoto-2019-04-21-um-16.52.12-1024x381.jpg 1024w, https:\/\/leopoldaltenburg.com\/wp-content\/uploads\/2019\/04\/Bildschirmfoto-2019-04-21-um-16.52.12-500x186.jpg 500w, https:\/\/leopoldaltenburg.com\/wp-content\/uploads\/2019\/04\/Bildschirmfoto-2019-04-21-um-16.52.12.jpg 1579w\" sizes=\"auto, (max-width: 300px) 100vw, 300px\" \/><\/figure>\n<\/div>\n\n\n<p><a href=\"https:\/\/oe1.orf.at\/programm\/20190415\/549971\" target=\"_blank\" rel=\"noopener noreferrer\"><strong><\/strong><\/a><strong>\u00d61 \u2013&nbsp;<\/strong><a href=\"https:\/\/oe1.orf.at\/programm\/20190415\/549971\" target=\"_blank\" rel=\"noopener noreferrer\"><b>Kulturjournal <\/b><\/a>vom 15. April 2019, 17:09 Uhr, mit Ausschnitten einer Lesung in Berlin<\/p>\n\n\n\n<hr class=\"wp-block-separator has-css-opacity\"\/>\n\n\n<div class=\"wp-block-image\">\n<figure class=\"alignleft\"><img loading=\"lazy\" decoding=\"async\" width=\"300\" height=\"129\" src=\"http:\/\/leopoldaltenburg.com\/wp-content\/uploads\/2019\/04\/Bildschirmfoto-2019-04-21-um-16.55.18-300x129.png\" alt=\"\" class=\"wp-image-1210\" srcset=\"https:\/\/leopoldaltenburg.com\/wp-content\/uploads\/2019\/04\/Bildschirmfoto-2019-04-21-um-16.55.18-300x129.png 300w, https:\/\/leopoldaltenburg.com\/wp-content\/uploads\/2019\/04\/Bildschirmfoto-2019-04-21-um-16.55.18-768x329.png 768w, https:\/\/leopoldaltenburg.com\/wp-content\/uploads\/2019\/04\/Bildschirmfoto-2019-04-21-um-16.55.18-1024x439.png 1024w, https:\/\/leopoldaltenburg.com\/wp-content\/uploads\/2019\/04\/Bildschirmfoto-2019-04-21-um-16.55.18-500x214.png 500w, https:\/\/leopoldaltenburg.com\/wp-content\/uploads\/2019\/04\/Bildschirmfoto-2019-04-21-um-16.55.18.png 1870w\" sizes=\"auto, (max-width: 300px) 100vw, 300px\" \/><\/figure>\n<\/div>\n\n\n<p><strong><a href=\"https:\/\/www.berliner-kurier.de\/berlin\/leute\/prinz-clown-warum-sisis-ururenkel-als-clown-in-berlin-arbeitet-32342238\" target=\"_blank\" rel=\"noopener noreferrer\">Berliner Zeitung<\/a><\/strong>vom 8. April 2018<\/p>\n\n\n\n<hr class=\"wp-block-separator has-css-opacity\"\/>\n\n\n<div class=\"wp-block-image\">\n<figure class=\"alignleft\"><img loading=\"lazy\" decoding=\"async\" width=\"300\" height=\"170\" src=\"http:\/\/leopoldaltenburg.com\/wp-content\/uploads\/2019\/04\/Bildschirmfoto-2019-04-21-um-16.59.10-300x170.png\" alt=\"\" class=\"wp-image-1212\" srcset=\"https:\/\/leopoldaltenburg.com\/wp-content\/uploads\/2019\/04\/Bildschirmfoto-2019-04-21-um-16.59.10-300x170.png 300w, https:\/\/leopoldaltenburg.com\/wp-content\/uploads\/2019\/04\/Bildschirmfoto-2019-04-21-um-16.59.10-768x435.png 768w, https:\/\/leopoldaltenburg.com\/wp-content\/uploads\/2019\/04\/Bildschirmfoto-2019-04-21-um-16.59.10-1024x580.png 1024w, https:\/\/leopoldaltenburg.com\/wp-content\/uploads\/2019\/04\/Bildschirmfoto-2019-04-21-um-16.59.10-500x283.png 500w, https:\/\/leopoldaltenburg.com\/wp-content\/uploads\/2019\/04\/Bildschirmfoto-2019-04-21-um-16.59.10.png 1750w\" sizes=\"auto, (max-width: 300px) 100vw, 300px\" \/><\/figure>\n<\/div>\n\n\n<p><strong><a href=\"https:\/\/www.bunte.de\/royals\/royals-weltweit\/oesterreichischer-adel\/leopold-altenburg-sisis-ururenkel-erzaehlt-so-funktioniert-das-netzwerk-adel-heute.html\" target=\"_blank\" rel=\"noopener noreferrer\">BUNTE-online<\/a><\/strong>, 10. April 2019<\/p>\n\n\n\n<hr class=\"wp-block-separator has-css-opacity\"\/>\n\n\n\n<p><strong><a href=\"https:\/\/www.promipool.de\/stars\/kaiserin-sissi-kennt-ihr-ihren-ur-ur-enkel-leopold-altenburg\" target=\"_blank\" rel=\"noopener noreferrer\">Promipool <\/a><\/strong>vom 16. April 2019<\/p>\n\n\n\n<hr class=\"wp-block-separator has-css-opacity\"\/>\n\n\n<div class=\"wp-block-image\">\n<figure class=\"alignleft\"><a href=\"https:\/\/tvthek.orf.at\/profile\/matinee-am-Sonntag\/6467629\/Matinee-am-Sonntag\/14010488\/BuchTIPP-Der-Kaiser-und-sein-Sonnenschein\/14479962\" target=\"_blank\" rel=\"noopener noreferrer\"><img loading=\"lazy\" decoding=\"async\" width=\"300\" height=\"166\" src=\"http:\/\/leopoldaltenburg.com\/wp-content\/uploads\/2019\/04\/Bildschirmfoto-2019-04-17-um-21.09.04-300x166.png\" alt=\"\" class=\"wp-image-1202\" srcset=\"https:\/\/leopoldaltenburg.com\/wp-content\/uploads\/2019\/04\/Bildschirmfoto-2019-04-17-um-21.09.04-300x166.png 300w, https:\/\/leopoldaltenburg.com\/wp-content\/uploads\/2019\/04\/Bildschirmfoto-2019-04-17-um-21.09.04-768x424.png 768w, https:\/\/leopoldaltenburg.com\/wp-content\/uploads\/2019\/04\/Bildschirmfoto-2019-04-17-um-21.09.04-1024x565.png 1024w, https:\/\/leopoldaltenburg.com\/wp-content\/uploads\/2019\/04\/Bildschirmfoto-2019-04-17-um-21.09.04-500x276.png 500w, https:\/\/leopoldaltenburg.com\/wp-content\/uploads\/2019\/04\/Bildschirmfoto-2019-04-17-um-21.09.04.png 1746w\" sizes=\"auto, (max-width: 300px) 100vw, 300px\" \/><\/a><\/figure>\n<\/div>\n\n\n<p><b>ORF, Matinee am Sonntag vom 14. April 2019, <\/b>Buchtipp &#8222;Der Kaiser und sein Sonnenschein&#8220;<\/p>\n\n\n\n<hr class=\"wp-block-separator has-css-opacity\"\/>\n\n\n\n<p><a href=\"https:\/\/player.fm\/series\/radio-wien-menschen-im-gesprch\/leopold-altenburg\" target=\"_blank\" rel=\"noopener noreferrer\"><strong>Radio Wien, Menschen im Gespr\u00e4ch<\/strong><\/a>, Leopold Altenburg zu Gast bei Hadschi Bankhofer, 8. April 2019<\/p>\n\n\n\n<hr class=\"wp-block-separator has-css-opacity\"\/>\n\n\n<div class=\"wp-block-image\">\n<figure class=\"alignleft\"><img loading=\"lazy\" decoding=\"async\" width=\"300\" height=\"150\" src=\"http:\/\/leopoldaltenburg.com\/wp-content\/uploads\/2019\/04\/Bildschirmfoto-2019-04-04-um-12.11.00-300x150.png\" alt=\"\" class=\"wp-image-1148\" srcset=\"https:\/\/leopoldaltenburg.com\/wp-content\/uploads\/2019\/04\/Bildschirmfoto-2019-04-04-um-12.11.00-300x150.png 300w, https:\/\/leopoldaltenburg.com\/wp-content\/uploads\/2019\/04\/Bildschirmfoto-2019-04-04-um-12.11.00-768x383.png 768w, https:\/\/leopoldaltenburg.com\/wp-content\/uploads\/2019\/04\/Bildschirmfoto-2019-04-04-um-12.11.00-1024x510.png 1024w, https:\/\/leopoldaltenburg.com\/wp-content\/uploads\/2019\/04\/Bildschirmfoto-2019-04-04-um-12.11.00-500x249.png 500w, https:\/\/leopoldaltenburg.com\/wp-content\/uploads\/2019\/04\/Bildschirmfoto-2019-04-04-um-12.11.00.png 1962w\" sizes=\"auto, (max-width: 300px) 100vw, 300px\" \/><\/figure>\n<\/div>\n\n\n<p><strong>rbb, ZIBB, 3.4.2019<\/strong><br>bis 10.4.2019 in der Mediathek von rbb<\/p>\n\n\n\n<hr class=\"wp-block-separator has-css-opacity\"\/>\n\n\n<div class=\"wp-block-image\">\n<figure class=\"alignleft\"><a href=\"http:\/\/leopoldaltenburg.com\/wp-content\/uploads\/2019\/03\/Bildschirmfoto-2019-03-18-um-21.35.17.png\" target=\"_blank\" rel=\"noopener noreferrer\"><img loading=\"lazy\" decoding=\"async\" width=\"300\" height=\"269\" src=\"http:\/\/leopoldaltenburg.com\/wp-content\/uploads\/2019\/03\/Bildschirmfoto-2019-03-18-um-21.35.17-300x269.png\" alt=\"\" class=\"wp-image-1110\" srcset=\"https:\/\/leopoldaltenburg.com\/wp-content\/uploads\/2019\/03\/Bildschirmfoto-2019-03-18-um-21.35.17-300x269.png 300w, https:\/\/leopoldaltenburg.com\/wp-content\/uploads\/2019\/03\/Bildschirmfoto-2019-03-18-um-21.35.17-768x690.png 768w, https:\/\/leopoldaltenburg.com\/wp-content\/uploads\/2019\/03\/Bildschirmfoto-2019-03-18-um-21.35.17-1024x920.png 1024w, https:\/\/leopoldaltenburg.com\/wp-content\/uploads\/2019\/03\/Bildschirmfoto-2019-03-18-um-21.35.17-334x300.png 334w, https:\/\/leopoldaltenburg.com\/wp-content\/uploads\/2019\/03\/Bildschirmfoto-2019-03-18-um-21.35.17.png 1650w\" sizes=\"auto, (max-width: 300px) 100vw, 300px\" \/><\/a><\/figure>\n<\/div>\n\n\n<p><strong><a href=\"https:\/\/www.tagesspiegel.de\/berlin\/die-habsburger-in-hermsdorf-wieso-ein-prinz-als-krankenhausclown-arbeitet\/24113104.html\" target=\"_blank\" rel=\"noopener noreferrer\">Tagesspiegel, 18.3.2019<\/a><\/strong><\/p>\n\n\n\n<hr class=\"wp-block-separator has-css-opacity\"\/>\n\n\n<div class=\"wp-block-image\">\n<figure class=\"alignleft\"><img loading=\"lazy\" decoding=\"async\" width=\"300\" height=\"168\" src=\"http:\/\/leopoldaltenburg.com\/wp-content\/uploads\/2019\/03\/Bildschirmfoto-2019-03-18-um-21.45.45-300x168.png\" alt=\"\" class=\"wp-image-1115\" srcset=\"https:\/\/leopoldaltenburg.com\/wp-content\/uploads\/2019\/03\/Bildschirmfoto-2019-03-18-um-21.45.45-300x168.png 300w, https:\/\/leopoldaltenburg.com\/wp-content\/uploads\/2019\/03\/Bildschirmfoto-2019-03-18-um-21.45.45-768x430.png 768w, https:\/\/leopoldaltenburg.com\/wp-content\/uploads\/2019\/03\/Bildschirmfoto-2019-03-18-um-21.45.45-1024x573.png 1024w, https:\/\/leopoldaltenburg.com\/wp-content\/uploads\/2019\/03\/Bildschirmfoto-2019-03-18-um-21.45.45-500x280.png 500w, https:\/\/leopoldaltenburg.com\/wp-content\/uploads\/2019\/03\/Bildschirmfoto-2019-03-18-um-21.45.45.png 1262w\" sizes=\"auto, (max-width: 300px) 100vw, 300px\" \/><\/figure>\n<\/div>\n\n\n<p><strong><a href=\"https:\/\/www.deutschlandfunkkultur.de\/schauspieler-leopold-altenburg-ein-clown-mit-koeniglichen.970.de.html?dram:article_id=443907\" target=\"_blank\" rel=\"noopener noreferrer\">Deutschlandfunk Kultur, 18.3.2019<\/a><\/strong><\/p>\n\n\n\n<hr class=\"wp-block-separator has-css-opacity\"\/>\n\n\n<div class=\"wp-block-image\">\n<figure class=\"alignleft\"><img loading=\"lazy\" decoding=\"async\" width=\"300\" height=\"179\" src=\"http:\/\/leopoldaltenburg.com\/wp-content\/uploads\/2019\/03\/Bildschirmfoto-2019-03-29-um-10.35.31-300x179.png\" alt=\"\" class=\"wp-image-1131\" srcset=\"https:\/\/leopoldaltenburg.com\/wp-content\/uploads\/2019\/03\/Bildschirmfoto-2019-03-29-um-10.35.31-300x179.png 300w, https:\/\/leopoldaltenburg.com\/wp-content\/uploads\/2019\/03\/Bildschirmfoto-2019-03-29-um-10.35.31-768x459.png 768w, https:\/\/leopoldaltenburg.com\/wp-content\/uploads\/2019\/03\/Bildschirmfoto-2019-03-29-um-10.35.31-1024x611.png 1024w, https:\/\/leopoldaltenburg.com\/wp-content\/uploads\/2019\/03\/Bildschirmfoto-2019-03-29-um-10.35.31-500x300.png 500w, https:\/\/leopoldaltenburg.com\/wp-content\/uploads\/2019\/03\/Bildschirmfoto-2019-03-29-um-10.35.31.png 1236w\" sizes=\"auto, (max-width: 300px) 100vw, 300px\" \/><\/figure>\n<\/div>\n\n\n<p><strong><a href=\"https:\/\/diepresse.com\/home\/schaufenster\/salon\/5602351\/Aristokraten-ohne-Monarchie\" target=\"_blank\" rel=\"noopener noreferrer\">Die Presse, 27.3.2019<\/a><\/strong><\/p>\n\n\n\n<hr class=\"wp-block-separator has-css-opacity\"\/>\n\n\n<div class=\"wp-block-image\">\n<figure class=\"alignleft\"><img loading=\"lazy\" decoding=\"async\" width=\"300\" height=\"249\" src=\"http:\/\/leopoldaltenburg.com\/wp-content\/uploads\/2019\/03\/Bildschirmfoto-2019-03-29-um-10.40.22-300x249.png\" alt=\"\" class=\"wp-image-1133\" srcset=\"https:\/\/leopoldaltenburg.com\/wp-content\/uploads\/2019\/03\/Bildschirmfoto-2019-03-29-um-10.40.22-300x249.png 300w, https:\/\/leopoldaltenburg.com\/wp-content\/uploads\/2019\/03\/Bildschirmfoto-2019-03-29-um-10.40.22-768x637.png 768w, https:\/\/leopoldaltenburg.com\/wp-content\/uploads\/2019\/03\/Bildschirmfoto-2019-03-29-um-10.40.22-1024x849.png 1024w, https:\/\/leopoldaltenburg.com\/wp-content\/uploads\/2019\/03\/Bildschirmfoto-2019-03-29-um-10.40.22-362x300.png 362w, https:\/\/leopoldaltenburg.com\/wp-content\/uploads\/2019\/03\/Bildschirmfoto-2019-03-29-um-10.40.22.png 1250w\" sizes=\"auto, (max-width: 300px) 100vw, 300px\" \/><\/figure>\n<\/div>\n\n\n<p><a href=\"https:\/\/www.news.at\/a\/habsburger-kaiser-franz-joseph-narr-10688419\" target=\"_blank\" rel=\"noopener noreferrer\"><strong>NEWS, 20.3.2019<\/strong><\/a><\/p>\n\n\n\n<hr class=\"wp-block-separator has-css-opacity\"\/>\n\n\n<div class=\"wp-block-image\">\n<figure class=\"alignleft\"><img loading=\"lazy\" decoding=\"async\" width=\"300\" height=\"300\" src=\"http:\/\/leopoldaltenburg.com\/wp-content\/uploads\/2019\/03\/Bildschirmfoto-2019-03-29-um-10.45.34-300x300.png\" alt=\"\" class=\"wp-image-1135\" srcset=\"https:\/\/leopoldaltenburg.com\/wp-content\/uploads\/2019\/03\/Bildschirmfoto-2019-03-29-um-10.45.34-300x300.png 300w, https:\/\/leopoldaltenburg.com\/wp-content\/uploads\/2019\/03\/Bildschirmfoto-2019-03-29-um-10.45.34-150x150.png 150w, https:\/\/leopoldaltenburg.com\/wp-content\/uploads\/2019\/03\/Bildschirmfoto-2019-03-29-um-10.45.34-299x300.png 299w, https:\/\/leopoldaltenburg.com\/wp-content\/uploads\/2019\/03\/Bildschirmfoto-2019-03-29-um-10.45.34.png 508w\" sizes=\"auto, (max-width: 300px) 100vw, 300px\" \/><\/figure>\n<\/div>\n\n\n<p><strong>Radio Burgenland, Mahlzeit, 22.1.2019<\/strong><\/p>\n\n\n\n<hr class=\"wp-block-separator has-css-opacity\"\/>\n\n\n<div class=\"wp-block-image\">\n<figure class=\"alignleft\"><img loading=\"lazy\" decoding=\"async\" width=\"300\" height=\"202\" src=\"http:\/\/leopoldaltenburg.com\/wp-content\/uploads\/2019\/03\/Bildschirmfoto-2019-03-29-um-10.54.41-300x202.png\" alt=\"\" class=\"wp-image-1137\" srcset=\"https:\/\/leopoldaltenburg.com\/wp-content\/uploads\/2019\/03\/Bildschirmfoto-2019-03-29-um-10.54.41-300x202.png 300w, https:\/\/leopoldaltenburg.com\/wp-content\/uploads\/2019\/03\/Bildschirmfoto-2019-03-29-um-10.54.41-768x518.png 768w, https:\/\/leopoldaltenburg.com\/wp-content\/uploads\/2019\/03\/Bildschirmfoto-2019-03-29-um-10.54.41-1024x690.png 1024w, https:\/\/leopoldaltenburg.com\/wp-content\/uploads\/2019\/03\/Bildschirmfoto-2019-03-29-um-10.54.41-445x300.png 445w, https:\/\/leopoldaltenburg.com\/wp-content\/uploads\/2019\/03\/Bildschirmfoto-2019-03-29-um-10.54.41.png 1136w\" sizes=\"auto, (max-width: 300px) 100vw, 300px\" \/><\/figure>\n<\/div>\n\n\n<p><a href=\"\/\/www.focus.de\/kultur\/buecher\/leopold-altenburg-im-focus-online-interview-schauspieler-berliner-und-krankenhausclown-das-ist-der-ururenkel-von-kaiserin-sisi_id_10468073.html\" target=\"_blank\" rel=\"noopener noreferrer\"><strong>Focus, 19.3.2019<\/strong><\/a><\/p>\n\n\n\n<hr class=\"wp-block-separator has-css-opacity\"\/>\n\n\n<div class=\"wp-block-image\">\n<figure class=\"alignleft\"><img loading=\"lazy\" decoding=\"async\" width=\"300\" height=\"167\" src=\"http:\/\/leopoldaltenburg.com\/wp-content\/uploads\/2019\/03\/Bildschirmfoto-2019-03-29-um-11.01.16-300x167.png\" alt=\"\" class=\"wp-image-1139\" srcset=\"https:\/\/leopoldaltenburg.com\/wp-content\/uploads\/2019\/03\/Bildschirmfoto-2019-03-29-um-11.01.16-300x167.png 300w, https:\/\/leopoldaltenburg.com\/wp-content\/uploads\/2019\/03\/Bildschirmfoto-2019-03-29-um-11.01.16-768x429.png 768w, https:\/\/leopoldaltenburg.com\/wp-content\/uploads\/2019\/03\/Bildschirmfoto-2019-03-29-um-11.01.16-1024x571.png 1024w, https:\/\/leopoldaltenburg.com\/wp-content\/uploads\/2019\/03\/Bildschirmfoto-2019-03-29-um-11.01.16-500x279.png 500w, https:\/\/leopoldaltenburg.com\/wp-content\/uploads\/2019\/03\/Bildschirmfoto-2019-03-29-um-11.01.16.png 1602w\" sizes=\"auto, (max-width: 300px) 100vw, 300px\" \/><\/figure>\n<\/div>\n\n\n<p><strong><a href=\"https:\/\/youtu.be\/z7KCutk9Gpk\" target=\"_blank\" rel=\"noopener noreferrer\">Radio B2, 4.3.3019<\/a><\/strong><\/p>\n\n\n\n<hr class=\"wp-block-separator has-css-opacity\"\/>\n\n\n<div class=\"wp-block-image\">\n<figure class=\"alignleft\"><img loading=\"lazy\" decoding=\"async\" width=\"300\" height=\"208\" src=\"http:\/\/leopoldaltenburg.com\/wp-content\/uploads\/2019\/03\/Bildschirmfoto-2019-03-29-um-11.05.39-300x208.png\" alt=\"\" class=\"wp-image-1141\" srcset=\"https:\/\/leopoldaltenburg.com\/wp-content\/uploads\/2019\/03\/Bildschirmfoto-2019-03-29-um-11.05.39-300x208.png 300w, https:\/\/leopoldaltenburg.com\/wp-content\/uploads\/2019\/03\/Bildschirmfoto-2019-03-29-um-11.05.39-768x533.png 768w, https:\/\/leopoldaltenburg.com\/wp-content\/uploads\/2019\/03\/Bildschirmfoto-2019-03-29-um-11.05.39-1024x711.png 1024w, https:\/\/leopoldaltenburg.com\/wp-content\/uploads\/2019\/03\/Bildschirmfoto-2019-03-29-um-11.05.39-432x300.png 432w, https:\/\/leopoldaltenburg.com\/wp-content\/uploads\/2019\/03\/Bildschirmfoto-2019-03-29-um-11.05.39.png 1886w\" sizes=\"auto, (max-width: 300px) 100vw, 300px\" \/><\/figure>\n<\/div>\n\n\n<p><strong><a href=\"https:\/\/www.meinbezirk.at\/graz\/c-leute\/von-sissi-bis-kaiser-franz-joseph-der-grazer-leopold-altenburg-schreibt-buch-ueber-seine-ahnen_a3268830\" target=\"_blank\" rel=\"noopener noreferrer\">Meine Woche Graz, 21.3.2019<\/a><\/strong><\/p>\n\n\n\n<hr class=\"wp-block-separator has-css-opacity\"\/>\n\n\n<div class=\"wp-block-image\">\n<figure class=\"alignleft\"><img loading=\"lazy\" decoding=\"async\" width=\"300\" height=\"300\" src=\"http:\/\/leopoldaltenburg.com\/wp-content\/uploads\/2019\/03\/Bildschirmfoto-2019-03-29-um-11.11.15-300x300.png\" alt=\"\" class=\"wp-image-1143\" srcset=\"https:\/\/leopoldaltenburg.com\/wp-content\/uploads\/2019\/03\/Bildschirmfoto-2019-03-29-um-11.11.15-300x300.png 300w, https:\/\/leopoldaltenburg.com\/wp-content\/uploads\/2019\/03\/Bildschirmfoto-2019-03-29-um-11.11.15-150x150.png 150w, https:\/\/leopoldaltenburg.com\/wp-content\/uploads\/2019\/03\/Bildschirmfoto-2019-03-29-um-11.11.15-768x765.png 768w, https:\/\/leopoldaltenburg.com\/wp-content\/uploads\/2019\/03\/Bildschirmfoto-2019-03-29-um-11.11.15-1024x1021.png 1024w, https:\/\/leopoldaltenburg.com\/wp-content\/uploads\/2019\/03\/Bildschirmfoto-2019-03-29-um-11.11.15-301x300.png 301w, https:\/\/leopoldaltenburg.com\/wp-content\/uploads\/2019\/03\/Bildschirmfoto-2019-03-29-um-11.11.15.png 1222w\" sizes=\"auto, (max-width: 300px) 100vw, 300px\" \/><\/figure>\n<\/div>\n\n\n<p><a href=\"https:\/\/www.heute.at\/szene\/kultur\/story\/56772693\" target=\"_blank\" rel=\"noopener noreferrer\"><strong>Heute, 23.3.2019<\/strong><\/a><\/p>\n\n\n\n<hr class=\"wp-block-separator has-css-opacity\"\/>\n\n\n<div class=\"wp-block-image\">\n<figure class=\"alignleft\"><img loading=\"lazy\" decoding=\"async\" width=\"300\" height=\"167\" src=\"http:\/\/leopoldaltenburg.com\/wp-content\/uploads\/2019\/03\/Bildschirmfoto-2019-03-29-um-11.15.09-300x167.png\" alt=\"\" class=\"wp-image-1144\" srcset=\"https:\/\/leopoldaltenburg.com\/wp-content\/uploads\/2019\/03\/Bildschirmfoto-2019-03-29-um-11.15.09-300x167.png 300w, https:\/\/leopoldaltenburg.com\/wp-content\/uploads\/2019\/03\/Bildschirmfoto-2019-03-29-um-11.15.09-768x428.png 768w, https:\/\/leopoldaltenburg.com\/wp-content\/uploads\/2019\/03\/Bildschirmfoto-2019-03-29-um-11.15.09-1024x571.png 1024w, https:\/\/leopoldaltenburg.com\/wp-content\/uploads\/2019\/03\/Bildschirmfoto-2019-03-29-um-11.15.09-500x279.png 500w, https:\/\/leopoldaltenburg.com\/wp-content\/uploads\/2019\/03\/Bildschirmfoto-2019-03-29-um-11.15.09.png 1230w\" sizes=\"auto, (max-width: 300px) 100vw, 300px\" \/><\/figure>\n<\/div>\n\n\n<p><a href=\"https:\/\/schautv.at\/schau-leben-highlights\/schau-leben-der-kaiser-und-sein-sonnenschein\/400446100\" target=\"_blank\" rel=\"noopener noreferrer\"><strong>Schau TV, 22.3.2019<\/strong><\/a><\/p>\n\n\n\n<hr class=\"wp-block-separator has-css-opacity\"\/>\n\n\n<div class=\"wp-block-image\">\n<figure class=\"alignleft\"><img loading=\"lazy\" decoding=\"async\" width=\"300\" height=\"258\" src=\"http:\/\/leopoldaltenburg.com\/wp-content\/uploads\/2019\/03\/Bildschirmfoto-2019-03-29-um-11.18.08-300x258.png\" alt=\"\" class=\"wp-image-1145\" srcset=\"https:\/\/leopoldaltenburg.com\/wp-content\/uploads\/2019\/03\/Bildschirmfoto-2019-03-29-um-11.18.08-300x258.png 300w, https:\/\/leopoldaltenburg.com\/wp-content\/uploads\/2019\/03\/Bildschirmfoto-2019-03-29-um-11.18.08-768x659.png 768w, https:\/\/leopoldaltenburg.com\/wp-content\/uploads\/2019\/03\/Bildschirmfoto-2019-03-29-um-11.18.08-1024x879.png 1024w, https:\/\/leopoldaltenburg.com\/wp-content\/uploads\/2019\/03\/Bildschirmfoto-2019-03-29-um-11.18.08-349x300.png 349w, https:\/\/leopoldaltenburg.com\/wp-content\/uploads\/2019\/03\/Bildschirmfoto-2019-03-29-um-11.18.08.png 1272w\" sizes=\"auto, (max-width: 300px) 100vw, 300px\" \/><\/figure>\n<\/div>\n\n\n<p><a href=\"https:\/\/www.leadersnet.at\/news\/36171,buch-von-sissi-ururenkel-bringt-habsburger-zum-weinen.html\" target=\"_blank\" rel=\"noopener noreferrer\"><strong>LEADERSNET, 24.3.2019<\/strong><\/a><\/p>\n\n\n\n<hr class=\"wp-block-separator has-css-opacity\"\/>\n\n\n\n<p><a href=\"http:\/\/leopoldaltenburg.com\/?page_id=1005\" target=\"_blank\" rel=\"noopener noreferrer\"><span style=\"color: #993300;\"><strong>Leopold Altenburg<br>DER KAISER UND SEIN SONNENSCHEIN<br>Geschichten meines Gro\u00dfvaters Erzherzog Clemens<br>und meines Vaters Prinz Peter<\/strong><\/span><\/a><\/p>\n\n\n\n<p>Erscheinungsdatum ist der 18. M\u00e4rz 2019, Goldegg-Verlag<br><strong>Bestellen Sie dieses Buch bei Ihrem Buchh\u00e4ndler um die Ecke<br><\/strong><a href=\"https:\/\/www.amazon.de\/Kaiser-sein-Sonnenschein-Geschichten-Gro\u00dfvaters\/dp\/3990601105\/ref=sr_1_1?ie=UTF8&amp;qid=1549098417&amp;sr=8-1&amp;keywords=der+kaiser+und+sein+sonnenschein\" target=\"_blank\" rel=\"noopener noreferrer\">oder im Netz<\/a><\/p>\n\n\n\n<figure class=\"wp-block-image\"><img loading=\"lazy\" decoding=\"async\" width=\"666\" height=\"1024\" src=\"http:\/\/leopoldaltenburg.com\/wp-content\/uploads\/2019\/02\/goldegg_altenburg_3d-666x1024.png\" alt=\"\" class=\"wp-image-1016\" srcset=\"https:\/\/leopoldaltenburg.com\/wp-content\/uploads\/2019\/02\/goldegg_altenburg_3d-666x1024.png 666w, https:\/\/leopoldaltenburg.com\/wp-content\/uploads\/2019\/02\/goldegg_altenburg_3d-195x300.png 195w, https:\/\/leopoldaltenburg.com\/wp-content\/uploads\/2019\/02\/goldegg_altenburg_3d-768x1182.png 768w, https:\/\/leopoldaltenburg.com\/wp-content\/uploads\/2019\/02\/goldegg_altenburg_3d.png 1105w\" sizes=\"auto, (max-width: 666px) 100vw, 666px\" \/><\/figure>\n\n\n\n<p><strong>&#8222;Zur Wahrheit eines Menschen geh\u00f6ren auch die eigenen Ahnen&#8220;<\/strong> \u2013 sagt Leopold Altenburg. Seine Familiengeschichte ist aber eine au\u00dfergew\u00f6hnliche. Ist er doch der Ururenkel von Kaiser Franz Joseph und Kaiserin Elisabeth.<\/p>\n\n\n\n<p>Wie ver\u00e4nderte sich das Leben der Familie Habsburg und des \u00f6sterreichischen Adels nach dem Ende der Monarchie? Dieser Frage geht Leopold Altenburg anhand des Lebens seines Gro\u00dfvaters Erzherzog Clemens und seines Vaters Prinz Peter nach.<\/p>\n\n\n\n<p>Wie war das Leben von Clemens, dem Lieblingsenkel des Kaisers? Was f\u00fcr Familiengesetze blieben nach dem Ende der Monarchie bestehen? Warum \u00e4nderte Clemens seinen Namen von &#8222;Habsburg&#8220; in &#8222;Altenburg&#8220;? Wie erlebte wiederum sein Sohn Peter seine Kindheit in der Kaiservilla von Bad Ischl in den Jahren des Zweiten Weltkrieges? Gelingt der Familie der Spagat zwischen Vergangenheit und Zukunft?<\/p>\n\n\n\n<p>Einf\u00fchlsam erz\u00e4hlt Leopold Altenburg die Geschichte von Gro\u00dfvater und Vater, und spart dabei nicht mit Anekdoten aus seinem Leben, die eine Verbindung zu seinen Vorfahren herstellen.<\/p>\n\n\n\n<hr class=\"wp-block-separator has-css-opacity\"\/>\n\n\n<div class=\"wp-block-image\">\n<figure class=\"alignleft\"><img loading=\"lazy\" decoding=\"async\" width=\"300\" height=\"168\" src=\"http:\/\/leopoldaltenburg.com\/wp-content\/uploads\/2019\/04\/Bildschirmfoto-2019-04-26-um-10.47.06-300x168.png\" alt=\"\" class=\"wp-image-1218\" srcset=\"https:\/\/leopoldaltenburg.com\/wp-content\/uploads\/2019\/04\/Bildschirmfoto-2019-04-26-um-10.47.06-300x168.png 300w, https:\/\/leopoldaltenburg.com\/wp-content\/uploads\/2019\/04\/Bildschirmfoto-2019-04-26-um-10.47.06-768x429.png 768w, https:\/\/leopoldaltenburg.com\/wp-content\/uploads\/2019\/04\/Bildschirmfoto-2019-04-26-um-10.47.06-1024x573.png 1024w, https:\/\/leopoldaltenburg.com\/wp-content\/uploads\/2019\/04\/Bildschirmfoto-2019-04-26-um-10.47.06-500x280.png 500w\" sizes=\"auto, (max-width: 300px) 100vw, 300px\" \/><\/figure>\n<\/div>\n\n\n<p><strong><a href=\"https:\/\/tvthek.orf.at\/profile\/Universum-History\/6000179\/Universum-History-Elisabeth-Kaiserin-auf-der-Flucht\/14011344\" target=\"_blank\" rel=\"noopener noreferrer\">ORF Mediathek: &#8222;Universum History &#8211; Elisabeth &#8211; Kaiserin auf der Flucht&#8220;<\/a><\/strong><\/p>\n\n\n\n<p>In dieser ORF \/ Arte \/ ZDF Dokumentation vom 23. April 2019, 21:05 Uhr spricht Leopold Altenburg \u00fcber seine Ururgro\u00dfmutter.<\/p>\n\n\n\n<hr class=\"wp-block-separator has-css-opacity\"\/>\n\n\n<div class=\"wp-block-image\">\n<figure class=\"alignleft\"><img loading=\"lazy\" decoding=\"async\" width=\"300\" height=\"169\" src=\"http:\/\/leopoldaltenburg.com\/wp-content\/uploads\/2019\/02\/Bildschirmfoto-2019-02-02-um-10.15.23-300x169.png\" alt=\"\" class=\"wp-image-999\" srcset=\"https:\/\/leopoldaltenburg.com\/wp-content\/uploads\/2019\/02\/Bildschirmfoto-2019-02-02-um-10.15.23-300x169.png 300w, https:\/\/leopoldaltenburg.com\/wp-content\/uploads\/2019\/02\/Bildschirmfoto-2019-02-02-um-10.15.23-768x432.png 768w, https:\/\/leopoldaltenburg.com\/wp-content\/uploads\/2019\/02\/Bildschirmfoto-2019-02-02-um-10.15.23-1024x576.png 1024w, https:\/\/leopoldaltenburg.com\/wp-content\/uploads\/2019\/02\/Bildschirmfoto-2019-02-02-um-10.15.23-500x281.png 500w\" sizes=\"auto, (max-width: 300px) 100vw, 300px\" \/><\/figure>\n<\/div>\n\n\n<p>Zwei Szenen mit Ulrike Folkerts aus dem&nbsp;<strong>Tatort \u2013 Vom Himmel hoch<\/strong>,<br>Regie Tom Bohn auf dem <a href=\"https:\/\/www.schauspielervideos.de\/video\/leopold-altenburg.html\" target=\"_blank\" rel=\"noopener noreferrer\">Showreel<\/a><\/p>\n\n\n\n<hr class=\"wp-block-separator has-css-opacity\"\/>\n\n\n<div class=\"wp-block-image\">\n<figure class=\"alignleft\"><img loading=\"lazy\" decoding=\"async\" width=\"212\" height=\"300\" src=\"http:\/\/leopoldaltenburg.com\/wp-content\/uploads\/2018\/11\/Bildschirmfoto-2018-11-23-um-09.18.09-212x300.png\" alt=\"\" class=\"wp-image-984\" srcset=\"https:\/\/leopoldaltenburg.com\/wp-content\/uploads\/2018\/11\/Bildschirmfoto-2018-11-23-um-09.18.09-212x300.png 212w, https:\/\/leopoldaltenburg.com\/wp-content\/uploads\/2018\/11\/Bildschirmfoto-2018-11-23-um-09.18.09-768x1089.png 768w, https:\/\/leopoldaltenburg.com\/wp-content\/uploads\/2018\/11\/Bildschirmfoto-2018-11-23-um-09.18.09-722x1024.png 722w, https:\/\/leopoldaltenburg.com\/wp-content\/uploads\/2018\/11\/Bildschirmfoto-2018-11-23-um-09.18.09.png 1106w\" sizes=\"auto, (max-width: 212px) 100vw, 212px\" \/><\/figure>\n<\/div>\n\n\n<p><span style=\"color: #ffffff;\">.<\/span><strong>Leopold Altenburg im TV:<br>&#8222;Verrat&#8220; &#8211; Das Ende der Habsburger<\/strong><br><a href=\"https:\/\/www.arte.tv\/de\/videos\/069032-000-A\/verrat-das-ende-der-habsburger-im-ersten-weltkrieg\/\">ARTE<\/a> Do. 29.11.2018, 11:25 Uhr (Wiederholung)<\/p>\n\n\n\n<p><strong>Tatort &#8211; Vom Himmel hoch<br><\/strong>ARD So. 9.12.2018, 20:15 Uhr<\/p>\n\n\n\n<p><span style=\"color: #ffffff;\">.<\/span><\/p>\n\n\n\n<p><span style=\"color: #ffffff;\">.<\/span><\/p>\n\n\n\n<p><span style=\"color: #ffffff;\">..<\/span><\/p>\n\n\n\n<hr class=\"wp-block-separator has-css-opacity\"\/>\n\n\n<div class=\"wp-block-image\">\n<figure class=\"alignleft\"><img loading=\"lazy\" decoding=\"async\" width=\"227\" height=\"320\" src=\"http:\/\/leopoldaltenburg.com\/wp-content\/uploads\/2018\/11\/KarlZita.png\" alt=\"\" class=\"wp-image-963\" srcset=\"https:\/\/leopoldaltenburg.com\/wp-content\/uploads\/2018\/11\/KarlZita.png 227w, https:\/\/leopoldaltenburg.com\/wp-content\/uploads\/2018\/11\/KarlZita-213x300.png 213w\" sizes=\"auto, (max-width: 227px) 100vw, 227px\" \/><\/figure>\n<\/div>\n\n\n<p><strong>Im TV:<br><\/strong><b class=\"\">\u201eVerrat\u201c &#8211; Das Ende der Habsburger<br><\/b><a href=\"https:\/\/www.arte.tv\/de\/videos\/069032-000-A\/verrat-das-ende-der-habsburger-im-ersten-weltkrieg\/\" target=\"_blank\" rel=\"noopener noreferrer\">Arte<\/a>&nbsp; Sa. 10.11.2018, 22:00 Uhr<br><a href=\"https:\/\/www.zdf.de\/dokumentation\/zdfinfo-doku\/verrat-das-ende-der-habsburger-im-ersten-weltkrieg-102.html\" target=\"_blank\" rel=\"noopener noreferrer\">ZDFinfo<\/a>&nbsp; So. 11.11.2018, 20:15 Uhr<\/p>\n\n\n\n<div>\n<div class=\"\">&nbsp;<\/div>\n<\/div>\n\n\n\n<div>&nbsp;<\/div>\n\n\n\n<div>&nbsp;<\/div>\n\n\n\n<div>&nbsp;<\/div>\n\n\n\n<div>&nbsp;<\/div>\n\n\n\n<div><span style=\"color: #ffffff;\">.<\/span><\/div>\n\n\n\n<div><span style=\"color: #ffffff;\">.<\/span><\/div>\n\n\n\n<div><span style=\"color: #ffffff;\">.<\/span><\/div>\n\n\n\n<div>&nbsp;<\/div>\n\n\n\n<div><hr>\n<p><span style=\"color: #ffffff;\">.<\/span><\/p>\n<\/div>\n\n\n\n<figure class=\"wp-block-image\"><img loading=\"lazy\" decoding=\"async\" width=\"1024\" height=\"576\" src=\"http:\/\/leopoldaltenburg.com\/wp-content\/uploads\/2018\/11\/1400x788-1024x576.jpg\" alt=\"\" class=\"wp-image-967\" srcset=\"https:\/\/leopoldaltenburg.com\/wp-content\/uploads\/2018\/11\/1400x788-1024x576.jpg 1024w, https:\/\/leopoldaltenburg.com\/wp-content\/uploads\/2018\/11\/1400x788-300x169.jpg 300w, https:\/\/leopoldaltenburg.com\/wp-content\/uploads\/2018\/11\/1400x788-768x432.jpg 768w, https:\/\/leopoldaltenburg.com\/wp-content\/uploads\/2018\/11\/1400x788-500x281.jpg 500w, https:\/\/leopoldaltenburg.com\/wp-content\/uploads\/2018\/11\/1400x788.jpg 1400w\" sizes=\"auto, (max-width: 1024px) 100vw, 1024px\" \/><\/figure>\n\n\n\n<div class=\"\"><b class=\"\"><\/b><\/div>\n\n\n\n<div>\n<div class=\"\"><b class=\"\">Kaiser Karl &#8211; ein nieder\u00f6sterreichisches Leben<\/b><\/div>\n<div class=\"\"><a href=\"https:\/\/noe.orf.at\/tv\/stories\/2943044\/\" target=\"_blank\" rel=\"noopener noreferrer\">ORF 2<\/a> So. 11.11.2018, 18:25 Uhr<\/div>\n<div class=\"\"><a href=\"https:\/\/noe.orf.at\/tv\/stories\/2943044\/\" target=\"_blank\" rel=\"noopener noreferrer\">ORF 2<\/a> Mo. 12.11.2018, 12:30 Uhr<\/div>\n<div><hr><\/div>\n<\/div>\n\n\n<div class=\"wp-block-image\">\n<figure class=\"alignleft\"><img loading=\"lazy\" decoding=\"async\" width=\"225\" height=\"300\" src=\"http:\/\/leopoldaltenburg.com\/wp-content\/uploads\/2018\/11\/Christian-Moser-225x300.jpg\" alt=\"\" class=\"wp-image-986\" srcset=\"https:\/\/leopoldaltenburg.com\/wp-content\/uploads\/2018\/11\/Christian-Moser-225x300.jpg 225w, https:\/\/leopoldaltenburg.com\/wp-content\/uploads\/2018\/11\/Christian-Moser-768x1024.jpg 768w, https:\/\/leopoldaltenburg.com\/wp-content\/uploads\/2018\/11\/Christian-Moser.jpg 1200w\" sizes=\"auto, (max-width: 225px) 100vw, 225px\" \/><\/figure>\n<\/div>\n\n\n<div><\/div>\n\n\n\n<div>November 2018<br>Dreh: Rosi, ZDF<\/div>\n\n\n\n<div>Regie: Robert Pejo<\/div>\n\n\n\n<div>Rolle: Kommissar Christian Moser<\/div>\n\n\n\n<div><span style=\"color: #ffffff;\">i<\/span><\/div>\n\n\n\n<div><span style=\"color: #ffffff;\">i<\/span><\/div>\n\n\n\n<div><span style=\"color: #ffffff;\">i<\/span><\/div>\n\n\n\n<div><span style=\"color: #ffffff;\">i<\/span><\/div>\n\n\n\n<div><span style=\"color: #ffffff;\">i<\/span><\/div>\n\n\n\n<div><span style=\"color: #ffffff;\">i<\/span><\/div>\n\n\n\n<div><span style=\"color: #ffffff;\">i<\/span><\/div>\n\n\n\n<div><span style=\"color: #ffffff;\">i<\/span><\/div>\n\n\n\n<div><hr><\/div>\n\n\n\n<div><span style=\"color: #ffffff;\">i<\/span><\/div>\n\n\n\n<div><span style=\"color: #ffffff;\">i<\/span><\/div>\n\n\n<div class=\"wp-block-image\">\n<figure class=\"alignleft\"><img loading=\"lazy\" decoding=\"async\" width=\"300\" height=\"146\" src=\"http:\/\/leopoldaltenburg.com\/wp-content\/uploads\/2018\/11\/20181019_204427-300x146.jpg\" alt=\"\" class=\"wp-image-971\" srcset=\"https:\/\/leopoldaltenburg.com\/wp-content\/uploads\/2018\/11\/20181019_204427-300x146.jpg 300w, https:\/\/leopoldaltenburg.com\/wp-content\/uploads\/2018\/11\/20181019_204427-768x373.jpg 768w, https:\/\/leopoldaltenburg.com\/wp-content\/uploads\/2018\/11\/20181019_204427-1024x498.jpg 1024w, https:\/\/leopoldaltenburg.com\/wp-content\/uploads\/2018\/11\/20181019_204427-500x243.jpg 500w\" sizes=\"auto, (max-width: 300px) 100vw, 300px\" \/><\/figure>\n<\/div>\n\n\n<div>Das <strong>Sole Mio Trio<\/strong> zu Gast bei einer Varieteshow im&nbsp;<a href=\"http:\/\/www.crackbellmer.de\/\" target=\"_blank\" rel=\"noopener noreferrer\">Crack Bellmer<\/a><br>am 10.11.2018,<br>Beginn 19 Uhr<\/div>\n\n\n\n<div><span style=\"color: #ffffff;\">I<\/span><\/div>\n\n\n\n<div><span style=\"color: #ffffff;\">I<\/span><\/div>\n\n\n\n<div><span style=\"color: #ffffff;\">I<\/span><\/div>\n\n\n\n<div><hr><\/div>\n\n\n\n<div>Die Roten Nasen feiern Geburtstag mit einer Variet\u00e9show:<\/div>\n\n\n\n<div><strong>15 JAHRE ROTE NASEN CLOWN GALA<\/strong><\/div>\n\n\n\n<div>18. Oktober 2017,<\/div>\n\n\n\n<div>Beginn 19 Uhr<br>UFA Fabrik Berlin<\/div>\n\n\n\n<div>Dramaturgie und Regie einzelner Szenen: Leopold Altenburg<\/div>\n\n\n\n<figure class=\"wp-block-image\"><img loading=\"lazy\" decoding=\"async\" width=\"1024\" height=\"683\" src=\"http:\/\/leopoldaltenburg.com\/wp-content\/uploads\/2018\/11\/RND-15-Gala-1024x683.jpg\" alt=\"\" class=\"wp-image-966\" srcset=\"https:\/\/leopoldaltenburg.com\/wp-content\/uploads\/2018\/11\/RND-15-Gala-1024x683.jpg 1024w, https:\/\/leopoldaltenburg.com\/wp-content\/uploads\/2018\/11\/RND-15-Gala-300x200.jpg 300w, https:\/\/leopoldaltenburg.com\/wp-content\/uploads\/2018\/11\/RND-15-Gala-768x512.jpg 768w, https:\/\/leopoldaltenburg.com\/wp-content\/uploads\/2018\/11\/RND-15-Gala-450x300.jpg 450w, https:\/\/leopoldaltenburg.com\/wp-content\/uploads\/2018\/11\/RND-15-Gala.jpg 1980w\" sizes=\"auto, (max-width: 1024px) 100vw, 1024px\" \/><\/figure>\n\n\n\n<hr class=\"wp-block-separator has-css-opacity\"\/>\n\n\n<div class=\"wp-block-image\">\n<figure class=\"alignleft\"><img loading=\"lazy\" decoding=\"async\" width=\"300\" height=\"170\" src=\"http:\/\/leopoldaltenburg.com\/wp-content\/uploads\/2018\/11\/Bildschirmfoto-2018-11-23-um-09.38.46-300x170.png\" alt=\"\" class=\"wp-image-987\" srcset=\"https:\/\/leopoldaltenburg.com\/wp-content\/uploads\/2018\/11\/Bildschirmfoto-2018-11-23-um-09.38.46-300x170.png 300w, https:\/\/leopoldaltenburg.com\/wp-content\/uploads\/2018\/11\/Bildschirmfoto-2018-11-23-um-09.38.46-768x436.png 768w, https:\/\/leopoldaltenburg.com\/wp-content\/uploads\/2018\/11\/Bildschirmfoto-2018-11-23-um-09.38.46-500x284.png 500w, https:\/\/leopoldaltenburg.com\/wp-content\/uploads\/2018\/11\/Bildschirmfoto-2018-11-23-um-09.38.46.png 842w\" sizes=\"auto, (max-width: 300px) 100vw, 300px\" \/><\/figure>\n<\/div>\n\n\n<p>Oktober 2018<br>Drehtag bei: <strong>BERLIN STATION<\/strong><br>NETFLIX<br>Regie: Tanya Hamilton<\/p>\n\n\n\n<p><span style=\"color: #ffffff;\">.<\/span><\/p>\n\n\n\n<p><span style=\"color: #ffffff;\">.<\/span><\/p>\n\n\n\n<hr class=\"wp-block-separator has-css-opacity\"\/>\n\n\n\n<figure class=\"wp-block-image\"><img loading=\"lazy\" decoding=\"async\" width=\"150\" height=\"150\" src=\"http:\/\/leopoldaltenburg.com\/wp-content\/uploads\/2018\/05\/IMG_2621-150x150.jpg\" alt=\"\" class=\"wp-image-941\"\/><\/figure>\n\n\n\n<figure class=\"wp-block-image\"><img loading=\"lazy\" decoding=\"async\" width=\"150\" height=\"150\" src=\"http:\/\/leopoldaltenburg.com\/wp-content\/uploads\/2018\/05\/IMG_0368-150x150.jpg\" alt=\"\" class=\"wp-image-940\"\/><\/figure>\n\n\n\n<figure class=\"wp-block-image\"><img loading=\"lazy\" decoding=\"async\" width=\"150\" height=\"150\" src=\"http:\/\/leopoldaltenburg.com\/wp-content\/uploads\/2018\/05\/IMG_3101-150x150.jpg\" alt=\"\" class=\"wp-image-942\"\/><\/figure>\n\n\n\n<figure class=\"wp-block-image\"><img loading=\"lazy\" decoding=\"async\" width=\"150\" height=\"150\" src=\"http:\/\/leopoldaltenburg.com\/wp-content\/uploads\/2018\/05\/IMG_3678-150x150.jpg\" alt=\"\" class=\"wp-image-943\"\/><\/figure>\n\n\n\n<figure class=\"wp-block-image\"><img loading=\"lazy\" decoding=\"async\" width=\"150\" height=\"150\" src=\"http:\/\/leopoldaltenburg.com\/wp-content\/uploads\/2018\/05\/IMG_3679-150x150.jpg\" alt=\"\" class=\"wp-image-944\"\/><\/figure>\n\n\n\n<figure class=\"wp-block-image\"><img loading=\"lazy\" decoding=\"async\" width=\"150\" height=\"150\" src=\"http:\/\/leopoldaltenburg.com\/wp-content\/uploads\/2018\/05\/IMG_4854-150x150.jpg\" alt=\"\" class=\"wp-image-945\"\/><\/figure>\n\n\n\n<p><strong>Leopold &amp; Wadowski verabschieden sich.<\/strong><\/p>\n\n\n\n<p>Am 14. Mai 2018 um 20 Uhr feiern sie ihre 38. und letzte Montagsmelange in der Cultura in Rietberg.<br>Mit dabei sind die besten G\u00e4ste aus 13 Jahren Montagsmelange und ihre Band Die Zartbesaiteten.<br>Die Show ist bereits mit 700 Zuschauen restlos AUSVERKAUFT !!!!!<\/p>\n\n\n\n<p>Wir sagen Dank an kulturig und an unser treues Publikum in Rietberg.<\/p>\n\n\n\n<p><a href=\"http:\/\/www.montagsmelange.de\" target=\"_blank\" rel=\"noopener noreferrer\">Mehr Infos<\/a><a href=\"http:\/\/leopoldaltenburg.com\/wp-content\/uploads\/2018\/05\/Panorama-02.jpg\"><img loading=\"lazy\" decoding=\"async\" class=\"size-large wp-image-946 alignnone\" src=\"http:\/\/leopoldaltenburg.com\/wp-content\/uploads\/2018\/05\/Panorama-02-1024x453.jpg\" alt=\"\" width=\"584\" height=\"258\" srcset=\"https:\/\/leopoldaltenburg.com\/wp-content\/uploads\/2018\/05\/Panorama-02-1024x453.jpg 1024w, https:\/\/leopoldaltenburg.com\/wp-content\/uploads\/2018\/05\/Panorama-02-300x133.jpg 300w, https:\/\/leopoldaltenburg.com\/wp-content\/uploads\/2018\/05\/Panorama-02-768x340.jpg 768w, https:\/\/leopoldaltenburg.com\/wp-content\/uploads\/2018\/05\/Panorama-02-500x221.jpg 500w, https:\/\/leopoldaltenburg.com\/wp-content\/uploads\/2018\/05\/Panorama-02.jpg 1920w\" sizes=\"auto, (max-width: 584px) 100vw, 584px\" \/><\/a><\/p>\n\n\n\n<hr class=\"wp-block-separator has-css-opacity\"\/>\n\n\n<div class=\"wp-block-image\">\n<figure class=\"alignleft\"><a href=\"http:\/\/tvthek.orf.at\/profile\/Universum-History\/6000179\/Universum-History-Der-Verrat-des-Kaisers\/13972634\" target=\"_blank\" rel=\"noopener noreferrer\"><img loading=\"lazy\" decoding=\"async\" width=\"728\" height=\"1024\" src=\"http:\/\/leopoldaltenburg.com\/wp-content\/uploads\/2018\/04\/Plakat-728x1024.png\" alt=\"\" class=\"wp-image-928\" srcset=\"https:\/\/leopoldaltenburg.com\/wp-content\/uploads\/2018\/04\/Plakat-728x1024.png 728w, https:\/\/leopoldaltenburg.com\/wp-content\/uploads\/2018\/04\/Plakat-213x300.png 213w, https:\/\/leopoldaltenburg.com\/wp-content\/uploads\/2018\/04\/Plakat-768x1080.png 768w, https:\/\/leopoldaltenburg.com\/wp-content\/uploads\/2018\/04\/Plakat.png 1078w\" sizes=\"auto, (max-width: 728px) 100vw, 728px\" \/><\/a><\/figure>\n<\/div>\n\n<div class=\"wp-block-image\">\n<figure class=\"alignleft\"><a href=\"http:\/\/leopoldaltenburg.com\/wp-content\/uploads\/2018\/03\/Bildschirmfoto-2018-03-15-um-11.13.47.png\" target=\"_blank\" rel=\"noopener noreferrer\"><img loading=\"lazy\" decoding=\"async\" width=\"300\" height=\"230\" src=\"http:\/\/leopoldaltenburg.com\/wp-content\/uploads\/2018\/03\/Bildschirmfoto-2018-03-15-um-11.13.47-300x230.png\" alt=\"\" class=\"wp-image-899\" srcset=\"https:\/\/leopoldaltenburg.com\/wp-content\/uploads\/2018\/03\/Bildschirmfoto-2018-03-15-um-11.13.47-300x230.png 300w, https:\/\/leopoldaltenburg.com\/wp-content\/uploads\/2018\/03\/Bildschirmfoto-2018-03-15-um-11.13.47-768x588.png 768w, https:\/\/leopoldaltenburg.com\/wp-content\/uploads\/2018\/03\/Bildschirmfoto-2018-03-15-um-11.13.47-1024x783.png 1024w, https:\/\/leopoldaltenburg.com\/wp-content\/uploads\/2018\/03\/Bildschirmfoto-2018-03-15-um-11.13.47-392x300.png 392w, https:\/\/leopoldaltenburg.com\/wp-content\/uploads\/2018\/03\/Bildschirmfoto-2018-03-15-um-11.13.47.png 1132w\" sizes=\"auto, (max-width: 300px) 100vw, 300px\" \/><\/a><\/figure>\n<\/div>\n\n\n<p><strong>Leopold Altenburg im TV:<br>&#8222;Universum History &#8211; Der&nbsp;Verrat des Kaisers&#8220;&nbsp;<\/strong>I Regie Fritz Kalteis I Rolle: Kaiser Karl<br>ORF II \/ 6. April 2018 \/ 22:45 Uhr<\/p>\n\n\n\n<p>Foto: mit Daniela Golpashin als Kaiserin Zita<\/p>\n\n\n\n<p><span style=\"color: #ffffff;\">.<\/span><\/p>\n\n\n\n<p><span style=\"color: #ffffff;\">.<\/span><\/p>\n\n\n\n<hr class=\"wp-block-separator has-css-opacity\"\/>\n\n\n<div class=\"wp-block-image\">\n<figure class=\"alignleft\"><a href=\"https:\/\/vimeo.com\/232809452\" target=\"_blank\" rel=\"noopener noreferrer\"><img loading=\"lazy\" decoding=\"async\" width=\"300\" height=\"168\" src=\"http:\/\/leopoldaltenburg.com\/wp-content\/uploads\/2018\/03\/Bildschirmfoto-2018-03-05-um-22.53.36-300x168.png\" alt=\"\" class=\"wp-image-902\" srcset=\"https:\/\/leopoldaltenburg.com\/wp-content\/uploads\/2018\/03\/Bildschirmfoto-2018-03-05-um-22.53.36-300x168.png 300w, https:\/\/leopoldaltenburg.com\/wp-content\/uploads\/2018\/03\/Bildschirmfoto-2018-03-05-um-22.53.36-768x430.png 768w, https:\/\/leopoldaltenburg.com\/wp-content\/uploads\/2018\/03\/Bildschirmfoto-2018-03-05-um-22.53.36-1024x574.png 1024w, https:\/\/leopoldaltenburg.com\/wp-content\/uploads\/2018\/03\/Bildschirmfoto-2018-03-05-um-22.53.36-500x280.png 500w, https:\/\/leopoldaltenburg.com\/wp-content\/uploads\/2018\/03\/Bildschirmfoto-2018-03-05-um-22.53.36.png 1996w\" sizes=\"auto, (max-width: 300px) 100vw, 300px\" \/><\/a><\/figure>\n<\/div>\n\n\n<p><strong>Leopold Altenburg on Stage:<br><\/strong><strong>Variet\u00e9abend beim HCIM in Wien<br><\/strong>am 4. April 2018, 20 Uhr, Konzerthaus, nur f\u00fcr Teilnehmer des HCIM<\/p>\n\n\n\n<p><a href=\"https:\/\/vimeo.com\/232809452\">Unser Auftritt auf Vimeo<\/a><\/p>\n\n\n\n<hr class=\"wp-block-separator has-css-opacity\"\/>\n\n\n<div class=\"wp-block-image\">\n<figure class=\"alignleft\"><a href=\"http:\/\/leopoldaltenburg.com\/wp-content\/uploads\/2018\/03\/Bildschirmfoto-2018-03-20-um-11.13.11.png\" target=\"_blank\" rel=\"noopener noreferrer\"><img loading=\"lazy\" decoding=\"async\" width=\"202\" height=\"300\" src=\"http:\/\/leopoldaltenburg.com\/wp-content\/uploads\/2018\/03\/Bildschirmfoto-2018-03-20-um-11.13.11-202x300.png\" alt=\"\" class=\"wp-image-903\" srcset=\"https:\/\/leopoldaltenburg.com\/wp-content\/uploads\/2018\/03\/Bildschirmfoto-2018-03-20-um-11.13.11-202x300.png 202w, https:\/\/leopoldaltenburg.com\/wp-content\/uploads\/2018\/03\/Bildschirmfoto-2018-03-20-um-11.13.11-768x1143.png 768w, https:\/\/leopoldaltenburg.com\/wp-content\/uploads\/2018\/03\/Bildschirmfoto-2018-03-20-um-11.13.11-688x1024.png 688w, https:\/\/leopoldaltenburg.com\/wp-content\/uploads\/2018\/03\/Bildschirmfoto-2018-03-20-um-11.13.11.png 1062w\" sizes=\"auto, (max-width: 202px) 100vw, 202px\" \/><\/a><\/figure>\n<\/div>\n\n\n<p><strong>Die 38. und letzte MONTAGSMELANGE<br><\/strong>Am 14. Mai 2018 verabschieden Leopold &amp; Wadowski sich, und pr\u00e4sentieren noch einmal die Montagsmelange in Rietberg mit gro\u00dfartigen G\u00e4sten<\/p>\n\n\n\n<p>14. Mai 2018 \/ 20 Uhr \/ Cultura \/ Rietberg<\/p>\n\n\n\n<p><span style=\"color: #ffffff;\">..<\/span><\/p>\n\n\n\n<hr class=\"wp-block-separator has-css-opacity\"\/>\n\n\n\n<p><span style=\"color: #ffffff;\">.<\/span><span style=\"color: #ffffff;\">.<\/span><\/p>\n\n\n<div class=\"wp-block-image\">\n<figure class=\"alignleft\"><img loading=\"lazy\" decoding=\"async\" width=\"300\" height=\"168\" src=\"http:\/\/leopoldaltenburg.com\/wp-content\/uploads\/2017\/11\/Bildschirmfoto-2017-11-29-um-18.25.08-300x168.png\" alt=\"\" class=\"wp-image-872\" srcset=\"https:\/\/leopoldaltenburg.com\/wp-content\/uploads\/2017\/11\/Bildschirmfoto-2017-11-29-um-18.25.08-300x168.png 300w, https:\/\/leopoldaltenburg.com\/wp-content\/uploads\/2017\/11\/Bildschirmfoto-2017-11-29-um-18.25.08-768x431.png 768w, https:\/\/leopoldaltenburg.com\/wp-content\/uploads\/2017\/11\/Bildschirmfoto-2017-11-29-um-18.25.08-1024x574.png 1024w, https:\/\/leopoldaltenburg.com\/wp-content\/uploads\/2017\/11\/Bildschirmfoto-2017-11-29-um-18.25.08-500x280.png 500w\" sizes=\"auto, (max-width: 300px) 100vw, 300px\" \/><\/figure>\n<\/div>\n\n\n<p>31. Dezember 2017, 19:50 Uhr<br>ZDF, <strong>WEI\u00dfBLAUE WINTERGESCHICHTEN &#8211; 3 Engel auf Abwegen<\/strong><\/p>\n\n\n\n<hr class=\"wp-block-separator has-css-opacity\"\/>\n\n\n\n<p>28. Januar 2018, 18:15 Uhr<br>SWR,&nbsp;<strong>ICH TRAGE EINEN GRO\u00dfEN NAMEN<\/strong><\/p>\n\n\n\n<hr class=\"wp-block-separator has-css-opacity\"\/>\n\n\n\n<p><strong>Drehtage f\u00fcr Leopold Altenburg<\/strong><\/p>\n\n\n\n<p>Dezember 2017: Ein Drehtag f\u00fcr <strong>TATORT LUDWIGSHAFEN<\/strong> mit Ulrike Folkerts,<br>Regie: Thomas Bohn<\/p>\n\n\n\n<hr class=\"wp-block-separator has-css-opacity\"\/>\n\n\n\n<p>November 2017: Ein Drehtag f\u00fcr <strong>SOKO WISMAR<\/strong>, Regie: \u00d6ren Schmuckler<\/p>\n\n\n\n<hr class=\"wp-block-separator has-css-opacity\"\/>\n\n\n<div class=\"wp-block-image\">\n<figure class=\"alignleft\"><img loading=\"lazy\" decoding=\"async\" width=\"300\" height=\"199\" src=\"http:\/\/leopoldaltenburg.com\/wp-content\/uploads\/2013\/04\/IMG_6555-2-300x199.jpg\" alt=\"IMG_6555 (2)\" class=\"wp-image-794\" srcset=\"https:\/\/leopoldaltenburg.com\/wp-content\/uploads\/2013\/04\/IMG_6555-2-300x199.jpg 300w, https:\/\/leopoldaltenburg.com\/wp-content\/uploads\/2013\/04\/IMG_6555-2-450x300.jpg 450w, https:\/\/leopoldaltenburg.com\/wp-content\/uploads\/2013\/04\/IMG_6555-2-150x99.jpg 150w, https:\/\/leopoldaltenburg.com\/wp-content\/uploads\/2013\/04\/IMG_6555-2.jpg 1024w\" sizes=\"auto, (max-width: 300px) 100vw, 300px\" \/><\/figure>\n<\/div>\n\n\n<p>November 2017, 7 Drehtage zu&nbsp;<strong>&#8222;Das Ende der Habsburger &#8211; Kaiser Karl und die Sixtus-Aff\u00e4ire&#8220;<br><\/strong>ORF \/ ZDF \/ Arte<br>Kaiser Karl: Leopold Altenburg<br>Kaiserin Zita:&nbsp;Daniela Golpashin<br>Drehbuch und Regie: Fritz Kalteis<\/p>\n\n\n\n<hr class=\"wp-block-separator has-css-opacity\"\/>\n\n\n<div class=\"wp-block-image\">\n<figure class=\"alignleft\"><a href=\"http:\/\/leopoldaltenburg.com\/wp-content\/uploads\/2013\/04\/Bildschirmfoto-2017-09-28-um-08.34.16.png\" target=\"_blank\" rel=\"noopener noreferrer\"><img loading=\"lazy\" decoding=\"async\" width=\"211\" height=\"300\" src=\"http:\/\/leopoldaltenburg.com\/wp-content\/uploads\/2013\/04\/Bildschirmfoto-2017-09-28-um-08.34.16-211x300.png\" alt=\"Bildschirmfoto 2017-09-28 um 08.34.16\" class=\"wp-image-797\" srcset=\"https:\/\/leopoldaltenburg.com\/wp-content\/uploads\/2013\/04\/Bildschirmfoto-2017-09-28-um-08.34.16-211x300.png 211w, https:\/\/leopoldaltenburg.com\/wp-content\/uploads\/2013\/04\/Bildschirmfoto-2017-09-28-um-08.34.16-721x1024.png 721w, https:\/\/leopoldaltenburg.com\/wp-content\/uploads\/2013\/04\/Bildschirmfoto-2017-09-28-um-08.34.16-105x150.png 105w, https:\/\/leopoldaltenburg.com\/wp-content\/uploads\/2013\/04\/Bildschirmfoto-2017-09-28-um-08.34.16.png 788w\" sizes=\"auto, (max-width: 211px) 100vw, 211px\" \/><\/a><\/figure>\n<\/div>\n\n\n<p>Am 16. Oktober 2017 moderieren Leopold &amp; Wadowski die <a href=\"http:\/\/www.montagsmelange.de\" target=\"_blank\" rel=\"noopener noreferrer\"><strong>37. Montagsmelange<\/strong><\/a> in der Cultura, Rietberg, OWL<\/p>\n\n\n\n<hr class=\"wp-block-separator has-css-opacity\"\/>\n\n\n<div class=\"wp-block-image\">\n<figure class=\"alignleft\"><img loading=\"lazy\" decoding=\"async\" width=\"300\" height=\"163\" src=\"http:\/\/leopoldaltenburg.com\/wp-content\/uploads\/2013\/04\/Bildschirmfoto-2017-10-02-um-15.29.49-300x163.png\" alt=\"Bildschirmfoto 2017-10-02 um 15.29.49\" class=\"wp-image-805\" srcset=\"https:\/\/leopoldaltenburg.com\/wp-content\/uploads\/2013\/04\/Bildschirmfoto-2017-10-02-um-15.29.49-300x163.png 300w, https:\/\/leopoldaltenburg.com\/wp-content\/uploads\/2013\/04\/Bildschirmfoto-2017-10-02-um-15.29.49-1024x557.png 1024w, https:\/\/leopoldaltenburg.com\/wp-content\/uploads\/2013\/04\/Bildschirmfoto-2017-10-02-um-15.29.49-500x272.png 500w, https:\/\/leopoldaltenburg.com\/wp-content\/uploads\/2013\/04\/Bildschirmfoto-2017-10-02-um-15.29.49-150x81.png 150w\" sizes=\"auto, (max-width: 300px) 100vw, 300px\" \/><\/figure>\n<\/div>\n\n\n<p>Am 30. September 2017 war Leopold Altenburg zu Gast bei J\u00f6rg Pilawas Show&nbsp;<strong>Spiel f\u00fcr dein Land.<\/strong><\/p>\n\n\n\n<hr class=\"wp-block-separator has-css-opacity\"\/>\n\n\n<div class=\"wp-block-image\">\n<figure class=\"alignleft\"><img loading=\"lazy\" decoding=\"async\" width=\"300\" height=\"167\" src=\"http:\/\/leopoldaltenburg.com\/wp-content\/uploads\/2013\/04\/Bildschirmfoto-2017-10-02-um-16.08.41-300x167.png\" alt=\"Bildschirmfoto 2017-10-02 um 16.08.41\" class=\"wp-image-807\" srcset=\"https:\/\/leopoldaltenburg.com\/wp-content\/uploads\/2013\/04\/Bildschirmfoto-2017-10-02-um-16.08.41-300x167.png 300w, https:\/\/leopoldaltenburg.com\/wp-content\/uploads\/2013\/04\/Bildschirmfoto-2017-10-02-um-16.08.41-1024x570.png 1024w, https:\/\/leopoldaltenburg.com\/wp-content\/uploads\/2013\/04\/Bildschirmfoto-2017-10-02-um-16.08.41-500x278.png 500w, https:\/\/leopoldaltenburg.com\/wp-content\/uploads\/2013\/04\/Bildschirmfoto-2017-10-02-um-16.08.41-150x83.png 150w, https:\/\/leopoldaltenburg.com\/wp-content\/uploads\/2013\/04\/Bildschirmfoto-2017-10-02-um-16.08.41.png 1494w\" sizes=\"auto, (max-width: 300px) 100vw, 300px\" \/><\/figure>\n<\/div>\n\n\n<p>17. Oktober 2017, In Baden Baden findet die Aufzeichnung von<br><strong>Ich trage einen gro\u00dfen Namen<\/strong>&nbsp;statt, SWR.<br>Gast: Leopold Altenburg<br>Moderation: Wieland Backes<br>Die Sendung wird am 28. Januar 2018, 18:15 Uhr auf SWR ausgestrahlt<\/p>\n\n\n\n<hr class=\"wp-block-separator has-css-opacity\"\/>\n\n\n<div class=\"wp-block-image\">\n<figure class=\"alignleft\"><a href=\"http:\/\/leopoldaltenburg.com\/?page_id=39\" target=\"_blank\" rel=\"noopener noreferrer\"><img loading=\"lazy\" decoding=\"async\" width=\"214\" height=\"300\" src=\"http:\/\/leopoldaltenburg.com\/wp-content\/uploads\/2013\/07\/3052-j-kl-214x300.jpg\" alt=\"3052 j kl\" class=\"wp-image-776\" srcset=\"https:\/\/leopoldaltenburg.com\/wp-content\/uploads\/2013\/07\/3052-j-kl-214x300.jpg 214w, https:\/\/leopoldaltenburg.com\/wp-content\/uploads\/2013\/07\/3052-j-kl-731x1024.jpg 731w, https:\/\/leopoldaltenburg.com\/wp-content\/uploads\/2013\/07\/3052-j-kl-107x150.jpg 107w, https:\/\/leopoldaltenburg.com\/wp-content\/uploads\/2013\/07\/3052-j-kl.jpg 1371w\" sizes=\"auto, (max-width: 214px) 100vw, 214px\" \/><\/a><\/figure>\n<\/div>\n\n\n<p>Juli 2017: Der Schauspielerfotograf&nbsp;<strong><a title=\"Leopold Altenburg, Portr\u00e4tfotos, Prinz, 2017, Schauspieler\" href=\"http:\/\/waldis-fotografie.com\" target=\"_blank\" rel=\"noopener noreferrer\">Gregory B. Waldis<\/a><\/strong> hat neue <a title=\"Portr\u00e4tfotos Leopold Prinz von Altenburg\" href=\"http:\/\/leopoldaltenburg.com\/?page_id=39\" target=\"_blank\" rel=\"noopener noreferrer\"><strong>Portr\u00e4tfotos<\/strong><\/a> von Leopold Altenburg gemacht.<\/p>\n\n\n\n<hr class=\"wp-block-separator has-css-opacity\"\/>\n\n\n<div class=\"wp-block-image\">\n<figure class=\"alignleft\"><img loading=\"lazy\" decoding=\"async\" width=\"300\" height=\"162\" src=\"http:\/\/leopoldaltenburg.com\/wp-content\/uploads\/2013\/04\/Bildschirmfoto-2017-06-15-um-09.21.57-300x162.png\" alt=\"Bildschirmfoto 2017-06-15 um 09.21.57\" class=\"wp-image-770\" srcset=\"https:\/\/leopoldaltenburg.com\/wp-content\/uploads\/2013\/04\/Bildschirmfoto-2017-06-15-um-09.21.57-300x162.png 300w, https:\/\/leopoldaltenburg.com\/wp-content\/uploads\/2013\/04\/Bildschirmfoto-2017-06-15-um-09.21.57-1024x555.png 1024w, https:\/\/leopoldaltenburg.com\/wp-content\/uploads\/2013\/04\/Bildschirmfoto-2017-06-15-um-09.21.57-500x271.png 500w, https:\/\/leopoldaltenburg.com\/wp-content\/uploads\/2013\/04\/Bildschirmfoto-2017-06-15-um-09.21.57-150x81.png 150w\" sizes=\"auto, (max-width: 300px) 100vw, 300px\" \/><\/figure>\n<\/div>\n\n\n<p>Die Roten Nasen Deutschland waren dieses Jahr vom 6. &#8211; 9. Juni 2017 Gastgeber des <strong>International Red Nose Clowncamp<\/strong> am Werbellinsee. Aus diesem Anlass gab es auf rbb und im rbb-Radio einige sch\u00f6ne Berichte<\/p>\n\n\n\n<hr class=\"wp-block-separator has-css-opacity\"\/>\n\n\n<div class=\"wp-block-image\">\n<figure class=\"alignleft\"><img loading=\"lazy\" decoding=\"async\" width=\"200\" height=\"300\" src=\"http:\/\/leopoldaltenburg.com\/wp-content\/uploads\/2013\/04\/408285_188069367957069_1215218173_n-200x300.jpg\" alt=\"408285_188069367957069_1215218173_n\" class=\"wp-image-484\" srcset=\"https:\/\/leopoldaltenburg.com\/wp-content\/uploads\/2013\/04\/408285_188069367957069_1215218173_n-200x300.jpg 200w, https:\/\/leopoldaltenburg.com\/wp-content\/uploads\/2013\/04\/408285_188069367957069_1215218173_n-100x150.jpg 100w, https:\/\/leopoldaltenburg.com\/wp-content\/uploads\/2013\/04\/408285_188069367957069_1215218173_n.jpg 600w\" sizes=\"auto, (max-width: 200px) 100vw, 200px\" \/><\/figure>\n<\/div>\n\n\n<p>Am 15. Mai 2017 um 20 Uhr &nbsp;in der Cultura in Rietberg findet die&nbsp;<a href=\"http:\/\/www.montagsmelange.de\" target=\"_blank\" rel=\"noopener noreferrer\"><strong>36. Montagsmelange&nbsp;<\/strong><\/a>statt mit Leopold &amp; Wadowski als Gastgeber. Mit dabei sind der gro\u00dfartige Clown Peter Shub, der Stand Up Comedian Ingo Oschmann, die Kabarettistinnen von Thekentratsch und das Artistenduo Dirk &amp; Daniel.<\/p>\n\n\n\n<hr class=\"wp-block-separator has-css-opacity\"\/>\n\n\n\n<figure class=\"wp-block-image\"><img loading=\"lazy\" decoding=\"async\" width=\"300\" height=\"198\" src=\"http:\/\/leopoldaltenburg.com\/wp-content\/uploads\/2013\/04\/Bild-8-300x198.png\" alt=\"Bild 8\" class=\"wp-image-764\" srcset=\"https:\/\/leopoldaltenburg.com\/wp-content\/uploads\/2013\/04\/Bild-8-300x198.png 300w, https:\/\/leopoldaltenburg.com\/wp-content\/uploads\/2013\/04\/Bild-8-452x300.png 452w, https:\/\/leopoldaltenburg.com\/wp-content\/uploads\/2013\/04\/Bild-8-150x99.png 150w, https:\/\/leopoldaltenburg.com\/wp-content\/uploads\/2013\/04\/Bild-8.png 698w\" sizes=\"auto, (max-width: 300px) 100vw, 300px\" \/><\/figure>\n\n\n\n<p>In der Ausgabe&nbsp;<strong>Die deutsche B\u00fchne&nbsp;<\/strong>vom April 2017 berichten freischaffende Schauspieler &#8211; u.a. Leopold Altenburg &#8211; aus ihrem Patchwork-Arbeitsleben.<\/p>\n\n\n\n<hr class=\"wp-block-separator has-css-opacity\"\/>\n\n\n<div class=\"wp-block-image\">\n<figure class=\"alignleft\"><img loading=\"lazy\" decoding=\"async\" width=\"300\" height=\"200\" src=\"http:\/\/leopoldaltenburg.com\/wp-content\/uploads\/2013\/04\/Bild-7-300x200.png\" alt=\"Bild 7\" class=\"wp-image-761\" srcset=\"https:\/\/leopoldaltenburg.com\/wp-content\/uploads\/2013\/04\/Bild-7-300x200.png 300w, https:\/\/leopoldaltenburg.com\/wp-content\/uploads\/2013\/04\/Bild-7-450x300.png 450w, https:\/\/leopoldaltenburg.com\/wp-content\/uploads\/2013\/04\/Bild-7-150x100.png 150w, https:\/\/leopoldaltenburg.com\/wp-content\/uploads\/2013\/04\/Bild-7.png 849w\" sizes=\"auto, (max-width: 300px) 100vw, 300px\" \/><\/figure>\n<\/div>\n\n\n<p>Der Kurzfilm&nbsp;<strong>Unterk\u00fchlung&nbsp;<\/strong>von Olga Kosanovic mit Leopold Altenburg in der Rolle des Sepp gewinnt den Publikumspreis beim Internationalen Filmfestivall Let\u00b4s CEE in Wien,<\/p>\n\n\n\n<p>M\u00e4rz 2017<\/p>\n\n\n\n<hr class=\"wp-block-separator has-css-opacity\"\/>\n\n\n<div class=\"wp-block-image\">\n<figure class=\"alignleft\"><img loading=\"lazy\" decoding=\"async\" width=\"300\" height=\"233\" src=\"http:\/\/leopoldaltenburg.com\/wp-content\/uploads\/2017\/03\/alte03-300x233.jpg\" alt=\"alte03\" class=\"wp-image-759\" srcset=\"https:\/\/leopoldaltenburg.com\/wp-content\/uploads\/2017\/03\/alte03-300x233.jpg 300w, https:\/\/leopoldaltenburg.com\/wp-content\/uploads\/2017\/03\/alte03-1024x796.jpg 1024w, https:\/\/leopoldaltenburg.com\/wp-content\/uploads\/2017\/03\/alte03-385x300.jpg 385w, https:\/\/leopoldaltenburg.com\/wp-content\/uploads\/2017\/03\/alte03-150x116.jpg 150w, https:\/\/leopoldaltenburg.com\/wp-content\/uploads\/2017\/03\/alte03.jpg 1533w\" sizes=\"auto, (max-width: 300px) 100vw, 300px\" \/><\/figure>\n<\/div>\n\n\n<p><strong>Die Alte<\/strong>&nbsp;von Daniil Charms<br>Die Kultinszenierung ist zur\u00fcck! Die Geschichte eines Schriftstellers, der durch den \u00fcberraschenden Tod einer ihm unbekannten alten Frau aus seiner Realit\u00e4t gerissen wird. Die Leiche verfolgt ihn bis in seine Tr\u00e4ume hinein und hindert ihn am Schlafen, am Schreiben und am Lieben. Verzweifelt versucht er die Alte loszuwerden.&nbsp;Die Schauspieler Michael Grunert und J\u00fcrgen Nentwig schl\u00fcpfen unter der Regie von Leopold Altenburg in dieser skurrilen Kom\u00f6die in immer wechselnde Rollen. Dadurch werden die Zuschauer spielerisch in eine Welt zwischen Traum und Realit\u00e4t entf\u00fchrt.<br>Eine Hommage an den Autor Daniil Charms, den \u201edas Leben nur in seiner unsinnigen Erscheinung interessiert\u201c (Charms, Petersburg 1937).<br><strong>Wiederaufnahme einer Inszenierung von Leopold Altenburg aus dem Jahr 2001 (!)<\/strong><br><strong>Am 25. und 26. M\u00e4rz 2017 im Theaterlabor Bielefeld<\/strong><\/p>\n\n\n\n<hr class=\"wp-block-separator has-css-opacity\"\/>\n\n\n<div class=\"wp-block-image\">\n<figure class=\"alignleft\"><img loading=\"lazy\" decoding=\"async\" width=\"300\" height=\"200\" src=\"http:\/\/leopoldaltenburg.com\/wp-content\/uploads\/2013\/04\/Heimatleuchten-Der-private-Kaiser_04-300x200.jpg\" alt=\"Leopold Altenburg\" class=\"wp-image-704\" srcset=\"https:\/\/leopoldaltenburg.com\/wp-content\/uploads\/2013\/04\/Heimatleuchten-Der-private-Kaiser_04-300x200.jpg 300w, https:\/\/leopoldaltenburg.com\/wp-content\/uploads\/2013\/04\/Heimatleuchten-Der-private-Kaiser_04-1024x682.jpg 1024w, https:\/\/leopoldaltenburg.com\/wp-content\/uploads\/2013\/04\/Heimatleuchten-Der-private-Kaiser_04-449x300.jpg 449w, https:\/\/leopoldaltenburg.com\/wp-content\/uploads\/2013\/04\/Heimatleuchten-Der-private-Kaiser_04-150x100.jpg 150w\" sizes=\"auto, (max-width: 300px) 100vw, 300px\" \/><\/figure>\n<\/div>\n\n\n<p>Nach dem gro\u00dfen Erfolg in \u00d6sterreich zeigt nun Servus TV auch in Deutschland die zweiteilige Dokumentation&nbsp;<strong>Auf den Spuren des Kaisers<\/strong>&nbsp;mit Leopold Altenburg als Host<strong>&nbsp;<\/strong>im Hauptabendprogramm.<br><strong>Servus TV Deutschland:<br><\/strong>3. M\u00e4rz 2017 I 20:15 Uhr I Der private Kaiser<a title=\"Leopold Prinz von Altenburg, Ururenkel von Kaiser Franz Joseph I und Kaiserin Elisabeth, Sisi, Sissi, Stefan Ludwig, Host\" href=\"http:\/\/www.servustv.com\/de\/Medien\/Der-private-Kaiser\" target=\"_blank\" rel=\"noopener noreferrer\"><br><\/a>10. M\u00e4rz 2017 I 20:15 Uhr I Der letzte gro\u00dfe Kaiser<\/p>\n\n\n\n<hr class=\"wp-block-separator has-css-opacity\"\/>\n\n\n\n<figure class=\"wp-block-image\"><img loading=\"lazy\" decoding=\"async\" width=\"300\" height=\"226\" src=\"http:\/\/leopoldaltenburg.com\/wp-content\/uploads\/2017\/02\/Bild-10-300x226.png\" alt=\"Bild 10\" class=\"wp-image-744\" srcset=\"https:\/\/leopoldaltenburg.com\/wp-content\/uploads\/2017\/02\/Bild-10-300x226.png 300w, https:\/\/leopoldaltenburg.com\/wp-content\/uploads\/2017\/02\/Bild-10-396x300.png 396w, https:\/\/leopoldaltenburg.com\/wp-content\/uploads\/2017\/02\/Bild-10-150x113.png 150w, https:\/\/leopoldaltenburg.com\/wp-content\/uploads\/2017\/02\/Bild-10.png 657w\" sizes=\"auto, (max-width: 300px) 100vw, 300px\" \/><\/figure>\n\n\n\n<p><a href=\"http:\/\/leopoldaltenburg.com\/wp-content\/uploads\/2017\/02\/Leopold-Altenburg.pdf\" target=\"_blank\" rel=\"noopener noreferrer\"><b><\/b><\/a><\/p>\n\n\n\n<p>7. Februar 2017<br>Ein ausf\u00fchrliches<br><strong>Portrait \u00fcber Leopold Altenburg<\/strong><br>in der&nbsp;<a title=\"Leopold Prinz von Altenburg, Die Presse, Ururenkel von Kaiser Franz Joseph und Kaiserin Elisabeth, Sisi, Sissi, Habsburg\" href=\"http:\/\/diepresse.com\/home\/leben\/mensch\/5165901\/Post-fuer-den-Prinzen\" target=\"_blank\" rel=\"noopener noreferrer\"><strong>Presse, \u00d6sterreich<\/strong><\/a><\/p>\n\n\n\n<hr class=\"wp-block-separator has-css-opacity\"\/>\n\n\n<div class=\"wp-block-image\">\n<figure class=\"alignleft\"><a href=\"http:\/\/leopoldaltenburg.com\/wp-content\/uploads\/2017\/02\/170204\u00a9KatharinaSchiffl-4699.jpg\" target=\"_blank\" rel=\"noopener noreferrer\"><img loading=\"lazy\" decoding=\"async\" width=\"300\" height=\"200\" src=\"http:\/\/leopoldaltenburg.com\/wp-content\/uploads\/2017\/02\/170204\u00a9KatharinaSchiffl-4676-300x200.jpg\" alt=\"_170204\u00a9KatharinaSchiffl-4676\" class=\"wp-image-746\" srcset=\"https:\/\/leopoldaltenburg.com\/wp-content\/uploads\/2017\/02\/170204\u00a9KatharinaSchiffl-4676-300x200.jpg 300w, https:\/\/leopoldaltenburg.com\/wp-content\/uploads\/2017\/02\/170204\u00a9KatharinaSchiffl-4676-449x300.jpg 449w, https:\/\/leopoldaltenburg.com\/wp-content\/uploads\/2017\/02\/170204\u00a9KatharinaSchiffl-4676-150x100.jpg 150w, https:\/\/leopoldaltenburg.com\/wp-content\/uploads\/2017\/02\/170204\u00a9KatharinaSchiffl-4676.jpg 1024w\" sizes=\"auto, (max-width: 300px) 100vw, 300px\" \/><\/a><\/figure>\n<\/div>\n\n\n<p>4. Februar 2017, Leopold Altenburg er\u00f6ffnet in Wien bei Madame Tussaud die neuen R\u00e4umlichkeiten zum Thema &#8222;Sisi &#8211; Kaiserin Elisabeth&#8220;.<\/p>\n\n\n\n<p>Ein Bericht in der <a title=\"Leopold Altenburg, Prinz, Ururenkel von Sisi, Kaiserin Elisabeth, Madam Tussaud\" href=\"http:\/\/www.krone.at\/wien\/madame-tussauds-zeigt-einen-tag-im-leben-von-sisi-neuer-bereich-story-552483\" target=\"_blank\" rel=\"noopener noreferrer\">Kronenzeitung<\/a><\/p>\n\n\n\n<hr class=\"wp-block-separator has-css-opacity\"\/>\n\n\n<div class=\"wp-block-image\">\n<figure class=\"alignleft\"><img loading=\"lazy\" decoding=\"async\" width=\"300\" height=\"200\" src=\"http:\/\/leopoldaltenburg.com\/wp-content\/uploads\/2013\/04\/Heimatleuchten-Der-letzte-gro\u00dfe-Kaiser-kein-Schmarrn_04-300x200.jpg\" alt=\"Altgriechich Lehrer und Leopold Altenburg\" class=\"wp-image-741\" srcset=\"https:\/\/leopoldaltenburg.com\/wp-content\/uploads\/2013\/04\/Heimatleuchten-Der-letzte-gro\u00dfe-Kaiser-kein-Schmarrn_04-300x200.jpg 300w, https:\/\/leopoldaltenburg.com\/wp-content\/uploads\/2013\/04\/Heimatleuchten-Der-letzte-gro\u00dfe-Kaiser-kein-Schmarrn_04-1024x682.jpg 1024w, https:\/\/leopoldaltenburg.com\/wp-content\/uploads\/2013\/04\/Heimatleuchten-Der-letzte-gro\u00dfe-Kaiser-kein-Schmarrn_04-449x300.jpg 449w, https:\/\/leopoldaltenburg.com\/wp-content\/uploads\/2013\/04\/Heimatleuchten-Der-letzte-gro\u00dfe-Kaiser-kein-Schmarrn_04-150x100.jpg 150w\" sizes=\"auto, (max-width: 300px) 100vw, 300px\" \/><\/figure>\n<\/div>\n\n\n<div><i>&#8222;Dokumentationen \u00fcber Kaiser Franz Joseph I. gibt es viele. Doch diese ist etwas Besonderes (&#8230;)<\/i><\/div>\n\n\n\n<div><i>Der Schauspieler Leopold Altenburg entf\u00fchrte im vergangenen Jahr das TV-Publikum auf eine Zeitreise zu seinen prominenten Vorfahren &#8211; und l\u00f6ste damit ein gro\u00dfes Echo aus.&#8220;<\/i><em> Antonia Fuchs von <a title=\"Leopold Prinz von Altenburg, Auf den Spuren des Kaisers, Stefan Ludwig, Kaiser Franz Joseph I, Ururenkel von Sisi, Sissi\" href=\"https:\/\/www.gmx.at\/magazine\/unterhaltung\/tv-film\/ururenkel-kaiser-franz-joseph-i-doku-spurensuche-32070694\" target=\"_blank\" rel=\"noopener noreferrer\">gmx.at<\/a><\/em><\/div>\n\n\n\n<div><hr><\/div>\n\n\n<div class=\"wp-block-image\">\n<figure class=\"alignleft\"><img loading=\"lazy\" decoding=\"async\" width=\"300\" height=\"200\" src=\"http:\/\/leopoldaltenburg.com\/wp-content\/uploads\/2013\/04\/Heimatleuchten-Der-private-Kaiser_02-300x200.jpg\" alt=\"Leopold Altenburg und Karl Vocelka\" class=\"wp-image-737\" srcset=\"https:\/\/leopoldaltenburg.com\/wp-content\/uploads\/2013\/04\/Heimatleuchten-Der-private-Kaiser_02-300x200.jpg 300w, https:\/\/leopoldaltenburg.com\/wp-content\/uploads\/2013\/04\/Heimatleuchten-Der-private-Kaiser_02-1024x682.jpg 1024w, https:\/\/leopoldaltenburg.com\/wp-content\/uploads\/2013\/04\/Heimatleuchten-Der-private-Kaiser_02-449x300.jpg 449w, https:\/\/leopoldaltenburg.com\/wp-content\/uploads\/2013\/04\/Heimatleuchten-Der-private-Kaiser_02-150x100.jpg 150w\" sizes=\"auto, (max-width: 300px) 100vw, 300px\" \/><\/figure>\n<\/div>\n\n\n<p>Wiederholung von<br><strong>AUF DEN SPUREN DES KAISERS<br><\/strong><strong>6. Januar 2017 \/ 11:55 Uhr \/ Servus TV<\/strong><br>Beide Teile werden hintereinander ausgestrahlt.<strong><br><\/strong>Fotos: Leopold Altenburg im Gespr\u00e4ch mit dem Historiker Dr. Karl Vocelka im Historischen Sitzungssaal, Parlament, Wien.<\/p>\n\n\n\n<hr class=\"wp-block-separator has-css-opacity\"\/>\n\n\n<div class=\"wp-block-image\">\n<figure class=\"alignleft\"><img loading=\"lazy\" decoding=\"async\" width=\"300\" height=\"200\" src=\"http:\/\/leopoldaltenburg.com\/wp-content\/uploads\/2013\/04\/Heimatleuchten-Der-letzte-gro\u00dfe-Kaiser-kein-Schmarrn_05-300x200.jpg\" alt=\"Leopold Altenburg\" class=\"wp-image-729\" srcset=\"https:\/\/leopoldaltenburg.com\/wp-content\/uploads\/2013\/04\/Heimatleuchten-Der-letzte-gro\u00dfe-Kaiser-kein-Schmarrn_05-300x200.jpg 300w, https:\/\/leopoldaltenburg.com\/wp-content\/uploads\/2013\/04\/Heimatleuchten-Der-letzte-gro\u00dfe-Kaiser-kein-Schmarrn_05-1024x682.jpg 1024w, https:\/\/leopoldaltenburg.com\/wp-content\/uploads\/2013\/04\/Heimatleuchten-Der-letzte-gro\u00dfe-Kaiser-kein-Schmarrn_05-449x300.jpg 449w, https:\/\/leopoldaltenburg.com\/wp-content\/uploads\/2013\/04\/Heimatleuchten-Der-letzte-gro\u00dfe-Kaiser-kein-Schmarrn_05-150x100.jpg 150w\" sizes=\"auto, (max-width: 300px) 100vw, 300px\" \/><\/figure>\n<\/div>\n\n\n<p>Leopold Altenburg in einem <a title=\"Interview gmx.at, Antonia Fuchs, Prinz Leopold von Altenburg, Franz Joseph, Sisi, Sissi, Ururenkel, Josef Hader, Auf den Spuren des Kaisers\" href=\"https:\/\/web.de\/magazine\/unterhaltung\/adel\/ururenkel-franz-joseph-sisi-monarchie-notwendig-32039386\" target=\"_blank\" rel=\"noopener noreferrer\">Interview bei gmx.at<\/a> \u00fcber&nbsp;\u00fcber Familiengeschichte, Sissi-Filme und das Rennen um die Hofburg. Ver\u00f6ffentlicht am 1. Dezember 2016<\/p>\n\n\n\n<p>Interview in <a title=\"Leopold Prinz von Altenburg, Ganze Woche Interview, Auf den Spuren des Kaisers\" href=\"http:\/\/leopoldaltenburg.com\/wp-content\/uploads\/2013\/04\/GanzeWoche.pdf\" target=\"_blank\" rel=\"noopener noreferrer\">Die ganze Woche<\/a><\/p>\n\n\n\n<hr class=\"wp-block-separator has-css-opacity\"\/>\n\n\n<div class=\"wp-block-image\">\n<figure class=\"alignleft\"><img loading=\"lazy\" decoding=\"async\" width=\"232\" height=\"300\" src=\"http:\/\/leopoldaltenburg.com\/wp-content\/uploads\/2013\/04\/Noah-Chorny-Pressefoto-232x300.jpg\" alt=\"Noah Chorny Pressefoto\" class=\"wp-image-722\" srcset=\"https:\/\/leopoldaltenburg.com\/wp-content\/uploads\/2013\/04\/Noah-Chorny-Pressefoto-232x300.jpg 232w, https:\/\/leopoldaltenburg.com\/wp-content\/uploads\/2013\/04\/Noah-Chorny-Pressefoto-116x150.jpg 116w, https:\/\/leopoldaltenburg.com\/wp-content\/uploads\/2013\/04\/Noah-Chorny-Pressefoto.jpg 340w\" sizes=\"auto, (max-width: 232px) 100vw, 232px\" \/><\/figure>\n<\/div>\n\n\n<p><strong><a href=\"http:\/\/www.montagsmelange.de\">35. Montagsmelange<\/a><\/strong> <strong>von Leopold &amp; Wadowski am 21. November 2016, 20 Uhr in der Cultura, Rietberg.<\/strong><br>Auch die 35. Montagsmelange \u2013 OWL\u2019s Kult Comedy Show \u2013 besticht wiederum mit einer glanzvollen G\u00e4steliste.<br><a href=\"http:\/\/www.abdelkarim.tv\" target=\"_blank\" rel=\"noopener noreferrer\"><strong>Abdelkarim<\/strong><\/a> und <a href=\"http:\/\/www.archie-clapp.de\" target=\"_blank\" rel=\"noopener noreferrer\"><strong>Archie Clapp<\/strong><\/a> bringen Ausschnitte aus ihren aktuellen Soloprogrammen, <a href=\"http:\/\/www.vertical-theater.com\" target=\"_blank\" rel=\"noopener noreferrer\"><strong>Noah Chorny<\/strong><\/a> gl\u00e4nzt als Meister der vertikalen Stangenakrobatik,<br><a href=\"http:\/\/www.siradam-diaboloperformer.de\" target=\"_blank\" rel=\"noopener noreferrer\"><strong>Sir Adam<\/strong><\/a>&nbsp;als Diabolok\u00fcnstler und die <a href=\"http:\/\/www.jugend-musical-buehne-rietberg.de\" target=\"_blank\" rel=\"noopener noreferrer\"><strong>Jugend-Musical-B\u00fchne<\/strong><\/a> bietet einen Querschnitt durch ihre neueste Produktion \u201eAnnie\u201c.<\/p>\n\n\n\n<hr class=\"wp-block-separator has-css-opacity\"\/>\n\n\n<div class=\"wp-block-image\">\n<figure class=\"alignleft\"><img loading=\"lazy\" decoding=\"async\" width=\"300\" height=\"200\" src=\"http:\/\/leopoldaltenburg.com\/wp-content\/uploads\/2013\/04\/Heimatleuchten-Der-private-Kaiser_04-300x200.jpg\" alt=\"Leopold Altenburg\" class=\"wp-image-704\" srcset=\"https:\/\/leopoldaltenburg.com\/wp-content\/uploads\/2013\/04\/Heimatleuchten-Der-private-Kaiser_04-300x200.jpg 300w, https:\/\/leopoldaltenburg.com\/wp-content\/uploads\/2013\/04\/Heimatleuchten-Der-private-Kaiser_04-1024x682.jpg 1024w, https:\/\/leopoldaltenburg.com\/wp-content\/uploads\/2013\/04\/Heimatleuchten-Der-private-Kaiser_04-449x300.jpg 449w, https:\/\/leopoldaltenburg.com\/wp-content\/uploads\/2013\/04\/Heimatleuchten-Der-private-Kaiser_04-150x100.jpg 150w\" sizes=\"auto, (max-width: 300px) 100vw, 300px\" \/><\/figure>\n<\/div>\n\n\n<p><strong>AUF DEN SPUREN DES KAISERS<br><\/strong>in der Mediathek von Servus TV<\/p>\n\n\n\n<p>Teil 1:&nbsp;<strong>Der letzte gro\u00dfe Kaiser<\/strong><br>Teil 2:&nbsp;<strong>Der private Kaiser<\/strong><\/p>\n\n\n<div class=\"wp-block-image\">\n<figure class=\"alignleft\"><img loading=\"lazy\" decoding=\"async\" width=\"300\" height=\"200\" src=\"http:\/\/leopoldaltenburg.com\/wp-content\/uploads\/2013\/04\/Gipsfigurenkeller-300x200.jpg\" alt=\"Gipsfigurenkeller\" class=\"wp-image-697\" srcset=\"https:\/\/leopoldaltenburg.com\/wp-content\/uploads\/2013\/04\/Gipsfigurenkeller-300x200.jpg 300w, https:\/\/leopoldaltenburg.com\/wp-content\/uploads\/2013\/04\/Gipsfigurenkeller-1024x682.jpg 1024w, https:\/\/leopoldaltenburg.com\/wp-content\/uploads\/2013\/04\/Gipsfigurenkeller-450x300.jpg 450w, https:\/\/leopoldaltenburg.com\/wp-content\/uploads\/2013\/04\/Gipsfigurenkeller-150x100.jpg 150w\" sizes=\"auto, (max-width: 300px) 100vw, 300px\" \/><\/figure>\n<\/div>\n\n<div class=\"wp-block-image\">\n<figure class=\"alignleft\"><img loading=\"lazy\" decoding=\"async\" width=\"300\" height=\"168\" src=\"http:\/\/leopoldaltenburg.com\/wp-content\/uploads\/2013\/04\/Heimatleuchten-Der-private-Kaiser_01-300x168.jpg\" alt=\"Leopold Altenburg mit Ziegelarbeitern\" class=\"wp-image-713\" srcset=\"https:\/\/leopoldaltenburg.com\/wp-content\/uploads\/2013\/04\/Heimatleuchten-Der-private-Kaiser_01-300x168.jpg 300w, https:\/\/leopoldaltenburg.com\/wp-content\/uploads\/2013\/04\/Heimatleuchten-Der-private-Kaiser_01-1024x576.jpg 1024w, https:\/\/leopoldaltenburg.com\/wp-content\/uploads\/2013\/04\/Heimatleuchten-Der-private-Kaiser_01-500x281.jpg 500w, https:\/\/leopoldaltenburg.com\/wp-content\/uploads\/2013\/04\/Heimatleuchten-Der-private-Kaiser_01-150x84.jpg 150w\" sizes=\"auto, (max-width: 300px) 100vw, 300px\" \/><\/figure>\n<\/div>\n\n\n<p>\u00d6sterreich und Kaiser Franz Joseph &#8211; schwer, das eine ohne das andere zu denken. Vor hundert Jahren starb der Regent, der siebzig Jahre lang das Land beherrscht und gepr\u00e4gt hat. Der Kaiser hat \u00d6sterreich seinen sichtbaren Stempel aufgedr\u00fcckt. Der imperiale Glanz der Wiener Ringstra\u00dfe und manches Detail im \u00f6sterreichischen Alltag. Die Habsburg &#8211; Monarchie ist vergangen, doch ihr Erbe lebt. Leopold Altenburg, Schauspieler, Regisseur und Ururenkel von Kaiser Franz Joseph I. ist auf den Spuren seiner eigenen Familiengeschichte und gibt ganz private Einblicke in das Leben des letzten gro\u00dfen Monarchen.<br>Regie: <strong><a title=\"Stefan Ludwig, Prinz Leopold Altenburg, Auf den Spuren des Kaisers, Servus TV, Franz Joseph I, \" href=\"http:\/\/www.stefanludwigfilm.eu\/de\/2016\/07\/15\/na-fraeulein-wieder-fleissig-am-spazierengehen\/\" target=\"_blank\" rel=\"noopener noreferrer\">Stefan Ludwig<\/a><\/strong><\/p>\n\n\n\n<p><a title=\"Leopold Prinz von Altenburg im Interview, tele \u00d6sterreich, Heimatleuchten, Auf den Spuren des Kaisers, Der private Kaiser\" href=\"http:\/\/www.tele.at\/artikel\/3021\/being-ururenkel-leopold-altenburg-ueber-die-doku-zum-100-todestag-seines-ururgrossvaters-kaiser-franz-joseph-i.html\" target=\"_blank\" rel=\"noopener noreferrer\"><strong>Zur Sendung finden Sie hier ein Interview mit Leopold Altenburg in der tele.<\/strong><\/a><\/p>\n\n\n\n<hr class=\"wp-block-separator has-css-opacity\"\/>\n\n\n<div class=\"wp-block-image\">\n<figure class=\"alignleft\"><img loading=\"lazy\" decoding=\"async\" width=\"300\" height=\"199\" src=\"http:\/\/leopoldaltenburg.com\/wp-content\/uploads\/2013\/04\/P1080036-300x199.jpg\" alt=\"P1080036\" class=\"wp-image-690\" srcset=\"https:\/\/leopoldaltenburg.com\/wp-content\/uploads\/2013\/04\/P1080036-300x199.jpg 300w, https:\/\/leopoldaltenburg.com\/wp-content\/uploads\/2013\/04\/P1080036-1024x680.jpg 1024w, https:\/\/leopoldaltenburg.com\/wp-content\/uploads\/2013\/04\/P1080036-451x300.jpg 451w, https:\/\/leopoldaltenburg.com\/wp-content\/uploads\/2013\/04\/P1080036-150x99.jpg 150w, https:\/\/leopoldaltenburg.com\/wp-content\/uploads\/2013\/04\/P1080036.jpg 2048w\" sizes=\"auto, (max-width: 300px) 100vw, 300px\" \/><\/figure>\n<\/div>\n\n\n<p>Leopold Altenburg im Radiointerview am 22. August 2016 bei rbb 88,8<\/p>\n\n\n\n<p><strong>DEIN VORMITTAG bei Ingo Hoppe<\/strong><\/p>\n\n\n\n<hr class=\"wp-block-separator has-css-opacity\"\/>\n\n\n<div class=\"wp-block-image\">\n<figure class=\"alignleft\"><img loading=\"lazy\" decoding=\"async\" width=\"300\" height=\"200\" src=\"http:\/\/leopoldaltenburg.com\/wp-content\/uploads\/2013\/04\/21318_413649882065682_1455290535_n-300x200.jpg\" alt=\"21318_413649882065682_1455290535_n\" class=\"wp-image-325\" srcset=\"https:\/\/leopoldaltenburg.com\/wp-content\/uploads\/2013\/04\/21318_413649882065682_1455290535_n-300x200.jpg 300w, https:\/\/leopoldaltenburg.com\/wp-content\/uploads\/2013\/04\/21318_413649882065682_1455290535_n-450x300.jpg 450w, https:\/\/leopoldaltenburg.com\/wp-content\/uploads\/2013\/04\/21318_413649882065682_1455290535_n-148x98.jpg 148w, https:\/\/leopoldaltenburg.com\/wp-content\/uploads\/2013\/04\/21318_413649882065682_1455290535_n-31x20.jpg 31w, https:\/\/leopoldaltenburg.com\/wp-content\/uploads\/2013\/04\/21318_413649882065682_1455290535_n-38x25.jpg 38w, https:\/\/leopoldaltenburg.com\/wp-content\/uploads\/2013\/04\/21318_413649882065682_1455290535_n-322x215.jpg 322w, https:\/\/leopoldaltenburg.com\/wp-content\/uploads\/2013\/04\/21318_413649882065682_1455290535_n.jpg 960w\" sizes=\"auto, (max-width: 300px) 100vw, 300px\" \/><\/figure>\n<\/div>\n\n\n<p>Die <strong><a title=\"Montagsmelange, Leopold &amp; Wadowski\" href=\"http:\/\/www.montagsmelange.de\" target=\"_blank\" rel=\"noopener noreferrer\">34. Montagsmelange<\/a>&nbsp;<\/strong>findet am <strong>25. Juli 2016 um 20 Uhr<\/strong> in der Cultura in Rietberg statt.<br>Ostwestfalens Kult-Comedy-Show&nbsp;pr\u00e4sentiert von Leopold &amp; Wadowski zeigt:&nbsp;Modernes Clowntheater aus dem Cirque du Soleil, Slapstick und Action-Comedy aus den USA, Wortakrobatik aus Berlin und v\u00f6llig unspektakul\u00e4re Lieder aus Ostwestfalen<br>Die G\u00e4ste der Show: Jeff Hess, Marcus Jeroch, Strange Comedy, Wadowski &amp; Flottmann<br><a href=\"http:\/\/www.kulturig.com\/das-programm\/25-07-16-34-montagsmelange\/\" target=\"_blank\" rel=\"noopener noreferrer\">Kartenvorverkauf<\/a><\/p>\n\n\n\n<hr class=\"wp-block-separator has-css-opacity\"\/>\n\n\n<div class=\"wp-block-image\">\n<figure class=\"alignleft\"><img loading=\"lazy\" decoding=\"async\" width=\"300\" height=\"168\" src=\"http:\/\/leopoldaltenburg.com\/wp-content\/uploads\/2013\/04\/DSC02193-300x168.jpg\" alt=\"DSC02193\" class=\"wp-image-682\" srcset=\"https:\/\/leopoldaltenburg.com\/wp-content\/uploads\/2013\/04\/DSC02193-300x168.jpg 300w, https:\/\/leopoldaltenburg.com\/wp-content\/uploads\/2013\/04\/DSC02193-1024x576.jpg 1024w, https:\/\/leopoldaltenburg.com\/wp-content\/uploads\/2013\/04\/DSC02193-500x281.jpg 500w, https:\/\/leopoldaltenburg.com\/wp-content\/uploads\/2013\/04\/DSC02193-150x84.jpg 150w\" sizes=\"auto, (max-width: 300px) 100vw, 300px\" \/><\/figure>\n<\/div>\n\n\n<p>Am 16. Juni 2016 starteten in Berlin die Dreharbeiten f\u00fcr die zweiteilige Fernsehdokumentation&nbsp;<strong>&#8222;Auf den Spuren des Kaisers&#8220;<\/strong>. Leopold Altenburg, Schauspieler und Ururenkel von Kaiser Franz Joseph, bereist als Moderator Orte seines Vorfahren: Wien, Budapest, Solferino, Laxenburg, Mayerling, Bad Ischl &#8211; und trifft dort auf Experten und Historiker.<br>&#8222;Auf den Spuren des Kaisers&#8220; ist eine Produktion von Metafilm; Regie: Stefan Ludwig<br>Voraussichtliche Sendetermine: 21. und 28. Oktober 2016, jew. 20:15 Uhr auf Servus TV<\/p>\n\n\n\n<hr class=\"wp-block-separator has-css-opacity\"\/>\n\n\n<div class=\"wp-block-image\">\n<figure class=\"alignleft\"><img loading=\"lazy\" decoding=\"async\" width=\"300\" height=\"200\" src=\"http:\/\/leopoldaltenburg.com\/wp-content\/uploads\/2013\/04\/Villa_Fohrde-300x200.jpg\" alt=\"Villa_Fohrde\" class=\"wp-image-670\" srcset=\"https:\/\/leopoldaltenburg.com\/wp-content\/uploads\/2013\/04\/Villa_Fohrde-300x200.jpg 300w, https:\/\/leopoldaltenburg.com\/wp-content\/uploads\/2013\/04\/Villa_Fohrde-1024x683.jpg 1024w, https:\/\/leopoldaltenburg.com\/wp-content\/uploads\/2013\/04\/Villa_Fohrde-449x300.jpg 449w, https:\/\/leopoldaltenburg.com\/wp-content\/uploads\/2013\/04\/Villa_Fohrde-150x100.jpg 150w, https:\/\/leopoldaltenburg.com\/wp-content\/uploads\/2013\/04\/Villa_Fohrde.jpg 1280w\" sizes=\"auto, (max-width: 300px) 100vw, 300px\" \/><\/figure>\n<\/div>\n\n\n<p>Leopold Altenburg (seit 21 Jahren Krankenhausclown, 1995 &#8211; 1998 Roten Nasen \u00d6sterreich; seit 2003 Roten Nasen Deutschland) hat eine Kolumne f\u00fcr die Website der Roten Nasen geschrieben. Nachzulesen unter:<br><a title=\"Leopold Altenburg, Rote Nasen\" href=\"http:\/\/www.rotenasen.de\/der-starkste-mann-der-welt-in-der-kinderklinik\/\" target=\"_blank\" rel=\"noopener noreferrer\">&#8222;Der st\u00e4rkste Mann der Welt in der Kinderklinik&#8220;<\/a><\/p>\n\n\n\n<hr class=\"wp-block-separator has-css-opacity\"\/>\n\n\n<div class=\"wp-block-image\">\n<figure class=\"alignleft\"><a href=\"http:\/\/leopoldaltenburg.com\/wp-content\/uploads\/2013\/04\/Rezension_WB_33.MM_Rietberg_20.04.16.pdf\" target=\"_blank\" rel=\"noopener noreferrer\"><img loading=\"lazy\" decoding=\"async\" width=\"300\" height=\"205\" src=\"http:\/\/leopoldaltenburg.com\/wp-content\/uploads\/2013\/04\/Bild-41-300x205.png\" alt=\"Bild 4\" class=\"wp-image-659\" srcset=\"https:\/\/leopoldaltenburg.com\/wp-content\/uploads\/2013\/04\/Bild-41-300x205.png 300w, https:\/\/leopoldaltenburg.com\/wp-content\/uploads\/2013\/04\/Bild-41-438x300.png 438w, https:\/\/leopoldaltenburg.com\/wp-content\/uploads\/2013\/04\/Bild-41-150x102.png 150w, https:\/\/leopoldaltenburg.com\/wp-content\/uploads\/2013\/04\/Bild-41.png 716w\" sizes=\"auto, (max-width: 300px) 100vw, 300px\" \/><\/a><\/figure>\n<\/div>\n\n\n<p>Am 18. April 2016 feierten <strong>Leopold &amp; Wadowski<\/strong> die <a title=\"Leopold Altenburg, Leopold &amp; Wadowski, Montagsmelange\" href=\"http:\/\/www.montagsmelange.de\" target=\"_blank\" rel=\"noopener noreferrer\">33. Montagsmelange<\/a> in Rietberg. Mit ihrem &#8222;\u00d6sterreich Spezial&#8220; Programm begeisterten sie und ihre G\u00e4ste 550 Zuschauer in der Cultura.<br><strong>Rezensionen<\/strong>: <a title=\"Leopold Altenburg, Leopold &amp; Wadowski, 33.Montagsmelange\" href=\"http:\/\/leopoldaltenburg.com\/wp-content\/uploads\/2013\/04\/Rezension_WB_33.MM_Rietberg_20.04.16.pdf\" target=\"_blank\" rel=\"noopener noreferrer\">Westfalenblatt<\/a>;<br><a href=\"http:\/\/leopoldaltenburg.com\/wp-content\/uploads\/2013\/04\/Rezension_Die-Glocke_33.MM_Rietberg_20.04.16.pdf\" target=\"_blank\" rel=\"noopener noreferrer\">Die Glocke<\/a>; <a href=\"http:\/\/leopoldaltenburg.com\/wp-content\/uploads\/2013\/04\/Rezension_Neue-Westf\u00e4lische_33.MM_Rietberg_21.04.16.pdf\" target=\"_blank\" rel=\"noopener noreferrer\">Neue Westf\u00e4lische<\/a><\/p>\n\n\n\n<hr class=\"wp-block-separator has-css-opacity\"\/>\n\n\n\n<p>Interview mit Leopold Altenburg in der Sendung <strong>KULTURMONTAG<\/strong> auf ORF 2 anl\u00e4sslich der Ausstellungser\u00f6ffnung: Kaiser Franz Joseph I, Ausstellungsreigen zum 100. Todestag in Wien. Redaktion und Interviewer: Werner Horvath<br>Termine:<br>ORF 2 Kulturmontag<br>21.3.2016 um 22:30 Uhr<br>22.3.2016 um 01:30 Uhr<br>3 sat lebens.art<br>27.3.2016 um 00:40 Uhr<\/p>\n\n\n\n<hr class=\"wp-block-separator has-css-opacity\"\/>\n\n\n<div class=\"wp-block-image\">\n<figure class=\"alignleft\"><img loading=\"lazy\" decoding=\"async\" width=\"300\" height=\"200\" src=\"http:\/\/leopoldaltenburg.com\/wp-content\/uploads\/2013\/07\/Leopold-Altenburg-221-j-1920--300x200.jpg\" alt=\"Leopold Altenburg-221 j 1920\" class=\"wp-image-529\" srcset=\"https:\/\/leopoldaltenburg.com\/wp-content\/uploads\/2013\/07\/Leopold-Altenburg-221-j-1920--300x200.jpg 300w, https:\/\/leopoldaltenburg.com\/wp-content\/uploads\/2013\/07\/Leopold-Altenburg-221-j-1920--1024x682.jpg 1024w, https:\/\/leopoldaltenburg.com\/wp-content\/uploads\/2013\/07\/Leopold-Altenburg-221-j-1920--450x300.jpg 450w, https:\/\/leopoldaltenburg.com\/wp-content\/uploads\/2013\/07\/Leopold-Altenburg-221-j-1920--150x100.jpg 150w, https:\/\/leopoldaltenburg.com\/wp-content\/uploads\/2013\/07\/Leopold-Altenburg-221-j-1920-.jpg 1920w\" sizes=\"auto, (max-width: 300px) 100vw, 300px\" \/><\/figure>\n<\/div>\n\n\n<p><strong>Leopold Altenburg bei &#8222;Mensch, Otto&#8220; auf Bayern 3 vom 14.3.2016<br><\/strong>Er ist Schauspieler, Kabarettist, Regisseur und ein echter Prinz &#8211; und was f\u00fcr einer: Ein Ururenkel von Kaiserin Elisabeth von \u00d6sterreich. Im Alltag verzichtet er gerne auf das &#8222;von&#8220; und den Prinzentitel.<br>Leopold von Altenburg ist ganz ohne Schloss und Dienstboten aufgewachsen. Seine Eltern legten Wert darauf, dass sich die Kinder nicht all zu viel auf ihre adlige Herkunft einbilden \u2013 so waren eher die Kinder die Dienstboten. Trotzdem haben ihn der gro\u00dfe Zusammenhalt und die Loyalit\u00e4t in seiner<br>Familie sehr gepr\u00e4gt. In der Schule war Leopold von Altenburg der Klassenclown. Auch heute schl\u00fcpft er noch in diese Rolle. Dann ist er in Krankenh\u00e4usern und Altenheimen als Klinikclown unterwegs.<br>Ansonsten steht er als Schauspieler auf Theaterb\u00fchnen und vor der Kamera oder er gibt Regieanweisungen. Einmal ein Drehbuch schreiben, das w\u00fcnscht sich Leopold von Altenburg. Mit seiner Frau und den beiden T\u00f6chtern lebt er in Berlin. Denn da f\u00fchlt er sich wohler als in Wien. Und falls ihn doch einmal das Heimweg packt, dann h\u00f6rt er Austro-Pop.<\/p>\n\n\n\n<hr class=\"wp-block-separator has-css-opacity\"\/>\n\n\n\n<figure class=\"wp-block-image\"><img loading=\"lazy\" decoding=\"async\" width=\"300\" height=\"300\" src=\"http:\/\/leopoldaltenburg.com\/wp-content\/uploads\/2013\/04\/image3-300x300.jpg\" alt=\"image3\" class=\"wp-image-655\" srcset=\"https:\/\/leopoldaltenburg.com\/wp-content\/uploads\/2013\/04\/image3-300x300.jpg 300w, https:\/\/leopoldaltenburg.com\/wp-content\/uploads\/2013\/04\/image3-150x150.jpg 150w, https:\/\/leopoldaltenburg.com\/wp-content\/uploads\/2013\/04\/image3-1024x1024.jpg 1024w, https:\/\/leopoldaltenburg.com\/wp-content\/uploads\/2013\/04\/image3.jpg 1280w\" sizes=\"auto, (max-width: 300px) 100vw, 300px\" \/><\/figure>\n\n\n\n<p>M\u00e4rz 2016. Drehtage in Zell am See. Leopold Altenburg spielt eine Episodenhauptrolle bei den <strong>&#8222;Wei\u00dfblauen Wintergeschichten &#8211; Schneem\u00e4nner auf Bew\u00e4hrung&#8220;<\/strong>. Regie: J\u00f6rg Schneider<br>mit Maximilian Schmidt und&nbsp;Dieter Fischer<\/p>\n\n\n\n<hr class=\"wp-block-separator has-css-opacity\"\/>\n\n\n<div class=\"wp-block-image\">\n<figure class=\"alignleft\"><a href=\"https:\/\/vimeo.com\/153343381\" target=\"_blank\" rel=\"noopener noreferrer\"><img loading=\"lazy\" decoding=\"async\" width=\"300\" height=\"195\" src=\"http:\/\/leopoldaltenburg.com\/wp-content\/uploads\/2013\/04\/Bild-21-300x195.png\" alt=\"Bild 2\" class=\"wp-image-641\" srcset=\"https:\/\/leopoldaltenburg.com\/wp-content\/uploads\/2013\/04\/Bild-21-300x195.png 300w, https:\/\/leopoldaltenburg.com\/wp-content\/uploads\/2013\/04\/Bild-21-460x300.png 460w, https:\/\/leopoldaltenburg.com\/wp-content\/uploads\/2013\/04\/Bild-21-150x97.png 150w, https:\/\/leopoldaltenburg.com\/wp-content\/uploads\/2013\/04\/Bild-21.png 537w\" sizes=\"auto, (max-width: 300px) 100vw, 300px\" \/><\/a><\/figure>\n<\/div>\n\n\n<p>Diese Aufnahme entstand im Metropoldi in Wien im Jahr 2005. Leopold erz\u00e4hlt in dieser Stand Up Nummer \u00fcber&nbsp;<a title=\"prinzliche Kindheit von Leopold Altenburg in Graz\" href=\"https:\/\/vimeo.com\/153343381\" target=\"_blank\" rel=\"noopener noreferrer\">seine prinzliche Kindheit in Graz<\/a>.<\/p>\n\n\n<div class=\"wp-block-image\">\n<figure class=\"alignleft\"><img loading=\"lazy\" decoding=\"async\" width=\"300\" height=\"200\" src=\"http:\/\/leopoldaltenburg.com\/wp-content\/uploads\/2013\/04\/IMG_5250-300x200.jpg\" alt=\"IMG_5250\" class=\"wp-image-629\" srcset=\"https:\/\/leopoldaltenburg.com\/wp-content\/uploads\/2013\/04\/IMG_5250-300x200.jpg 300w, https:\/\/leopoldaltenburg.com\/wp-content\/uploads\/2013\/04\/IMG_5250-1024x682.jpg 1024w, https:\/\/leopoldaltenburg.com\/wp-content\/uploads\/2013\/04\/IMG_5250-450x300.jpg 450w, https:\/\/leopoldaltenburg.com\/wp-content\/uploads\/2013\/04\/IMG_5250-150x100.jpg 150w\" sizes=\"auto, (max-width: 300px) 100vw, 300px\" \/><\/figure>\n<\/div>\n\n\n<p>Ein Live-Interview mit Leopold Altenburg auf <a title=\"rbb, Interview mit Leopold Altenburg in der Sendung zibb, Musical Elisabeth\" href=\"https:\/\/vimeo.com\/153393707\" target=\"_blank\" rel=\"noopener noreferrer\">r<\/a>bb anl\u00e4sslich der Musicalpremiere &#8222;Elisabeth&#8220; in Berlin am 8.1.2016<\/p>\n\n\n<div class=\"wp-block-image wp-image-630 size-medium\">\n<figure class=\"alignleft\"><img loading=\"lazy\" decoding=\"async\" width=\"300\" height=\"199\" src=\"http:\/\/leopoldaltenburg.com\/wp-content\/uploads\/2013\/04\/IMG_5238-300x199.jpg\" alt=\"Mit Roberta Valentine, der Darstellerin von Elisabeth\" class=\"wp-image-630\" srcset=\"https:\/\/leopoldaltenburg.com\/wp-content\/uploads\/2013\/04\/IMG_5238-300x199.jpg 300w, https:\/\/leopoldaltenburg.com\/wp-content\/uploads\/2013\/04\/IMG_5238-1024x682.jpg 1024w, https:\/\/leopoldaltenburg.com\/wp-content\/uploads\/2013\/04\/IMG_5238-450x300.jpg 450w, https:\/\/leopoldaltenburg.com\/wp-content\/uploads\/2013\/04\/IMG_5238-150x99.jpg 150w\" sizes=\"auto, (max-width: 300px) 100vw, 300px\" \/><figcaption class=\"wp-element-caption\">Mit Roberta Valentini, der Darstellerin von Elisabeth<\/figcaption><\/figure>\n<\/div>\n\n\n<p>Hier findet ihr einige Eindr\u00fccke zur Premiere von &#8222;Elisabeth&#8220; in Berlin:<\/p>\n\n\n\n<p><a title=\"Leopold Altenburg, Premiere von Elisabeth am 8.1.2016\" href=\"https:\/\/www.youtube.com\/watch?v=SijRUSxzsHk\" target=\"_blank\" rel=\"noopener noreferrer\">REDCARPET REPORTS<\/a><br><a title=\"Leopold Altenburg, Bunte online\" href=\"http:\/\/www.bunte.de\/royals\/royals-weltweit\/osterreichischer-adel\/kaiserin-sisi-60-so-ungewohnlich-lebt-ihr-ururenkel-leopold-225281.html\" target=\"_blank\" rel=\"noopener noreferrer\">BUNTE &#8211; ONLINE<br><\/a><a title=\"Leopold Altenburg, Ensemble Elisabeth, Premiere in Berlin, 8.1.2016\" href=\"http:\/\/www.berlinmagazine.de\/musical-elisabeth-ueber-das-darma-um-kaiserin-sisi-feiert-berlin-premiere.html\" target=\"_blank\" rel=\"noopener noreferrer\">BERLIN MAGAZIN<br><\/a><a title=\"Leopold Altenburg und das Ensemble von Elisabeth, Premiere in Berlin, 8.1.2016\" href=\"http:\/\/kultur24-berlin.de\/premiere-von-elisabeth-die-wahre-geschichte-der-sissi\/elisabeth-holger-jacobs-8-900\/\" target=\"_blank\" rel=\"noopener noreferrer\">kultur24.de<\/a> (Fotos mit Ensemble)<\/p>\n\n\n<div class=\"wp-block-image\">\n<figure class=\"alignleft\"><a href=\"http:\/\/leopoldaltenburg.com\/wp-content\/uploads\/2013\/04\/IMG_5265.jpg\" target=\"_blank\" rel=\"noopener noreferrer\"><img loading=\"lazy\" decoding=\"async\" width=\"300\" height=\"135\" src=\"http:\/\/leopoldaltenburg.com\/wp-content\/uploads\/2013\/04\/IMG_5265-300x135.jpg\" alt=\"IMG_5265\" class=\"wp-image-633\" srcset=\"https:\/\/leopoldaltenburg.com\/wp-content\/uploads\/2013\/04\/IMG_5265-300x135.jpg 300w, https:\/\/leopoldaltenburg.com\/wp-content\/uploads\/2013\/04\/IMG_5265-1024x462.jpg 1024w, https:\/\/leopoldaltenburg.com\/wp-content\/uploads\/2013\/04\/IMG_5265-500x225.jpg 500w, https:\/\/leopoldaltenburg.com\/wp-content\/uploads\/2013\/04\/IMG_5265-150x67.jpg 150w\" sizes=\"auto, (max-width: 300px) 100vw, 300px\" \/><\/a><\/figure>\n<\/div>\n\n\n<p><a title=\"Leopold &amp; Juliane Altenburg, Prinz und Prinzessin am Roten Teppich, Premiere Elisabeth, 8.1.2016\" href=\"https:\/\/www.youtube.com\/watch?v=otFUb1cGfB0\" target=\"_blank\" rel=\"noopener noreferrer\">TIKonline.de<\/a>, Juliane und Leopold Altenburg<\/p>\n\n\n\n<p>Hier nun ein paar Artikel zum Thema: &#8222;Das Musical Elisabeth in Berlin&#8220;<\/p>\n\n\n<div class=\"wp-block-image\">\n<figure class=\"alignleft\"><a href=\"http:\/\/leopoldaltenburg.com\/wp-content\/uploads\/2016\/01\/tier0_2016_01_08_ASV_BIBE_20160108_Seite_11.pdf\" target=\"_blank\" rel=\"noopener noreferrer\"><img loading=\"lazy\" decoding=\"async\" width=\"300\" height=\"205\" src=\"http:\/\/leopoldaltenburg.com\/wp-content\/uploads\/2013\/04\/Bild-4-300x205.png\" alt=\"Bild 4\" class=\"wp-image-613\" srcset=\"https:\/\/leopoldaltenburg.com\/wp-content\/uploads\/2013\/04\/Bild-4-300x205.png 300w, https:\/\/leopoldaltenburg.com\/wp-content\/uploads\/2013\/04\/Bild-4-437x300.png 437w, https:\/\/leopoldaltenburg.com\/wp-content\/uploads\/2013\/04\/Bild-4-150x102.png 150w, https:\/\/leopoldaltenburg.com\/wp-content\/uploads\/2013\/04\/Bild-4.png 648w\" sizes=\"auto, (max-width: 300px) 100vw, 300px\" \/><\/a><\/figure>\n<\/div>\n\n\n<p><strong>Bild<\/strong>, 8.1.2016<\/p>\n\n\n<div class=\"wp-block-image\">\n<figure class=\"alignleft\"><a href=\"http:\/\/leopoldaltenburg.com\/wp-content\/uploads\/2016\/01\/tier0_2016_01_08_ASV_08_01_16_BZ_008_009_2_25.pdf\" target=\"_blank\" rel=\"noopener noreferrer\"><img loading=\"lazy\" decoding=\"async\" width=\"274\" height=\"300\" src=\"http:\/\/leopoldaltenburg.com\/wp-content\/uploads\/2013\/04\/Bild-3-274x300.png\" alt=\"Bild 3\" class=\"wp-image-614\" srcset=\"https:\/\/leopoldaltenburg.com\/wp-content\/uploads\/2013\/04\/Bild-3-274x300.png 274w, https:\/\/leopoldaltenburg.com\/wp-content\/uploads\/2013\/04\/Bild-3-137x150.png 137w, https:\/\/leopoldaltenburg.com\/wp-content\/uploads\/2013\/04\/Bild-3.png 543w\" sizes=\"auto, (max-width: 274px) 100vw, 274px\" \/><\/a><\/figure>\n<\/div>\n\n\n<p><strong>BZ<\/strong>, 8.1.2016<\/p>\n\n\n<div class=\"wp-block-image\">\n<figure class=\"alignleft\"><a href=\"http:\/\/leopoldaltenburg.com\/wp-content\/uploads\/2013\/04\/tier0_2016_01_07_ASV_BEM_20160107_S24.pdf\" target=\"_blank\" rel=\"noopener noreferrer\"><img loading=\"lazy\" decoding=\"async\" width=\"300\" height=\"232\" src=\"http:\/\/leopoldaltenburg.com\/wp-content\/uploads\/2013\/04\/Bild-2-300x232.png\" alt=\"Bild 2\" class=\"wp-image-611\" srcset=\"https:\/\/leopoldaltenburg.com\/wp-content\/uploads\/2013\/04\/Bild-2-300x232.png 300w, https:\/\/leopoldaltenburg.com\/wp-content\/uploads\/2013\/04\/Bild-2-387x300.png 387w, https:\/\/leopoldaltenburg.com\/wp-content\/uploads\/2013\/04\/Bild-2-150x116.png 150w, https:\/\/leopoldaltenburg.com\/wp-content\/uploads\/2013\/04\/Bild-2.png 749w\" sizes=\"auto, (max-width: 300px) 100vw, 300px\" \/><\/a><\/figure>\n<\/div>\n\n\n<p><strong>Berliner Morgenpost<\/strong>, 7.1.2016:&nbsp;<a title=\"Leopold Altenburg in der Berliner Morgenpost\" href=\"http:\/\/www.morgenpost.de\/berlin\/leute\/article206893307\/Sissis-Ur-Ur-Enkel-Adel-in-Berlin-ohne-Allueren.html\" target=\"_blank\" rel=\"noopener noreferrer\"><br><\/a><\/p>\n\n\n\n<p><strong>Tagesspiegel<\/strong>, 5.1.2016<br><a title=\"Tagesspiegel, Tagesspiegel\" href=\"http:\/\/www.tagesspiegel.de\/berlin\/buehnenreife-geschichte-sissi-hat-einen-ururenkel-inhermsdorf\/12789010.html\" target=\"_blank\" rel=\"noopener noreferrer\">http:\/\/www.tagesspiegel.de\/berlin\/buehnenreife-geschichte-sissi-hat-einen-ururenkel-inhermsdorf\/12789010.html<\/a><\/p>\n\n\n\n<hr class=\"wp-block-separator has-css-opacity\"\/>\n\n\n<div class=\"wp-block-image\">\n<figure class=\"alignleft\"><a href=\"https:\/\/vimeo.com\/149614514\" target=\"_blank\" rel=\"noopener noreferrer\"><img decoding=\"async\" src=\"http:\/\/leopoldaltenburg.com\/wp-content\/uploads\/2013\/04\/Bild-11-300x167.png\" alt=\"Bild 1\" class=\"wp-image-591\"\/><\/a><\/figure>\n<\/div>\n\n\n<p>An Kaiser Franz Josephs Geburtstag, dem 18. August 2015 entstand in Bad Ischl dieses <a title=\"Castingvideo Leopold Altenburg\" href=\"https:\/\/vimeo.com\/149614514\" target=\"_blank\" rel=\"noopener noreferrer\">Castingvideo<\/a> f\u00fcr eine Dokumentationsreihe bei Servus TV. Leopold Altenburg ist Schauspieler und ein Ururenkel von Kaiser Franz Joseph und Kaiserin Elisabeth.<\/p>\n\n\n\n<hr class=\"wp-block-separator has-css-opacity\"\/>\n\n\n<div class=\"wp-block-image\">\n<figure class=\"alignright\"><img loading=\"lazy\" decoding=\"async\" width=\"300\" height=\"225\" src=\"http:\/\/leopoldaltenburg.com\/wp-content\/uploads\/2013\/04\/Foto-4-300x225.jpg\" alt=\"Foto-4\" class=\"wp-image-597\" srcset=\"https:\/\/leopoldaltenburg.com\/wp-content\/uploads\/2013\/04\/Foto-4-300x225.jpg 300w, https:\/\/leopoldaltenburg.com\/wp-content\/uploads\/2013\/04\/Foto-4-400x300.jpg 400w, https:\/\/leopoldaltenburg.com\/wp-content\/uploads\/2013\/04\/Foto-4-150x112.jpg 150w, https:\/\/leopoldaltenburg.com\/wp-content\/uploads\/2013\/04\/Foto-4.jpg 640w\" sizes=\"auto, (max-width: 300px) 100vw, 300px\" \/><\/figure>\n<\/div>\n\n\n<p>Sepp Atzmanstorfer &#8211; bekannt aus dem Kinofilm &#8222;Hubert von Goisern &#8211; Brenna tuats schon lang&#8220; &#8211; und Leopold Altenburg bestritten bei den Schlossfestspielen 20 Minuten zusammen. Ein Highlight war die Interpretation vom &#8222;Hiatamadl&#8220; als Hans Moser Parodie.<\/p>\n\n\n\n<p>Das Kompliment einer Dame nach der Show: &#8222;Ihr zwei seid`s solche Deppen&#8220;<\/p>\n\n\n\n<hr class=\"wp-block-separator has-css-opacity\"\/>\n\n\n<div class=\"wp-block-image\">\n<figure class=\"alignleft\"><img loading=\"lazy\" decoding=\"async\" width=\"225\" height=\"300\" src=\"http:\/\/leopoldaltenburg.com\/wp-content\/uploads\/2013\/04\/IMG_3256-225x300.jpg\" alt=\"IMG_3256\" class=\"wp-image-588\" srcset=\"https:\/\/leopoldaltenburg.com\/wp-content\/uploads\/2013\/04\/IMG_3256-225x300.jpg 225w, https:\/\/leopoldaltenburg.com\/wp-content\/uploads\/2013\/04\/IMG_3256-112x150.jpg 112w, https:\/\/leopoldaltenburg.com\/wp-content\/uploads\/2013\/04\/IMG_3256.jpg 675w\" sizes=\"auto, (max-width: 225px) 100vw, 225px\" \/><\/figure>\n<\/div>\n\n\n<p>Leopold Altenburg moderiert die <a href=\"http:\/\/www.goiserer-schlossfestspiele.cms4people.de\/\" target=\"_blank\" rel=\"noopener noreferrer\">Bad Goiserer Schlossfestspiele<\/a> am 15. und 16. August 2015.<\/p>\n\n\n\n<hr class=\"wp-block-separator has-css-opacity\"\/>\n\n\n<div class=\"wp-block-image\">\n<figure class=\"alignleft\"><img loading=\"lazy\" decoding=\"async\" width=\"212\" height=\"300\" src=\"http:\/\/leopoldaltenburg.com\/wp-content\/uploads\/2013\/04\/Plakat2015-212x300.jpg\" alt=\"Plakat2015\" class=\"wp-image-587\" srcset=\"https:\/\/leopoldaltenburg.com\/wp-content\/uploads\/2013\/04\/Plakat2015-212x300.jpg 212w, https:\/\/leopoldaltenburg.com\/wp-content\/uploads\/2013\/04\/Plakat2015-106x150.jpg 106w, https:\/\/leopoldaltenburg.com\/wp-content\/uploads\/2013\/04\/Plakat2015.jpg 245w\" sizes=\"auto, (max-width: 212px) 100vw, 212px\" \/><\/figure>\n<\/div>\n\n\n<p>Am 1. August 2015 findet die Premiere von<br><a title=\"Regie Leopold Altenburg\" href=\"http:\/\/www.sommerserenaden.at\/\" target=\"_blank\" rel=\"noopener noreferrer\">COSI FAN TUTTE <\/a>von W.A. Mozart bei den Sommerserenaden Graz statt.<\/p>\n\n\n\n<p>Regie: Leopold Altenburg<\/p>\n\n\n\n<hr class=\"wp-block-separator has-css-opacity\"\/>\n\n\n<div class=\"wp-block-image\">\n<figure class=\"alignleft\"><a href=\"http:\/\/leopoldaltenburg.com\/wp-content\/uploads\/2013\/04\/Austropold_Oberwasser-1-j-1920-.jpg\" target=\"_blank\" rel=\"noopener noreferrer\"><img loading=\"lazy\" decoding=\"async\" width=\"300\" height=\"200\" src=\"http:\/\/leopoldaltenburg.com\/wp-content\/uploads\/2013\/04\/Austropold_Oberwasser-1-j-1920--300x200.jpg\" alt=\"Austropold_Oberwasser-1 j 1920\" class=\"wp-image-579\" srcset=\"https:\/\/leopoldaltenburg.com\/wp-content\/uploads\/2013\/04\/Austropold_Oberwasser-1-j-1920--300x200.jpg 300w, https:\/\/leopoldaltenburg.com\/wp-content\/uploads\/2013\/04\/Austropold_Oberwasser-1-j-1920--1024x682.jpg 1024w, https:\/\/leopoldaltenburg.com\/wp-content\/uploads\/2013\/04\/Austropold_Oberwasser-1-j-1920--450x300.jpg 450w, https:\/\/leopoldaltenburg.com\/wp-content\/uploads\/2013\/04\/Austropold_Oberwasser-1-j-1920--150x100.jpg 150w, https:\/\/leopoldaltenburg.com\/wp-content\/uploads\/2013\/04\/Austropold_Oberwasser-1-j-1920-.jpg 1920w\" sizes=\"auto, (max-width: 300px) 100vw, 300px\" \/><\/a><\/figure>\n<\/div>\n\n\n<p>Im Caf\u00e9 Oberwasser findet eine Vorauff\u00fchrung von&nbsp;<strong>Austropold &#8211; Schm\u00e4h von gestern&nbsp;<\/strong>statt.<\/p>\n\n\n\n<p>Freitag 26. Juni 2015, 20 Uhr<br>Caf\u00e9 Oberwasser<br>Zionskirchstr. 6, D-10119 Berlin, 030-44 83 719<\/p>\n\n\n\n<hr class=\"wp-block-separator has-css-opacity\"\/>\n\n\n<div class=\"wp-block-image\">\n<figure class=\"alignleft\"><img loading=\"lazy\" decoding=\"async\" width=\"200\" height=\"300\" src=\"http:\/\/leopoldaltenburg.com\/wp-content\/uploads\/2013\/07\/Leopold-Altenburg-53-j-1920--200x300.jpg\" alt=\"Leopold Altenburg-53 j 1920\" class=\"wp-image-517\" srcset=\"https:\/\/leopoldaltenburg.com\/wp-content\/uploads\/2013\/07\/Leopold-Altenburg-53-j-1920--200x300.jpg 200w, https:\/\/leopoldaltenburg.com\/wp-content\/uploads\/2013\/07\/Leopold-Altenburg-53-j-1920--682x1024.jpg 682w, https:\/\/leopoldaltenburg.com\/wp-content\/uploads\/2013\/07\/Leopold-Altenburg-53-j-1920--100x150.jpg 100w, https:\/\/leopoldaltenburg.com\/wp-content\/uploads\/2013\/07\/Leopold-Altenburg-53-j-1920-.jpg 1280w\" sizes=\"auto, (max-width: 200px) 100vw, 200px\" \/><\/figure>\n<\/div>\n\n\n<p>Derzeit bereitet Leopold Altenburg folgende Projekte vor: &#8211; Die<strong> 32. Montagsmelange&nbsp;<\/strong>moderiert von Leopold &amp; Wadowski am 6. Juli 2015, Volksbankarena Rietberg<br>&#8211; Seine Regie von&nbsp;<strong>Cosi fan tutte&nbsp;<\/strong>bei den Sommerserenaden in Graz; Premiere am 1. August 2015<br>&#8211; Das&nbsp;<strong>4. Theater Camp f\u00fcr Kinder<\/strong>&nbsp;vom 2. &#8211; 8. August 2015 in W\u00f6rth an der Lafnitz, \u00d6sterreich. Alle Pl\u00e4tze sind bereits belegt.<br>&#8211; Sein neues Solo:&nbsp;<strong>Austropold &#8211; Schm\u00e4h von gestern<\/strong><\/p>\n\n\n\n<hr class=\"wp-block-separator has-css-opacity\"\/>\n\n\n<div class=\"wp-block-image\">\n<figure class=\"alignleft\"><a href=\"http:\/\/leopoldaltenburg.com\/?page_id=39\" target=\"_blank\" rel=\"noopener noreferrer\"><img loading=\"lazy\" decoding=\"async\" width=\"200\" height=\"300\" src=\"http:\/\/leopoldaltenburg.com\/wp-content\/uploads\/2013\/07\/Leopold-Altenburg-236-j-1920--200x300.jpg\" alt=\"Leopold Altenburg-236 j 1920\" class=\"wp-image-530\" srcset=\"https:\/\/leopoldaltenburg.com\/wp-content\/uploads\/2013\/07\/Leopold-Altenburg-236-j-1920--200x300.jpg 200w, https:\/\/leopoldaltenburg.com\/wp-content\/uploads\/2013\/07\/Leopold-Altenburg-236-j-1920--682x1024.jpg 682w, https:\/\/leopoldaltenburg.com\/wp-content\/uploads\/2013\/07\/Leopold-Altenburg-236-j-1920--100x150.jpg 100w, https:\/\/leopoldaltenburg.com\/wp-content\/uploads\/2013\/07\/Leopold-Altenburg-236-j-1920-.jpg 1280w\" sizes=\"auto, (max-width: 200px) 100vw, 200px\" \/><\/a><\/figure>\n<\/div>\n\n\n<p>Juni 2015: Der Schauspieler und Fotograf <a title=\"Portraidfotos Leopold Altenburg von Gregory B. Waldis\" href=\"http:\/\/waldis-fotografie.com\/\" target=\"_blank\" rel=\"noopener noreferrer\"><strong>Gregory B. Waldis<\/strong><\/a> hat neue Portraitfotos von Leopold Altenburg gemacht. Hier eine Auswahl der Bilder: <strong><a title=\"Bilder Leopold Altenburg\" href=\"http:\/\/leopoldaltenburg.com\/?page_id=39\" target=\"_blank\" rel=\"noopener noreferrer\">Portraitfotos 2015<\/a><\/strong><\/p>\n\n\n\n<hr class=\"wp-block-separator has-css-opacity\"\/>\n\n\n<div class=\"wp-block-image\">\n<figure class=\"alignleft\"><img loading=\"lazy\" decoding=\"async\" width=\"150\" height=\"150\" src=\"http:\/\/leopoldaltenburg.com\/wp-content\/uploads\/2013\/07\/Altenburg10-e1375970877248-150x150.jpg\" alt=\"Altenburg10\" class=\"wp-image-91\"\/><\/figure>\n<\/div>\n\n\n<p>20. und 21. Juni 2015 leitet Leopold Altenburg den Clownworkshop&nbsp;<strong>Die Kunst des Scheiterns&nbsp;<\/strong>im Barfu\u00dftheater, Berlin.<\/p>\n\n\n\n<hr class=\"wp-block-separator has-css-opacity\"\/>\n\n\n<div class=\"wp-block-image\">\n<figure class=\"alignleft\"><img loading=\"lazy\" decoding=\"async\" width=\"300\" height=\"200\" src=\"http:\/\/leopoldaltenburg.com\/wp-content\/uploads\/2013\/04\/1272465_551778728211199_321737381_o-300x200.jpg\" alt=\"1272465_551778728211199_321737381_o\" class=\"wp-image-564\" srcset=\"https:\/\/leopoldaltenburg.com\/wp-content\/uploads\/2013\/04\/1272465_551778728211199_321737381_o-300x200.jpg 300w, https:\/\/leopoldaltenburg.com\/wp-content\/uploads\/2013\/04\/1272465_551778728211199_321737381_o-1024x682.jpg 1024w, https:\/\/leopoldaltenburg.com\/wp-content\/uploads\/2013\/04\/1272465_551778728211199_321737381_o-450x300.jpg 450w, https:\/\/leopoldaltenburg.com\/wp-content\/uploads\/2013\/04\/1272465_551778728211199_321737381_o-150x100.jpg 150w, https:\/\/leopoldaltenburg.com\/wp-content\/uploads\/2013\/04\/1272465_551778728211199_321737381_o.jpg 1620w\" sizes=\"auto, (max-width: 300px) 100vw, 300px\" \/><\/figure>\n<\/div>\n\n\n<p>April, Mai 2015:<br>Wiederaufnahme von Leopold Altenburgs Regie <strong>Der Kontrabass&nbsp;<\/strong>von Patrick S\u00fcskind mit <a href=\"http:\/\/www.fridolinmeinl.de\/\" target=\"_blank\" rel=\"noopener noreferrer\">Fridolin Meinl<\/a> im Theater auf dem Sofa, Berlin<\/p>\n\n\n\n<hr class=\"wp-block-separator has-css-opacity\"\/>\n\n\n<div class=\"wp-block-image\">\n<figure class=\"alignleft\"><img loading=\"lazy\" decoding=\"async\" width=\"213\" height=\"300\" src=\"http:\/\/leopoldaltenburg.com\/wp-content\/uploads\/2013\/04\/beziehungsweisen_a1_print-213x300.jpg\" alt=\"beziehungsweisen_a1_print\" class=\"wp-image-495\" srcset=\"https:\/\/leopoldaltenburg.com\/wp-content\/uploads\/2013\/04\/beziehungsweisen_a1_print-213x300.jpg 213w, https:\/\/leopoldaltenburg.com\/wp-content\/uploads\/2013\/04\/beziehungsweisen_a1_print-729x1024.jpg 729w, https:\/\/leopoldaltenburg.com\/wp-content\/uploads\/2013\/04\/beziehungsweisen_a1_print-106x150.jpg 106w\" sizes=\"auto, (max-width: 213px) 100vw, 213px\" \/><\/figure>\n<\/div>\n\n\n<p>Der Film&nbsp;<strong>Beziehungsweisen&nbsp;<\/strong>von Calle Overweg ist jetzt <a title=\"Leopold Altenburg im Film Beziehungsweisen\" href=\"http:\/\/www.balance-verlag.de\/de\/buecher\/detail\/book-detail\/beziehungsweisen.html\" target=\"_blank\" rel=\"noopener noreferrer\">als DVD erh\u00e4ltlich<\/a><\/p>\n\n\n\n<p>in den Hauptrollen Leopold Altenburg, Abak Safaei-Rad, Axel Hartwig, Anja Haverland, Franziska Klein und Gerhold Selle<\/p>\n\n\n\n<hr class=\"wp-block-separator has-css-opacity\"\/>\n\n\n<div class=\"wp-block-image\">\n<figure class=\"alignleft\"><img loading=\"lazy\" decoding=\"async\" width=\"200\" height=\"300\" src=\"http:\/\/leopoldaltenburg.com\/wp-content\/uploads\/2013\/04\/408285_188069367957069_1215218173_n-200x300.jpg\" alt=\"408285_188069367957069_1215218173_n\" class=\"wp-image-484\" srcset=\"https:\/\/leopoldaltenburg.com\/wp-content\/uploads\/2013\/04\/408285_188069367957069_1215218173_n-200x300.jpg 200w, https:\/\/leopoldaltenburg.com\/wp-content\/uploads\/2013\/04\/408285_188069367957069_1215218173_n-100x150.jpg 100w, https:\/\/leopoldaltenburg.com\/wp-content\/uploads\/2013\/04\/408285_188069367957069_1215218173_n.jpg 600w\" sizes=\"auto, (max-width: 200px) 100vw, 200px\" \/><\/figure>\n<\/div>\n\n\n<p>Die&nbsp;<strong>29. Montagsmelange&nbsp;<\/strong>findet am 18. August 2014 um 20 Uhr in der Volksbankarena in Rietberg statt. Zusammen mit Thorsten Wadowski und unserer Band Die Zartbesaiteten f\u00fchren wir wieder durchs Programm.<\/p>\n\n\n\n<p>Unsere G\u00e4ste: Sascha Korf, Andrea Beck, Queens of Piano und Fu\u00dfpflege Deluxe<br>Alle Informationen auf der Seite der <a title=\"Leopold &amp; Wadowski moderieren die 29. Montagsmelange\" href=\"http:\/\/www.montagsmelange.de\" target=\"_blank\" rel=\"noopener noreferrer\">Montagsemalnge<\/a>.<\/p>\n\n\n\n<hr class=\"wp-block-separator has-css-opacity\"\/>\n\n\n<div class=\"wp-block-image\">\n<figure class=\"alignleft\"><img loading=\"lazy\" decoding=\"async\" width=\"300\" height=\"225\" src=\"http:\/\/leopoldaltenburg.com\/wp-content\/uploads\/2013\/04\/Zeremonienmeister-300x225.jpg\" alt=\"Zeremonienmeister\" class=\"wp-image-483\" title=\"Leopold Altenburg Al Zeremonienmeister bei der Schl\u00f6ssernacht in Podsdam\" srcset=\"https:\/\/leopoldaltenburg.com\/wp-content\/uploads\/2013\/04\/Zeremonienmeister-300x225.jpg 300w, https:\/\/leopoldaltenburg.com\/wp-content\/uploads\/2013\/04\/Zeremonienmeister-400x300.jpg 400w, https:\/\/leopoldaltenburg.com\/wp-content\/uploads\/2013\/04\/Zeremonienmeister-150x112.jpg 150w, https:\/\/leopoldaltenburg.com\/wp-content\/uploads\/2013\/04\/Zeremonienmeister.jpg 720w\" sizes=\"auto, (max-width: 300px) 100vw, 300px\" \/><\/figure>\n<\/div>\n\n<div class=\"wp-block-image\">\n<figure class=\"alignleft\"><a href=\"http:\/\/leopoldaltenburg.com\/wp-content\/uploads\/2013\/04\/Bildartikel_ganz.jpg\" target=\"_blank\" rel=\"noopener noreferrer\"><img loading=\"lazy\" decoding=\"async\" width=\"300\" height=\"213\" src=\"http:\/\/leopoldaltenburg.com\/wp-content\/uploads\/2013\/04\/Bildartikel_ganz-300x213.jpg\" alt=\"Bildartikel_ganz\" class=\"wp-image-477\" title=\"Leopold Altenburg als LeoFinow in der Bild am Sonntag, Rote Nasen\" srcset=\"https:\/\/leopoldaltenburg.com\/wp-content\/uploads\/2013\/04\/Bildartikel_ganz-300x213.jpg 300w, https:\/\/leopoldaltenburg.com\/wp-content\/uploads\/2013\/04\/Bildartikel_ganz-420x300.jpg 420w, https:\/\/leopoldaltenburg.com\/wp-content\/uploads\/2013\/04\/Bildartikel_ganz-150x106.jpg 150w, https:\/\/leopoldaltenburg.com\/wp-content\/uploads\/2013\/04\/Bildartikel_ganz.jpg 808w\" sizes=\"auto, (max-width: 300px) 100vw, 300px\" \/><\/a><\/figure>\n<\/div>\n\n<div class=\"wp-block-image\">\n<figure class=\"alignleft\"><img loading=\"lazy\" decoding=\"async\" width=\"283\" height=\"145\" src=\"http:\/\/leopoldaltenburg.com\/wp-content\/uploads\/2013\/04\/Kindertheaterworkshop.jpg\" alt=\"Kindertheaterworkshop\" class=\"wp-image-474\" srcset=\"https:\/\/leopoldaltenburg.com\/wp-content\/uploads\/2013\/04\/Kindertheaterworkshop.jpg 283w, https:\/\/leopoldaltenburg.com\/wp-content\/uploads\/2013\/04\/Kindertheaterworkshop-150x76.jpg 150w\" sizes=\"auto, (max-width: 283px) 100vw, 283px\" \/><\/figure>\n<\/div>\n\n\n<p>Am 16. August 2014 bin ich zum vierten Mal als Zeremonienmeister bei der <strong>Schl\u00f6ssernacht<\/strong> in Potsdam vertreten.<\/p>\n\n\n\n<hr class=\"wp-block-separator has-css-opacity\"\/>\n\n\n\n<p>Die&nbsp;<strong>BamS&nbsp;<\/strong>(Bild am Sonntag) hat am 3. August 2014 einen sch\u00f6nen Artikel \u00fcber eine Clownvisite von Martina Pietsch und mir in einem Altenheim geschrieben.<\/p>\n\n\n\n<p>Humor vergisst man nicht. Clowns bei demenzkranken Menschen.<br><a title=\"Leopold Altenburg als Clown bei demenzkranken Menschen, Rote Nasen, Bildzeitung\" href=\"http:\/\/www.bild.de\/ratgeber\/gesundheit\/demenz\/humor-vergisst-man-nicht-37072526.bild.html\" target=\"_blank\" rel=\"noopener noreferrer\">Im Netz ist auch ein Film zu sehen.<\/a><\/p>\n\n\n\n<hr class=\"wp-block-separator has-css-opacity\"\/>\n\n\n\n<p>Vom 2. bis 9. August 2014 findet zum dritten Mal die <strong>Kindertheaterwoche in W\u00f6rth an der Lavnitz, \u00d6sterreich<\/strong> statt. Veranstalter: <a href=\"http:\/\/www.oenj-steiermark.at\/index.php\/ferien\/theaterworkschop\" target=\"_blank\" rel=\"noopener noreferrer\">\u00f6nj<\/a><\/p>\n\n\n\n<p>Regie: Leopold Altenburg<br>Kost\u00fcm: Juliane Altenburg<br>Organisation: Astrid Deutschmann<br>Zusammen mit 20 Kindern werden wir in dieser Woche ein Theaterst\u00fcck entwickeln zum Thema &#8222;Petterson und Findus&#8220;.<\/p>\n\n\n\n<hr class=\"wp-block-separator has-css-opacity\"\/>\n\n\n<div class=\"wp-block-image\">\n<figure class=\"alignright\"><a href=\"http:\/\/leopoldaltenburg.com\/wp-content\/uploads\/2013\/04\/10462730_10152577706608846_9189110566654220797_n.jpg\"><img loading=\"lazy\" decoding=\"async\" width=\"199\" height=\"300\" src=\"http:\/\/leopoldaltenburg.com\/wp-content\/uploads\/2013\/04\/10462730_10152577706608846_9189110566654220797_n-199x300.jpg\" alt=\"10462730_10152577706608846_9189110566654220797_n\" class=\"wp-image-469\" title=\"Leopold Altenburg beim Internationalen Clowncamp 2014, Red Noses\" srcset=\"https:\/\/leopoldaltenburg.com\/wp-content\/uploads\/2013\/04\/10462730_10152577706608846_9189110566654220797_n-199x300.jpg 199w, https:\/\/leopoldaltenburg.com\/wp-content\/uploads\/2013\/04\/10462730_10152577706608846_9189110566654220797_n-99x150.jpg 99w, https:\/\/leopoldaltenburg.com\/wp-content\/uploads\/2013\/04\/10462730_10152577706608846_9189110566654220797_n.jpg 639w\" sizes=\"auto, (max-width: 199px) 100vw, 199px\" \/><\/a><\/figure>\n<\/div>\n\n\n<p>Vom 30. Juni bis 3. Juli 2014 fand in der Slowakei das <strong>Internationale Clowncamp<\/strong> statt. 180 Clowns aus 11 L\u00e4ndern trafen sich hier zum k\u00fcnstlerischen Austausch.<\/p>\n\n\n\n<p>Zusammen mit Reinhard Horstkotte leitete ich den Workshop: Obstagles &#8211; Die T\u00fccken des Clowns<\/p>\n\n\n\n<hr class=\"wp-block-separator has-css-opacity\"\/>\n\n\n<div class=\"wp-block-image\">\n<figure class=\"alignleft\"><a href=\"http:\/\/www.youtube.com\/watch?v=-50rINicvpA\" target=\"_blank\" rel=\"noopener noreferrer\"><img loading=\"lazy\" decoding=\"async\" width=\"300\" height=\"168\" src=\"http:\/\/leopoldaltenburg.com\/wp-content\/uploads\/2013\/04\/10257573_10152100504012963_2897282538978343353_o-300x168.jpg\" alt=\"10257573_10152100504012963_2897282538978343353_o\" class=\"wp-image-459\" title=\"Leopold Altenburg und Fridolin Meinl in &quot;Luchsl\u00e4uschen, chill!&quot;\" srcset=\"https:\/\/leopoldaltenburg.com\/wp-content\/uploads\/2013\/04\/10257573_10152100504012963_2897282538978343353_o-300x168.jpg 300w, https:\/\/leopoldaltenburg.com\/wp-content\/uploads\/2013\/04\/10257573_10152100504012963_2897282538978343353_o-1024x576.jpg 1024w, https:\/\/leopoldaltenburg.com\/wp-content\/uploads\/2013\/04\/10257573_10152100504012963_2897282538978343353_o-500x281.jpg 500w, https:\/\/leopoldaltenburg.com\/wp-content\/uploads\/2013\/04\/10257573_10152100504012963_2897282538978343353_o-150x84.jpg 150w, https:\/\/leopoldaltenburg.com\/wp-content\/uploads\/2013\/04\/10257573_10152100504012963_2897282538978343353_o.jpg 1280w\" sizes=\"auto, (max-width: 300px) 100vw, 300px\" \/><\/a><\/figure>\n<\/div>\n\n<div class=\"wp-block-image\">\n<figure class=\"alignleft\"><img loading=\"lazy\" decoding=\"async\" width=\"300\" height=\"168\" src=\"http:\/\/leopoldaltenburg.com\/wp-content\/uploads\/2013\/04\/3001_beziehungsweisen-300x168.jpg\" alt=\"3001_beziehungsweisen\" class=\"wp-image-455\" title=\"Leopold Altenburg im Film Beziehungsweisen von Calle Overweg\" srcset=\"https:\/\/leopoldaltenburg.com\/wp-content\/uploads\/2013\/04\/3001_beziehungsweisen-300x168.jpg 300w, https:\/\/leopoldaltenburg.com\/wp-content\/uploads\/2013\/04\/3001_beziehungsweisen-150x84.jpg 150w, https:\/\/leopoldaltenburg.com\/wp-content\/uploads\/2013\/04\/3001_beziehungsweisen.jpg 360w\" sizes=\"auto, (max-width: 300px) 100vw, 300px\" \/><\/figure>\n<\/div>\n\n<div class=\"wp-block-image\">\n<figure class=\"alignleft\"><img loading=\"lazy\" decoding=\"async\" width=\"300\" height=\"200\" src=\"http:\/\/leopoldaltenburg.com\/wp-content\/uploads\/2013\/04\/394656_188069624623710_1065777257_n-300x200.jpg\" alt=\"394656_188069624623710_1065777257_n\" class=\"wp-image-454\" srcset=\"https:\/\/leopoldaltenburg.com\/wp-content\/uploads\/2013\/04\/394656_188069624623710_1065777257_n-300x200.jpg 300w, https:\/\/leopoldaltenburg.com\/wp-content\/uploads\/2013\/04\/394656_188069624623710_1065777257_n-450x300.jpg 450w, https:\/\/leopoldaltenburg.com\/wp-content\/uploads\/2013\/04\/394656_188069624623710_1065777257_n-150x100.jpg 150w, https:\/\/leopoldaltenburg.com\/wp-content\/uploads\/2013\/04\/394656_188069624623710_1065777257_n.jpg 960w\" sizes=\"auto, (max-width: 300px) 100vw, 300px\" \/><\/figure>\n<\/div>\n\n<div class=\"wp-block-image\">\n<figure class=\"alignleft\"><img loading=\"lazy\" decoding=\"async\" width=\"300\" height=\"200\" src=\"http:\/\/leopoldaltenburg.com\/wp-content\/uploads\/2013\/04\/Lichtensteig-300x200.jpg\" alt=\"Lichtensteig\" class=\"wp-image-453\" title=\"Leopold Altenburg in Lichtensteig, Das doppelte Lottchen, weltalm theater\" srcset=\"https:\/\/leopoldaltenburg.com\/wp-content\/uploads\/2013\/04\/Lichtensteig-300x200.jpg 300w, https:\/\/leopoldaltenburg.com\/wp-content\/uploads\/2013\/04\/Lichtensteig-447x300.jpg 447w, https:\/\/leopoldaltenburg.com\/wp-content\/uploads\/2013\/04\/Lichtensteig-150x100.jpg 150w, https:\/\/leopoldaltenburg.com\/wp-content\/uploads\/2013\/04\/Lichtensteig.jpg 960w\" sizes=\"auto, (max-width: 300px) 100vw, 300px\" \/><\/figure>\n<\/div>\n\n\n<p>Hier ein Ausschnitt aus dem Kurzfilm&nbsp;<a title=\"Leopold Altenburg und Fridolin Meinl in &quot;Luchsl\u00e4uschen, chill!\" href=\"http:\/\/www.youtube.com\/watch?v=-50rINicvpA\" target=\"_blank\" rel=\"noopener noreferrer\"><strong>Luchsl\u00e4uschen, chill!&nbsp;<\/strong><\/a><\/p>\n\n\n\n<p>mit<a title=\"Leopold Altenburg und Fridolin Meinl in &quot;Luchsl\u00e4uschen, chill!\" href=\"http:\/\/www.fridolinmeinl.de\/\" target=\"_blank\" rel=\"noopener noreferrer\"> Fridolin Meinl <\/a>und Leopold Altenburg<br>Regie: Moritz Wallm\u00fcller<\/p>\n\n\n\n<hr class=\"wp-block-separator has-css-opacity\"\/>\n\n\n\n<p>Das Festival <a title=\"Leopold Altenburg beim Dokumentarfilmfestival Hamburg\" href=\"http:\/\/www.dokfilmwoche.com\/index.php?id=1056\" target=\"_blank\" rel=\"noopener noreferrer\">dokumentarfilmwoche Ham<\/a>burg zeigt den dokumentarisch gespielten Film&nbsp;<strong>Beziehungsweisen <\/strong>von Calle Overweg<strong>&nbsp;<\/strong>am 13.4.2014 um 20:30 Uhr im b-Movie<br><a title=\"Showreel Leopold Altenburg\" href=\"http:\/\/www.schauspielervideos.de\/list\/contact1?qs_kname=Leopold%20Altenburg\" target=\"_blank\" rel=\"noopener noreferrer\">Ausschnitte auf meinem Showreel<\/a><\/p>\n\n\n\n<hr class=\"wp-block-separator has-css-opacity\"\/>\n\n\n\n<p>Die&nbsp;<strong>28. Montagsmelange&nbsp;<\/strong>findet am 7. April 2014 um 20 Uhr in der Cultura in Rietberg statt. Zusammen mit Thorsten Wadowski und unserer Band Die Zartbesaiteten f\u00fchren wir wieder durchs Programm.<br>Unsere G\u00e4ste: Anna De Lirium, Der Tod, Ozan und Tunc, Benjamin Tomkin<\/p>\n\n\n\n<hr class=\"wp-block-separator has-css-opacity\"\/>\n\n\n\n<p>Am 30. und 31. M\u00e4rz 2014 hei\u00dft das Ch\u00f6ssi Theater in Lichtensteig, Schweiz <strong>Das doppelte Lottchen<\/strong> willkommen.<\/p>\n\n\n<div class=\"wp-block-image\">\n<figure class=\"alignleft\"><img loading=\"lazy\" decoding=\"async\" width=\"300\" height=\"200\" src=\"http:\/\/leopoldaltenburg.com\/wp-content\/uploads\/2013\/04\/Lessingtheater-300x200.jpg\" alt=\"Lessingtheater\" class=\"wp-image-451\" title=\"Leopold Altenburg im Lessingtheater, Das doppelte Lottchen\" srcset=\"https:\/\/leopoldaltenburg.com\/wp-content\/uploads\/2013\/04\/Lessingtheater-300x200.jpg 300w, https:\/\/leopoldaltenburg.com\/wp-content\/uploads\/2013\/04\/Lessingtheater-449x300.jpg 449w, https:\/\/leopoldaltenburg.com\/wp-content\/uploads\/2013\/04\/Lessingtheater-150x100.jpg 150w, https:\/\/leopoldaltenburg.com\/wp-content\/uploads\/2013\/04\/Lessingtheater.jpg 639w\" sizes=\"auto, (max-width: 300px) 100vw, 300px\" \/><\/figure>\n<\/div>\n\n<div class=\"wp-block-image\">\n<figure class=\"alignleft\"><img decoding=\"async\" src=\"http:\/\/leopoldaltenburg.com\/wp-content\/uploads\/2013\/04\/lottiweb2b-300x200.jpg\" alt=\"lottiweb2b\" title=\"Leopold Altenburg in &quot;Das doppelte Lottchen&quot;, weltalm theater bern\"\/><\/figure>\n<\/div>\n\n<div class=\"wp-block-image\">\n<figure class=\"alignleft\"><img loading=\"lazy\" decoding=\"async\" width=\"300\" height=\"225\" src=\"http:\/\/leopoldaltenburg.com\/wp-content\/uploads\/2013\/04\/Leo_Collage-300x225.jpg\" alt=\"Leopold_Altenburg_Collage\" class=\"wp-image-443\" srcset=\"https:\/\/leopoldaltenburg.com\/wp-content\/uploads\/2013\/04\/Leo_Collage-300x225.jpg 300w, https:\/\/leopoldaltenburg.com\/wp-content\/uploads\/2013\/04\/Leo_Collage-1024x769.jpg 1024w, https:\/\/leopoldaltenburg.com\/wp-content\/uploads\/2013\/04\/Leo_Collage-399x300.jpg 399w, https:\/\/leopoldaltenburg.com\/wp-content\/uploads\/2013\/04\/Leo_Collage-150x112.jpg 150w, https:\/\/leopoldaltenburg.com\/wp-content\/uploads\/2013\/04\/Leo_Collage.jpg 1330w\" sizes=\"auto, (max-width: 300px) 100vw, 300px\" \/><\/figure>\n<\/div>\n\n\n<p>In Wolfenb\u00fcttel feiert <strong>Das doppelte Lottchen<\/strong> seine Deutschlandpremiere.<\/p>\n\n\n\n<p>Im wundersch\u00f6nen Lessingtheater sind wir am 23. und 24. M\u00e4rz 2014 zu Gast. AUSVERKAUFT<\/p>\n\n\n\n<p>Vom 21. bis 27. Februar 2014 spiele ich &#8211; wenn die Schweizer Politik es erlaubt &#8211; <a title=\"Leopold Altenburg in &quot;Das doppelte Lottchen&quot; im GZ Buchegg\" href=\"http:\/\/www.gz-zh.ch\/gz-buchegg\/angebote\/detail\/?tx_zgz%5Buid%5D=5017&amp;tx_zgz%5Bdate%5D=1393282800&amp;cHash=592ff74af3f83b449ab87306473ad624\" target=\"_blank\" rel=\"noopener noreferrer\">&#8222;Das doppelte Lottchen&#8220;<\/a> in Z\u00fcrich.<\/p>\n\n\n\n<hr class=\"wp-block-separator has-css-opacity\"\/>\n\n\n\n<p>Am 4. Februar 2014 gab ich&nbsp;anl\u00e4sslich des Weltkrebstages ein Radiointerview. Bei radioeins vom rbb erz\u00e4hlte ich Moderatorin Anja Goerz von meinen Erfahrungen als Clown in therapeutischen Einrichtungen:<\/p>\n\n\n\n<p><a title=\"Leopold Altenburg Radio 1 Rote Nasen\" href=\"http:\/\/www.rotenasen.de\/radiointerview-mit-leopold-altenburg\/\" target=\"_blank\" rel=\"noopener noreferrer\">Radio1 Interview<\/a><\/p>\n\n\n\n<hr class=\"wp-block-separator has-css-opacity\"\/>\n\n\n\n<p>WDR 3 und 1LIVE sendeten Ende Januar das H\u00f6rspiel <strong>DAS M\u00c4RCHEN VOM UNGLAUBLICHEN SUPER-KIM AUS PJ\u00d6NGJANG<\/strong>&nbsp;von J\u00f6rg Buttgereit. Ich lese den Taxifahrer ab Minute 12:47. Eine kleine aber feine und wichtige Rolle, die eine Flucht erm\u00f6glicht&#8230;<\/p>\n\n\n\n<hr class=\"wp-block-separator has-css-opacity\"\/>\n\n\n<div class=\"wp-block-image\">\n<figure class=\"alignleft\"><img loading=\"lazy\" decoding=\"async\" width=\"300\" height=\"200\" src=\"http:\/\/leopoldaltenburg.com\/wp-content\/uploads\/2013\/04\/IMG_9161-300x200.jpg\" alt=\"IMG_9161\" class=\"wp-image-425\" srcset=\"https:\/\/leopoldaltenburg.com\/wp-content\/uploads\/2013\/04\/IMG_9161-300x200.jpg 300w, https:\/\/leopoldaltenburg.com\/wp-content\/uploads\/2013\/04\/IMG_9161-1024x682.jpg 1024w, https:\/\/leopoldaltenburg.com\/wp-content\/uploads\/2013\/04\/IMG_9161-450x300.jpg 450w, https:\/\/leopoldaltenburg.com\/wp-content\/uploads\/2013\/04\/IMG_9161-150x100.jpg 150w, https:\/\/leopoldaltenburg.com\/wp-content\/uploads\/2013\/04\/IMG_9161.jpg 1620w\" sizes=\"auto, (max-width: 300px) 100vw, 300px\" \/><\/figure>\n<\/div>\n\n<div class=\"wp-block-image\">\n<figure class=\"alignleft\"><img loading=\"lazy\" decoding=\"async\" width=\"300\" height=\"300\" src=\"http:\/\/leopoldaltenburg.com\/wp-content\/uploads\/2013\/04\/Photo-17-300x300.jpg\" alt=\"Photo-17\" class=\"wp-image-420\" title=\"Leopold Altenburg, Das doppelte Lottchen in Visp\" srcset=\"https:\/\/leopoldaltenburg.com\/wp-content\/uploads\/2013\/04\/Photo-17-300x300.jpg 300w, https:\/\/leopoldaltenburg.com\/wp-content\/uploads\/2013\/04\/Photo-17-150x150.jpg 150w, https:\/\/leopoldaltenburg.com\/wp-content\/uploads\/2013\/04\/Photo-17.jpg 640w\" sizes=\"auto, (max-width: 300px) 100vw, 300px\" \/><\/figure>\n<\/div>\n\n<div class=\"wp-block-image\">\n<figure class=\"alignleft\"><img loading=\"lazy\" decoding=\"async\" width=\"300\" height=\"228\" src=\"http:\/\/leopoldaltenburg.com\/wp-content\/uploads\/2013\/04\/180504_205071462839987_5165316_n-300x228.jpg\" alt=\"180504_205071462839987_5165316_n\" class=\"wp-image-411\" srcset=\"https:\/\/leopoldaltenburg.com\/wp-content\/uploads\/2013\/04\/180504_205071462839987_5165316_n-300x228.jpg 300w, https:\/\/leopoldaltenburg.com\/wp-content\/uploads\/2013\/04\/180504_205071462839987_5165316_n-394x300.jpg 394w, https:\/\/leopoldaltenburg.com\/wp-content\/uploads\/2013\/04\/180504_205071462839987_5165316_n-150x114.jpg 150w, https:\/\/leopoldaltenburg.com\/wp-content\/uploads\/2013\/04\/180504_205071462839987_5165316_n.jpg 720w\" sizes=\"auto, (max-width: 300px) 100vw, 300px\" \/><\/figure>\n<\/div>\n\n\n<p>Am 11. Januar 2014 ist meine Inszenierung von <strong>Der Kontrabass<\/strong>&nbsp;mit <a title=\"Regie Leopold Altenburg\" href=\"http:\/\/www.fridolinmeinl.de\/\" target=\"_blank\" rel=\"noopener noreferrer\">Fridolin Meinl<\/a><strong>&nbsp;<\/strong>in der Oper G\u00f6rlitz zu sehen.<br>Einen aktuellen Trailer findet ihr hier:<br><a title=\"Regie Leopold Altenburg\" href=\"http:\/\/derkontrabass.at\/video\/\" target=\"_blank\" rel=\"noopener noreferrer\">http:\/\/derkontrabass.at\/video\/<\/a><\/p>\n\n\n\n<p>Ich w\u00fcnsche allen Besuchern meiner<\/p>\n\n\n\n<p>Website <strong>Frohe Weihnachten und einen Guten Rutsch ins Jahr 2014<\/strong>.<br>Das Bild entstand bei der Montagsmelange im Dezember 2011<\/p>\n\n\n\n<p><strong>Das doppelte Lottchen<\/strong>&nbsp;mit mir als Komponisten Ludwig Palfy ist weiter auf Tour. Im Dezember 2013 in Visp (Bild) und Aarau.<\/p>\n\n\n\n<p>Ich feiere mein&nbsp;<strong>10 j\u00e4hriges Jubil\u00e4um<\/strong> bei den <a title=\"Leopold Altenburg bei den Roten Nasen\" href=\"http:\/\/www.rotenasen.de\/\" target=\"_blank\" rel=\"noopener noreferrer\">Roten Nasen<\/a>&nbsp;in Berlin.<br>1995 fing ich als Krankenhausclown bei den Roten Nasen in \u00d6sterreich an. Seit Herbst 2003 bin ich nun in Berlin aktiv.&nbsp;Daf\u00fcr, dass ich diesen spannenden Beruf machen kann, die vielseitigen Fortbildungen bekomme und mit wunderbaren Menschen zusammen arbeiten kann, sage ich einfach nur DANKE<\/p>\n\n\n\n<hr class=\"wp-block-separator has-css-opacity\"\/>\n\n\n<div class=\"wp-block-image\">\n<figure class=\"alignleft\"><img loading=\"lazy\" decoding=\"async\" width=\"300\" height=\"200\" src=\"http:\/\/leopoldaltenburg.com\/wp-content\/uploads\/2013\/04\/21318_413649882065682_1455290535_n-300x200.jpg\" alt=\"21318_413649882065682_1455290535_n\" class=\"wp-image-325\" srcset=\"https:\/\/leopoldaltenburg.com\/wp-content\/uploads\/2013\/04\/21318_413649882065682_1455290535_n-300x200.jpg 300w, https:\/\/leopoldaltenburg.com\/wp-content\/uploads\/2013\/04\/21318_413649882065682_1455290535_n-450x300.jpg 450w, https:\/\/leopoldaltenburg.com\/wp-content\/uploads\/2013\/04\/21318_413649882065682_1455290535_n-148x98.jpg 148w, https:\/\/leopoldaltenburg.com\/wp-content\/uploads\/2013\/04\/21318_413649882065682_1455290535_n-31x20.jpg 31w, https:\/\/leopoldaltenburg.com\/wp-content\/uploads\/2013\/04\/21318_413649882065682_1455290535_n-38x25.jpg 38w, https:\/\/leopoldaltenburg.com\/wp-content\/uploads\/2013\/04\/21318_413649882065682_1455290535_n-322x215.jpg 322w, https:\/\/leopoldaltenburg.com\/wp-content\/uploads\/2013\/04\/21318_413649882065682_1455290535_n.jpg 960w\" sizes=\"auto, (max-width: 300px) 100vw, 300px\" \/><\/figure>\n<\/div>\n\n\n<p>Die&nbsp;<strong>27. Montagsmelange&nbsp;<\/strong>findet am 18. November 2013 um 20 Uhr in der Cultura in Rietberg statt. Zusammen mit Thorsten Wadowski und unserer Band Die Zartbesaiteten f\u00fchren wir wieder durchs Programm.<br>Unsere G\u00e4ste sind diesmal:<br>Desimo &#8211; Comedy und Magie,<br>Volker Gerling &#8211; Daumenkino,<br>Die Stereotypen &#8211; Improtheater,<br>Die Jazzpolizei &#8211; Comedy und Musik<\/p>\n\n\n\n<hr class=\"wp-block-separator has-css-opacity\"\/>\n\n\n<div class=\"wp-block-image\">\n<figure class=\"alignleft\"><img loading=\"lazy\" decoding=\"async\" width=\"300\" height=\"200\" src=\"http:\/\/leopoldaltenburg.com\/wp-content\/uploads\/2013\/04\/1396972_551778568211215_954564710_o-300x200.jpg\" alt=\"Fridolin Meinl in &quot;Der Kontrabass&quot;, Regie Leopold Altenburg\" class=\"wp-image-307\" srcset=\"https:\/\/leopoldaltenburg.com\/wp-content\/uploads\/2013\/04\/1396972_551778568211215_954564710_o-300x200.jpg 300w, https:\/\/leopoldaltenburg.com\/wp-content\/uploads\/2013\/04\/1396972_551778568211215_954564710_o-1024x682.jpg 1024w, https:\/\/leopoldaltenburg.com\/wp-content\/uploads\/2013\/04\/1396972_551778568211215_954564710_o-450x300.jpg 450w, https:\/\/leopoldaltenburg.com\/wp-content\/uploads\/2013\/04\/1396972_551778568211215_954564710_o-148x98.jpg 148w, https:\/\/leopoldaltenburg.com\/wp-content\/uploads\/2013\/04\/1396972_551778568211215_954564710_o-31x20.jpg 31w, https:\/\/leopoldaltenburg.com\/wp-content\/uploads\/2013\/04\/1396972_551778568211215_954564710_o-38x25.jpg 38w, https:\/\/leopoldaltenburg.com\/wp-content\/uploads\/2013\/04\/1396972_551778568211215_954564710_o-322x215.jpg 322w, https:\/\/leopoldaltenburg.com\/wp-content\/uploads\/2013\/04\/1396972_551778568211215_954564710_o.jpg 1620w\" sizes=\"auto, (max-width: 300px) 100vw, 300px\" \/><\/figure>\n<\/div>\n\n\n<p>am 2. November 2013 feiert meine Regie von <strong>DER KONTRABASS<\/strong> mit <a title=\"Regie Leopold Altenburg\" href=\"http:\/\/www.fridolinmeinl.de\/\" target=\"_blank\" rel=\"noopener noreferrer\">Fridolin Meinl<\/a> in Zittau seine Deutschlandpremiere<\/p>\n\n\n\n<p><a title=\"Regie DER KONTRABASS\" href=\"http:\/\/www.g-h-t.de\/de\/Spielplan\/?vv=&amp;zt=2013-11-02\" target=\"_blank\" rel=\"noopener noreferrer\">Gerhart Hauptmann Theater -Zittau<\/a><\/p>\n\n\n\n<hr class=\"wp-block-separator has-css-opacity\"\/>\n\n\n<div class=\"wp-block-image\">\n<figure class=\"alignleft\"><img loading=\"lazy\" decoding=\"async\" width=\"300\" height=\"200\" src=\"http:\/\/leopoldaltenburg.com\/wp-content\/uploads\/2013\/04\/lottiweb12-300x200.jpg\" alt=\"Leopold Altenburg in &quot;Das doppelte Lottchen&quot;\" class=\"wp-image-297\" srcset=\"https:\/\/leopoldaltenburg.com\/wp-content\/uploads\/2013\/04\/lottiweb12-300x200.jpg 300w, https:\/\/leopoldaltenburg.com\/wp-content\/uploads\/2013\/04\/lottiweb12-1024x683.jpg 1024w, https:\/\/leopoldaltenburg.com\/wp-content\/uploads\/2013\/04\/lottiweb12-449x300.jpg 449w, https:\/\/leopoldaltenburg.com\/wp-content\/uploads\/2013\/04\/lottiweb12-148x98.jpg 148w, https:\/\/leopoldaltenburg.com\/wp-content\/uploads\/2013\/04\/lottiweb12-31x20.jpg 31w, https:\/\/leopoldaltenburg.com\/wp-content\/uploads\/2013\/04\/lottiweb12-38x25.jpg 38w, https:\/\/leopoldaltenburg.com\/wp-content\/uploads\/2013\/04\/lottiweb12-322x215.jpg 322w\" sizes=\"auto, (max-width: 300px) 100vw, 300px\" \/><\/figure>\n<\/div>\n\n\n<p>hier ein kleiner, feiner, filmischer Eindruck von unserer Vorstellungsreihe <strong>DAS DOPPELTE LOTTCHEN<\/strong> in Brugg und Wohlen in der Schweiz, Oktober 2013:<\/p>\n\n\n\n<p><a title=\"Leopold Altenburg in &quot;Das doppelte Lottchen&quot;\" href=\"http:\/\/www.art-tv.ch\/10331-0-Weltalm-Theater-Das-doppelte-Lottchen.html\" target=\"_blank\" rel=\"noopener noreferrer\">art-tv: Weltalmtheater I Das doppelte Lottchen<\/a><\/p>\n\n\n\n<p><\/p>\n","protected":false},"excerpt":{"rendered":"<p>NEWS: Jodelk\u00f6nig und Ahoi-Matrosin mit Emma Dilemma &amp; LeofinoWann: Sonntag den 12. April 2026 um 15 Uhr (Einlass 14:30 Uhr)Wo: Villa Neuk\u00f6lln, Hermanns. 233, 1204 BerlinTel.: 030 627 28 948, Email: info@villaneukoelln.de Prinz und Clown12. und 13. M\u00e4rz 2026, 19.30 &hellip; <a href=\"https:\/\/leopoldaltenburg.com\/\">Weiterlesen <span class=\"meta-nav\">&rarr;<\/span><\/a><\/p>\n","protected":false},"author":1,"featured_media":0,"parent":0,"menu_order":0,"comment_status":"closed","ping_status":"closed","template":"","meta":{"footnotes":""},"class_list":["post-2","page","type-page","status-publish","hentry"],"_links":{"self":[{"href":"https:\/\/leopoldaltenburg.com\/index.php?rest_route=\/wp\/v2\/pages\/2","targetHints":{"allow":["GET"]}}],"collection":[{"href":"https:\/\/leopoldaltenburg.com\/index.php?rest_route=\/wp\/v2\/pages"}],"about":[{"href":"https:\/\/leopoldaltenburg.com\/index.php?rest_route=\/wp\/v2\/types\/page"}],"author":[{"embeddable":true,"href":"https:\/\/leopoldaltenburg.com\/index.php?rest_route=\/wp\/v2\/users\/1"}],"replies":[{"embeddable":true,"href":"https:\/\/leopoldaltenburg.com\/index.php?rest_route=%2Fwp%2Fv2%2Fcomments&post=2"}],"version-history":[{"count":471,"href":"https:\/\/leopoldaltenburg.com\/index.php?rest_route=\/wp\/v2\/pages\/2\/revisions"}],"predecessor-version":[{"id":2386,"href":"https:\/\/leopoldaltenburg.com\/index.php?rest_route=\/wp\/v2\/pages\/2\/revisions\/2386"}],"wp:attachment":[{"href":"https:\/\/leopoldaltenburg.com\/index.php?rest_route=%2Fwp%2Fv2%2Fmedia&parent=2"}],"curies":[{"name":"wp","href":"https:\/\/api.w.org\/{rel}","templated":true}]}}